{"id":70,"date":"2022-11-18T04:49:00","date_gmt":"2022-11-18T04:49:00","guid":{"rendered":"https:\/\/www.droptheinfo.com\/es\/home\/"},"modified":"2025-01-12T23:11:08","modified_gmt":"2025-01-13T07:11:08","slug":"home","status":"publish","type":"page","link":"https:\/\/www.droptheinfo.com\/es\/","title":{"rendered":"Home"},"content":{"rendered":"\t\t<div data-elementor-type=\"wp-page\" data-elementor-id=\"70\" class=\"elementor elementor-70\">\n\t\t\t\t<div class=\"elementor-element elementor-element-411be9c7 e-flex e-con-boxed e-con e-parent\" data-id=\"411be9c7\" data-element_type=\"container\" data-e-type=\"container\">\n\t\t\t\t\t<div class=\"e-con-inner\">\n\t\t<div class=\"elementor-element elementor-element-7b41d9ec e-con-full e-flex e-con e-child\" data-id=\"7b41d9ec\" data-element_type=\"container\" data-e-type=\"container\">\n\t\t\t\t<div class=\"elementor-element elementor-element-7c204f81 elementor-widget elementor-widget-bopea-marquee-text\" data-id=\"7c204f81\" data-element_type=\"widget\" data-e-type=\"widget\" data-widget_type=\"bopea-marquee-text.default\">\n\t\t\t\t<div class=\"elementor-widget-container\">\n\t\t\t\t\t\t\t<div class=\"block-section jl-main-block\">\r\n\t\t\t\t\t<div class=\"jl_mar_wp\">\r\n            \t\t\t\t\t<div class=\"jl_mar_lbl\">\u00daltimas noticias<\/div>\r\n\t\t\t\t            \t<div class=\"jl-marquee-wrap jl-marquee-push\">            \r\n\t\t\t\t\t<ul class=\"jl-marquee-ul jl-marquee-text jl-marquee-left\">\r\n\t\t\t\t\t\t\t\t\t\t\t<li class=\"jl-marquee-li\">\r\n\t\t\t\t\t\t\t\t\t\t\t\t<h2 class=\"h3 jl_fe_title\"><a href=\"https:\/\/www.droptheinfo.com\/es\/incendios-forestales-azotan-la-costa-sur-de-turquia-y-obligan-a-declarar-zonas-de-desastre\/\">Incendios forestales azotan la costa sur de Turqu\u00eda y obligan a declarar zonas de desastre<\/a><\/h2>\r\n\t\t\t\t\t\t\t\t\t\t\t\t<\/li>\r\n\t\t\t\t\t\t\t\t\t\t\t<li class=\"jl-marquee-li\">\r\n\t\t\t\t\t\t\t\t\t\t\t\t<h2 class=\"h3 jl_fe_title\"><a href=\"https:\/\/www.droptheinfo.com\/es\/florida-inicia-vuelos-de-deportacion-desde-polemico-centro-de-detencion-en-los-everglades\/\">Florida inicia vuelos de deportaci\u00f3n desde pol\u00e9mico centro de detenci\u00f3n en los Everglades<\/a><\/h2>\r\n\t\t\t\t\t\t\t\t\t\t\t\t<\/li>\r\n\t\t\t\t\t\t\t\t\t\t\t<li class=\"jl-marquee-li\">\r\n\t\t\t\t\t\t\t\t\t\t\t\t<h2 class=\"h3 jl_fe_title\"><a href=\"https:\/\/www.droptheinfo.com\/es\/msf-denuncia-niveles-sin-precedentes-de-desnutricion-infantil-en-gaza-y-acusa-a-israel-de-utilizar-el-hambre-como-arma\/\">MSF denuncia niveles \u201csin precedentes\u201d de desnutrici\u00f3n infantil en Gaza y acusa a Israel de utilizar el hambre como arma<\/a><\/h2>\r\n\t\t\t\t\t\t\t\t\t\t\t\t<\/li>\r\n\t\t\t\t\t\t\t\t\t\t\t<li class=\"jl-marquee-li\">\r\n\t\t\t\t\t\t\t\t\t\t\t\t<h2 class=\"h3 jl_fe_title\"><a href=\"https:\/\/www.droptheinfo.com\/es\/rusia-endurece-control-sobre-internet-castigo-a-quienes-busquen-contenido-extremista\/\">Rusia endurece control sobre internet: castigo a quienes busquen contenido \u201cextremista\u201d<\/a><\/h2>\r\n\t\t\t\t\t\t\t\t\t\t\t\t<\/li>\r\n\t\t\t\t\t\t\t\t\t\t\t<li class=\"jl-marquee-li\">\r\n\t\t\t\t\t\t\t\t\t\t\t\t<h2 class=\"h3 jl_fe_title\"><a href=\"https:\/\/www.droptheinfo.com\/es\/francia-reconocera-al-estado-palestino-anuncia-macron-en-medio-de-creciente-crisis-en-gaza\/\">Francia reconocer\u00e1 al Estado palestino, anuncia Macron en medio de creciente crisis en Gaza<\/a><\/h2>\r\n\t\t\t\t\t\t\t\t\t\t\t\t<\/li>\r\n\t\t\t\t\t\t\t\t\t\t\t<li class=\"jl-marquee-li\">\r\n\t\t\t\t\t\t\t\t\t\t\t\t<h2 class=\"h3 jl_fe_title\"><a href=\"https:\/\/www.droptheinfo.com\/es\/wall-street-alcanza-nuevos-records-impulsado-por-resultados-de-alphabet-y-el-optimismo-en-torno-a-la-ia\/\">Wall Street alcanza nuevos r\u00e9cords impulsado por resultados de Alphabet y el optimismo en torno a la IA<\/a><\/h2>\r\n\t\t\t\t\t\t\t\t\t\t\t\t<\/li>\r\n\t\t\t\t\t\t\t\t\t\t<\/ul>\r\n\t\t\t\t\t<ul class=\"jl-marquee-ul jl-marquee-text jl-marquee-cloned jl-marquee-cloned-left\">\r\n\t\t\t\t\t\t\t\t\t\t\t<li class=\"jl-marquee-li\">\r\n\t\t\t\t\t\t\t\t\t\t\t\t<h2 class=\"h3 jl_fe_title\"><a href=\"https:\/\/www.droptheinfo.com\/es\/incendios-forestales-azotan-la-costa-sur-de-turquia-y-obligan-a-declarar-zonas-de-desastre\/\">Incendios forestales azotan la costa sur de Turqu\u00eda y obligan a declarar zonas de desastre<\/a><\/h2>\r\n\t\t\t\t\t\t\t\t\t\t\t\t<\/li>\r\n\t\t\t\t\t\t\t\t\t\t\t<li class=\"jl-marquee-li\">\r\n\t\t\t\t\t\t\t\t\t\t\t\t<h2 class=\"h3 jl_fe_title\"><a href=\"https:\/\/www.droptheinfo.com\/es\/florida-inicia-vuelos-de-deportacion-desde-polemico-centro-de-detencion-en-los-everglades\/\">Florida inicia vuelos de deportaci\u00f3n desde pol\u00e9mico centro de detenci\u00f3n en los Everglades<\/a><\/h2>\r\n\t\t\t\t\t\t\t\t\t\t\t\t<\/li>\r\n\t\t\t\t\t\t\t\t\t\t\t<li class=\"jl-marquee-li\">\r\n\t\t\t\t\t\t\t\t\t\t\t\t<h2 class=\"h3 jl_fe_title\"><a href=\"https:\/\/www.droptheinfo.com\/es\/msf-denuncia-niveles-sin-precedentes-de-desnutricion-infantil-en-gaza-y-acusa-a-israel-de-utilizar-el-hambre-como-arma\/\">MSF denuncia niveles \u201csin precedentes\u201d de desnutrici\u00f3n infantil en Gaza y acusa a Israel de utilizar el hambre como arma<\/a><\/h2>\r\n\t\t\t\t\t\t\t\t\t\t\t\t<\/li>\r\n\t\t\t\t\t\t\t\t\t\t\t<li class=\"jl-marquee-li\">\r\n\t\t\t\t\t\t\t\t\t\t\t\t<h2 class=\"h3 jl_fe_title\"><a href=\"https:\/\/www.droptheinfo.com\/es\/rusia-endurece-control-sobre-internet-castigo-a-quienes-busquen-contenido-extremista\/\">Rusia endurece control sobre internet: castigo a quienes busquen contenido \u201cextremista\u201d<\/a><\/h2>\r\n\t\t\t\t\t\t\t\t\t\t\t\t<\/li>\r\n\t\t\t\t\t\t\t\t\t\t\t<li class=\"jl-marquee-li\">\r\n\t\t\t\t\t\t\t\t\t\t\t\t<h2 class=\"h3 jl_fe_title\"><a href=\"https:\/\/www.droptheinfo.com\/es\/francia-reconocera-al-estado-palestino-anuncia-macron-en-medio-de-creciente-crisis-en-gaza\/\">Francia reconocer\u00e1 al Estado palestino, anuncia Macron en medio de creciente crisis en Gaza<\/a><\/h2>\r\n\t\t\t\t\t\t\t\t\t\t\t\t<\/li>\r\n\t\t\t\t\t\t\t\t\t\t\t<li class=\"jl-marquee-li\">\r\n\t\t\t\t\t\t\t\t\t\t\t\t<h2 class=\"h3 jl_fe_title\"><a href=\"https:\/\/www.droptheinfo.com\/es\/wall-street-alcanza-nuevos-records-impulsado-por-resultados-de-alphabet-y-el-optimismo-en-torno-a-la-ia\/\">Wall Street alcanza nuevos r\u00e9cords impulsado por resultados de Alphabet y el optimismo en torno a la IA<\/a><\/h2>\r\n\t\t\t\t\t\t\t\t\t\t\t\t<\/li>\r\n\t\t\t\t\t\t\t\t\t\t<\/ul>\r\n\t\t\t\t<\/div>\r\n        \t<\/div>\t\t\r\n\t\t<\/div>\t\t\t\t<\/div>\n\t\t\t\t<\/div>\n\t\t\t\t<\/div>\n\t\t<div class=\"elementor-element elementor-element-2812cf28 e-con-full e-flex e-con e-child\" data-id=\"2812cf28\" data-element_type=\"container\" data-e-type=\"container\">\n\t\t\t\t<div class=\"elementor-element elementor-element-1312b2ea elementor-hidden-mobile elementor-widget elementor-widget-bopea-social-list\" data-id=\"1312b2ea\" data-element_type=\"widget\" data-e-type=\"widget\" data-widget_type=\"bopea-social-list.default\">\n\t\t\t\t<div class=\"elementor-widget-container\">\n\t\t\t\t\t        \n        <ul class=\"jl_wr_soci jl_sh_ctericons jlshcolor\">\n                        <li class=\"jl_facebook_url\" style=\"--jl-social-color:#4080FF;\">\n                <a aria-label=\"facebook\" href=\"https:\/\/www.facebook.com\/droptheinfo\/\" target=\"_blank\" rel=\"nofollow noopener\">\n                    <span class=\"jl_sh_i\"><i class=\"jli-facebook\"><\/i><\/span>\n                    <span class=\"jl_sh_t\">Facebook<\/span>\n                    <span class=\"jl_sh_w\">\n                    <span class=\"jl_sh_c\">23k<\/span>\n                    <span class=\"jl_sh_l\">Likes<\/span>\n                    <\/span>\n                <\/a>\n            <\/li>\n                                    <li class=\"jl_twitter_url jl_dk_sc\" style=\"--jl-social-color:var(--jl-social-skin, #000);\">\n                <a aria-label=\"X\" href=\"https:\/\/twitter.com\/musicmundial\" target=\"_blank\" rel=\"nofollow noopener\">\n                    <span class=\"jl_sh_i\"><i class=\"jli-x\"><\/i><\/span>\n                    <span class=\"jl_sh_t\"><\/span>\n                    <span class=\"jl_sh_w\">\n                    <span class=\"jl_sh_c\">93k<\/span>\n                    <span class=\"jl_sh_l\">Follows<\/span>\n                    <\/span>\n                <\/a>\n            <\/li>\n                                                                                                                                                                                                                                                                        \n                                                                        \n            \n            \n            \n            \n            \n            \n            \n            \n            \n            \n            \n            \n                        \n        <\/ul>\n        \t\t\t\t<\/div>\n\t\t\t\t<\/div>\n\t\t\t\t<\/div>\n\t\t\t\t\t<\/div>\n\t\t\t\t<\/div>\n\t\t<div class=\"elementor-element elementor-element-59f2ce63 e-flex e-con-boxed e-con e-parent\" data-id=\"59f2ce63\" data-element_type=\"container\" data-e-type=\"container\">\n\t\t\t\t\t<div class=\"e-con-inner\">\n\t\t\t\t<div class=\"elementor-element elementor-element-2c27c323 elementor-widget elementor-widget-bopea-feature-layout20\" data-id=\"2c27c323\" data-element_type=\"widget\" data-e-type=\"widget\" data-widget_type=\"bopea-feature-layout20.default\">\n\t\t\t\t<div class=\"elementor-widget-container\">\n\t\t\t\t\t\t\t<div id=\"blockid_2c27c323\" class=\"block-section jl-main-block jl_hide_cat jl_hide_author\" >\r\n\t\t\t\t<div class=\"jl_mb_wrap_f jl_clear_at\">\r\n\t\t\t<div class=\"jl-roww jl_contain jl-col-row\">\r\n\t\t\t<div class=\"jl_fr20_wrap\"><div class=\"jl_fr20_inner\">\t\t<div class=\"jl_p_fr20 jl_m_fr20 jl_ov_el\">\r\n\t\t\t    \t\t\t        <div class=\"jl_img_holder\">\r\n\t\t\t\t        <div class=\"jl_imgw\">\r\n\t\t\t\t            <div class=\"jl_imgin\">\r\n\t\t\t\t                <img fetchpriority=\"high\" decoding=\"async\" width=\"1100\" height=\"712\" src=\"https:\/\/www.droptheinfo.com\/es\/wp-content\/uploads\/2025\/07\/Incendios-forestales-azotan-la-costa-sur-de-Turquia-y-obligan-a-declarar-zonas-de-desastre-20x13.jpg\" class=\"attachment-bopea_medium size-bopea_medium jl-lazyload lazyload wp-post-image\" alt=\"\" data-src=\"https:\/\/www.droptheinfo.com\/es\/wp-content\/uploads\/2025\/07\/Incendios-forestales-azotan-la-costa-sur-de-Turquia-y-obligan-a-declarar-zonas-de-desastre-1100x712.jpg\" \/>\t\t\t\t            <\/div>\t\t\t\t\r\n\t\t\t\t            \t\t\t            \t            \r\n\t\t\t\t            <a class=\"jl_imgl\" aria-label=\"Incendios forestales azotan la costa sur de Turqu\u00eda y obligan a declarar zonas de desastre\" href=\"https:\/\/www.droptheinfo.com\/es\/incendios-forestales-azotan-la-costa-sur-de-turquia-y-obligan-a-declarar-zonas-de-desastre\/\"><\/a>\r\n\t\t\t\t        <\/div> \r\n\t\t\t        <\/div> \r\n\t\t\t                                \r\n\t\t\t    <div class=\"jl_fe_text\">\r\n\t\t\t    \t<div class=\"jl_fe_inner\">\r\n\t\t\t    \t<span class=\"jl_f_cat jl_lb3\"><a class=\"jl_cat_lbl jl_cat867\" href=\"https:\/\/www.droptheinfo.com\/es\/category\/cambios-climaticos\/\"><span>Cambios clim\u00e1ticos<\/span><\/a><\/span>\t\t\t        \t\t\t\t\t<h2 class=\"h2 jl_fe_title jl_txt_2row\"><a href=\"https:\/\/www.droptheinfo.com\/es\/incendios-forestales-azotan-la-costa-sur-de-turquia-y-obligan-a-declarar-zonas-de-desastre\/\">Incendios forestales azotan la costa sur de Turqu\u00eda y obligan a declarar zonas de desastre<\/a><\/h2>\r\n\t\t\t        \t\t\t        <span class=\"jl_post_meta\"><span class=\"jl_author_img_w\"><span class=\"jl_aimg_in\"><img decoding=\"async\" src=\"https:\/\/www.droptheinfo.com\/es\/wp-content\/uploads\/2025\/01\/jhon-soto-musicmundialcom-150x150.jpg\" width=\"50\" height=\"50\" srcset=\"https:\/\/www.droptheinfo.com\/es\/wp-content\/uploads\/2025\/01\/jhon-soto-musicmundialcom-150x150.jpg 2x\" alt=\"Jhon Soto\" class=\"avatar avatar-50 wp-user-avatar wp-user-avatar-50 alignnone photo lazyload\" \/><\/span><a href=\"https:\/\/www.droptheinfo.com\/es\/author\/jhon-soto\/\" title=\"Entradas de Jhon Soto\" rel=\"author\">Jhon Soto<\/a><\/span><span class=\"post-date\">25 de julio de 2025<\/span><span class=\"jl_fot_share_i jl_share_l_bg jls_tooltip\"><i class=\"jli-share\"><\/i><span class=\"jls_tooltip_w jls_tooltip-top\"><span class=\"jls_tooltiptext\"><span class=\"jls_tooltip_in\">                <span class=\"jl_sli_in\">\r\n                    <span class=\"jl_sli_fb jl_shli\"><a class=\"jl_sshl\" href=\"http:\/\/www.facebook.com\/sharer.php?u=https%3A%2F%2Fwww.droptheinfo.com%2Fes%2Fincendios-forestales-azotan-la-costa-sur-de-turquia-y-obligan-a-declarar-zonas-de-desastre%2F\" rel=\"nofollow\"><i class=\"jli-facebook\"><\/i><\/a><\/span>\r\n                    <span class=\"jl_sli_tw jl_shli\"><a class=\"jl_sshl\" href=\"https:\/\/twitter.com\/intent\/tweet?text=Incendios%20forestales%20azotan%20la%20costa%20sur%20de%20Turqu%C3%ADa%20y%20obligan%20a%20declarar%20zonas%20de%20desastre&amp;url=https%3A%2F%2Fwww.droptheinfo.com%2Fes%2Fincendios-forestales-azotan-la-costa-sur-de-turquia-y-obligan-a-declarar-zonas-de-desastre%2F\" rel=\"nofollow\"><i class=\"jli-x\"><\/i><\/a><\/span>\r\n                    <span class=\"jl_sli_pi jl_shli\"><a class=\"jl_sshl\" href=\"http:\/\/pinterest.com\/pin\/create\/bookmarklet\/?url=https%3A%2F%2Fwww.droptheinfo.com%2Fes%2Fincendios-forestales-azotan-la-costa-sur-de-turquia-y-obligan-a-declarar-zonas-de-desastre%2F>&amp;media=https:\/\/www.droptheinfo.com\/es\/wp-content\/uploads\/2025\/07\/Incendios-forestales-azotan-la-costa-sur-de-Turquia-y-obligan-a-declarar-zonas-de-desastre.jpg\" rel=\"nofollow\"><i class=\"jli-pinterest\"><\/i><\/a><\/span>\r\n                    <span class=\"jl_sli_din jl_shli\"><a class=\"jl_sshl\" href=\"http:\/\/www.linkedin.com\/shareArticle?url=https%3A%2F%2Fwww.droptheinfo.com%2Fes%2Fincendios-forestales-azotan-la-costa-sur-de-turquia-y-obligan-a-declarar-zonas-de-desastre%2F\" rel=\"nofollow\"><i class=\"jli-linkedin\"><\/i><\/a><\/span>\r\n                    <span class=\"jl_sli_wapp jl_shli\"><a class=\"jl_sshl\" href=\"https:\/\/api.whatsapp.com\/send?text=https%3A%2F%2Fwww.droptheinfo.com%2Fes%2Fincendios-forestales-azotan-la-costa-sur-de-turquia-y-obligan-a-declarar-zonas-de-desastre%2F\" data-action=\"share\/whatsapp\/share\" rel=\"nofollow\"><i class=\"jli-whatsapp\"><\/i><\/a><\/span>                                        \r\n                <\/span>            \r\n    <\/span><\/span><\/span><\/span><\/span>                \r\n\t\t\t        <a href=\"https:\/\/www.droptheinfo.com\/es\/incendios-forestales-azotan-la-costa-sur-de-turquia-y-obligan-a-declarar-zonas-de-desastre\/\" aria-label=\"Incendios forestales azotan la costa sur de Turqu\u00eda y obligan a declarar zonas de desastre\" class=\"jl_cap_ov\"><\/a>\r\n\t\t\t        <\/div>\r\n\t\t\t    <\/div>\r\n\t\t\t\t<h3 class=\"jl_ovt\">Incendios forestales azotan la costa sur de Turqu\u00eda y obligan a declarar zonas de desastre<\/h3>\r\n\t\t\t<\/div>\r\n\t\t<div class=\"jl_p_fr20 jl_ov_el\">\r\n\t\t\t    \t\t\t        <div class=\"jl_img_holder\">\r\n\t\t\t\t        <div class=\"jl_imgw\">\r\n\t\t\t\t            <div class=\"jl_imgin\">\r\n\t\t\t\t                <img decoding=\"async\" width=\"1100\" height=\"712\" src=\"https:\/\/www.droptheinfo.com\/es\/wp-content\/uploads\/2025\/07\/Florida-inicia-vuelos-de-deportacion-desde-polemico-centro-de-detencion-en-los-Everglades-20x13.jpg\" class=\"attachment-bopea_medium size-bopea_medium jl-lazyload lazyload wp-post-image\" alt=\"\" data-src=\"https:\/\/www.droptheinfo.com\/es\/wp-content\/uploads\/2025\/07\/Florida-inicia-vuelos-de-deportacion-desde-polemico-centro-de-detencion-en-los-Everglades-1100x712.jpg\" \/>\t\t\t\t            <\/div>\t\t\t\t\r\n\t\t\t\t            \t\t\t            \t            \r\n\t\t\t\t            <a class=\"jl_imgl\" aria-label=\"Florida inicia vuelos de deportaci\u00f3n desde pol\u00e9mico centro de detenci\u00f3n en los Everglades\" href=\"https:\/\/www.droptheinfo.com\/es\/florida-inicia-vuelos-de-deportacion-desde-polemico-centro-de-detencion-en-los-everglades\/\"><\/a>\r\n\t\t\t\t        <\/div> \r\n\t\t\t        <\/div> \r\n\t\t\t                                \r\n\t\t\t    <div class=\"jl_fe_text\">\r\n\t\t\t    \t<div class=\"jl_fe_inner\">\r\n\t\t\t    \t<span class=\"jl_f_cat jl_lb3\"><a class=\"jl_cat_lbl jl_cat64\" href=\"https:\/\/www.droptheinfo.com\/es\/category\/politica\/\"><span>Pol\u00edtica<\/span><\/a><\/span>\t\t\t        \t\t\t\t\t<h2 class=\"h2 jl_fe_title jl_txt_2row\"><a href=\"https:\/\/www.droptheinfo.com\/es\/florida-inicia-vuelos-de-deportacion-desde-polemico-centro-de-detencion-en-los-everglades\/\">Florida inicia vuelos de deportaci\u00f3n desde pol\u00e9mico centro de detenci\u00f3n en los Everglades<\/a><\/h2>\r\n\t\t\t        \t\t\t\t\t<span class=\"jl_post_meta\"><span class=\"jl_author_img_w\"><span class=\"jl_aimg_in\"><img decoding=\"async\" src=\"https:\/\/www.droptheinfo.com\/es\/wp-content\/uploads\/2025\/01\/jhon-soto-musicmundialcom-150x150.jpg\" width=\"50\" height=\"50\" srcset=\"https:\/\/www.droptheinfo.com\/es\/wp-content\/uploads\/2025\/01\/jhon-soto-musicmundialcom-150x150.jpg 2x\" alt=\"Jhon Soto\" class=\"avatar avatar-50 wp-user-avatar wp-user-avatar-50 alignnone photo lazyload\" \/><\/span><a href=\"https:\/\/www.droptheinfo.com\/es\/author\/jhon-soto\/\" title=\"Entradas de Jhon Soto\" rel=\"author\">Jhon Soto<\/a><\/span><span class=\"post-date\">25 de julio de 2025<\/span><span class=\"jl_fot_share_i jl_share_l_bg jls_tooltip\"><i class=\"jli-share\"><\/i><span class=\"jls_tooltip_w jls_tooltip-top\"><span class=\"jls_tooltiptext\"><span class=\"jls_tooltip_in\">                <span class=\"jl_sli_in\">\r\n                    <span class=\"jl_sli_fb jl_shli\"><a class=\"jl_sshl\" href=\"http:\/\/www.facebook.com\/sharer.php?u=https%3A%2F%2Fwww.droptheinfo.com%2Fes%2Fflorida-inicia-vuelos-de-deportacion-desde-polemico-centro-de-detencion-en-los-everglades%2F\" rel=\"nofollow\"><i class=\"jli-facebook\"><\/i><\/a><\/span>\r\n                    <span class=\"jl_sli_tw jl_shli\"><a class=\"jl_sshl\" href=\"https:\/\/twitter.com\/intent\/tweet?text=Florida%20inicia%20vuelos%20de%20deportaci%C3%B3n%20desde%20pol%C3%A9mico%20centro%20de%20detenci%C3%B3n%20en%20los%20Everglades&amp;url=https%3A%2F%2Fwww.droptheinfo.com%2Fes%2Fflorida-inicia-vuelos-de-deportacion-desde-polemico-centro-de-detencion-en-los-everglades%2F\" rel=\"nofollow\"><i class=\"jli-x\"><\/i><\/a><\/span>\r\n                    <span class=\"jl_sli_pi jl_shli\"><a class=\"jl_sshl\" href=\"http:\/\/pinterest.com\/pin\/create\/bookmarklet\/?url=https%3A%2F%2Fwww.droptheinfo.com%2Fes%2Fflorida-inicia-vuelos-de-deportacion-desde-polemico-centro-de-detencion-en-los-everglades%2F>&amp;media=https:\/\/www.droptheinfo.com\/es\/wp-content\/uploads\/2025\/07\/Florida-inicia-vuelos-de-deportacion-desde-polemico-centro-de-detencion-en-los-Everglades.jpg\" rel=\"nofollow\"><i class=\"jli-pinterest\"><\/i><\/a><\/span>\r\n                    <span class=\"jl_sli_din jl_shli\"><a class=\"jl_sshl\" href=\"http:\/\/www.linkedin.com\/shareArticle?url=https%3A%2F%2Fwww.droptheinfo.com%2Fes%2Fflorida-inicia-vuelos-de-deportacion-desde-polemico-centro-de-detencion-en-los-everglades%2F\" rel=\"nofollow\"><i class=\"jli-linkedin\"><\/i><\/a><\/span>\r\n                    <span class=\"jl_sli_wapp jl_shli\"><a class=\"jl_sshl\" href=\"https:\/\/api.whatsapp.com\/send?text=https%3A%2F%2Fwww.droptheinfo.com%2Fes%2Fflorida-inicia-vuelos-de-deportacion-desde-polemico-centro-de-detencion-en-los-everglades%2F\" data-action=\"share\/whatsapp\/share\" rel=\"nofollow\"><i class=\"jli-whatsapp\"><\/i><\/a><\/span>                                        \r\n                <\/span>            \r\n    <\/span><\/span><\/span><\/span><\/span>                \r\n\t\t\t        <a href=\"https:\/\/www.droptheinfo.com\/es\/florida-inicia-vuelos-de-deportacion-desde-polemico-centro-de-detencion-en-los-everglades\/\" aria-label=\"Florida inicia vuelos de deportaci\u00f3n desde pol\u00e9mico centro de detenci\u00f3n en los Everglades\" class=\"jl_cap_ov\"><\/a>\r\n\t\t\t        <\/div>\r\n\t\t\t    <\/div>\r\n\t\t\t\t<h3 class=\"jl_ovt\">Florida inicia vuelos de deportaci\u00f3n desde pol\u00e9mico centro de detenci\u00f3n en los Everglades<\/h3>\r\n\t\t\t<\/div>\r\n\t\t<div class=\"jl_p_fr20 jl_ov_el jl_sm_mt\">\r\n\t\t\t    \t\t\t        <div class=\"jl_img_holder\">\r\n\t\t\t\t        <div class=\"jl_imgw\">\r\n\t\t\t\t            <div class=\"jl_imgin\">\r\n\t\t\t\t                <img loading=\"lazy\" decoding=\"async\" width=\"680\" height=\"440\" src=\"https:\/\/www.droptheinfo.com\/es\/wp-content\/uploads\/2025\/07\/MSF-denuncia-niveles-sin-precedentes-de-desnutricion-infantil-en-Gaza-y-acusa-a-Israel-de-utilizar-el-hambre-como-arma-20x13.jpg\" class=\"attachment-bopea_layouts size-bopea_layouts jl-lazyload lazyload wp-post-image\" alt=\"\" data-src=\"https:\/\/www.droptheinfo.com\/es\/wp-content\/uploads\/2025\/07\/MSF-denuncia-niveles-sin-precedentes-de-desnutricion-infantil-en-Gaza-y-acusa-a-Israel-de-utilizar-el-hambre-como-arma-680x440.jpg\" \/>\t\t\t\t            <\/div>\t\t\t\t\r\n\t\t\t\t            \t\t\t            \t            \r\n\t\t\t\t            <a class=\"jl_imgl\" aria-label=\"MSF denuncia niveles \u201csin precedentes\u201d de desnutrici\u00f3n infantil en Gaza y acusa a Israel de utilizar el hambre como arma\" href=\"https:\/\/www.droptheinfo.com\/es\/msf-denuncia-niveles-sin-precedentes-de-desnutricion-infantil-en-gaza-y-acusa-a-israel-de-utilizar-el-hambre-como-arma\/\"><\/a>\r\n\t\t\t\t        <\/div> \r\n\t\t\t        <\/div> \r\n\t\t\t                                \r\n\t\t\t    <div class=\"jl_fe_text\">\r\n\t\t\t    \t<div class=\"jl_fe_inner\">\r\n\t\t\t    \t<span class=\"jl_f_cat jl_lb3\"><a class=\"jl_cat_lbl jl_cat1544\" href=\"https:\/\/www.droptheinfo.com\/es\/category\/guerras\/\"><span>guerras<\/span><\/a><\/span>\t\t\t\t\t\t\t\t\t\t<h3 class=\"h3 jl_fe_title jl_txt_2row\"><a href=\"https:\/\/www.droptheinfo.com\/es\/msf-denuncia-niveles-sin-precedentes-de-desnutricion-infantil-en-gaza-y-acusa-a-israel-de-utilizar-el-hambre-como-arma\/\">MSF denuncia niveles \u201csin precedentes\u201d de desnutrici\u00f3n infantil en Gaza y acusa a Israel de utilizar el hambre como arma<\/a><\/h3>\r\n\t\t\t        \t\t\t\t\t<span class=\"jl_post_meta\"><span class=\"jl_author_img_w\"><span class=\"jl_aimg_in\"><img decoding=\"async\" src=\"https:\/\/www.droptheinfo.com\/es\/wp-content\/uploads\/2025\/01\/jhon-soto-musicmundialcom-150x150.jpg\" width=\"50\" height=\"50\" srcset=\"https:\/\/www.droptheinfo.com\/es\/wp-content\/uploads\/2025\/01\/jhon-soto-musicmundialcom-150x150.jpg 2x\" alt=\"Jhon Soto\" class=\"avatar avatar-50 wp-user-avatar wp-user-avatar-50 alignnone photo lazyload\" \/><\/span><a href=\"https:\/\/www.droptheinfo.com\/es\/author\/jhon-soto\/\" title=\"Entradas de Jhon Soto\" rel=\"author\">Jhon Soto<\/a><\/span><span class=\"post-date\">25 de julio de 2025<\/span><span class=\"jl_fot_share_i jl_share_l_bg jls_tooltip\"><i class=\"jli-share\"><\/i><span class=\"jls_tooltip_w jls_tooltip-top\"><span class=\"jls_tooltiptext\"><span class=\"jls_tooltip_in\">                <span class=\"jl_sli_in\">\r\n                    <span class=\"jl_sli_fb jl_shli\"><a class=\"jl_sshl\" href=\"http:\/\/www.facebook.com\/sharer.php?u=https%3A%2F%2Fwww.droptheinfo.com%2Fes%2Fmsf-denuncia-niveles-sin-precedentes-de-desnutricion-infantil-en-gaza-y-acusa-a-israel-de-utilizar-el-hambre-como-arma%2F\" rel=\"nofollow\"><i class=\"jli-facebook\"><\/i><\/a><\/span>\r\n                    <span class=\"jl_sli_tw jl_shli\"><a class=\"jl_sshl\" href=\"https:\/\/twitter.com\/intent\/tweet?text=MSF%20denuncia%20niveles%20%E2%80%9Csin%20precedentes%E2%80%9D%20de%20desnutrici%C3%B3n%20infantil%20en%20Gaza%20y%20acusa%20a%20Israel%20de%20utilizar%20el%20hambre%20como%20arma&amp;url=https%3A%2F%2Fwww.droptheinfo.com%2Fes%2Fmsf-denuncia-niveles-sin-precedentes-de-desnutricion-infantil-en-gaza-y-acusa-a-israel-de-utilizar-el-hambre-como-arma%2F\" rel=\"nofollow\"><i class=\"jli-x\"><\/i><\/a><\/span>\r\n                    <span class=\"jl_sli_pi jl_shli\"><a class=\"jl_sshl\" href=\"http:\/\/pinterest.com\/pin\/create\/bookmarklet\/?url=https%3A%2F%2Fwww.droptheinfo.com%2Fes%2Fmsf-denuncia-niveles-sin-precedentes-de-desnutricion-infantil-en-gaza-y-acusa-a-israel-de-utilizar-el-hambre-como-arma%2F>&amp;media=https:\/\/www.droptheinfo.com\/es\/wp-content\/uploads\/2025\/07\/MSF-denuncia-niveles-sin-precedentes-de-desnutricion-infantil-en-Gaza-y-acusa-a-Israel-de-utilizar-el-hambre-como-arma.jpg\" rel=\"nofollow\"><i class=\"jli-pinterest\"><\/i><\/a><\/span>\r\n                    <span class=\"jl_sli_din jl_shli\"><a class=\"jl_sshl\" href=\"http:\/\/www.linkedin.com\/shareArticle?url=https%3A%2F%2Fwww.droptheinfo.com%2Fes%2Fmsf-denuncia-niveles-sin-precedentes-de-desnutricion-infantil-en-gaza-y-acusa-a-israel-de-utilizar-el-hambre-como-arma%2F\" rel=\"nofollow\"><i class=\"jli-linkedin\"><\/i><\/a><\/span>\r\n                    <span class=\"jl_sli_wapp jl_shli\"><a class=\"jl_sshl\" href=\"https:\/\/api.whatsapp.com\/send?text=https%3A%2F%2Fwww.droptheinfo.com%2Fes%2Fmsf-denuncia-niveles-sin-precedentes-de-desnutricion-infantil-en-gaza-y-acusa-a-israel-de-utilizar-el-hambre-como-arma%2F\" data-action=\"share\/whatsapp\/share\" rel=\"nofollow\"><i class=\"jli-whatsapp\"><\/i><\/a><\/span>                                        \r\n                <\/span>            \r\n    <\/span><\/span><\/span><\/span><\/span>                \r\n\t\t\t        <a href=\"https:\/\/www.droptheinfo.com\/es\/msf-denuncia-niveles-sin-precedentes-de-desnutricion-infantil-en-gaza-y-acusa-a-israel-de-utilizar-el-hambre-como-arma\/\" aria-label=\"MSF denuncia niveles \u201csin precedentes\u201d de desnutrici\u00f3n infantil en Gaza y acusa a Israel de utilizar el hambre como arma\" class=\"jl_cap_ov\"><\/a>\r\n\t\t\t        <\/div>\r\n\t\t\t    <\/div>\r\n\t\t\t\t<h3 class=\"jl_ovt\">MSF denuncia niveles \u201csin precedentes\u201d de desnutrici\u00f3n infantil en Gaza y acusa a Israel de utilizar el hambre como arma<\/h3>\r\n\t\t\t<\/div>\r\n\t\t<div class=\"jl_p_fr20 jl_ov_el jl_sm_mt\">\r\n\t\t\t    \t\t\t        <div class=\"jl_img_holder\">\r\n\t\t\t\t        <div class=\"jl_imgw\">\r\n\t\t\t\t            <div class=\"jl_imgin\">\r\n\t\t\t\t                <img loading=\"lazy\" decoding=\"async\" width=\"680\" height=\"440\" src=\"https:\/\/www.droptheinfo.com\/es\/wp-content\/uploads\/2025\/07\/Rusia-endurece-control-sobre-internet-castigo-a-quienes-busquen-contenido-extremista-20x13.jpg\" class=\"attachment-bopea_layouts size-bopea_layouts jl-lazyload lazyload wp-post-image\" alt=\"\" data-src=\"https:\/\/www.droptheinfo.com\/es\/wp-content\/uploads\/2025\/07\/Rusia-endurece-control-sobre-internet-castigo-a-quienes-busquen-contenido-extremista-680x440.jpg\" \/>\t\t\t\t            <\/div>\t\t\t\t\r\n\t\t\t\t            \t\t\t            \t            \r\n\t\t\t\t            <a class=\"jl_imgl\" aria-label=\"Rusia endurece control sobre internet: castigo a quienes busquen contenido \u201cextremista\u201d\" href=\"https:\/\/www.droptheinfo.com\/es\/rusia-endurece-control-sobre-internet-castigo-a-quienes-busquen-contenido-extremista\/\"><\/a>\r\n\t\t\t\t        <\/div> \r\n\t\t\t        <\/div> \r\n\t\t\t                                \r\n\t\t\t    <div class=\"jl_fe_text\">\r\n\t\t\t    \t<div class=\"jl_fe_inner\">\r\n\t\t\t    \t<span class=\"jl_f_cat jl_lb3\"><a class=\"jl_cat_lbl jl_cat64\" href=\"https:\/\/www.droptheinfo.com\/es\/category\/politica\/\"><span>Pol\u00edtica<\/span><\/a><\/span>\t\t\t\t\t\t\t\t\t\t<h3 class=\"h3 jl_fe_title jl_txt_2row\"><a href=\"https:\/\/www.droptheinfo.com\/es\/rusia-endurece-control-sobre-internet-castigo-a-quienes-busquen-contenido-extremista\/\">Rusia endurece control sobre internet: castigo a quienes busquen contenido \u201cextremista\u201d<\/a><\/h3>\r\n\t\t\t        \t\t\t\t\t<span class=\"jl_post_meta\"><span class=\"jl_author_img_w\"><span class=\"jl_aimg_in\"><img decoding=\"async\" src=\"https:\/\/www.droptheinfo.com\/es\/wp-content\/uploads\/2025\/01\/jhon-soto-musicmundialcom-150x150.jpg\" width=\"50\" height=\"50\" srcset=\"https:\/\/www.droptheinfo.com\/es\/wp-content\/uploads\/2025\/01\/jhon-soto-musicmundialcom-150x150.jpg 2x\" alt=\"Jhon Soto\" class=\"avatar avatar-50 wp-user-avatar wp-user-avatar-50 alignnone photo lazyload\" \/><\/span><a href=\"https:\/\/www.droptheinfo.com\/es\/author\/jhon-soto\/\" title=\"Entradas de Jhon Soto\" rel=\"author\">Jhon Soto<\/a><\/span><span class=\"post-date\">25 de julio de 2025<\/span><span class=\"jl_fot_share_i jl_share_l_bg jls_tooltip\"><i class=\"jli-share\"><\/i><span class=\"jls_tooltip_w jls_tooltip-top\"><span class=\"jls_tooltiptext\"><span class=\"jls_tooltip_in\">                <span class=\"jl_sli_in\">\r\n                    <span class=\"jl_sli_fb jl_shli\"><a class=\"jl_sshl\" href=\"http:\/\/www.facebook.com\/sharer.php?u=https%3A%2F%2Fwww.droptheinfo.com%2Fes%2Frusia-endurece-control-sobre-internet-castigo-a-quienes-busquen-contenido-extremista%2F\" rel=\"nofollow\"><i class=\"jli-facebook\"><\/i><\/a><\/span>\r\n                    <span class=\"jl_sli_tw jl_shli\"><a class=\"jl_sshl\" href=\"https:\/\/twitter.com\/intent\/tweet?text=Rusia%20endurece%20control%20sobre%20internet%3A%20castigo%20a%20quienes%20busquen%20contenido%20%E2%80%9Cextremista%E2%80%9D&amp;url=https%3A%2F%2Fwww.droptheinfo.com%2Fes%2Frusia-endurece-control-sobre-internet-castigo-a-quienes-busquen-contenido-extremista%2F\" rel=\"nofollow\"><i class=\"jli-x\"><\/i><\/a><\/span>\r\n                    <span class=\"jl_sli_pi jl_shli\"><a class=\"jl_sshl\" href=\"http:\/\/pinterest.com\/pin\/create\/bookmarklet\/?url=https%3A%2F%2Fwww.droptheinfo.com%2Fes%2Frusia-endurece-control-sobre-internet-castigo-a-quienes-busquen-contenido-extremista%2F>&amp;media=https:\/\/www.droptheinfo.com\/es\/wp-content\/uploads\/2025\/07\/Rusia-endurece-control-sobre-internet-castigo-a-quienes-busquen-contenido-extremista.jpg\" rel=\"nofollow\"><i class=\"jli-pinterest\"><\/i><\/a><\/span>\r\n                    <span class=\"jl_sli_din jl_shli\"><a class=\"jl_sshl\" href=\"http:\/\/www.linkedin.com\/shareArticle?url=https%3A%2F%2Fwww.droptheinfo.com%2Fes%2Frusia-endurece-control-sobre-internet-castigo-a-quienes-busquen-contenido-extremista%2F\" rel=\"nofollow\"><i class=\"jli-linkedin\"><\/i><\/a><\/span>\r\n                    <span class=\"jl_sli_wapp jl_shli\"><a class=\"jl_sshl\" href=\"https:\/\/api.whatsapp.com\/send?text=https%3A%2F%2Fwww.droptheinfo.com%2Fes%2Frusia-endurece-control-sobre-internet-castigo-a-quienes-busquen-contenido-extremista%2F\" data-action=\"share\/whatsapp\/share\" rel=\"nofollow\"><i class=\"jli-whatsapp\"><\/i><\/a><\/span>                                        \r\n                <\/span>            \r\n    <\/span><\/span><\/span><\/span><\/span>                \r\n\t\t\t        <a href=\"https:\/\/www.droptheinfo.com\/es\/rusia-endurece-control-sobre-internet-castigo-a-quienes-busquen-contenido-extremista\/\" aria-label=\"Rusia endurece control sobre internet: castigo a quienes busquen contenido \u201cextremista\u201d\" class=\"jl_cap_ov\"><\/a>\r\n\t\t\t        <\/div>\r\n\t\t\t    <\/div>\r\n\t\t\t\t<h3 class=\"jl_ovt\">Rusia endurece control sobre internet: castigo a quienes busquen contenido \u201cextremista\u201d<\/h3>\r\n\t\t\t<\/div>\r\n\t\t<div class=\"jl_p_fr20 jl_ov_el jl_sm_mt\">\r\n\t\t\t    \t\t\t        <div class=\"jl_img_holder\">\r\n\t\t\t\t        <div class=\"jl_imgw\">\r\n\t\t\t\t            <div class=\"jl_imgin\">\r\n\t\t\t\t                <img loading=\"lazy\" decoding=\"async\" width=\"680\" height=\"440\" src=\"https:\/\/www.droptheinfo.com\/es\/wp-content\/uploads\/2025\/07\/Francia-reconocera-al-Estado-palestino-anuncia-Macron-en-medio-de-creciente-crisis-en-Gaza-20x13.jpg\" class=\"attachment-bopea_layouts size-bopea_layouts jl-lazyload lazyload wp-post-image\" alt=\"\" data-src=\"https:\/\/www.droptheinfo.com\/es\/wp-content\/uploads\/2025\/07\/Francia-reconocera-al-Estado-palestino-anuncia-Macron-en-medio-de-creciente-crisis-en-Gaza-680x440.jpg\" \/>\t\t\t\t            <\/div>\t\t\t\t\r\n\t\t\t\t            \t\t\t            \t            \r\n\t\t\t\t            <a class=\"jl_imgl\" aria-label=\"Francia reconocer\u00e1 al Estado palestino, anuncia Macron en medio de creciente crisis en Gaza\" href=\"https:\/\/www.droptheinfo.com\/es\/francia-reconocera-al-estado-palestino-anuncia-macron-en-medio-de-creciente-crisis-en-gaza\/\"><\/a>\r\n\t\t\t\t        <\/div> \r\n\t\t\t        <\/div> \r\n\t\t\t                                \r\n\t\t\t    <div class=\"jl_fe_text\">\r\n\t\t\t    \t<div class=\"jl_fe_inner\">\r\n\t\t\t    \t<span class=\"jl_f_cat jl_lb3\"><a class=\"jl_cat_lbl jl_cat45\" href=\"https:\/\/www.droptheinfo.com\/es\/category\/mundo\/\"><span>Mundo<\/span><\/a><a class=\"jl_cat_lbl jl_cat64\" href=\"https:\/\/www.droptheinfo.com\/es\/category\/politica\/\"><span>Pol\u00edtica<\/span><\/a><\/span>\t\t\t\t\t\t\t\t\t\t<h3 class=\"h3 jl_fe_title jl_txt_2row\"><a href=\"https:\/\/www.droptheinfo.com\/es\/francia-reconocera-al-estado-palestino-anuncia-macron-en-medio-de-creciente-crisis-en-gaza\/\">Francia reconocer\u00e1 al Estado palestino, anuncia Macron en medio de creciente crisis en Gaza<\/a><\/h3>\r\n\t\t\t        \t\t\t\t\t<span class=\"jl_post_meta\"><span class=\"jl_author_img_w\"><span class=\"jl_aimg_in\"><img decoding=\"async\" src=\"https:\/\/www.droptheinfo.com\/es\/wp-content\/uploads\/2025\/01\/jhon-soto-musicmundialcom-150x150.jpg\" width=\"50\" height=\"50\" srcset=\"https:\/\/www.droptheinfo.com\/es\/wp-content\/uploads\/2025\/01\/jhon-soto-musicmundialcom-150x150.jpg 2x\" alt=\"Jhon Soto\" class=\"avatar avatar-50 wp-user-avatar wp-user-avatar-50 alignnone photo lazyload\" \/><\/span><a href=\"https:\/\/www.droptheinfo.com\/es\/author\/jhon-soto\/\" title=\"Entradas de Jhon Soto\" rel=\"author\">Jhon Soto<\/a><\/span><span class=\"post-date\">25 de julio de 2025<\/span><span class=\"jl_fot_share_i jl_share_l_bg jls_tooltip\"><i class=\"jli-share\"><\/i><span class=\"jls_tooltip_w jls_tooltip-top\"><span class=\"jls_tooltiptext\"><span class=\"jls_tooltip_in\">                <span class=\"jl_sli_in\">\r\n                    <span class=\"jl_sli_fb jl_shli\"><a class=\"jl_sshl\" href=\"http:\/\/www.facebook.com\/sharer.php?u=https%3A%2F%2Fwww.droptheinfo.com%2Fes%2Ffrancia-reconocera-al-estado-palestino-anuncia-macron-en-medio-de-creciente-crisis-en-gaza%2F\" rel=\"nofollow\"><i class=\"jli-facebook\"><\/i><\/a><\/span>\r\n                    <span class=\"jl_sli_tw jl_shli\"><a class=\"jl_sshl\" href=\"https:\/\/twitter.com\/intent\/tweet?text=Francia%20reconocer%C3%A1%20al%20Estado%20palestino%2C%20anuncia%20Macron%20en%20medio%20de%20creciente%20crisis%20en%20Gaza&amp;url=https%3A%2F%2Fwww.droptheinfo.com%2Fes%2Ffrancia-reconocera-al-estado-palestino-anuncia-macron-en-medio-de-creciente-crisis-en-gaza%2F\" rel=\"nofollow\"><i class=\"jli-x\"><\/i><\/a><\/span>\r\n                    <span class=\"jl_sli_pi jl_shli\"><a class=\"jl_sshl\" href=\"http:\/\/pinterest.com\/pin\/create\/bookmarklet\/?url=https%3A%2F%2Fwww.droptheinfo.com%2Fes%2Ffrancia-reconocera-al-estado-palestino-anuncia-macron-en-medio-de-creciente-crisis-en-gaza%2F>&amp;media=https:\/\/www.droptheinfo.com\/es\/wp-content\/uploads\/2025\/07\/Francia-reconocera-al-Estado-palestino-anuncia-Macron-en-medio-de-creciente-crisis-en-Gaza.jpg\" rel=\"nofollow\"><i class=\"jli-pinterest\"><\/i><\/a><\/span>\r\n                    <span class=\"jl_sli_din jl_shli\"><a class=\"jl_sshl\" href=\"http:\/\/www.linkedin.com\/shareArticle?url=https%3A%2F%2Fwww.droptheinfo.com%2Fes%2Ffrancia-reconocera-al-estado-palestino-anuncia-macron-en-medio-de-creciente-crisis-en-gaza%2F\" rel=\"nofollow\"><i class=\"jli-linkedin\"><\/i><\/a><\/span>\r\n                    <span class=\"jl_sli_wapp jl_shli\"><a class=\"jl_sshl\" href=\"https:\/\/api.whatsapp.com\/send?text=https%3A%2F%2Fwww.droptheinfo.com%2Fes%2Ffrancia-reconocera-al-estado-palestino-anuncia-macron-en-medio-de-creciente-crisis-en-gaza%2F\" data-action=\"share\/whatsapp\/share\" rel=\"nofollow\"><i class=\"jli-whatsapp\"><\/i><\/a><\/span>                                        \r\n                <\/span>            \r\n    <\/span><\/span><\/span><\/span><\/span>                \r\n\t\t\t        <a href=\"https:\/\/www.droptheinfo.com\/es\/francia-reconocera-al-estado-palestino-anuncia-macron-en-medio-de-creciente-crisis-en-gaza\/\" aria-label=\"Francia reconocer\u00e1 al Estado palestino, anuncia Macron en medio de creciente crisis en Gaza\" class=\"jl_cap_ov\"><\/a>\r\n\t\t\t        <\/div>\r\n\t\t\t    <\/div>\r\n\t\t\t\t<h3 class=\"jl_ovt\">Francia reconocer\u00e1 al Estado palestino, anuncia Macron en medio de creciente crisis en Gaza<\/h3>\r\n\t\t\t<\/div>\r\n\t<\/div><\/div>\t\t\t\r\n\t\t\t<\/div>\r\n\t\t<\/div>\t\t\t\r\n\t\t\t<\/div>\t\t\t\t<\/div>\n\t\t\t\t<\/div>\n\t\t\t\t\t<\/div>\n\t\t\t\t<\/div>\n\t\t<div class=\"elementor-element elementor-element-31663ec4 e-flex e-con-boxed e-con e-parent\" data-id=\"31663ec4\" data-element_type=\"container\" data-e-type=\"container\">\n\t\t\t\t\t<div class=\"e-con-inner\">\n\t\t\t\t<div class=\"elementor-element elementor-element-58b2917e elementor-widget elementor-widget-bopea-section-title\" data-id=\"58b2917e\" data-element_type=\"widget\" data-e-type=\"widget\" data-widget_type=\"bopea-section-title.default\">\n\t\t\t\t<div class=\"elementor-widget-container\">\n\t\t\t\t\t          <div class=\"jlcus_sec_title jl_sec_style12 jl_secf_title  \">\n            <div class=\"jlcus_sect_inner\">\n                                    <h2 class=\"jl-heading-text\">\n                                                <span class=\"jl_ttw\">M\u00e1s noticias \u26a1<\/span>                                          <\/h2>\n                                                <\/div>                    \n                      <\/div>                    \n    \t\t\t\t<\/div>\n\t\t\t\t<\/div>\n\t\t\t\t<div class=\"elementor-element elementor-element-777969c3 elementor-widget elementor-widget-bopea-xsmall-list\" data-id=\"777969c3\" data-element_type=\"widget\" data-e-type=\"widget\" data-widget_type=\"bopea-xsmall-list.default\">\n\t\t\t\t<div class=\"elementor-widget-container\">\n\t\t\t\t\t\t\t<div class=\"jl_clear_at block-section jl-main-block jl_hide_cat jl_num_top jl_hide_line jl_hide_col_line\" data-blockid=\"blockid_777969c3\" data-section_style=\"jl_xsli\" data-post_type=\"post\" data-post_type_tax=\"none\" data-page_max=\"302\" data-page_current=\"1\" data-author=\"none\" data-order=\"date_post\" data-posts_per_page=\"9\" data-offset=\"9\" data-tabs_link=\"none\" >\r\n\t\t\t\t\t\t<div class=\"jl_grid_wrap_f jl_wrap_eb jl_xsgrid jl_clear_at\">\r\n\t\t\t\t<div class=\"jl-roww jl_contain jl_fli_wrap jl-col-row\">\t\t\t\t\t\r\n\t\t\t\t\t\t\t\t<div class=\"jl_mmlist_layout jl_lisep jl_risep jl_in_num jl_numl\">\r\n\t\t\t\t<div class=\"jl_li_in jl_nun_i\">\r\n\t\t\t\t<span class=\"jl_nun_d\"><\/span>\r\n\t\t\t    \t\t\t        <div class=\"jl_img_holder\">\r\n\t\t\t\t        <div class=\"jl_imgw jl_radus_e\">\r\n\t\t\t\t            <div class=\"jl_imgin\">\r\n\t\t\t\t\t\t\t<img loading=\"lazy\" decoding=\"async\" width=\"200\" height=\"129\" src=\"https:\/\/www.droptheinfo.com\/es\/wp-content\/uploads\/2025\/07\/Muere-Hulk-Hogan-a-los-71-anos-leyenda-indiscutible-de-la-lucha-libre-20x13.jpg\" class=\"attachment-bopea_small size-bopea_small jl-lazyload lazyload wp-post-image\" alt=\"\" data-src=\"https:\/\/www.droptheinfo.com\/es\/wp-content\/uploads\/2025\/07\/Muere-Hulk-Hogan-a-los-71-anos-leyenda-indiscutible-de-la-lucha-libre-200x129.jpg\" \/>\t\t\t\t            <\/div>\t\t\t\t            \t\t\t\t            \r\n\t\t\t\t            <a class=\"jl_imgl\" aria-label=\"Muere Hulk Hogan a los 71 a\u00f1os, leyenda indiscutible de la lucha libre\" href=\"https:\/\/www.droptheinfo.com\/es\/muere-hulk-hogan-a-los-71-anos-leyenda-indiscutible-de-la-lucha-libre\/\"><\/a>\r\n\t\t\t\t        <\/div> \r\n\t\t\t        <\/div>\r\n\t\t\t                                \r\n\t\t\t    <div class=\"jl_fe_text\">    \r\n\t\t\t\t<span class=\"jl_f_cat jl_lb1\"><a class=\"jl_cat_txt jl_cat39\" href=\"https:\/\/www.droptheinfo.com\/es\/category\/entretenimiento\/\"><span>Entretenimiento<\/span><\/a><\/span>\t\t\t\t\t\t\t\t\t\t<h2 class=\"h3 jl_fe_title jl_txt_2row\"><a href=\"https:\/\/www.droptheinfo.com\/es\/muere-hulk-hogan-a-los-71-anos-leyenda-indiscutible-de-la-lucha-libre\/\">Muere Hulk Hogan a los 71 a\u00f1os, leyenda indiscutible de la lucha libre<\/a><\/h2>\t\t\t\r\n\t\t\t\t\t\t\t\t        <span class=\"jl_post_meta\"><span class=\"post-date\">24 de julio de 2025<\/span><span class=\"jl_fot_share_i jl_share_l_bg jls_tooltip\"><i class=\"jli-share\"><\/i><span class=\"jls_tooltip_w jls_tooltip-top\"><span class=\"jls_tooltiptext\"><span class=\"jls_tooltip_in\">                <span class=\"jl_sli_in\">\r\n                    <span class=\"jl_sli_fb jl_shli\"><a class=\"jl_sshl\" href=\"http:\/\/www.facebook.com\/sharer.php?u=https%3A%2F%2Fwww.droptheinfo.com%2Fes%2Fmuere-hulk-hogan-a-los-71-anos-leyenda-indiscutible-de-la-lucha-libre%2F\" rel=\"nofollow\"><i class=\"jli-facebook\"><\/i><\/a><\/span>\r\n                    <span class=\"jl_sli_tw jl_shli\"><a class=\"jl_sshl\" href=\"https:\/\/twitter.com\/intent\/tweet?text=Muere%20Hulk%20Hogan%20a%20los%2071%20a%C3%B1os%2C%20leyenda%20indiscutible%20de%20la%20lucha%20libre&amp;url=https%3A%2F%2Fwww.droptheinfo.com%2Fes%2Fmuere-hulk-hogan-a-los-71-anos-leyenda-indiscutible-de-la-lucha-libre%2F\" rel=\"nofollow\"><i class=\"jli-x\"><\/i><\/a><\/span>\r\n                    <span class=\"jl_sli_pi jl_shli\"><a class=\"jl_sshl\" href=\"http:\/\/pinterest.com\/pin\/create\/bookmarklet\/?url=https%3A%2F%2Fwww.droptheinfo.com%2Fes%2Fmuere-hulk-hogan-a-los-71-anos-leyenda-indiscutible-de-la-lucha-libre%2F>&amp;media=https:\/\/www.droptheinfo.com\/es\/wp-content\/uploads\/2025\/07\/Muere-Hulk-Hogan-a-los-71-anos-leyenda-indiscutible-de-la-lucha-libre.jpg\" rel=\"nofollow\"><i class=\"jli-pinterest\"><\/i><\/a><\/span>\r\n                    <span class=\"jl_sli_din jl_shli\"><a class=\"jl_sshl\" href=\"http:\/\/www.linkedin.com\/shareArticle?url=https%3A%2F%2Fwww.droptheinfo.com%2Fes%2Fmuere-hulk-hogan-a-los-71-anos-leyenda-indiscutible-de-la-lucha-libre%2F\" rel=\"nofollow\"><i class=\"jli-linkedin\"><\/i><\/a><\/span>\r\n                    <span class=\"jl_sli_wapp jl_shli\"><a class=\"jl_sshl\" href=\"https:\/\/api.whatsapp.com\/send?text=https%3A%2F%2Fwww.droptheinfo.com%2Fes%2Fmuere-hulk-hogan-a-los-71-anos-leyenda-indiscutible-de-la-lucha-libre%2F\" data-action=\"share\/whatsapp\/share\" rel=\"nofollow\"><i class=\"jli-whatsapp\"><\/i><\/a><\/span>                                        \r\n                <\/span>            \r\n    <\/span><\/span><\/span><\/span><\/span>                \r\n\t\t\t    <\/div>\r\n\t\t\t\t<\/div>\r\n\t\t\t<\/div>\r\n\t\t\t\t\t\t<div class=\"jl_mmlist_layout jl_lisep jl_risep jl_in_num jl_numl\">\r\n\t\t\t\t<div class=\"jl_li_in jl_nun_i\">\r\n\t\t\t\t<span class=\"jl_nun_d\"><\/span>\r\n\t\t\t    \t\t\t        <div class=\"jl_img_holder\">\r\n\t\t\t\t        <div class=\"jl_imgw jl_radus_e\">\r\n\t\t\t\t            <div class=\"jl_imgin\">\r\n\t\t\t\t\t\t\t<img loading=\"lazy\" decoding=\"async\" width=\"200\" height=\"129\" src=\"https:\/\/www.droptheinfo.com\/es\/wp-content\/uploads\/2025\/07\/Meta-refuerza-medidas-de-seguridad-para-proteger-a-adolescentes-en-Instagram-20x13.jpg\" class=\"attachment-bopea_small size-bopea_small jl-lazyload lazyload wp-post-image\" alt=\"\" data-src=\"https:\/\/www.droptheinfo.com\/es\/wp-content\/uploads\/2025\/07\/Meta-refuerza-medidas-de-seguridad-para-proteger-a-adolescentes-en-Instagram-200x129.jpg\" \/>\t\t\t\t            <\/div>\t\t\t\t            \t\t\t\t            \r\n\t\t\t\t            <a class=\"jl_imgl\" aria-label=\"Meta refuerza medidas de seguridad para proteger a adolescentes en Instagram\" href=\"https:\/\/www.droptheinfo.com\/es\/meta-refuerza-medidas-de-seguridad-para-proteger-a-adolescentes-en-instagram\/\"><\/a>\r\n\t\t\t\t        <\/div> \r\n\t\t\t        <\/div>\r\n\t\t\t                                \r\n\t\t\t    <div class=\"jl_fe_text\">    \r\n\t\t\t\t<span class=\"jl_f_cat jl_lb1\"><a class=\"jl_cat_txt jl_cat57\" href=\"https:\/\/www.droptheinfo.com\/es\/category\/tecnologia\/\"><span>Tecnolog\u00eda<\/span><\/a><a class=\"jl_cat_txt jl_cat43\" href=\"https:\/\/www.droptheinfo.com\/es\/category\/viral\/\"><span>Viral<\/span><\/a><\/span>\t\t\t\t\t\t\t\t\t\t<h2 class=\"h3 jl_fe_title jl_txt_2row\"><a href=\"https:\/\/www.droptheinfo.com\/es\/meta-refuerza-medidas-de-seguridad-para-proteger-a-adolescentes-en-instagram\/\">Meta refuerza medidas de seguridad para proteger a adolescentes en Instagram<\/a><\/h2>\t\t\t\r\n\t\t\t\t\t\t\t\t        <span class=\"jl_post_meta\"><span class=\"post-date\">23 de julio de 2025<\/span><span class=\"jl_fot_share_i jl_share_l_bg jls_tooltip\"><i class=\"jli-share\"><\/i><span class=\"jls_tooltip_w jls_tooltip-top\"><span class=\"jls_tooltiptext\"><span class=\"jls_tooltip_in\">                <span class=\"jl_sli_in\">\r\n                    <span class=\"jl_sli_fb jl_shli\"><a class=\"jl_sshl\" href=\"http:\/\/www.facebook.com\/sharer.php?u=https%3A%2F%2Fwww.droptheinfo.com%2Fes%2Fmeta-refuerza-medidas-de-seguridad-para-proteger-a-adolescentes-en-instagram%2F\" rel=\"nofollow\"><i class=\"jli-facebook\"><\/i><\/a><\/span>\r\n                    <span class=\"jl_sli_tw jl_shli\"><a class=\"jl_sshl\" href=\"https:\/\/twitter.com\/intent\/tweet?text=Meta%20refuerza%20medidas%20de%20seguridad%20para%20proteger%20a%20adolescentes%20en%20Instagram&amp;url=https%3A%2F%2Fwww.droptheinfo.com%2Fes%2Fmeta-refuerza-medidas-de-seguridad-para-proteger-a-adolescentes-en-instagram%2F\" rel=\"nofollow\"><i class=\"jli-x\"><\/i><\/a><\/span>\r\n                    <span class=\"jl_sli_pi jl_shli\"><a class=\"jl_sshl\" href=\"http:\/\/pinterest.com\/pin\/create\/bookmarklet\/?url=https%3A%2F%2Fwww.droptheinfo.com%2Fes%2Fmeta-refuerza-medidas-de-seguridad-para-proteger-a-adolescentes-en-instagram%2F>&amp;media=https:\/\/www.droptheinfo.com\/es\/wp-content\/uploads\/2025\/07\/Meta-refuerza-medidas-de-seguridad-para-proteger-a-adolescentes-en-Instagram.jpg\" rel=\"nofollow\"><i class=\"jli-pinterest\"><\/i><\/a><\/span>\r\n                    <span class=\"jl_sli_din jl_shli\"><a class=\"jl_sshl\" href=\"http:\/\/www.linkedin.com\/shareArticle?url=https%3A%2F%2Fwww.droptheinfo.com%2Fes%2Fmeta-refuerza-medidas-de-seguridad-para-proteger-a-adolescentes-en-instagram%2F\" rel=\"nofollow\"><i class=\"jli-linkedin\"><\/i><\/a><\/span>\r\n                    <span class=\"jl_sli_wapp jl_shli\"><a class=\"jl_sshl\" href=\"https:\/\/api.whatsapp.com\/send?text=https%3A%2F%2Fwww.droptheinfo.com%2Fes%2Fmeta-refuerza-medidas-de-seguridad-para-proteger-a-adolescentes-en-instagram%2F\" data-action=\"share\/whatsapp\/share\" rel=\"nofollow\"><i class=\"jli-whatsapp\"><\/i><\/a><\/span>                                        \r\n                <\/span>            \r\n    <\/span><\/span><\/span><\/span><\/span>                \r\n\t\t\t    <\/div>\r\n\t\t\t\t<\/div>\r\n\t\t\t<\/div>\r\n\t\t\t\t\t\t<div class=\"jl_mmlist_layout jl_lisep jl_risep jl_in_num jl_numl\">\r\n\t\t\t\t<div class=\"jl_li_in jl_nun_i\">\r\n\t\t\t\t<span class=\"jl_nun_d\"><\/span>\r\n\t\t\t    \t\t\t        <div class=\"jl_img_holder\">\r\n\t\t\t\t        <div class=\"jl_imgw jl_radus_e\">\r\n\t\t\t\t            <div class=\"jl_imgin\">\r\n\t\t\t\t\t\t\t<img loading=\"lazy\" decoding=\"async\" width=\"200\" height=\"129\" src=\"https:\/\/www.droptheinfo.com\/es\/wp-content\/uploads\/2025\/07\/Mas-de-100-organizaciones-humanitarias-alertan-sobre-una-hambruna-devastadora-en-Gaza-20x13.jpg\" class=\"attachment-bopea_small size-bopea_small jl-lazyload lazyload wp-post-image\" alt=\"\" data-src=\"https:\/\/www.droptheinfo.com\/es\/wp-content\/uploads\/2025\/07\/Mas-de-100-organizaciones-humanitarias-alertan-sobre-una-hambruna-devastadora-en-Gaza-200x129.jpg\" \/>\t\t\t\t            <\/div>\t\t\t\t            \t\t\t\t            \r\n\t\t\t\t            <a class=\"jl_imgl\" aria-label=\"M\u00e1s de 100 organizaciones humanitarias alertan sobre una hambruna devastadora en Gaza\" href=\"https:\/\/www.droptheinfo.com\/es\/mas-de-100-organizaciones-humanitarias-alertan-sobre-una-hambruna-devastadora-en-gaza\/\"><\/a>\r\n\t\t\t\t        <\/div> \r\n\t\t\t        <\/div>\r\n\t\t\t                                \r\n\t\t\t    <div class=\"jl_fe_text\">    \r\n\t\t\t\t<span class=\"jl_f_cat jl_lb1\"><a class=\"jl_cat_txt jl_cat1544\" href=\"https:\/\/www.droptheinfo.com\/es\/category\/guerras\/\"><span>guerras<\/span><\/a><a class=\"jl_cat_txt jl_cat43\" href=\"https:\/\/www.droptheinfo.com\/es\/category\/viral\/\"><span>Viral<\/span><\/a><\/span>\t\t\t\t\t\t\t\t\t\t<h2 class=\"h3 jl_fe_title jl_txt_2row\"><a href=\"https:\/\/www.droptheinfo.com\/es\/mas-de-100-organizaciones-humanitarias-alertan-sobre-una-hambruna-devastadora-en-gaza\/\">M\u00e1s de 100 organizaciones humanitarias alertan sobre una hambruna devastadora en Gaza<\/a><\/h2>\t\t\t\r\n\t\t\t\t\t\t\t\t        <span class=\"jl_post_meta\"><span class=\"post-date\">23 de julio de 2025<\/span><span class=\"jl_fot_share_i jl_share_l_bg jls_tooltip\"><i class=\"jli-share\"><\/i><span class=\"jls_tooltip_w jls_tooltip-top\"><span class=\"jls_tooltiptext\"><span class=\"jls_tooltip_in\">                <span class=\"jl_sli_in\">\r\n                    <span class=\"jl_sli_fb jl_shli\"><a class=\"jl_sshl\" href=\"http:\/\/www.facebook.com\/sharer.php?u=https%3A%2F%2Fwww.droptheinfo.com%2Fes%2Fmas-de-100-organizaciones-humanitarias-alertan-sobre-una-hambruna-devastadora-en-gaza%2F\" rel=\"nofollow\"><i class=\"jli-facebook\"><\/i><\/a><\/span>\r\n                    <span class=\"jl_sli_tw jl_shli\"><a class=\"jl_sshl\" href=\"https:\/\/twitter.com\/intent\/tweet?text=M%C3%A1s%20de%20100%20organizaciones%20humanitarias%20alertan%20sobre%20una%20hambruna%20devastadora%20en%20Gaza&amp;url=https%3A%2F%2Fwww.droptheinfo.com%2Fes%2Fmas-de-100-organizaciones-humanitarias-alertan-sobre-una-hambruna-devastadora-en-gaza%2F\" rel=\"nofollow\"><i class=\"jli-x\"><\/i><\/a><\/span>\r\n                    <span class=\"jl_sli_pi jl_shli\"><a class=\"jl_sshl\" href=\"http:\/\/pinterest.com\/pin\/create\/bookmarklet\/?url=https%3A%2F%2Fwww.droptheinfo.com%2Fes%2Fmas-de-100-organizaciones-humanitarias-alertan-sobre-una-hambruna-devastadora-en-gaza%2F>&amp;media=https:\/\/www.droptheinfo.com\/es\/wp-content\/uploads\/2025\/07\/Mas-de-100-organizaciones-humanitarias-alertan-sobre-una-hambruna-devastadora-en-Gaza.jpg\" rel=\"nofollow\"><i class=\"jli-pinterest\"><\/i><\/a><\/span>\r\n                    <span class=\"jl_sli_din jl_shli\"><a class=\"jl_sshl\" href=\"http:\/\/www.linkedin.com\/shareArticle?url=https%3A%2F%2Fwww.droptheinfo.com%2Fes%2Fmas-de-100-organizaciones-humanitarias-alertan-sobre-una-hambruna-devastadora-en-gaza%2F\" rel=\"nofollow\"><i class=\"jli-linkedin\"><\/i><\/a><\/span>\r\n                    <span class=\"jl_sli_wapp jl_shli\"><a class=\"jl_sshl\" href=\"https:\/\/api.whatsapp.com\/send?text=https%3A%2F%2Fwww.droptheinfo.com%2Fes%2Fmas-de-100-organizaciones-humanitarias-alertan-sobre-una-hambruna-devastadora-en-gaza%2F\" data-action=\"share\/whatsapp\/share\" rel=\"nofollow\"><i class=\"jli-whatsapp\"><\/i><\/a><\/span>                                        \r\n                <\/span>            \r\n    <\/span><\/span><\/span><\/span><\/span>                \r\n\t\t\t    <\/div>\r\n\t\t\t\t<\/div>\r\n\t\t\t<\/div>\r\n\t\t\t\t\t\t<div class=\"jl_mmlist_layout jl_lisep jl_risep jl_in_num jl_numl\">\r\n\t\t\t\t<div class=\"jl_li_in jl_nun_i\">\r\n\t\t\t\t<span class=\"jl_nun_d\"><\/span>\r\n\t\t\t    \t\t\t        <div class=\"jl_img_holder\">\r\n\t\t\t\t        <div class=\"jl_imgw jl_radus_e\">\r\n\t\t\t\t            <div class=\"jl_imgin\">\r\n\t\t\t\t\t\t\t<img loading=\"lazy\" decoding=\"async\" width=\"200\" height=\"129\" src=\"https:\/\/www.droptheinfo.com\/es\/wp-content\/uploads\/2025\/07\/Power-China-indemnizara-a-Ecuador-con-USD-400-millones-por-fallas-en-hidroelectrica-Coca-Codo-Sinclair-20x13.jpg\" class=\"attachment-bopea_small size-bopea_small jl-lazyload lazyload wp-post-image\" alt=\"\" data-src=\"https:\/\/www.droptheinfo.com\/es\/wp-content\/uploads\/2025\/07\/Power-China-indemnizara-a-Ecuador-con-USD-400-millones-por-fallas-en-hidroelectrica-Coca-Codo-Sinclair-200x129.jpg\" \/>\t\t\t\t            <\/div>\t\t\t\t            \t\t\t\t            \r\n\t\t\t\t            <a class=\"jl_imgl\" aria-label=\"Power China indemnizar\u00e1 a Ecuador con USD 400 millones por fallas en hidroel\u00e9ctrica Coca Codo Sinclair\" href=\"https:\/\/www.droptheinfo.com\/es\/power-china-indemnizara-a-ecuador-con-usd-400-millones-por-fallas-en-hidroelectrica-coca-codo-sinclair\/\"><\/a>\r\n\t\t\t\t        <\/div> \r\n\t\t\t        <\/div>\r\n\t\t\t                                \r\n\t\t\t    <div class=\"jl_fe_text\">    \r\n\t\t\t\t<span class=\"jl_f_cat jl_lb1\"><a class=\"jl_cat_txt jl_cat1539\" href=\"https:\/\/www.droptheinfo.com\/es\/category\/companias\/\"><span>Compa\u00f1\u00edas<\/span><\/a><a class=\"jl_cat_txt jl_cat130\" href=\"https:\/\/www.droptheinfo.com\/es\/category\/economia\/\"><span>Econom\u00eda<\/span><\/a><\/span>\t\t\t\t\t\t\t\t\t\t<h2 class=\"h3 jl_fe_title jl_txt_2row\"><a href=\"https:\/\/www.droptheinfo.com\/es\/power-china-indemnizara-a-ecuador-con-usd-400-millones-por-fallas-en-hidroelectrica-coca-codo-sinclair\/\">Power China indemnizar\u00e1 a Ecuador con USD 400 millones por fallas en hidroel\u00e9ctrica Coca Codo Sinclair<\/a><\/h2>\t\t\t\r\n\t\t\t\t\t\t\t\t        <span class=\"jl_post_meta\"><span class=\"post-date\">23 de julio de 2025<\/span><span class=\"jl_fot_share_i jl_share_l_bg jls_tooltip\"><i class=\"jli-share\"><\/i><span class=\"jls_tooltip_w jls_tooltip-top\"><span class=\"jls_tooltiptext\"><span class=\"jls_tooltip_in\">                <span class=\"jl_sli_in\">\r\n                    <span class=\"jl_sli_fb jl_shli\"><a class=\"jl_sshl\" href=\"http:\/\/www.facebook.com\/sharer.php?u=https%3A%2F%2Fwww.droptheinfo.com%2Fes%2Fpower-china-indemnizara-a-ecuador-con-usd-400-millones-por-fallas-en-hidroelectrica-coca-codo-sinclair%2F\" rel=\"nofollow\"><i class=\"jli-facebook\"><\/i><\/a><\/span>\r\n                    <span class=\"jl_sli_tw jl_shli\"><a class=\"jl_sshl\" href=\"https:\/\/twitter.com\/intent\/tweet?text=Power%20China%20indemnizar%C3%A1%20a%20Ecuador%20con%20USD%20400%20millones%20por%20fallas%20en%20hidroel%C3%A9ctrica%20Coca%20Codo%20Sinclair&amp;url=https%3A%2F%2Fwww.droptheinfo.com%2Fes%2Fpower-china-indemnizara-a-ecuador-con-usd-400-millones-por-fallas-en-hidroelectrica-coca-codo-sinclair%2F\" rel=\"nofollow\"><i class=\"jli-x\"><\/i><\/a><\/span>\r\n                    <span class=\"jl_sli_pi jl_shli\"><a class=\"jl_sshl\" href=\"http:\/\/pinterest.com\/pin\/create\/bookmarklet\/?url=https%3A%2F%2Fwww.droptheinfo.com%2Fes%2Fpower-china-indemnizara-a-ecuador-con-usd-400-millones-por-fallas-en-hidroelectrica-coca-codo-sinclair%2F>&amp;media=https:\/\/www.droptheinfo.com\/es\/wp-content\/uploads\/2025\/07\/Power-China-indemnizara-a-Ecuador-con-USD-400-millones-por-fallas-en-hidroelectrica-Coca-Codo-Sinclair.jpg\" rel=\"nofollow\"><i class=\"jli-pinterest\"><\/i><\/a><\/span>\r\n                    <span class=\"jl_sli_din jl_shli\"><a class=\"jl_sshl\" href=\"http:\/\/www.linkedin.com\/shareArticle?url=https%3A%2F%2Fwww.droptheinfo.com%2Fes%2Fpower-china-indemnizara-a-ecuador-con-usd-400-millones-por-fallas-en-hidroelectrica-coca-codo-sinclair%2F\" rel=\"nofollow\"><i class=\"jli-linkedin\"><\/i><\/a><\/span>\r\n                    <span class=\"jl_sli_wapp jl_shli\"><a class=\"jl_sshl\" href=\"https:\/\/api.whatsapp.com\/send?text=https%3A%2F%2Fwww.droptheinfo.com%2Fes%2Fpower-china-indemnizara-a-ecuador-con-usd-400-millones-por-fallas-en-hidroelectrica-coca-codo-sinclair%2F\" data-action=\"share\/whatsapp\/share\" rel=\"nofollow\"><i class=\"jli-whatsapp\"><\/i><\/a><\/span>                                        \r\n                <\/span>            \r\n    <\/span><\/span><\/span><\/span><\/span>                \r\n\t\t\t    <\/div>\r\n\t\t\t\t<\/div>\r\n\t\t\t<\/div>\r\n\t\t\t\t\t\t<div class=\"jl_mmlist_layout jl_lisep jl_risep jl_in_num jl_numl\">\r\n\t\t\t\t<div class=\"jl_li_in jl_nun_i\">\r\n\t\t\t\t<span class=\"jl_nun_d\"><\/span>\r\n\t\t\t    \t\t\t        <div class=\"jl_img_holder\">\r\n\t\t\t\t        <div class=\"jl_imgw jl_radus_e\">\r\n\t\t\t\t            <div class=\"jl_imgin\">\r\n\t\t\t\t\t\t\t<img loading=\"lazy\" decoding=\"async\" width=\"200\" height=\"129\" src=\"https:\/\/www.droptheinfo.com\/es\/wp-content\/uploads\/2025\/07\/Zelenskyy-enfrenta-presion-interna-por-ley-que-sacude-lucha-anticorrupcion-en-Ucrania-20x13.jpg\" class=\"attachment-bopea_small size-bopea_small jl-lazyload lazyload wp-post-image\" alt=\"\" data-src=\"https:\/\/www.droptheinfo.com\/es\/wp-content\/uploads\/2025\/07\/Zelenskyy-enfrenta-presion-interna-por-ley-que-sacude-lucha-anticorrupcion-en-Ucrania-200x129.jpg\" \/>\t\t\t\t            <\/div>\t\t\t\t            \t\t\t\t            \r\n\t\t\t\t            <a class=\"jl_imgl\" aria-label=\"Zelenskyy enfrenta presi\u00f3n interna por ley que sacude lucha anticorrupci\u00f3n en Ucrania\" href=\"https:\/\/www.droptheinfo.com\/es\/zelenskyy-enfrenta-presion-interna-por-ley-que-sacude-lucha-anticorrupcion-en-ucrania\/\"><\/a>\r\n\t\t\t\t        <\/div> \r\n\t\t\t        <\/div>\r\n\t\t\t                                \r\n\t\t\t    <div class=\"jl_fe_text\">    \r\n\t\t\t\t<span class=\"jl_f_cat jl_lb1\"><a class=\"jl_cat_txt jl_cat1544\" href=\"https:\/\/www.droptheinfo.com\/es\/category\/guerras\/\"><span>guerras<\/span><\/a><a class=\"jl_cat_txt jl_cat64\" href=\"https:\/\/www.droptheinfo.com\/es\/category\/politica\/\"><span>Pol\u00edtica<\/span><\/a><\/span>\t\t\t\t\t\t\t\t\t\t<h2 class=\"h3 jl_fe_title jl_txt_2row\"><a href=\"https:\/\/www.droptheinfo.com\/es\/zelenskyy-enfrenta-presion-interna-por-ley-que-sacude-lucha-anticorrupcion-en-ucrania\/\">Zelenskyy enfrenta presi\u00f3n interna por ley que sacude lucha anticorrupci\u00f3n en Ucrania<\/a><\/h2>\t\t\t\r\n\t\t\t\t\t\t\t\t        <span class=\"jl_post_meta\"><span class=\"post-date\">23 de julio de 2025<\/span><span class=\"jl_fot_share_i jl_share_l_bg jls_tooltip\"><i class=\"jli-share\"><\/i><span class=\"jls_tooltip_w jls_tooltip-top\"><span class=\"jls_tooltiptext\"><span class=\"jls_tooltip_in\">                <span class=\"jl_sli_in\">\r\n                    <span class=\"jl_sli_fb jl_shli\"><a class=\"jl_sshl\" href=\"http:\/\/www.facebook.com\/sharer.php?u=https%3A%2F%2Fwww.droptheinfo.com%2Fes%2Fzelenskyy-enfrenta-presion-interna-por-ley-que-sacude-lucha-anticorrupcion-en-ucrania%2F\" rel=\"nofollow\"><i class=\"jli-facebook\"><\/i><\/a><\/span>\r\n                    <span class=\"jl_sli_tw jl_shli\"><a class=\"jl_sshl\" href=\"https:\/\/twitter.com\/intent\/tweet?text=Zelenskyy%20enfrenta%20presi%C3%B3n%20interna%20por%20ley%20que%20sacude%20lucha%20anticorrupci%C3%B3n%20en%20Ucrania&amp;url=https%3A%2F%2Fwww.droptheinfo.com%2Fes%2Fzelenskyy-enfrenta-presion-interna-por-ley-que-sacude-lucha-anticorrupcion-en-ucrania%2F\" rel=\"nofollow\"><i class=\"jli-x\"><\/i><\/a><\/span>\r\n                    <span class=\"jl_sli_pi jl_shli\"><a class=\"jl_sshl\" href=\"http:\/\/pinterest.com\/pin\/create\/bookmarklet\/?url=https%3A%2F%2Fwww.droptheinfo.com%2Fes%2Fzelenskyy-enfrenta-presion-interna-por-ley-que-sacude-lucha-anticorrupcion-en-ucrania%2F>&amp;media=https:\/\/www.droptheinfo.com\/es\/wp-content\/uploads\/2025\/07\/Zelenskyy-enfrenta-presion-interna-por-ley-que-sacude-lucha-anticorrupcion-en-Ucrania.jpg\" rel=\"nofollow\"><i class=\"jli-pinterest\"><\/i><\/a><\/span>\r\n                    <span class=\"jl_sli_din jl_shli\"><a class=\"jl_sshl\" href=\"http:\/\/www.linkedin.com\/shareArticle?url=https%3A%2F%2Fwww.droptheinfo.com%2Fes%2Fzelenskyy-enfrenta-presion-interna-por-ley-que-sacude-lucha-anticorrupcion-en-ucrania%2F\" rel=\"nofollow\"><i class=\"jli-linkedin\"><\/i><\/a><\/span>\r\n                    <span class=\"jl_sli_wapp jl_shli\"><a class=\"jl_sshl\" href=\"https:\/\/api.whatsapp.com\/send?text=https%3A%2F%2Fwww.droptheinfo.com%2Fes%2Fzelenskyy-enfrenta-presion-interna-por-ley-que-sacude-lucha-anticorrupcion-en-ucrania%2F\" data-action=\"share\/whatsapp\/share\" rel=\"nofollow\"><i class=\"jli-whatsapp\"><\/i><\/a><\/span>                                        \r\n                <\/span>            \r\n    <\/span><\/span><\/span><\/span><\/span>                \r\n\t\t\t    <\/div>\r\n\t\t\t\t<\/div>\r\n\t\t\t<\/div>\r\n\t\t\t\t\t\t<div class=\"jl_mmlist_layout jl_lisep jl_risep jl_in_num jl_numl\">\r\n\t\t\t\t<div class=\"jl_li_in jl_nun_i\">\r\n\t\t\t\t<span class=\"jl_nun_d\"><\/span>\r\n\t\t\t    \t\t\t        <div class=\"jl_img_holder\">\r\n\t\t\t\t        <div class=\"jl_imgw jl_radus_e\">\r\n\t\t\t\t            <div class=\"jl_imgin\">\r\n\t\t\t\t\t\t\t<img loading=\"lazy\" decoding=\"async\" width=\"200\" height=\"129\" src=\"https:\/\/www.droptheinfo.com\/es\/wp-content\/uploads\/2025\/07\/Los-mercados-globales-se-disparan-tras-acuerdo-comercial-entre-EE.-UU.-y-Japon-20x13.jpg\" class=\"attachment-bopea_small size-bopea_small jl-lazyload lazyload wp-post-image\" alt=\"\" data-src=\"https:\/\/www.droptheinfo.com\/es\/wp-content\/uploads\/2025\/07\/Los-mercados-globales-se-disparan-tras-acuerdo-comercial-entre-EE.-UU.-y-Japon-200x129.jpg\" \/>\t\t\t\t            <\/div>\t\t\t\t            \t\t\t\t            \r\n\t\t\t\t            <a class=\"jl_imgl\" aria-label=\"Los mercados globales se disparan tras acuerdo comercial entre EE. UU. y Jap\u00f3n\" href=\"https:\/\/www.droptheinfo.com\/es\/los-mercados-globales-se-disparan-tras-acuerdo-comercial-entre-ee-uu-y-japon\/\"><\/a>\r\n\t\t\t\t        <\/div> \r\n\t\t\t        <\/div>\r\n\t\t\t                                \r\n\t\t\t    <div class=\"jl_fe_text\">    \r\n\t\t\t\t<span class=\"jl_f_cat jl_lb1\"><a class=\"jl_cat_txt jl_cat130\" href=\"https:\/\/www.droptheinfo.com\/es\/category\/economia\/\"><span>Econom\u00eda<\/span><\/a><a class=\"jl_cat_txt jl_cat64\" href=\"https:\/\/www.droptheinfo.com\/es\/category\/politica\/\"><span>Pol\u00edtica<\/span><\/a><\/span>\t\t\t\t\t\t\t\t\t\t<h2 class=\"h3 jl_fe_title jl_txt_2row\"><a href=\"https:\/\/www.droptheinfo.com\/es\/los-mercados-globales-se-disparan-tras-acuerdo-comercial-entre-ee-uu-y-japon\/\">Los mercados globales se disparan tras acuerdo comercial entre EE. UU. y Jap\u00f3n<\/a><\/h2>\t\t\t\r\n\t\t\t\t\t\t\t\t        <span class=\"jl_post_meta\"><span class=\"post-date\">23 de julio de 2025<\/span><span class=\"jl_fot_share_i jl_share_l_bg jls_tooltip\"><i class=\"jli-share\"><\/i><span class=\"jls_tooltip_w jls_tooltip-top\"><span class=\"jls_tooltiptext\"><span class=\"jls_tooltip_in\">                <span class=\"jl_sli_in\">\r\n                    <span class=\"jl_sli_fb jl_shli\"><a class=\"jl_sshl\" href=\"http:\/\/www.facebook.com\/sharer.php?u=https%3A%2F%2Fwww.droptheinfo.com%2Fes%2Flos-mercados-globales-se-disparan-tras-acuerdo-comercial-entre-ee-uu-y-japon%2F\" rel=\"nofollow\"><i class=\"jli-facebook\"><\/i><\/a><\/span>\r\n                    <span class=\"jl_sli_tw jl_shli\"><a class=\"jl_sshl\" href=\"https:\/\/twitter.com\/intent\/tweet?text=Los%20mercados%20globales%20se%20disparan%20tras%20acuerdo%20comercial%20entre%20EE.%20UU.%20y%20Jap%C3%B3n&amp;url=https%3A%2F%2Fwww.droptheinfo.com%2Fes%2Flos-mercados-globales-se-disparan-tras-acuerdo-comercial-entre-ee-uu-y-japon%2F\" rel=\"nofollow\"><i class=\"jli-x\"><\/i><\/a><\/span>\r\n                    <span class=\"jl_sli_pi jl_shli\"><a class=\"jl_sshl\" href=\"http:\/\/pinterest.com\/pin\/create\/bookmarklet\/?url=https%3A%2F%2Fwww.droptheinfo.com%2Fes%2Flos-mercados-globales-se-disparan-tras-acuerdo-comercial-entre-ee-uu-y-japon%2F>&amp;media=https:\/\/www.droptheinfo.com\/es\/wp-content\/uploads\/2025\/07\/Los-mercados-globales-se-disparan-tras-acuerdo-comercial-entre-EE.-UU.-y-Japon.jpg\" rel=\"nofollow\"><i class=\"jli-pinterest\"><\/i><\/a><\/span>\r\n                    <span class=\"jl_sli_din jl_shli\"><a class=\"jl_sshl\" href=\"http:\/\/www.linkedin.com\/shareArticle?url=https%3A%2F%2Fwww.droptheinfo.com%2Fes%2Flos-mercados-globales-se-disparan-tras-acuerdo-comercial-entre-ee-uu-y-japon%2F\" rel=\"nofollow\"><i class=\"jli-linkedin\"><\/i><\/a><\/span>\r\n                    <span class=\"jl_sli_wapp jl_shli\"><a class=\"jl_sshl\" href=\"https:\/\/api.whatsapp.com\/send?text=https%3A%2F%2Fwww.droptheinfo.com%2Fes%2Flos-mercados-globales-se-disparan-tras-acuerdo-comercial-entre-ee-uu-y-japon%2F\" data-action=\"share\/whatsapp\/share\" rel=\"nofollow\"><i class=\"jli-whatsapp\"><\/i><\/a><\/span>                                        \r\n                <\/span>            \r\n    <\/span><\/span><\/span><\/span><\/span>                \r\n\t\t\t    <\/div>\r\n\t\t\t\t<\/div>\r\n\t\t\t<\/div>\r\n\t\t\t\t\t\t<div class=\"jl_mmlist_layout jl_lisep jl_risep jl_in_num jl_numl\">\r\n\t\t\t\t<div class=\"jl_li_in jl_nun_i\">\r\n\t\t\t\t<span class=\"jl_nun_d\"><\/span>\r\n\t\t\t    \t\t\t        <div class=\"jl_img_holder\">\r\n\t\t\t\t        <div class=\"jl_imgw jl_radus_e\">\r\n\t\t\t\t            <div class=\"jl_imgin\">\r\n\t\t\t\t\t\t\t<img loading=\"lazy\" decoding=\"async\" width=\"200\" height=\"129\" src=\"https:\/\/www.droptheinfo.com\/es\/wp-content\/uploads\/2025\/07\/Zelenski-anuncia-nueva-ronda-de-negociaciones-con-Rusia-en-Turquia-20x13.jpg\" class=\"attachment-bopea_small size-bopea_small jl-lazyload lazyload wp-post-image\" alt=\"\" data-src=\"https:\/\/www.droptheinfo.com\/es\/wp-content\/uploads\/2025\/07\/Zelenski-anuncia-nueva-ronda-de-negociaciones-con-Rusia-en-Turquia-200x129.jpg\" \/>\t\t\t\t            <\/div>\t\t\t\t            \t\t\t\t            \r\n\t\t\t\t            <a class=\"jl_imgl\" aria-label=\"Zelenski anuncia nueva ronda de negociaciones con Rusia en Turqu\u00eda\" href=\"https:\/\/www.droptheinfo.com\/es\/zelenski-anuncia-nueva-ronda-de-negociaciones-con-rusia-en-turquia\/\"><\/a>\r\n\t\t\t\t        <\/div> \r\n\t\t\t        <\/div>\r\n\t\t\t                                \r\n\t\t\t    <div class=\"jl_fe_text\">    \r\n\t\t\t\t<span class=\"jl_f_cat jl_lb1\"><a class=\"jl_cat_txt jl_cat1544\" href=\"https:\/\/www.droptheinfo.com\/es\/category\/guerras\/\"><span>guerras<\/span><\/a><a class=\"jl_cat_txt jl_cat64\" href=\"https:\/\/www.droptheinfo.com\/es\/category\/politica\/\"><span>Pol\u00edtica<\/span><\/a><\/span>\t\t\t\t\t\t\t\t\t\t<h2 class=\"h3 jl_fe_title jl_txt_2row\"><a href=\"https:\/\/www.droptheinfo.com\/es\/zelenski-anuncia-nueva-ronda-de-negociaciones-con-rusia-en-turquia\/\">Zelenski anuncia nueva ronda de negociaciones con Rusia en Turqu\u00eda<\/a><\/h2>\t\t\t\r\n\t\t\t\t\t\t\t\t        <span class=\"jl_post_meta\"><span class=\"post-date\">22 de julio de 2025<\/span><span class=\"jl_fot_share_i jl_share_l_bg jls_tooltip\"><i class=\"jli-share\"><\/i><span class=\"jls_tooltip_w jls_tooltip-top\"><span class=\"jls_tooltiptext\"><span class=\"jls_tooltip_in\">                <span class=\"jl_sli_in\">\r\n                    <span class=\"jl_sli_fb jl_shli\"><a class=\"jl_sshl\" href=\"http:\/\/www.facebook.com\/sharer.php?u=https%3A%2F%2Fwww.droptheinfo.com%2Fes%2Fzelenski-anuncia-nueva-ronda-de-negociaciones-con-rusia-en-turquia%2F\" rel=\"nofollow\"><i class=\"jli-facebook\"><\/i><\/a><\/span>\r\n                    <span class=\"jl_sli_tw jl_shli\"><a class=\"jl_sshl\" href=\"https:\/\/twitter.com\/intent\/tweet?text=Zelenski%20anuncia%20nueva%20ronda%20de%20negociaciones%20con%20Rusia%20en%20Turqu%C3%ADa&amp;url=https%3A%2F%2Fwww.droptheinfo.com%2Fes%2Fzelenski-anuncia-nueva-ronda-de-negociaciones-con-rusia-en-turquia%2F\" rel=\"nofollow\"><i class=\"jli-x\"><\/i><\/a><\/span>\r\n                    <span class=\"jl_sli_pi jl_shli\"><a class=\"jl_sshl\" href=\"http:\/\/pinterest.com\/pin\/create\/bookmarklet\/?url=https%3A%2F%2Fwww.droptheinfo.com%2Fes%2Fzelenski-anuncia-nueva-ronda-de-negociaciones-con-rusia-en-turquia%2F>&amp;media=https:\/\/www.droptheinfo.com\/es\/wp-content\/uploads\/2025\/07\/Zelenski-anuncia-nueva-ronda-de-negociaciones-con-Rusia-en-Turquia.jpg\" rel=\"nofollow\"><i class=\"jli-pinterest\"><\/i><\/a><\/span>\r\n                    <span class=\"jl_sli_din jl_shli\"><a class=\"jl_sshl\" href=\"http:\/\/www.linkedin.com\/shareArticle?url=https%3A%2F%2Fwww.droptheinfo.com%2Fes%2Fzelenski-anuncia-nueva-ronda-de-negociaciones-con-rusia-en-turquia%2F\" rel=\"nofollow\"><i class=\"jli-linkedin\"><\/i><\/a><\/span>\r\n                    <span class=\"jl_sli_wapp jl_shli\"><a class=\"jl_sshl\" href=\"https:\/\/api.whatsapp.com\/send?text=https%3A%2F%2Fwww.droptheinfo.com%2Fes%2Fzelenski-anuncia-nueva-ronda-de-negociaciones-con-rusia-en-turquia%2F\" data-action=\"share\/whatsapp\/share\" rel=\"nofollow\"><i class=\"jli-whatsapp\"><\/i><\/a><\/span>                                        \r\n                <\/span>            \r\n    <\/span><\/span><\/span><\/span><\/span>                \r\n\t\t\t    <\/div>\r\n\t\t\t\t<\/div>\r\n\t\t\t<\/div>\r\n\t\t\t\t\t\t<div class=\"jl_mmlist_layout jl_lisep jl_risep jl_in_num jl_numl\">\r\n\t\t\t\t<div class=\"jl_li_in jl_nun_i\">\r\n\t\t\t\t<span class=\"jl_nun_d\"><\/span>\r\n\t\t\t    \t\t\t        <div class=\"jl_img_holder\">\r\n\t\t\t\t        <div class=\"jl_imgw jl_radus_e\">\r\n\t\t\t\t            <div class=\"jl_imgin\">\r\n\t\t\t\t\t\t\t<img loading=\"lazy\" decoding=\"async\" width=\"200\" height=\"129\" src=\"https:\/\/www.droptheinfo.com\/es\/wp-content\/uploads\/2025\/07\/Coca-Cola-cambiara-parte-de-su-formula-en-EE.-UU.-y-desata-controversia-politica-y-economica-20x13.jpg\" class=\"attachment-bopea_small size-bopea_small jl-lazyload lazyload wp-post-image\" alt=\"\" data-src=\"https:\/\/www.droptheinfo.com\/es\/wp-content\/uploads\/2025\/07\/Coca-Cola-cambiara-parte-de-su-formula-en-EE.-UU.-y-desata-controversia-politica-y-economica-200x129.jpg\" \/>\t\t\t\t            <\/div>\t\t\t\t            \t\t\t\t            \r\n\t\t\t\t            <a class=\"jl_imgl\" aria-label=\"Coca-Cola cambiar\u00e1 parte de su f\u00f3rmula en EE. UU. y desata controversia pol\u00edtica y econ\u00f3mica\" href=\"https:\/\/www.droptheinfo.com\/es\/coca-cola-cambiara-parte-de-su-formula-en-ee-uu-y-desata-controversia-politica-y-economica\/\"><\/a>\r\n\t\t\t\t        <\/div> \r\n\t\t\t        <\/div>\r\n\t\t\t                                \r\n\t\t\t    <div class=\"jl_fe_text\">    \r\n\t\t\t\t<span class=\"jl_f_cat jl_lb1\"><a class=\"jl_cat_txt jl_cat1539\" href=\"https:\/\/www.droptheinfo.com\/es\/category\/companias\/\"><span>Compa\u00f1\u00edas<\/span><\/a><a class=\"jl_cat_txt jl_cat64\" href=\"https:\/\/www.droptheinfo.com\/es\/category\/politica\/\"><span>Pol\u00edtica<\/span><\/a><\/span>\t\t\t\t\t\t\t\t\t\t<h2 class=\"h3 jl_fe_title jl_txt_2row\"><a href=\"https:\/\/www.droptheinfo.com\/es\/coca-cola-cambiara-parte-de-su-formula-en-ee-uu-y-desata-controversia-politica-y-economica\/\">Coca-Cola cambiar\u00e1 parte de su f\u00f3rmula en EE. UU. y desata controversia pol\u00edtica y econ\u00f3mica<\/a><\/h2>\t\t\t\r\n\t\t\t\t\t\t\t\t        <span class=\"jl_post_meta\"><span class=\"post-date\">22 de julio de 2025<\/span><span class=\"jl_fot_share_i jl_share_l_bg jls_tooltip\"><i class=\"jli-share\"><\/i><span class=\"jls_tooltip_w jls_tooltip-top\"><span class=\"jls_tooltiptext\"><span class=\"jls_tooltip_in\">                <span class=\"jl_sli_in\">\r\n                    <span class=\"jl_sli_fb jl_shli\"><a class=\"jl_sshl\" href=\"http:\/\/www.facebook.com\/sharer.php?u=https%3A%2F%2Fwww.droptheinfo.com%2Fes%2Fcoca-cola-cambiara-parte-de-su-formula-en-ee-uu-y-desata-controversia-politica-y-economica%2F\" rel=\"nofollow\"><i class=\"jli-facebook\"><\/i><\/a><\/span>\r\n                    <span class=\"jl_sli_tw jl_shli\"><a class=\"jl_sshl\" href=\"https:\/\/twitter.com\/intent\/tweet?text=Coca-Cola%20cambiar%C3%A1%20parte%20de%20su%20f%C3%B3rmula%20en%20EE.%20UU.%20y%20desata%20controversia%20pol%C3%ADtica%20y%20econ%C3%B3mica&amp;url=https%3A%2F%2Fwww.droptheinfo.com%2Fes%2Fcoca-cola-cambiara-parte-de-su-formula-en-ee-uu-y-desata-controversia-politica-y-economica%2F\" rel=\"nofollow\"><i class=\"jli-x\"><\/i><\/a><\/span>\r\n                    <span class=\"jl_sli_pi jl_shli\"><a class=\"jl_sshl\" href=\"http:\/\/pinterest.com\/pin\/create\/bookmarklet\/?url=https%3A%2F%2Fwww.droptheinfo.com%2Fes%2Fcoca-cola-cambiara-parte-de-su-formula-en-ee-uu-y-desata-controversia-politica-y-economica%2F>&amp;media=https:\/\/www.droptheinfo.com\/es\/wp-content\/uploads\/2025\/07\/Coca-Cola-cambiara-parte-de-su-formula-en-EE.-UU.-y-desata-controversia-politica-y-economica.jpg\" rel=\"nofollow\"><i class=\"jli-pinterest\"><\/i><\/a><\/span>\r\n                    <span class=\"jl_sli_din jl_shli\"><a class=\"jl_sshl\" href=\"http:\/\/www.linkedin.com\/shareArticle?url=https%3A%2F%2Fwww.droptheinfo.com%2Fes%2Fcoca-cola-cambiara-parte-de-su-formula-en-ee-uu-y-desata-controversia-politica-y-economica%2F\" rel=\"nofollow\"><i class=\"jli-linkedin\"><\/i><\/a><\/span>\r\n                    <span class=\"jl_sli_wapp jl_shli\"><a class=\"jl_sshl\" href=\"https:\/\/api.whatsapp.com\/send?text=https%3A%2F%2Fwww.droptheinfo.com%2Fes%2Fcoca-cola-cambiara-parte-de-su-formula-en-ee-uu-y-desata-controversia-politica-y-economica%2F\" data-action=\"share\/whatsapp\/share\" rel=\"nofollow\"><i class=\"jli-whatsapp\"><\/i><\/a><\/span>                                        \r\n                <\/span>            \r\n    <\/span><\/span><\/span><\/span><\/span>                \r\n\t\t\t    <\/div>\r\n\t\t\t\t<\/div>\r\n\t\t\t<\/div>\r\n\t\t\t\t\t\t<div class=\"jl_mmlist_layout jl_lisep jl_risep jl_in_num jl_numl\">\r\n\t\t\t\t<div class=\"jl_li_in jl_nun_i\">\r\n\t\t\t\t<span class=\"jl_nun_d\"><\/span>\r\n\t\t\t    \t\t\t        <div class=\"jl_img_holder\">\r\n\t\t\t\t        <div class=\"jl_imgw jl_radus_e\">\r\n\t\t\t\t            <div class=\"jl_imgin\">\r\n\t\t\t\t\t\t\t<img loading=\"lazy\" decoding=\"async\" width=\"200\" height=\"129\" src=\"https:\/\/www.droptheinfo.com\/es\/wp-content\/uploads\/2025\/07\/Estados-Unidos-abandona-nuevamente-la-UNESCO-por-sesgo-contra-Israel-y-causas-divisivas-20x13.jpg\" class=\"attachment-bopea_small size-bopea_small jl-lazyload lazyload wp-post-image\" alt=\"\" data-src=\"https:\/\/www.droptheinfo.com\/es\/wp-content\/uploads\/2025\/07\/Estados-Unidos-abandona-nuevamente-la-UNESCO-por-sesgo-contra-Israel-y-causas-divisivas-200x129.jpg\" \/>\t\t\t\t            <\/div>\t\t\t\t            \t\t\t\t            \r\n\t\t\t\t            <a class=\"jl_imgl\" aria-label=\"Estados Unidos abandona nuevamente la UNESCO por \u00absesgo contra Israel\u00bb y \u00abcausas divisivas\u00bb\" href=\"https:\/\/www.droptheinfo.com\/es\/estados-unidos-abandona-nuevamente-la-unesco-por-sesgo-contra-israel-y-causas-divisivas\/\"><\/a>\r\n\t\t\t\t        <\/div> \r\n\t\t\t        <\/div>\r\n\t\t\t                                \r\n\t\t\t    <div class=\"jl_fe_text\">    \r\n\t\t\t\t<span class=\"jl_f_cat jl_lb1\"><a class=\"jl_cat_txt jl_cat64\" href=\"https:\/\/www.droptheinfo.com\/es\/category\/politica\/\"><span>Pol\u00edtica<\/span><\/a><a class=\"jl_cat_txt jl_cat43\" href=\"https:\/\/www.droptheinfo.com\/es\/category\/viral\/\"><span>Viral<\/span><\/a><\/span>\t\t\t\t\t\t\t\t\t\t<h2 class=\"h3 jl_fe_title jl_txt_2row\"><a href=\"https:\/\/www.droptheinfo.com\/es\/estados-unidos-abandona-nuevamente-la-unesco-por-sesgo-contra-israel-y-causas-divisivas\/\">Estados Unidos abandona nuevamente la UNESCO por \u00absesgo contra Israel\u00bb y \u00abcausas divisivas\u00bb<\/a><\/h2>\t\t\t\r\n\t\t\t\t\t\t\t\t        <span class=\"jl_post_meta\"><span class=\"post-date\">22 de julio de 2025<\/span><span class=\"jl_fot_share_i jl_share_l_bg jls_tooltip\"><i class=\"jli-share\"><\/i><span class=\"jls_tooltip_w jls_tooltip-top\"><span class=\"jls_tooltiptext\"><span class=\"jls_tooltip_in\">                <span class=\"jl_sli_in\">\r\n                    <span class=\"jl_sli_fb jl_shli\"><a class=\"jl_sshl\" href=\"http:\/\/www.facebook.com\/sharer.php?u=https%3A%2F%2Fwww.droptheinfo.com%2Fes%2Festados-unidos-abandona-nuevamente-la-unesco-por-sesgo-contra-israel-y-causas-divisivas%2F\" rel=\"nofollow\"><i class=\"jli-facebook\"><\/i><\/a><\/span>\r\n                    <span class=\"jl_sli_tw jl_shli\"><a class=\"jl_sshl\" href=\"https:\/\/twitter.com\/intent\/tweet?text=Estados%20Unidos%20abandona%20nuevamente%20la%20UNESCO%20por%20%C2%ABsesgo%20contra%20Israel%C2%BB%20y%20%C2%ABcausas%20divisivas%C2%BB&amp;url=https%3A%2F%2Fwww.droptheinfo.com%2Fes%2Festados-unidos-abandona-nuevamente-la-unesco-por-sesgo-contra-israel-y-causas-divisivas%2F\" rel=\"nofollow\"><i class=\"jli-x\"><\/i><\/a><\/span>\r\n                    <span class=\"jl_sli_pi jl_shli\"><a class=\"jl_sshl\" href=\"http:\/\/pinterest.com\/pin\/create\/bookmarklet\/?url=https%3A%2F%2Fwww.droptheinfo.com%2Fes%2Festados-unidos-abandona-nuevamente-la-unesco-por-sesgo-contra-israel-y-causas-divisivas%2F>&amp;media=https:\/\/www.droptheinfo.com\/es\/wp-content\/uploads\/2025\/07\/Estados-Unidos-abandona-nuevamente-la-UNESCO-por-sesgo-contra-Israel-y-causas-divisivas.jpg\" rel=\"nofollow\"><i class=\"jli-pinterest\"><\/i><\/a><\/span>\r\n                    <span class=\"jl_sli_din jl_shli\"><a class=\"jl_sshl\" href=\"http:\/\/www.linkedin.com\/shareArticle?url=https%3A%2F%2Fwww.droptheinfo.com%2Fes%2Festados-unidos-abandona-nuevamente-la-unesco-por-sesgo-contra-israel-y-causas-divisivas%2F\" rel=\"nofollow\"><i class=\"jli-linkedin\"><\/i><\/a><\/span>\r\n                    <span class=\"jl_sli_wapp jl_shli\"><a class=\"jl_sshl\" href=\"https:\/\/api.whatsapp.com\/send?text=https%3A%2F%2Fwww.droptheinfo.com%2Fes%2Festados-unidos-abandona-nuevamente-la-unesco-por-sesgo-contra-israel-y-causas-divisivas%2F\" data-action=\"share\/whatsapp\/share\" rel=\"nofollow\"><i class=\"jli-whatsapp\"><\/i><\/a><\/span>                                        \r\n                <\/span>            \r\n    <\/span><\/span><\/span><\/span><\/span>                \r\n\t\t\t    <\/div>\r\n\t\t\t\t<\/div>\r\n\t\t\t<\/div>\r\n\t\t\t\t\t\t\t<\/div>\t\t\t\t\r\n\t\t\t\t\t        <div class=\"jl_el_nav_w jl_nxpre\">\r\n           <div class=\"pagination-wrap pagination-nextprev clearfix\">\r\n               <a href=\"#\" class=\"jl-foot-nav jl-block-link jl-prev-nav jl_disable\" aria-label=\"prev\" data-type=\"prev\"><i class=\"jli-left-chevron\"><\/i><\/a>\r\n               <a href=\"#\" class=\"jl-foot-nav jl-block-link jl-next-nav\" aria-label=\"next\" data-type=\"next\"><i class=\"jli-right-chevron\"><\/i><\/a>\r\n           <\/div>\r\n        <\/div>\r\n    \t\t\t\t\t\r\n\t\t\t<\/div>\t\t\r\n\t\t<\/div>\t\t\t\t<\/div>\n\t\t\t\t<\/div>\n\t\t\t\t<div class=\"elementor-element elementor-element-4f75c995 elementor-widget elementor-widget-bopea-section-title\" data-id=\"4f75c995\" data-element_type=\"widget\" data-e-type=\"widget\" data-widget_type=\"bopea-section-title.default\">\n\t\t\t\t<div class=\"elementor-widget-container\">\n\t\t\t\t\t          <div class=\"jlcus_sec_title jl_sec_style12 jl_secf_title jl_secb_menu no\">\n            <div class=\"jlcus_sect_inner\">\n                                    <h2 class=\"jl-heading-text\">\n                                                <span class=\"jl_ttw\">Entretenimiento<\/span>                                          <\/h2>\n                                                      <p class=\"jl_sct_bt\">\n                        <a href=\"https:\/\/www.musicmundial.com\/category\/noticias\/\" class=\"jlopt-text-link\" target=\"_blank\" rel=\"noopener\">                        <span class=\"jl_bt_inner\">\n                        <span>Ver m\u00e1s<\/span>\n                        <i class=\"jli-carrow\"><\/i>                        <\/span>\n                        <\/a>                  <\/p>\n                              <\/div>                    \n                      <\/div>                    \n    \t\t\t\t<\/div>\n\t\t\t\t<\/div>\n\t\t\t\t<div class=\"elementor-element elementor-element-28455c5 elementor-widget elementor-widget-bopea-feature-layout13\" data-id=\"28455c5\" data-element_type=\"widget\" data-e-type=\"widget\" data-widget_type=\"bopea-feature-layout13.default\">\n\t\t\t\t<div class=\"elementor-widget-container\">\n\t\t\t\t\t\t\t<div id=\"blockid_28455c5\" class=\"block-section jl-main-block jl_hide_cat jl_hide_author jl_hide_desc jl_hide_col_line\" >\r\n\t\t\t\t<div class=\"jl_mb_wrap_f jl_clear_at\">\r\n\t\t\t<div class=\"jl-roww jl_contain jl-col-row\">\r\n\t\t\t\t<div class=\"jl_fr13_wrap\">\r\n\t\t\t\t\t<div class=\"jl_fr13_inner\">\r\n\t\t\t\t\t\t\t\t<div class=\"jl_p_fr13 jl_m_fr13 \">\r\n\t\t\t<div class=\"jl_m_fr13_inner jl_frsha\">\r\n\t\t\t    \t\t\t        <div class=\"jl_imgw jl_radus_e\">\r\n\t\t\t            <div class=\"jl_imgin\">\r\n\t\t\t                \t<img loading=\"lazy\" decoding=\"async\" width=\"1100\" height=\"712\" src=\"https:\/\/www.droptheinfo.com\/es\/wp-content\/uploads\/2025\/07\/Muere-Hulk-Hogan-a-los-71-anos-leyenda-indiscutible-de-la-lucha-libre-20x13.jpg\" class=\"attachment-bopea_medium size-bopea_medium jl-lazyload lazyload wp-post-image\" alt=\"\" data-src=\"https:\/\/www.droptheinfo.com\/es\/wp-content\/uploads\/2025\/07\/Muere-Hulk-Hogan-a-los-71-anos-leyenda-indiscutible-de-la-lucha-libre-1100x712.jpg\" \/>\t\t\t            <\/div>\r\n\t\t\t            \t\t\t            \t\t\t            <a class=\"jl_imgl\" aria-label=\"Muere Hulk Hogan a los 71 a\u00f1os, leyenda indiscutible de la lucha libre\" href=\"https:\/\/www.droptheinfo.com\/es\/muere-hulk-hogan-a-los-71-anos-leyenda-indiscutible-de-la-lucha-libre\/\"><\/a>\r\n\t\t\t\t\t\t\t\t\t        <\/div> \r\n\t\t\t                                \r\n\t\t\t    <div class=\"jl_fe_text\">    \r\n\t\t\t        <span class=\"jl_f_cat jl_lb1\"><a class=\"jl_cat_txt jl_cat39\" href=\"https:\/\/www.droptheinfo.com\/es\/category\/entretenimiento\/\"><span>Entretenimiento<\/span><\/a><\/span>\t\t\t        \t\t\t\t\t<h2 class=\"h2 jl_fe_title jl_txt_2row\"><a href=\"https:\/\/www.droptheinfo.com\/es\/muere-hulk-hogan-a-los-71-anos-leyenda-indiscutible-de-la-lucha-libre\/\">Muere Hulk Hogan a los 71 a\u00f1os, leyenda indiscutible de la lucha libre<\/a><\/h2>\r\n\t\t\t\t\t\t\t\t\t\t<p class=\"jl_fe_des\">Terry Gene Bollea, mundialmente conocido como Hulk Hogan, falleci\u00f3 a los 71 a\u00f1os, seg\u00fan inform\u00f3 TMZ Sports. La ma\u00f1ana de este jueves, servicios de emergencia y autoridades locales acudieron a... <\/p>\r\n\t\t\t        <span class=\"jl_post_meta\"><span class=\"jl_author_img_w\"><span class=\"jl_aimg_in\"><img decoding=\"async\" src=\"https:\/\/www.droptheinfo.com\/es\/wp-content\/uploads\/2025\/01\/jhon-soto-musicmundialcom-150x150.jpg\" width=\"50\" height=\"50\" srcset=\"https:\/\/www.droptheinfo.com\/es\/wp-content\/uploads\/2025\/01\/jhon-soto-musicmundialcom-150x150.jpg 2x\" alt=\"Jhon Soto\" class=\"avatar avatar-50 wp-user-avatar wp-user-avatar-50 alignnone photo lazyload\" \/><\/span><a href=\"https:\/\/www.droptheinfo.com\/es\/author\/jhon-soto\/\" title=\"Entradas de Jhon Soto\" rel=\"author\">Jhon Soto<\/a><\/span><span class=\"post-date\">24 de julio de 2025<\/span><span class=\"jl_fot_share_i jl_share_l_bg jls_tooltip\"><i class=\"jli-share\"><\/i><span class=\"jls_tooltip_w jls_tooltip-top\"><span class=\"jls_tooltiptext\"><span class=\"jls_tooltip_in\">                <span class=\"jl_sli_in\">\r\n                    <span class=\"jl_sli_fb jl_shli\"><a class=\"jl_sshl\" href=\"http:\/\/www.facebook.com\/sharer.php?u=https%3A%2F%2Fwww.droptheinfo.com%2Fes%2Fmuere-hulk-hogan-a-los-71-anos-leyenda-indiscutible-de-la-lucha-libre%2F\" rel=\"nofollow\"><i class=\"jli-facebook\"><\/i><\/a><\/span>\r\n                    <span class=\"jl_sli_tw jl_shli\"><a class=\"jl_sshl\" href=\"https:\/\/twitter.com\/intent\/tweet?text=Muere%20Hulk%20Hogan%20a%20los%2071%20a%C3%B1os%2C%20leyenda%20indiscutible%20de%20la%20lucha%20libre&amp;url=https%3A%2F%2Fwww.droptheinfo.com%2Fes%2Fmuere-hulk-hogan-a-los-71-anos-leyenda-indiscutible-de-la-lucha-libre%2F\" rel=\"nofollow\"><i class=\"jli-x\"><\/i><\/a><\/span>\r\n                    <span class=\"jl_sli_pi jl_shli\"><a class=\"jl_sshl\" href=\"http:\/\/pinterest.com\/pin\/create\/bookmarklet\/?url=https%3A%2F%2Fwww.droptheinfo.com%2Fes%2Fmuere-hulk-hogan-a-los-71-anos-leyenda-indiscutible-de-la-lucha-libre%2F>&amp;media=https:\/\/www.droptheinfo.com\/es\/wp-content\/uploads\/2025\/07\/Muere-Hulk-Hogan-a-los-71-anos-leyenda-indiscutible-de-la-lucha-libre.jpg\" rel=\"nofollow\"><i class=\"jli-pinterest\"><\/i><\/a><\/span>\r\n                    <span class=\"jl_sli_din jl_shli\"><a class=\"jl_sshl\" href=\"http:\/\/www.linkedin.com\/shareArticle?url=https%3A%2F%2Fwww.droptheinfo.com%2Fes%2Fmuere-hulk-hogan-a-los-71-anos-leyenda-indiscutible-de-la-lucha-libre%2F\" rel=\"nofollow\"><i class=\"jli-linkedin\"><\/i><\/a><\/span>\r\n                    <span class=\"jl_sli_wapp jl_shli\"><a class=\"jl_sshl\" href=\"https:\/\/api.whatsapp.com\/send?text=https%3A%2F%2Fwww.droptheinfo.com%2Fes%2Fmuere-hulk-hogan-a-los-71-anos-leyenda-indiscutible-de-la-lucha-libre%2F\" data-action=\"share\/whatsapp\/share\" rel=\"nofollow\"><i class=\"jli-whatsapp\"><\/i><\/a><\/span>                                        \r\n                <\/span>            \r\n    <\/span><\/span><\/span><\/span><\/span>                \r\n\t\t\t    <\/div>\r\n\t\t\t<\/div>\r\n\t\t<\/div>\r\n\t\t\t<div class=\"jl_p_fr13 jl_cgrid_layout \">\r\n\t\t\t<div class=\"jl_p_fr13_inner jl_frsha jl_sm_mt\">\r\n\t\t\t    \t\t\t        <div class=\"jl_imgw jl_radus_e\">\r\n\t\t\t            <div class=\"jl_imgin\">\r\n\t\t\t                \t<img loading=\"lazy\" decoding=\"async\" width=\"680\" height=\"440\" src=\"https:\/\/www.droptheinfo.com\/es\/wp-content\/uploads\/2025\/07\/Objetos-legendarios-de-Whitney-Houston-llegan-a-subasta-por-su-40.o-aniversario-20x13.jpg\" class=\"attachment-bopea_layouts size-bopea_layouts jl-lazyload lazyload wp-post-image\" alt=\"Whitney Houston usando un hermoso vestido rojo, con joyas brillantes y un peinado de lujo\" data-src=\"https:\/\/www.droptheinfo.com\/es\/wp-content\/uploads\/2025\/07\/Objetos-legendarios-de-Whitney-Houston-llegan-a-subasta-por-su-40.o-aniversario-680x440.jpg\" \/>\t\t\t            <\/div>\r\n\t\t\t            \t\t\t            \t\t\t            <a class=\"jl_imgl\" aria-label=\"Objetos legendarios de Whitney Houston llegan a subasta por su 40.\u00ba aniversario\" href=\"https:\/\/www.droptheinfo.com\/es\/objetos-legendarios-de-whitney-houston-llegan-a-subasta-por-su-40-o-aniversario\/\"><\/a>\r\n\t\t\t\t\t\t\t\t\t        <\/div> \r\n\t\t\t                                \r\n\t\t\t    <div class=\"jl_fe_text\">    \r\n\t\t\t        <span class=\"jl_f_cat jl_lb1\"><a class=\"jl_cat_txt jl_cat39\" href=\"https:\/\/www.droptheinfo.com\/es\/category\/entretenimiento\/\"><span>Entretenimiento<\/span><\/a><a class=\"jl_cat_txt jl_cat86\" href=\"https:\/\/www.droptheinfo.com\/es\/category\/negocios\/\"><span>Negocios<\/span><\/a><\/span>\t\t\t        \t\t\t\t\t<h3 class=\"h3 jl_fe_title jl_txt_2row\"><a href=\"https:\/\/www.droptheinfo.com\/es\/objetos-legendarios-de-whitney-houston-llegan-a-subasta-por-su-40-o-aniversario\/\">Objetos legendarios de Whitney Houston llegan a subasta por su 40.\u00ba aniversario<\/a><\/h3>\r\n\t\t\t\t\t\t\t\t\t\t<span class=\"jl_post_meta\"><span class=\"jl_author_img_w\"><span class=\"jl_aimg_in\"><img loading=\"lazy\" decoding=\"async\" src=\"https:\/\/www.droptheinfo.com\/es\/wp-content\/uploads\/2025\/06\/carlos-gaviria-drop-the-info-150x150.jpg\" width=\"50\" height=\"50\" srcset=\"https:\/\/www.droptheinfo.com\/es\/wp-content\/uploads\/2025\/06\/carlos-gaviria-drop-the-info-150x150.jpg 2x\" alt=\"Carlos Gaviria\" class=\"avatar avatar-50 wp-user-avatar wp-user-avatar-50 alignnone photo lazyload\" \/><\/span><a href=\"https:\/\/www.droptheinfo.com\/es\/author\/carlosgaviria\/\" title=\"Entradas de Carlos Gaviria\" rel=\"author\">Carlos Gaviria<\/a><\/span><span class=\"post-date\">18 de julio de 2025<\/span><span class=\"jl_fot_share_i jl_share_l_bg jls_tooltip\"><i class=\"jli-share\"><\/i><span class=\"jls_tooltip_w jls_tooltip-top\"><span class=\"jls_tooltiptext\"><span class=\"jls_tooltip_in\">                <span class=\"jl_sli_in\">\r\n                    <span class=\"jl_sli_fb jl_shli\"><a class=\"jl_sshl\" href=\"http:\/\/www.facebook.com\/sharer.php?u=https%3A%2F%2Fwww.droptheinfo.com%2Fes%2Fobjetos-legendarios-de-whitney-houston-llegan-a-subasta-por-su-40-o-aniversario%2F\" rel=\"nofollow\"><i class=\"jli-facebook\"><\/i><\/a><\/span>\r\n                    <span class=\"jl_sli_tw jl_shli\"><a class=\"jl_sshl\" href=\"https:\/\/twitter.com\/intent\/tweet?text=Objetos%20legendarios%20de%20Whitney%20Houston%20llegan%20a%20subasta%20por%20su%2040.%C2%BA%20aniversario&amp;url=https%3A%2F%2Fwww.droptheinfo.com%2Fes%2Fobjetos-legendarios-de-whitney-houston-llegan-a-subasta-por-su-40-o-aniversario%2F\" rel=\"nofollow\"><i class=\"jli-x\"><\/i><\/a><\/span>\r\n                    <span class=\"jl_sli_pi jl_shli\"><a class=\"jl_sshl\" href=\"http:\/\/pinterest.com\/pin\/create\/bookmarklet\/?url=https%3A%2F%2Fwww.droptheinfo.com%2Fes%2Fobjetos-legendarios-de-whitney-houston-llegan-a-subasta-por-su-40-o-aniversario%2F>&amp;media=https:\/\/www.droptheinfo.com\/es\/wp-content\/uploads\/2025\/07\/Objetos-legendarios-de-Whitney-Houston-llegan-a-subasta-por-su-40.o-aniversario.jpg\" rel=\"nofollow\"><i class=\"jli-pinterest\"><\/i><\/a><\/span>\r\n                    <span class=\"jl_sli_din jl_shli\"><a class=\"jl_sshl\" href=\"http:\/\/www.linkedin.com\/shareArticle?url=https%3A%2F%2Fwww.droptheinfo.com%2Fes%2Fobjetos-legendarios-de-whitney-houston-llegan-a-subasta-por-su-40-o-aniversario%2F\" rel=\"nofollow\"><i class=\"jli-linkedin\"><\/i><\/a><\/span>\r\n                    <span class=\"jl_sli_wapp jl_shli\"><a class=\"jl_sshl\" href=\"https:\/\/api.whatsapp.com\/send?text=https%3A%2F%2Fwww.droptheinfo.com%2Fes%2Fobjetos-legendarios-de-whitney-houston-llegan-a-subasta-por-su-40-o-aniversario%2F\" data-action=\"share\/whatsapp\/share\" rel=\"nofollow\"><i class=\"jli-whatsapp\"><\/i><\/a><\/span>                                        \r\n                <\/span>            \r\n    <\/span><\/span><\/span><\/span><\/span>                \r\n\t\t\t    <\/div>\r\n\t\t    <\/div>\r\n\t\t<\/div>\r\n\t\t\t<div class=\"jl_p_fr13 jl_cgrid_layout \">\r\n\t\t\t<div class=\"jl_p_fr13_inner jl_frsha jl_sm_mt\">\r\n\t\t\t    \t\t\t        <div class=\"jl_imgw jl_radus_e\">\r\n\t\t\t            <div class=\"jl_imgin\">\r\n\t\t\t                \t<img loading=\"lazy\" decoding=\"async\" width=\"680\" height=\"440\" src=\"https:\/\/www.droptheinfo.com\/es\/wp-content\/uploads\/2025\/07\/Spider-Man-Brand-New-Day-promete-renovar-la-saga-con-Tom-Holland-al-frente-20x13.jpg\" class=\"attachment-bopea_layouts size-bopea_layouts jl-lazyload lazyload wp-post-image\" alt=\"Tom Holland con su traje de Spider-Man mirando de espalda hacia la camara\" data-src=\"https:\/\/www.droptheinfo.com\/es\/wp-content\/uploads\/2025\/07\/Spider-Man-Brand-New-Day-promete-renovar-la-saga-con-Tom-Holland-al-frente-680x440.jpg\" \/>\t\t\t            <\/div>\r\n\t\t\t            \t\t\t            \t\t\t            <a class=\"jl_imgl\" aria-label=\"\u00abSpider-Man: Brand New Day\u00bb promete renovar la saga con Tom Holland al frente\" href=\"https:\/\/www.droptheinfo.com\/es\/spider-man-brand-new-day-promete-renovar-la-saga-con-tom-holland-al-frente\/\"><\/a>\r\n\t\t\t\t\t\t\t\t\t        <\/div> \r\n\t\t\t                                \r\n\t\t\t    <div class=\"jl_fe_text\">    \r\n\t\t\t        <span class=\"jl_f_cat jl_lb1\"><a class=\"jl_cat_txt jl_cat39\" href=\"https:\/\/www.droptheinfo.com\/es\/category\/entretenimiento\/\"><span>Entretenimiento<\/span><\/a><a class=\"jl_cat_txt jl_cat41\" href=\"https:\/\/www.droptheinfo.com\/es\/category\/peliculas\/\"><span>Pel\u00edculas<\/span><\/a><\/span>\t\t\t        \t\t\t\t\t<h3 class=\"h3 jl_fe_title jl_txt_2row\"><a href=\"https:\/\/www.droptheinfo.com\/es\/spider-man-brand-new-day-promete-renovar-la-saga-con-tom-holland-al-frente\/\">\u00abSpider-Man: Brand New Day\u00bb promete renovar la saga con Tom Holland al frente<\/a><\/h3>\r\n\t\t\t\t\t\t\t\t\t\t<span class=\"jl_post_meta\"><span class=\"jl_author_img_w\"><span class=\"jl_aimg_in\"><img loading=\"lazy\" decoding=\"async\" src=\"https:\/\/www.droptheinfo.com\/es\/wp-content\/uploads\/2025\/06\/carlos-gaviria-drop-the-info-150x150.jpg\" width=\"50\" height=\"50\" srcset=\"https:\/\/www.droptheinfo.com\/es\/wp-content\/uploads\/2025\/06\/carlos-gaviria-drop-the-info-150x150.jpg 2x\" alt=\"Carlos Gaviria\" class=\"avatar avatar-50 wp-user-avatar wp-user-avatar-50 alignnone photo lazyload\" \/><\/span><a href=\"https:\/\/www.droptheinfo.com\/es\/author\/carlosgaviria\/\" title=\"Entradas de Carlos Gaviria\" rel=\"author\">Carlos Gaviria<\/a><\/span><span class=\"post-date\">15 de julio de 2025<\/span><span class=\"jl_fot_share_i jl_share_l_bg jls_tooltip\"><i class=\"jli-share\"><\/i><span class=\"jls_tooltip_w jls_tooltip-top\"><span class=\"jls_tooltiptext\"><span class=\"jls_tooltip_in\">                <span class=\"jl_sli_in\">\r\n                    <span class=\"jl_sli_fb jl_shli\"><a class=\"jl_sshl\" href=\"http:\/\/www.facebook.com\/sharer.php?u=https%3A%2F%2Fwww.droptheinfo.com%2Fes%2Fspider-man-brand-new-day-promete-renovar-la-saga-con-tom-holland-al-frente%2F\" rel=\"nofollow\"><i class=\"jli-facebook\"><\/i><\/a><\/span>\r\n                    <span class=\"jl_sli_tw jl_shli\"><a class=\"jl_sshl\" href=\"https:\/\/twitter.com\/intent\/tweet?text=%C2%ABSpider-Man%3A%20Brand%20New%20Day%C2%BB%20promete%20renovar%20la%20saga%20con%20Tom%20Holland%20al%20frente&amp;url=https%3A%2F%2Fwww.droptheinfo.com%2Fes%2Fspider-man-brand-new-day-promete-renovar-la-saga-con-tom-holland-al-frente%2F\" rel=\"nofollow\"><i class=\"jli-x\"><\/i><\/a><\/span>\r\n                    <span class=\"jl_sli_pi jl_shli\"><a class=\"jl_sshl\" href=\"http:\/\/pinterest.com\/pin\/create\/bookmarklet\/?url=https%3A%2F%2Fwww.droptheinfo.com%2Fes%2Fspider-man-brand-new-day-promete-renovar-la-saga-con-tom-holland-al-frente%2F>&amp;media=https:\/\/www.droptheinfo.com\/es\/wp-content\/uploads\/2025\/07\/Spider-Man-Brand-New-Day-promete-renovar-la-saga-con-Tom-Holland-al-frente.jpg\" rel=\"nofollow\"><i class=\"jli-pinterest\"><\/i><\/a><\/span>\r\n                    <span class=\"jl_sli_din jl_shli\"><a class=\"jl_sshl\" href=\"http:\/\/www.linkedin.com\/shareArticle?url=https%3A%2F%2Fwww.droptheinfo.com%2Fes%2Fspider-man-brand-new-day-promete-renovar-la-saga-con-tom-holland-al-frente%2F\" rel=\"nofollow\"><i class=\"jli-linkedin\"><\/i><\/a><\/span>\r\n                    <span class=\"jl_sli_wapp jl_shli\"><a class=\"jl_sshl\" href=\"https:\/\/api.whatsapp.com\/send?text=https%3A%2F%2Fwww.droptheinfo.com%2Fes%2Fspider-man-brand-new-day-promete-renovar-la-saga-con-tom-holland-al-frente%2F\" data-action=\"share\/whatsapp\/share\" rel=\"nofollow\"><i class=\"jli-whatsapp\"><\/i><\/a><\/span>                                        \r\n                <\/span>            \r\n    <\/span><\/span><\/span><\/span><\/span>                \r\n\t\t\t    <\/div>\r\n\t\t    <\/div>\r\n\t\t<\/div>\r\n\t<div class=\"jl_fli_con jl_p_frli13\"><div class=\"jl_fli_wrap\">\t\t\t<div class=\"jl_mmlist_layout jl_lisep\">\r\n\t\t\t\t<div class=\"jl_li_in\">\r\n\t\t\t    \t\t\t        <div class=\"jl_img_holder\">\r\n\t\t\t\t        <div class=\"jl_imgw jl_radus_e\">\r\n\t\t\t\t            <div class=\"jl_imgin\">\r\n\t\t\t\t\t\t\t<img loading=\"lazy\" decoding=\"async\" width=\"200\" height=\"129\" src=\"https:\/\/www.droptheinfo.com\/es\/wp-content\/uploads\/2025\/07\/Superman-arrasa-con-217-millones-de-dolares-en-su-estreno-mientras-Lilo-Stitch-se-acerca-a-un-record-historico-20x13.jpg\" class=\"attachment-bopea_small size-bopea_small jl-lazyload lazyload wp-post-image\" alt=\"De un lado est\u00e1 Superman con su incre\u00edble traje azul, y del otro Lilo cargando a Stitch muy feliz\" data-src=\"https:\/\/www.droptheinfo.com\/es\/wp-content\/uploads\/2025\/07\/Superman-arrasa-con-217-millones-de-dolares-en-su-estreno-mientras-Lilo-Stitch-se-acerca-a-un-record-historico-200x129.jpg\" \/>\t\t\t\t            <\/div>\t\t\t\t            \r\n\t\t\t\t            <a class=\"jl_imgl\" aria-label=\"\u201cSuperman\u201d arrasa con 217 millones de d\u00f3lares en su estreno mientras \u201cLilo &#038; Stitch\u201d se acerca a un r\u00e9cord hist\u00f3rico\" href=\"https:\/\/www.droptheinfo.com\/es\/superman-arrasa-con-217-millones-de-dolares-en-su-estreno-mientras-lilo-stitch-se-acerca-a-un-record-historico\/\"><\/a>\r\n\t\t\t\t        <\/div> \r\n\t\t\t        <\/div> \r\n\t\t\t                                \r\n\t\t\t    <div class=\"jl_fe_text\">    \r\n\t\t\t\t\t\t\t\t\t\t<h3 class=\"h3 jl_fe_title jl_txt_2row\"><a href=\"https:\/\/www.droptheinfo.com\/es\/superman-arrasa-con-217-millones-de-dolares-en-su-estreno-mientras-lilo-stitch-se-acerca-a-un-record-historico\/\">\u201cSuperman\u201d arrasa con 217 millones de d\u00f3lares en su estreno mientras \u201cLilo &#038; Stitch\u201d se acerca a un r\u00e9cord hist\u00f3rico<\/a><\/h3>\r\n\t\t\t        \t\t\t\t\t<span class=\"jl_post_meta\"><span class=\"post-date\">14 de julio de 2025<\/span><span class=\"jl_fot_share_i jl_share_l_bg jls_tooltip\"><i class=\"jli-share\"><\/i><span class=\"jls_tooltip_w jls_tooltip-top\"><span class=\"jls_tooltiptext\"><span class=\"jls_tooltip_in\">                <span class=\"jl_sli_in\">\r\n                    <span class=\"jl_sli_fb jl_shli\"><a class=\"jl_sshl\" href=\"http:\/\/www.facebook.com\/sharer.php?u=https%3A%2F%2Fwww.droptheinfo.com%2Fes%2Fsuperman-arrasa-con-217-millones-de-dolares-en-su-estreno-mientras-lilo-stitch-se-acerca-a-un-record-historico%2F\" rel=\"nofollow\"><i class=\"jli-facebook\"><\/i><\/a><\/span>\r\n                    <span class=\"jl_sli_tw jl_shli\"><a class=\"jl_sshl\" href=\"https:\/\/twitter.com\/intent\/tweet?text=%E2%80%9CSuperman%E2%80%9D%20arrasa%20con%20217%20millones%20de%20d%C3%B3lares%20en%20su%20estreno%20mientras%20%E2%80%9CLilo%20%26%20Stitch%E2%80%9D%20se%20acerca%20a%20un%20r%C3%A9cord%20hist%C3%B3rico&amp;url=https%3A%2F%2Fwww.droptheinfo.com%2Fes%2Fsuperman-arrasa-con-217-millones-de-dolares-en-su-estreno-mientras-lilo-stitch-se-acerca-a-un-record-historico%2F\" rel=\"nofollow\"><i class=\"jli-x\"><\/i><\/a><\/span>\r\n                    <span class=\"jl_sli_pi jl_shli\"><a class=\"jl_sshl\" href=\"http:\/\/pinterest.com\/pin\/create\/bookmarklet\/?url=https%3A%2F%2Fwww.droptheinfo.com%2Fes%2Fsuperman-arrasa-con-217-millones-de-dolares-en-su-estreno-mientras-lilo-stitch-se-acerca-a-un-record-historico%2F>&amp;media=https:\/\/www.droptheinfo.com\/es\/wp-content\/uploads\/2025\/07\/Superman-arrasa-con-217-millones-de-dolares-en-su-estreno-mientras-Lilo-Stitch-se-acerca-a-un-record-historico.jpg\" rel=\"nofollow\"><i class=\"jli-pinterest\"><\/i><\/a><\/span>\r\n                    <span class=\"jl_sli_din jl_shli\"><a class=\"jl_sshl\" href=\"http:\/\/www.linkedin.com\/shareArticle?url=https%3A%2F%2Fwww.droptheinfo.com%2Fes%2Fsuperman-arrasa-con-217-millones-de-dolares-en-su-estreno-mientras-lilo-stitch-se-acerca-a-un-record-historico%2F\" rel=\"nofollow\"><i class=\"jli-linkedin\"><\/i><\/a><\/span>\r\n                    <span class=\"jl_sli_wapp jl_shli\"><a class=\"jl_sshl\" href=\"https:\/\/api.whatsapp.com\/send?text=https%3A%2F%2Fwww.droptheinfo.com%2Fes%2Fsuperman-arrasa-con-217-millones-de-dolares-en-su-estreno-mientras-lilo-stitch-se-acerca-a-un-record-historico%2F\" data-action=\"share\/whatsapp\/share\" rel=\"nofollow\"><i class=\"jli-whatsapp\"><\/i><\/a><\/span>                                        \r\n                <\/span>            \r\n    <\/span><\/span><\/span><\/span><\/span>                \r\n\t\t\t    <\/div>\r\n\t\t\t<\/div>\r\n\t\t<\/div>\r\n\t\t\t\t<div class=\"jl_mmlist_layout jl_lisep\">\r\n\t\t\t\t<div class=\"jl_li_in\">\r\n\t\t\t    \t\t\t        <div class=\"jl_img_holder\">\r\n\t\t\t\t        <div class=\"jl_imgw jl_radus_e\">\r\n\t\t\t\t            <div class=\"jl_imgin\">\r\n\t\t\t\t\t\t\t<img loading=\"lazy\" decoding=\"async\" width=\"200\" height=\"129\" src=\"https:\/\/www.droptheinfo.com\/es\/wp-content\/uploads\/2025\/07\/\u2018The-Bear-confirma-quinta-temporada-volvera-en-2026-con-los-cocineros-mas-rapidos-del-mundo-20x13.jpg\" class=\"attachment-bopea_small size-bopea_small jl-lazyload lazyload wp-post-image\" alt=\"Un cocinero en medio de su lugar de trabajo escribiendo algo en un pedazo de carton\" data-src=\"https:\/\/www.droptheinfo.com\/es\/wp-content\/uploads\/2025\/07\/\u2018The-Bear-confirma-quinta-temporada-volvera-en-2026-con-los-cocineros-mas-rapidos-del-mundo-200x129.jpg\" \/>\t\t\t\t            <\/div>\t\t\t\t            \r\n\t\t\t\t            <a class=\"jl_imgl\" aria-label=\"\u2018The Bear\u2019 confirma quinta temporada: volver\u00e1 en 2026 con los cocineros m\u00e1s r\u00e1pidos del mundo\" href=\"https:\/\/www.droptheinfo.com\/es\/the-bear-confirma-quinta-temporada-volvera-en-2026-con-los-cocineros-mas-rapidos-del-mundo\/\"><\/a>\r\n\t\t\t\t        <\/div> \r\n\t\t\t        <\/div> \r\n\t\t\t                                \r\n\t\t\t    <div class=\"jl_fe_text\">    \r\n\t\t\t\t\t\t\t\t\t\t<h3 class=\"h3 jl_fe_title jl_txt_2row\"><a href=\"https:\/\/www.droptheinfo.com\/es\/the-bear-confirma-quinta-temporada-volvera-en-2026-con-los-cocineros-mas-rapidos-del-mundo\/\">\u2018The Bear\u2019 confirma quinta temporada: volver\u00e1 en 2026 con los cocineros m\u00e1s r\u00e1pidos del mundo<\/a><\/h3>\r\n\t\t\t        \t\t\t\t\t<span class=\"jl_post_meta\"><span class=\"post-date\">8 de julio de 2025<\/span><span class=\"jl_fot_share_i jl_share_l_bg jls_tooltip\"><i class=\"jli-share\"><\/i><span class=\"jls_tooltip_w jls_tooltip-top\"><span class=\"jls_tooltiptext\"><span class=\"jls_tooltip_in\">                <span class=\"jl_sli_in\">\r\n                    <span class=\"jl_sli_fb jl_shli\"><a class=\"jl_sshl\" href=\"http:\/\/www.facebook.com\/sharer.php?u=https%3A%2F%2Fwww.droptheinfo.com%2Fes%2Fthe-bear-confirma-quinta-temporada-volvera-en-2026-con-los-cocineros-mas-rapidos-del-mundo%2F\" rel=\"nofollow\"><i class=\"jli-facebook\"><\/i><\/a><\/span>\r\n                    <span class=\"jl_sli_tw jl_shli\"><a class=\"jl_sshl\" href=\"https:\/\/twitter.com\/intent\/tweet?text=%E2%80%98The%20Bear%E2%80%99%20confirma%20quinta%20temporada%3A%20volver%C3%A1%20en%202026%20con%20los%20cocineros%20m%C3%A1s%20r%C3%A1pidos%20del%20mundo&amp;url=https%3A%2F%2Fwww.droptheinfo.com%2Fes%2Fthe-bear-confirma-quinta-temporada-volvera-en-2026-con-los-cocineros-mas-rapidos-del-mundo%2F\" rel=\"nofollow\"><i class=\"jli-x\"><\/i><\/a><\/span>\r\n                    <span class=\"jl_sli_pi jl_shli\"><a class=\"jl_sshl\" href=\"http:\/\/pinterest.com\/pin\/create\/bookmarklet\/?url=https%3A%2F%2Fwww.droptheinfo.com%2Fes%2Fthe-bear-confirma-quinta-temporada-volvera-en-2026-con-los-cocineros-mas-rapidos-del-mundo%2F>&amp;media=https:\/\/www.droptheinfo.com\/es\/wp-content\/uploads\/2025\/07\/\u2018The-Bear-confirma-quinta-temporada-volvera-en-2026-con-los-cocineros-mas-rapidos-del-mundo.jpg\" rel=\"nofollow\"><i class=\"jli-pinterest\"><\/i><\/a><\/span>\r\n                    <span class=\"jl_sli_din jl_shli\"><a class=\"jl_sshl\" href=\"http:\/\/www.linkedin.com\/shareArticle?url=https%3A%2F%2Fwww.droptheinfo.com%2Fes%2Fthe-bear-confirma-quinta-temporada-volvera-en-2026-con-los-cocineros-mas-rapidos-del-mundo%2F\" rel=\"nofollow\"><i class=\"jli-linkedin\"><\/i><\/a><\/span>\r\n                    <span class=\"jl_sli_wapp jl_shli\"><a class=\"jl_sshl\" href=\"https:\/\/api.whatsapp.com\/send?text=https%3A%2F%2Fwww.droptheinfo.com%2Fes%2Fthe-bear-confirma-quinta-temporada-volvera-en-2026-con-los-cocineros-mas-rapidos-del-mundo%2F\" data-action=\"share\/whatsapp\/share\" rel=\"nofollow\"><i class=\"jli-whatsapp\"><\/i><\/a><\/span>                                        \r\n                <\/span>            \r\n    <\/span><\/span><\/span><\/span><\/span>                \r\n\t\t\t    <\/div>\r\n\t\t\t<\/div>\r\n\t\t<\/div>\r\n\t\t\t\t<div class=\"jl_mmlist_layout jl_lisep\">\r\n\t\t\t\t<div class=\"jl_li_in\">\r\n\t\t\t    \t\t\t        <div class=\"jl_img_holder\">\r\n\t\t\t\t        <div class=\"jl_imgw jl_radus_e\">\r\n\t\t\t\t            <div class=\"jl_imgin\">\r\n\t\t\t\t\t\t\t<img loading=\"lazy\" decoding=\"async\" width=\"200\" height=\"129\" src=\"https:\/\/www.droptheinfo.com\/es\/wp-content\/uploads\/2025\/07\/Jurassic-World-Rebirth-ruge-fuerte-y-se-impone-en-la-taquilla-del-4-de-julio-20x13.jpg\" class=\"attachment-bopea_small size-bopea_small jl-lazyload lazyload wp-post-image\" alt=\"Un tiranosauriorex rugiendo con la boca abierta en medio de la selva\" data-src=\"https:\/\/www.droptheinfo.com\/es\/wp-content\/uploads\/2025\/07\/Jurassic-World-Rebirth-ruge-fuerte-y-se-impone-en-la-taquilla-del-4-de-julio-200x129.jpg\" \/>\t\t\t\t            <\/div>\t\t\t\t            \r\n\t\t\t\t            <a class=\"jl_imgl\" aria-label=\"Jurassic World: Rebirth ruge fuerte y se impone en la taquilla del 4 de julio\" href=\"https:\/\/www.droptheinfo.com\/es\/jurassic-world-rebirth-ruge-fuerte-y-se-impone-en-la-taquilla-del-4-de-julio\/\"><\/a>\r\n\t\t\t\t        <\/div> \r\n\t\t\t        <\/div> \r\n\t\t\t                                \r\n\t\t\t    <div class=\"jl_fe_text\">    \r\n\t\t\t\t\t\t\t\t\t\t<h3 class=\"h3 jl_fe_title jl_txt_2row\"><a href=\"https:\/\/www.droptheinfo.com\/es\/jurassic-world-rebirth-ruge-fuerte-y-se-impone-en-la-taquilla-del-4-de-julio\/\">Jurassic World: Rebirth ruge fuerte y se impone en la taquilla del 4 de julio<\/a><\/h3>\r\n\t\t\t        \t\t\t\t\t<span class=\"jl_post_meta\"><span class=\"post-date\">6 de julio de 2025<\/span><span class=\"jl_fot_share_i jl_share_l_bg jls_tooltip\"><i class=\"jli-share\"><\/i><span class=\"jls_tooltip_w jls_tooltip-top\"><span class=\"jls_tooltiptext\"><span class=\"jls_tooltip_in\">                <span class=\"jl_sli_in\">\r\n                    <span class=\"jl_sli_fb jl_shli\"><a class=\"jl_sshl\" href=\"http:\/\/www.facebook.com\/sharer.php?u=https%3A%2F%2Fwww.droptheinfo.com%2Fes%2Fjurassic-world-rebirth-ruge-fuerte-y-se-impone-en-la-taquilla-del-4-de-julio%2F\" rel=\"nofollow\"><i class=\"jli-facebook\"><\/i><\/a><\/span>\r\n                    <span class=\"jl_sli_tw jl_shli\"><a class=\"jl_sshl\" href=\"https:\/\/twitter.com\/intent\/tweet?text=Jurassic%20World%3A%20Rebirth%20ruge%20fuerte%20y%20se%20impone%20en%20la%20taquilla%20del%204%20de%20julio&amp;url=https%3A%2F%2Fwww.droptheinfo.com%2Fes%2Fjurassic-world-rebirth-ruge-fuerte-y-se-impone-en-la-taquilla-del-4-de-julio%2F\" rel=\"nofollow\"><i class=\"jli-x\"><\/i><\/a><\/span>\r\n                    <span class=\"jl_sli_pi jl_shli\"><a class=\"jl_sshl\" href=\"http:\/\/pinterest.com\/pin\/create\/bookmarklet\/?url=https%3A%2F%2Fwww.droptheinfo.com%2Fes%2Fjurassic-world-rebirth-ruge-fuerte-y-se-impone-en-la-taquilla-del-4-de-julio%2F>&amp;media=https:\/\/www.droptheinfo.com\/es\/wp-content\/uploads\/2025\/07\/Jurassic-World-Rebirth-ruge-fuerte-y-se-impone-en-la-taquilla-del-4-de-julio.jpg\" rel=\"nofollow\"><i class=\"jli-pinterest\"><\/i><\/a><\/span>\r\n                    <span class=\"jl_sli_din jl_shli\"><a class=\"jl_sshl\" href=\"http:\/\/www.linkedin.com\/shareArticle?url=https%3A%2F%2Fwww.droptheinfo.com%2Fes%2Fjurassic-world-rebirth-ruge-fuerte-y-se-impone-en-la-taquilla-del-4-de-julio%2F\" rel=\"nofollow\"><i class=\"jli-linkedin\"><\/i><\/a><\/span>\r\n                    <span class=\"jl_sli_wapp jl_shli\"><a class=\"jl_sshl\" href=\"https:\/\/api.whatsapp.com\/send?text=https%3A%2F%2Fwww.droptheinfo.com%2Fes%2Fjurassic-world-rebirth-ruge-fuerte-y-se-impone-en-la-taquilla-del-4-de-julio%2F\" data-action=\"share\/whatsapp\/share\" rel=\"nofollow\"><i class=\"jli-whatsapp\"><\/i><\/a><\/span>                                        \r\n                <\/span>            \r\n    <\/span><\/span><\/span><\/span><\/span>                \r\n\t\t\t    <\/div>\r\n\t\t\t<\/div>\r\n\t\t<\/div>\r\n\t\t\t\t<div class=\"jl_mmlist_layout jl_lisep\">\r\n\t\t\t\t<div class=\"jl_li_in\">\r\n\t\t\t    \t\t\t        <div class=\"jl_img_holder\">\r\n\t\t\t\t        <div class=\"jl_imgw jl_radus_e\">\r\n\t\t\t\t            <div class=\"jl_imgin\">\r\n\t\t\t\t\t\t\t<img loading=\"lazy\" decoding=\"async\" width=\"200\" height=\"129\" src=\"https:\/\/www.droptheinfo.com\/es\/wp-content\/uploads\/2025\/07\/El-Sena-vuelve-a-ser-apto-para-el-bano-por-primera-vez-en-mas-de-un-siglo-20x13.jpg\" class=\"attachment-bopea_small size-bopea_small jl-lazyload lazyload wp-post-image\" alt=\"\" data-src=\"https:\/\/www.droptheinfo.com\/es\/wp-content\/uploads\/2025\/07\/El-Sena-vuelve-a-ser-apto-para-el-bano-por-primera-vez-en-mas-de-un-siglo-200x129.jpg\" \/>\t\t\t\t            <\/div>\t\t\t\t            \r\n\t\t\t\t            <a class=\"jl_imgl\" aria-label=\"El Sena vuelve a ser apto para el ba\u00f1o por primera vez en m\u00e1s de un siglo\" href=\"https:\/\/www.droptheinfo.com\/es\/el-sena-vuelve-a-ser-apto-para-el-bano-por-primera-vez-en-mas-de-un-siglo\/\"><\/a>\r\n\t\t\t\t        <\/div> \r\n\t\t\t        <\/div> \r\n\t\t\t                                \r\n\t\t\t    <div class=\"jl_fe_text\">    \r\n\t\t\t\t\t\t\t\t\t\t<h3 class=\"h3 jl_fe_title jl_txt_2row\"><a href=\"https:\/\/www.droptheinfo.com\/es\/el-sena-vuelve-a-ser-apto-para-el-bano-por-primera-vez-en-mas-de-un-siglo\/\">El Sena vuelve a ser apto para el ba\u00f1o por primera vez en m\u00e1s de un siglo<\/a><\/h3>\r\n\t\t\t        \t\t\t\t\t<span class=\"jl_post_meta\"><span class=\"post-date\">5 de julio de 2025<\/span><span class=\"jl_fot_share_i jl_share_l_bg jls_tooltip\"><i class=\"jli-share\"><\/i><span class=\"jls_tooltip_w jls_tooltip-top\"><span class=\"jls_tooltiptext\"><span class=\"jls_tooltip_in\">                <span class=\"jl_sli_in\">\r\n                    <span class=\"jl_sli_fb jl_shli\"><a class=\"jl_sshl\" href=\"http:\/\/www.facebook.com\/sharer.php?u=https%3A%2F%2Fwww.droptheinfo.com%2Fes%2Fel-sena-vuelve-a-ser-apto-para-el-bano-por-primera-vez-en-mas-de-un-siglo%2F\" rel=\"nofollow\"><i class=\"jli-facebook\"><\/i><\/a><\/span>\r\n                    <span class=\"jl_sli_tw jl_shli\"><a class=\"jl_sshl\" href=\"https:\/\/twitter.com\/intent\/tweet?text=El%20Sena%20vuelve%20a%20ser%20apto%20para%20el%20ba%C3%B1o%20por%20primera%20vez%20en%20m%C3%A1s%20de%20un%20siglo&amp;url=https%3A%2F%2Fwww.droptheinfo.com%2Fes%2Fel-sena-vuelve-a-ser-apto-para-el-bano-por-primera-vez-en-mas-de-un-siglo%2F\" rel=\"nofollow\"><i class=\"jli-x\"><\/i><\/a><\/span>\r\n                    <span class=\"jl_sli_pi jl_shli\"><a class=\"jl_sshl\" href=\"http:\/\/pinterest.com\/pin\/create\/bookmarklet\/?url=https%3A%2F%2Fwww.droptheinfo.com%2Fes%2Fel-sena-vuelve-a-ser-apto-para-el-bano-por-primera-vez-en-mas-de-un-siglo%2F>&amp;media=https:\/\/www.droptheinfo.com\/es\/wp-content\/uploads\/2025\/07\/El-Sena-vuelve-a-ser-apto-para-el-bano-por-primera-vez-en-mas-de-un-siglo.jpg\" rel=\"nofollow\"><i class=\"jli-pinterest\"><\/i><\/a><\/span>\r\n                    <span class=\"jl_sli_din jl_shli\"><a class=\"jl_sshl\" href=\"http:\/\/www.linkedin.com\/shareArticle?url=https%3A%2F%2Fwww.droptheinfo.com%2Fes%2Fel-sena-vuelve-a-ser-apto-para-el-bano-por-primera-vez-en-mas-de-un-siglo%2F\" rel=\"nofollow\"><i class=\"jli-linkedin\"><\/i><\/a><\/span>\r\n                    <span class=\"jl_sli_wapp jl_shli\"><a class=\"jl_sshl\" href=\"https:\/\/api.whatsapp.com\/send?text=https%3A%2F%2Fwww.droptheinfo.com%2Fes%2Fel-sena-vuelve-a-ser-apto-para-el-bano-por-primera-vez-en-mas-de-un-siglo%2F\" data-action=\"share\/whatsapp\/share\" rel=\"nofollow\"><i class=\"jli-whatsapp\"><\/i><\/a><\/span>                                        \r\n                <\/span>            \r\n    <\/span><\/span><\/span><\/span><\/span>                \r\n\t\t\t    <\/div>\r\n\t\t\t<\/div>\r\n\t\t<\/div>\r\n\t\t\t\t<div class=\"jl_mmlist_layout jl_lisep\">\r\n\t\t\t\t<div class=\"jl_li_in\">\r\n\t\t\t    \t\t\t        <div class=\"jl_img_holder\">\r\n\t\t\t\t        <div class=\"jl_imgw jl_radus_e\">\r\n\t\t\t\t            <div class=\"jl_imgin\">\r\n\t\t\t\t\t\t\t<img loading=\"lazy\" decoding=\"async\" width=\"200\" height=\"129\" src=\"https:\/\/www.droptheinfo.com\/es\/wp-content\/uploads\/2025\/07\/Luto-en-la-industria-del-cine-para-adultos-Kylie-Page-muere-a-los-28-anos-y-deja-un-legado-imborrable-20x13.jpg\" class=\"attachment-bopea_small size-bopea_small jl-lazyload lazyload wp-post-image\" alt=\"El rostro de la actriz de cine para adultos al lado de la cinta de luto\" data-src=\"https:\/\/www.droptheinfo.com\/es\/wp-content\/uploads\/2025\/07\/Luto-en-la-industria-del-cine-para-adultos-Kylie-Page-muere-a-los-28-anos-y-deja-un-legado-imborrable-200x129.jpg\" \/>\t\t\t\t            <\/div>\t\t\t\t            \r\n\t\t\t\t            <a class=\"jl_imgl\" aria-label=\"Luto en la industria del cine para adultos: Kylie Page muere a los 28 a\u00f1os y deja un legado imborrable\" href=\"https:\/\/www.droptheinfo.com\/es\/luto-en-la-industria-del-cine-para-adultos-kylie-page-muere-a-los-28-anos-y-deja-un-legado-imborrable\/\"><\/a>\r\n\t\t\t\t        <\/div> \r\n\t\t\t        <\/div> \r\n\t\t\t                                \r\n\t\t\t    <div class=\"jl_fe_text\">    \r\n\t\t\t\t\t\t\t\t\t\t<h3 class=\"h3 jl_fe_title jl_txt_2row\"><a href=\"https:\/\/www.droptheinfo.com\/es\/luto-en-la-industria-del-cine-para-adultos-kylie-page-muere-a-los-28-anos-y-deja-un-legado-imborrable\/\">Luto en la industria del cine para adultos: Kylie Page muere a los 28 a\u00f1os y deja un legado imborrable<\/a><\/h3>\r\n\t\t\t        \t\t\t\t\t<span class=\"jl_post_meta\"><span class=\"post-date\">1 de julio de 2025<\/span><span class=\"jl_fot_share_i jl_share_l_bg jls_tooltip\"><i class=\"jli-share\"><\/i><span class=\"jls_tooltip_w jls_tooltip-top\"><span class=\"jls_tooltiptext\"><span class=\"jls_tooltip_in\">                <span class=\"jl_sli_in\">\r\n                    <span class=\"jl_sli_fb jl_shli\"><a class=\"jl_sshl\" href=\"http:\/\/www.facebook.com\/sharer.php?u=https%3A%2F%2Fwww.droptheinfo.com%2Fes%2Fluto-en-la-industria-del-cine-para-adultos-kylie-page-muere-a-los-28-anos-y-deja-un-legado-imborrable%2F\" rel=\"nofollow\"><i class=\"jli-facebook\"><\/i><\/a><\/span>\r\n                    <span class=\"jl_sli_tw jl_shli\"><a class=\"jl_sshl\" href=\"https:\/\/twitter.com\/intent\/tweet?text=Luto%20en%20la%20industria%20del%20cine%20para%20adultos%3A%20Kylie%20Page%20muere%20a%20los%2028%20a%C3%B1os%20y%20deja%20un%20legado%20imborrable&amp;url=https%3A%2F%2Fwww.droptheinfo.com%2Fes%2Fluto-en-la-industria-del-cine-para-adultos-kylie-page-muere-a-los-28-anos-y-deja-un-legado-imborrable%2F\" rel=\"nofollow\"><i class=\"jli-x\"><\/i><\/a><\/span>\r\n                    <span class=\"jl_sli_pi jl_shli\"><a class=\"jl_sshl\" href=\"http:\/\/pinterest.com\/pin\/create\/bookmarklet\/?url=https%3A%2F%2Fwww.droptheinfo.com%2Fes%2Fluto-en-la-industria-del-cine-para-adultos-kylie-page-muere-a-los-28-anos-y-deja-un-legado-imborrable%2F>&amp;media=https:\/\/www.droptheinfo.com\/es\/wp-content\/uploads\/2025\/07\/Luto-en-la-industria-del-cine-para-adultos-Kylie-Page-muere-a-los-28-anos-y-deja-un-legado-imborrable.jpg\" rel=\"nofollow\"><i class=\"jli-pinterest\"><\/i><\/a><\/span>\r\n                    <span class=\"jl_sli_din jl_shli\"><a class=\"jl_sshl\" href=\"http:\/\/www.linkedin.com\/shareArticle?url=https%3A%2F%2Fwww.droptheinfo.com%2Fes%2Fluto-en-la-industria-del-cine-para-adultos-kylie-page-muere-a-los-28-anos-y-deja-un-legado-imborrable%2F\" rel=\"nofollow\"><i class=\"jli-linkedin\"><\/i><\/a><\/span>\r\n                    <span class=\"jl_sli_wapp jl_shli\"><a class=\"jl_sshl\" href=\"https:\/\/api.whatsapp.com\/send?text=https%3A%2F%2Fwww.droptheinfo.com%2Fes%2Fluto-en-la-industria-del-cine-para-adultos-kylie-page-muere-a-los-28-anos-y-deja-un-legado-imborrable%2F\" data-action=\"share\/whatsapp\/share\" rel=\"nofollow\"><i class=\"jli-whatsapp\"><\/i><\/a><\/span>                                        \r\n                <\/span>            \r\n    <\/span><\/span><\/span><\/span><\/span>                \r\n\t\t\t    <\/div>\r\n\t\t\t<\/div>\r\n\t\t<\/div>\r\n\t\t\t\t<div class=\"jl_mmlist_layout jl_lisep\">\r\n\t\t\t\t<div class=\"jl_li_in\">\r\n\t\t\t    \t\t\t        <div class=\"jl_img_holder\">\r\n\t\t\t\t        <div class=\"jl_imgw jl_radus_e\">\r\n\t\t\t\t            <div class=\"jl_imgin\">\r\n\t\t\t\t\t\t\t<img loading=\"lazy\" decoding=\"async\" width=\"200\" height=\"129\" src=\"https:\/\/www.droptheinfo.com\/es\/wp-content\/uploads\/2025\/06\/\u00a1Impacto-en-alta-mar-Papa-se-lanza-al-agua-y-salva-a-su-hija-tras-caer-del-Disney-Dream-20x13.jpg\" class=\"attachment-bopea_small size-bopea_small jl-lazyload lazyload wp-post-image\" alt=\"Imagen de un crucero navegando en el mar\" data-src=\"https:\/\/www.droptheinfo.com\/es\/wp-content\/uploads\/2025\/06\/\u00a1Impacto-en-alta-mar-Papa-se-lanza-al-agua-y-salva-a-su-hija-tras-caer-del-Disney-Dream-200x129.jpg\" \/>\t\t\t\t            <\/div>\t\t\t\t            \r\n\t\t\t\t            <a class=\"jl_imgl\" aria-label=\"Pap\u00e1 se lanza al agua y salva a su hija tras caer del Disney Dream\" href=\"https:\/\/www.droptheinfo.com\/es\/papa-se-lanza-al-agua-y-salva-a-su-hija-tras-caer-del-disney-dream\/\"><\/a>\r\n\t\t\t\t        <\/div> \r\n\t\t\t        <\/div> \r\n\t\t\t                                \r\n\t\t\t    <div class=\"jl_fe_text\">    \r\n\t\t\t\t\t\t\t\t\t\t<h3 class=\"h3 jl_fe_title jl_txt_2row\"><a href=\"https:\/\/www.droptheinfo.com\/es\/papa-se-lanza-al-agua-y-salva-a-su-hija-tras-caer-del-disney-dream\/\">Pap\u00e1 se lanza al agua y salva a su hija tras caer del Disney Dream<\/a><\/h3>\r\n\t\t\t        \t\t\t\t\t<span class=\"jl_post_meta\"><span class=\"post-date\">30 de junio de 2025<\/span><span class=\"jl_fot_share_i jl_share_l_bg jls_tooltip\"><i class=\"jli-share\"><\/i><span class=\"jls_tooltip_w jls_tooltip-top\"><span class=\"jls_tooltiptext\"><span class=\"jls_tooltip_in\">                <span class=\"jl_sli_in\">\r\n                    <span class=\"jl_sli_fb jl_shli\"><a class=\"jl_sshl\" href=\"http:\/\/www.facebook.com\/sharer.php?u=https%3A%2F%2Fwww.droptheinfo.com%2Fes%2Fpapa-se-lanza-al-agua-y-salva-a-su-hija-tras-caer-del-disney-dream%2F\" rel=\"nofollow\"><i class=\"jli-facebook\"><\/i><\/a><\/span>\r\n                    <span class=\"jl_sli_tw jl_shli\"><a class=\"jl_sshl\" href=\"https:\/\/twitter.com\/intent\/tweet?text=Pap%C3%A1%20se%20lanza%20al%20agua%20y%20salva%20a%20su%20hija%20tras%20caer%20del%20Disney%20Dream&amp;url=https%3A%2F%2Fwww.droptheinfo.com%2Fes%2Fpapa-se-lanza-al-agua-y-salva-a-su-hija-tras-caer-del-disney-dream%2F\" rel=\"nofollow\"><i class=\"jli-x\"><\/i><\/a><\/span>\r\n                    <span class=\"jl_sli_pi jl_shli\"><a class=\"jl_sshl\" href=\"http:\/\/pinterest.com\/pin\/create\/bookmarklet\/?url=https%3A%2F%2Fwww.droptheinfo.com%2Fes%2Fpapa-se-lanza-al-agua-y-salva-a-su-hija-tras-caer-del-disney-dream%2F>&amp;media=https:\/\/www.droptheinfo.com\/es\/wp-content\/uploads\/2025\/06\/\u00a1Impacto-en-alta-mar-Papa-se-lanza-al-agua-y-salva-a-su-hija-tras-caer-del-Disney-Dream.jpg\" rel=\"nofollow\"><i class=\"jli-pinterest\"><\/i><\/a><\/span>\r\n                    <span class=\"jl_sli_din jl_shli\"><a class=\"jl_sshl\" href=\"http:\/\/www.linkedin.com\/shareArticle?url=https%3A%2F%2Fwww.droptheinfo.com%2Fes%2Fpapa-se-lanza-al-agua-y-salva-a-su-hija-tras-caer-del-disney-dream%2F\" rel=\"nofollow\"><i class=\"jli-linkedin\"><\/i><\/a><\/span>\r\n                    <span class=\"jl_sli_wapp jl_shli\"><a class=\"jl_sshl\" href=\"https:\/\/api.whatsapp.com\/send?text=https%3A%2F%2Fwww.droptheinfo.com%2Fes%2Fpapa-se-lanza-al-agua-y-salva-a-su-hija-tras-caer-del-disney-dream%2F\" data-action=\"share\/whatsapp\/share\" rel=\"nofollow\"><i class=\"jli-whatsapp\"><\/i><\/a><\/span>                                        \r\n                <\/span>            \r\n    <\/span><\/span><\/span><\/span><\/span>                \r\n\t\t\t    <\/div>\r\n\t\t\t<\/div>\r\n\t\t<\/div>\r\n\t<\/div><\/div>\t\t\t\r\n\t\t\t\t\t<\/div>\t\r\n\t\t\t\t<\/div>\r\n\t\t\t<\/div>\r\n\t\t<\/div>\t\t\t\r\n\t\t\t<\/div>\t\t\t\t<\/div>\n\t\t\t\t<\/div>\n\t\t\t\t\t<\/div>\n\t\t\t\t<\/div>\n\t\t<div class=\"elementor-element elementor-element-6d5be0b7 e-flex e-con-boxed e-con e-parent\" data-id=\"6d5be0b7\" data-element_type=\"container\" data-e-type=\"container\">\n\t\t\t\t\t<div class=\"e-con-inner\">\n\t\t\t\t<div class=\"elementor-element elementor-element-7399e9ea elementor-widget elementor-widget-bopea-section-title\" data-id=\"7399e9ea\" data-element_type=\"widget\" data-e-type=\"widget\" data-widget_type=\"bopea-section-title.default\">\n\t\t\t\t<div class=\"elementor-widget-container\">\n\t\t\t\t\t          <div class=\"jlcus_sec_title jl_sec_style12 jl_secf_title jl_secb_menu no\">\n            <div class=\"jlcus_sect_inner\">\n                                    <h2 class=\"jl-heading-text\">\n                                                <span class=\"jl_ttw\">ESTADOS UNIDOS<\/span>                                          <\/h2>\n                                                      <p class=\"jl_sct_bt\">\n                        <a href=\"#\" class=\"jlopt-text-link\">                        <span class=\"jl_bt_inner\">\n                        <span>M\u00e1s KPOP<\/span>\n                        <i class=\"jli-carrow\"><\/i>                        <\/span>\n                        <\/a>                  <\/p>\n                              <\/div>                    \n                      <\/div>                    \n    \t\t\t\t<\/div>\n\t\t\t\t<\/div>\n\t\t\t\t<div class=\"elementor-element elementor-element-7f12894 elementor-widget elementor-widget-bopea-feature-layout10\" data-id=\"7f12894\" data-element_type=\"widget\" data-e-type=\"widget\" data-widget_type=\"bopea-feature-layout10.default\">\n\t\t\t\t<div class=\"elementor-widget-container\">\n\t\t\t\t\t\t\t<div id=\"blockid_7f12894\" class=\"block-section jl-main-block jl_hide_cat jl_hide_author jl_hide_col_line\" >\r\n\t\t\t\t<div class=\"jl_mb_wrap_f jl_clear_at\">\r\n\t\t\t<div class=\"jl-roww jl_contain jl-col-row\">\r\n\t\t\t\t<div class=\"jl_fr10_wrap\">\r\n\t\t\t\t\t<div class=\"jl_fr10_inner\">\r\n\t\t\t\t\t\t\t\t<div class=\"jl_p_fr10 jl_m_fr10 jl_ov_el jl_radus_e\">\r\n\t\t\t    \t\t\t        <div class=\"jl_img_holder\">\r\n\t\t\t\t        <div class=\"jl_imgw\">\r\n\t\t\t\t            <div class=\"jl_imgin\">\r\n\t\t\t\t\t\t\t\t<img decoding=\"async\" width=\"1100\" height=\"712\" src=\"https:\/\/www.droptheinfo.com\/es\/wp-content\/uploads\/2025\/07\/Florida-inicia-vuelos-de-deportacion-desde-polemico-centro-de-detencion-en-los-Everglades-20x13.jpg\" class=\"attachment-bopea_medium size-bopea_medium jl-lazyload lazyload wp-post-image\" alt=\"\" data-src=\"https:\/\/www.droptheinfo.com\/es\/wp-content\/uploads\/2025\/07\/Florida-inicia-vuelos-de-deportacion-desde-polemico-centro-de-detencion-en-los-Everglades-1100x712.jpg\" \/>\t\t\t\t                \r\n\t\t\t\t            <\/div>\t\t\t\t\r\n\t\t\t\t            \t\t\t            \t            \r\n\t\t\t\t            <a class=\"jl_imgl\" aria-label=\"Florida inicia vuelos de deportaci\u00f3n desde pol\u00e9mico centro de detenci\u00f3n en los Everglades\" href=\"https:\/\/www.droptheinfo.com\/es\/florida-inicia-vuelos-de-deportacion-desde-polemico-centro-de-detencion-en-los-everglades\/\"><\/a>\r\n\t\t\t\t        <\/div> \r\n\t\t\t        <\/div> \r\n\t\t\t                                \r\n\t\t\t    <div class=\"jl_fe_text\">\r\n\t\t\t    \t<div class=\"jl_fe_inner\">\r\n\t\t\t    \t<span class=\"jl_f_cat jl_lb3\"><a class=\"jl_cat_lbl jl_cat64\" href=\"https:\/\/www.droptheinfo.com\/es\/category\/politica\/\"><span>Pol\u00edtica<\/span><\/a><\/span>\t\t\t        \t\t\t\t\t<h2 class=\"h2 jl_fe_title jl_txt_2row\"><a href=\"https:\/\/www.droptheinfo.com\/es\/florida-inicia-vuelos-de-deportacion-desde-polemico-centro-de-detencion-en-los-everglades\/\">Florida inicia vuelos de deportaci\u00f3n desde pol\u00e9mico centro de detenci\u00f3n en los Everglades<\/a><\/h2>\r\n\t\t\t\t\t\t\t\t\t\t<span class=\"jl_post_meta\"><span class=\"jl_author_img_w\"><span class=\"jl_aimg_in\"><img decoding=\"async\" src=\"https:\/\/www.droptheinfo.com\/es\/wp-content\/uploads\/2025\/01\/jhon-soto-musicmundialcom-150x150.jpg\" width=\"50\" height=\"50\" srcset=\"https:\/\/www.droptheinfo.com\/es\/wp-content\/uploads\/2025\/01\/jhon-soto-musicmundialcom-150x150.jpg 2x\" alt=\"Jhon Soto\" class=\"avatar avatar-50 wp-user-avatar wp-user-avatar-50 alignnone photo lazyload\" \/><\/span><a href=\"https:\/\/www.droptheinfo.com\/es\/author\/jhon-soto\/\" title=\"Entradas de Jhon Soto\" rel=\"author\">Jhon Soto<\/a><\/span><span class=\"post-date\">25 de julio de 2025<\/span><span class=\"jl_fot_share_i jl_share_l_bg jls_tooltip\"><i class=\"jli-share\"><\/i><span class=\"jls_tooltip_w jls_tooltip-top\"><span class=\"jls_tooltiptext\"><span class=\"jls_tooltip_in\">                <span class=\"jl_sli_in\">\r\n                    <span class=\"jl_sli_fb jl_shli\"><a class=\"jl_sshl\" href=\"http:\/\/www.facebook.com\/sharer.php?u=https%3A%2F%2Fwww.droptheinfo.com%2Fes%2Fflorida-inicia-vuelos-de-deportacion-desde-polemico-centro-de-detencion-en-los-everglades%2F\" rel=\"nofollow\"><i class=\"jli-facebook\"><\/i><\/a><\/span>\r\n                    <span class=\"jl_sli_tw jl_shli\"><a class=\"jl_sshl\" href=\"https:\/\/twitter.com\/intent\/tweet?text=Florida%20inicia%20vuelos%20de%20deportaci%C3%B3n%20desde%20pol%C3%A9mico%20centro%20de%20detenci%C3%B3n%20en%20los%20Everglades&amp;url=https%3A%2F%2Fwww.droptheinfo.com%2Fes%2Fflorida-inicia-vuelos-de-deportacion-desde-polemico-centro-de-detencion-en-los-everglades%2F\" rel=\"nofollow\"><i class=\"jli-x\"><\/i><\/a><\/span>\r\n                    <span class=\"jl_sli_pi jl_shli\"><a class=\"jl_sshl\" href=\"http:\/\/pinterest.com\/pin\/create\/bookmarklet\/?url=https%3A%2F%2Fwww.droptheinfo.com%2Fes%2Fflorida-inicia-vuelos-de-deportacion-desde-polemico-centro-de-detencion-en-los-everglades%2F>&amp;media=https:\/\/www.droptheinfo.com\/es\/wp-content\/uploads\/2025\/07\/Florida-inicia-vuelos-de-deportacion-desde-polemico-centro-de-detencion-en-los-Everglades.jpg\" rel=\"nofollow\"><i class=\"jli-pinterest\"><\/i><\/a><\/span>\r\n                    <span class=\"jl_sli_din jl_shli\"><a class=\"jl_sshl\" href=\"http:\/\/www.linkedin.com\/shareArticle?url=https%3A%2F%2Fwww.droptheinfo.com%2Fes%2Fflorida-inicia-vuelos-de-deportacion-desde-polemico-centro-de-detencion-en-los-everglades%2F\" rel=\"nofollow\"><i class=\"jli-linkedin\"><\/i><\/a><\/span>\r\n                    <span class=\"jl_sli_wapp jl_shli\"><a class=\"jl_sshl\" href=\"https:\/\/api.whatsapp.com\/send?text=https%3A%2F%2Fwww.droptheinfo.com%2Fes%2Fflorida-inicia-vuelos-de-deportacion-desde-polemico-centro-de-detencion-en-los-everglades%2F\" data-action=\"share\/whatsapp\/share\" rel=\"nofollow\"><i class=\"jli-whatsapp\"><\/i><\/a><\/span>                                        \r\n                <\/span>            \r\n    <\/span><\/span><\/span><\/span><\/span>                \r\n\t\t\t        <a href=\"https:\/\/www.droptheinfo.com\/es\/florida-inicia-vuelos-de-deportacion-desde-polemico-centro-de-detencion-en-los-everglades\/\" aria-label=\"Florida inicia vuelos de deportaci\u00f3n desde pol\u00e9mico centro de detenci\u00f3n en los Everglades\" class=\"jl_cap_ov\"><\/a>\r\n\t\t\t        <\/div>\r\n\t\t\t    <\/div>\r\n\t\t\t<\/div>\r\n\t\t\t<div class=\"jl_p_fr10 jl_ov_el jl_md_ov jl_radus_e\">\r\n\t\t\t    \t\t\t        <div class=\"jl_img_holder\">\r\n\t\t\t\t        <div class=\"jl_imgw\">\r\n\t\t\t\t            <div class=\"jl_imgin\">\r\n\t\t\t\t                <img loading=\"lazy\" decoding=\"async\" width=\"680\" height=\"440\" src=\"https:\/\/www.droptheinfo.com\/es\/wp-content\/uploads\/2025\/07\/Wall-Street-alcanza-nuevos-records-impulsado-por-resultados-de-Alphabet-y-el-optimismo-en-torno-a-la-IA-20x13.jpg\" class=\"attachment-bopea_layouts size-bopea_layouts jl-lazyload lazyload wp-post-image\" alt=\"\" data-src=\"https:\/\/www.droptheinfo.com\/es\/wp-content\/uploads\/2025\/07\/Wall-Street-alcanza-nuevos-records-impulsado-por-resultados-de-Alphabet-y-el-optimismo-en-torno-a-la-IA-680x440.jpg\" \/>\t\t\t\t            <\/div>\t\t\t\t\r\n\t\t\t\t            \t\t\t            \t            \r\n\t\t\t\t            <a class=\"jl_imgl\" aria-label=\"Wall Street alcanza nuevos r\u00e9cords impulsado por resultados de Alphabet y el optimismo en torno a la IA\" href=\"https:\/\/www.droptheinfo.com\/es\/wall-street-alcanza-nuevos-records-impulsado-por-resultados-de-alphabet-y-el-optimismo-en-torno-a-la-ia\/\"><\/a>\r\n\t\t\t\t        <\/div> \r\n\t\t\t        <\/div> \r\n\t\t\t                                \r\n\t\t\t    <div class=\"jl_fe_text\">\r\n\t\t\t    \t<div class=\"jl_fe_inner\">\r\n\t\t\t    \t<span class=\"jl_f_cat jl_lb3\"><a class=\"jl_cat_lbl jl_cat1539\" href=\"https:\/\/www.droptheinfo.com\/es\/category\/companias\/\"><span>Compa\u00f1\u00edas<\/span><\/a><a class=\"jl_cat_lbl jl_cat130\" href=\"https:\/\/www.droptheinfo.com\/es\/category\/economia\/\"><span>Econom\u00eda<\/span><\/a><\/span>\t\t\t        \t\t\t\t\t<h3 class=\"h3 jl_fe_title jl_txt_2row\"><a href=\"https:\/\/www.droptheinfo.com\/es\/wall-street-alcanza-nuevos-records-impulsado-por-resultados-de-alphabet-y-el-optimismo-en-torno-a-la-ia\/\">Wall Street alcanza nuevos r\u00e9cords impulsado por resultados de Alphabet y el optimismo en torno a la IA<\/a><\/h3>\r\n\t\t\t\t\t\t\t\t\t\t<span class=\"jl_post_meta\"><span class=\"jl_author_img_w\"><span class=\"jl_aimg_in\"><img decoding=\"async\" src=\"https:\/\/www.droptheinfo.com\/es\/wp-content\/uploads\/2025\/01\/jhon-soto-musicmundialcom-150x150.jpg\" width=\"50\" height=\"50\" srcset=\"https:\/\/www.droptheinfo.com\/es\/wp-content\/uploads\/2025\/01\/jhon-soto-musicmundialcom-150x150.jpg 2x\" alt=\"Jhon Soto\" class=\"avatar avatar-50 wp-user-avatar wp-user-avatar-50 alignnone photo lazyload\" \/><\/span><a href=\"https:\/\/www.droptheinfo.com\/es\/author\/jhon-soto\/\" title=\"Entradas de Jhon Soto\" rel=\"author\">Jhon Soto<\/a><\/span><span class=\"post-date\">24 de julio de 2025<\/span><span class=\"jl_fot_share_i jl_share_l_bg jls_tooltip\"><i class=\"jli-share\"><\/i><span class=\"jls_tooltip_w jls_tooltip-top\"><span class=\"jls_tooltiptext\"><span class=\"jls_tooltip_in\">                <span class=\"jl_sli_in\">\r\n                    <span class=\"jl_sli_fb jl_shli\"><a class=\"jl_sshl\" href=\"http:\/\/www.facebook.com\/sharer.php?u=https%3A%2F%2Fwww.droptheinfo.com%2Fes%2Fwall-street-alcanza-nuevos-records-impulsado-por-resultados-de-alphabet-y-el-optimismo-en-torno-a-la-ia%2F\" rel=\"nofollow\"><i class=\"jli-facebook\"><\/i><\/a><\/span>\r\n                    <span class=\"jl_sli_tw jl_shli\"><a class=\"jl_sshl\" href=\"https:\/\/twitter.com\/intent\/tweet?text=Wall%20Street%20alcanza%20nuevos%20r%C3%A9cords%20impulsado%20por%20resultados%20de%20Alphabet%20y%20el%20optimismo%20en%20torno%20a%20la%20IA&amp;url=https%3A%2F%2Fwww.droptheinfo.com%2Fes%2Fwall-street-alcanza-nuevos-records-impulsado-por-resultados-de-alphabet-y-el-optimismo-en-torno-a-la-ia%2F\" rel=\"nofollow\"><i class=\"jli-x\"><\/i><\/a><\/span>\r\n                    <span class=\"jl_sli_pi jl_shli\"><a class=\"jl_sshl\" href=\"http:\/\/pinterest.com\/pin\/create\/bookmarklet\/?url=https%3A%2F%2Fwww.droptheinfo.com%2Fes%2Fwall-street-alcanza-nuevos-records-impulsado-por-resultados-de-alphabet-y-el-optimismo-en-torno-a-la-ia%2F>&amp;media=https:\/\/www.droptheinfo.com\/es\/wp-content\/uploads\/2025\/07\/Wall-Street-alcanza-nuevos-records-impulsado-por-resultados-de-Alphabet-y-el-optimismo-en-torno-a-la-IA.jpg\" rel=\"nofollow\"><i class=\"jli-pinterest\"><\/i><\/a><\/span>\r\n                    <span class=\"jl_sli_din jl_shli\"><a class=\"jl_sshl\" href=\"http:\/\/www.linkedin.com\/shareArticle?url=https%3A%2F%2Fwww.droptheinfo.com%2Fes%2Fwall-street-alcanza-nuevos-records-impulsado-por-resultados-de-alphabet-y-el-optimismo-en-torno-a-la-ia%2F\" rel=\"nofollow\"><i class=\"jli-linkedin\"><\/i><\/a><\/span>\r\n                    <span class=\"jl_sli_wapp jl_shli\"><a class=\"jl_sshl\" href=\"https:\/\/api.whatsapp.com\/send?text=https%3A%2F%2Fwww.droptheinfo.com%2Fes%2Fwall-street-alcanza-nuevos-records-impulsado-por-resultados-de-alphabet-y-el-optimismo-en-torno-a-la-ia%2F\" data-action=\"share\/whatsapp\/share\" rel=\"nofollow\"><i class=\"jli-whatsapp\"><\/i><\/a><\/span>                                        \r\n                <\/span>            \r\n    <\/span><\/span><\/span><\/span><\/span>                \r\n\t\t\t        <a href=\"https:\/\/www.droptheinfo.com\/es\/wall-street-alcanza-nuevos-records-impulsado-por-resultados-de-alphabet-y-el-optimismo-en-torno-a-la-ia\/\" aria-label=\"Wall Street alcanza nuevos r\u00e9cords impulsado por resultados de Alphabet y el optimismo en torno a la IA\" class=\"jl_cap_ov\"><\/a>\r\n\t\t\t        <\/div>\r\n\t\t\t    <\/div>\r\n\t\t\t<\/div>\r\n\t\t\t<div class=\"jl_p_fr10 jl_ov_el jl_md_ov jl_radus_e\">\r\n\t\t\t    \t\t\t        <div class=\"jl_img_holder\">\r\n\t\t\t\t        <div class=\"jl_imgw\">\r\n\t\t\t\t            <div class=\"jl_imgin\">\r\n\t\t\t\t                <img loading=\"lazy\" decoding=\"async\" width=\"680\" height=\"440\" src=\"https:\/\/www.droptheinfo.com\/es\/wp-content\/uploads\/2025\/07\/Muere-Hulk-Hogan-a-los-71-anos-leyenda-indiscutible-de-la-lucha-libre-20x13.jpg\" class=\"attachment-bopea_layouts size-bopea_layouts jl-lazyload lazyload wp-post-image\" alt=\"\" data-src=\"https:\/\/www.droptheinfo.com\/es\/wp-content\/uploads\/2025\/07\/Muere-Hulk-Hogan-a-los-71-anos-leyenda-indiscutible-de-la-lucha-libre-680x440.jpg\" \/>\t\t\t\t            <\/div>\t\t\t\t\r\n\t\t\t\t            \t\t\t            \t            \r\n\t\t\t\t            <a class=\"jl_imgl\" aria-label=\"Muere Hulk Hogan a los 71 a\u00f1os, leyenda indiscutible de la lucha libre\" href=\"https:\/\/www.droptheinfo.com\/es\/muere-hulk-hogan-a-los-71-anos-leyenda-indiscutible-de-la-lucha-libre\/\"><\/a>\r\n\t\t\t\t        <\/div> \r\n\t\t\t        <\/div> \r\n\t\t\t                                \r\n\t\t\t    <div class=\"jl_fe_text\">\r\n\t\t\t    \t<div class=\"jl_fe_inner\">\r\n\t\t\t    \t<span class=\"jl_f_cat jl_lb3\"><a class=\"jl_cat_lbl jl_cat39\" href=\"https:\/\/www.droptheinfo.com\/es\/category\/entretenimiento\/\"><span>Entretenimiento<\/span><\/a><\/span>\t\t\t        \t\t\t\t\t<h3 class=\"h3 jl_fe_title jl_txt_2row\"><a href=\"https:\/\/www.droptheinfo.com\/es\/muere-hulk-hogan-a-los-71-anos-leyenda-indiscutible-de-la-lucha-libre\/\">Muere Hulk Hogan a los 71 a\u00f1os, leyenda indiscutible de la lucha libre<\/a><\/h3>\r\n\t\t\t\t\t\t\t\t\t\t<span class=\"jl_post_meta\"><span class=\"jl_author_img_w\"><span class=\"jl_aimg_in\"><img decoding=\"async\" src=\"https:\/\/www.droptheinfo.com\/es\/wp-content\/uploads\/2025\/01\/jhon-soto-musicmundialcom-150x150.jpg\" width=\"50\" height=\"50\" srcset=\"https:\/\/www.droptheinfo.com\/es\/wp-content\/uploads\/2025\/01\/jhon-soto-musicmundialcom-150x150.jpg 2x\" alt=\"Jhon Soto\" class=\"avatar avatar-50 wp-user-avatar wp-user-avatar-50 alignnone photo lazyload\" \/><\/span><a href=\"https:\/\/www.droptheinfo.com\/es\/author\/jhon-soto\/\" title=\"Entradas de Jhon Soto\" rel=\"author\">Jhon Soto<\/a><\/span><span class=\"post-date\">24 de julio de 2025<\/span><span class=\"jl_fot_share_i jl_share_l_bg jls_tooltip\"><i class=\"jli-share\"><\/i><span class=\"jls_tooltip_w jls_tooltip-top\"><span class=\"jls_tooltiptext\"><span class=\"jls_tooltip_in\">                <span class=\"jl_sli_in\">\r\n                    <span class=\"jl_sli_fb jl_shli\"><a class=\"jl_sshl\" href=\"http:\/\/www.facebook.com\/sharer.php?u=https%3A%2F%2Fwww.droptheinfo.com%2Fes%2Fmuere-hulk-hogan-a-los-71-anos-leyenda-indiscutible-de-la-lucha-libre%2F\" rel=\"nofollow\"><i class=\"jli-facebook\"><\/i><\/a><\/span>\r\n                    <span class=\"jl_sli_tw jl_shli\"><a class=\"jl_sshl\" href=\"https:\/\/twitter.com\/intent\/tweet?text=Muere%20Hulk%20Hogan%20a%20los%2071%20a%C3%B1os%2C%20leyenda%20indiscutible%20de%20la%20lucha%20libre&amp;url=https%3A%2F%2Fwww.droptheinfo.com%2Fes%2Fmuere-hulk-hogan-a-los-71-anos-leyenda-indiscutible-de-la-lucha-libre%2F\" rel=\"nofollow\"><i class=\"jli-x\"><\/i><\/a><\/span>\r\n                    <span class=\"jl_sli_pi jl_shli\"><a class=\"jl_sshl\" href=\"http:\/\/pinterest.com\/pin\/create\/bookmarklet\/?url=https%3A%2F%2Fwww.droptheinfo.com%2Fes%2Fmuere-hulk-hogan-a-los-71-anos-leyenda-indiscutible-de-la-lucha-libre%2F>&amp;media=https:\/\/www.droptheinfo.com\/es\/wp-content\/uploads\/2025\/07\/Muere-Hulk-Hogan-a-los-71-anos-leyenda-indiscutible-de-la-lucha-libre.jpg\" rel=\"nofollow\"><i class=\"jli-pinterest\"><\/i><\/a><\/span>\r\n                    <span class=\"jl_sli_din jl_shli\"><a class=\"jl_sshl\" href=\"http:\/\/www.linkedin.com\/shareArticle?url=https%3A%2F%2Fwww.droptheinfo.com%2Fes%2Fmuere-hulk-hogan-a-los-71-anos-leyenda-indiscutible-de-la-lucha-libre%2F\" rel=\"nofollow\"><i class=\"jli-linkedin\"><\/i><\/a><\/span>\r\n                    <span class=\"jl_sli_wapp jl_shli\"><a class=\"jl_sshl\" href=\"https:\/\/api.whatsapp.com\/send?text=https%3A%2F%2Fwww.droptheinfo.com%2Fes%2Fmuere-hulk-hogan-a-los-71-anos-leyenda-indiscutible-de-la-lucha-libre%2F\" data-action=\"share\/whatsapp\/share\" rel=\"nofollow\"><i class=\"jli-whatsapp\"><\/i><\/a><\/span>                                        \r\n                <\/span>            \r\n    <\/span><\/span><\/span><\/span><\/span>                \r\n\t\t\t        <a href=\"https:\/\/www.droptheinfo.com\/es\/muere-hulk-hogan-a-los-71-anos-leyenda-indiscutible-de-la-lucha-libre\/\" aria-label=\"Muere Hulk Hogan a los 71 a\u00f1os, leyenda indiscutible de la lucha libre\" class=\"jl_cap_ov\"><\/a>\r\n\t\t\t        <\/div>\r\n\t\t\t    <\/div>\r\n\t\t\t<\/div>\r\n\t<div class=\"jl_fli_con jl_p_fr10\"><div class=\"jl_fli_wrap\">\t\t\t<div class=\"jl_mmlist_layout jl_lisep\">\r\n\t\t\t\t<div class=\"jl_li_in\">\r\n\t\t\t    \t\t\t        <div class=\"jl_img_holder\">\r\n\t\t\t\t        <div class=\"jl_imgw jl_radus_e\">\r\n\t\t\t\t            <div class=\"jl_imgin\">\r\n\t\t\t\t\t\t\t<img loading=\"lazy\" decoding=\"async\" width=\"200\" height=\"129\" src=\"https:\/\/www.droptheinfo.com\/es\/wp-content\/uploads\/2025\/07\/Los-mercados-globales-se-disparan-tras-acuerdo-comercial-entre-EE.-UU.-y-Japon-20x13.jpg\" class=\"attachment-bopea_small size-bopea_small jl-lazyload lazyload wp-post-image\" alt=\"\" data-src=\"https:\/\/www.droptheinfo.com\/es\/wp-content\/uploads\/2025\/07\/Los-mercados-globales-se-disparan-tras-acuerdo-comercial-entre-EE.-UU.-y-Japon-200x129.jpg\" \/>\t\t\t\t            <\/div>\t\t\t\t            \r\n\t\t\t\t            <a class=\"jl_imgl\" aria-label=\"Los mercados globales se disparan tras acuerdo comercial entre EE. UU. y Jap\u00f3n\" href=\"https:\/\/www.droptheinfo.com\/es\/los-mercados-globales-se-disparan-tras-acuerdo-comercial-entre-ee-uu-y-japon\/\"><\/a>\r\n\t\t\t\t        <\/div> \r\n\t\t\t        <\/div> \r\n\t\t\t                                \r\n\t\t\t    <div class=\"jl_fe_text\">    \r\n\t\t\t\t\t\t\t\t\t<h3 class=\"h3 jl_fe_title jl_txt_2row\"><a href=\"https:\/\/www.droptheinfo.com\/es\/los-mercados-globales-se-disparan-tras-acuerdo-comercial-entre-ee-uu-y-japon\/\">Los mercados globales se disparan tras acuerdo comercial entre EE. UU. y Jap\u00f3n<\/a><\/h3>\r\n\t\t\t        \t\t\t\t\t<span class=\"jl_post_meta\"><span class=\"post-date\">23 de julio de 2025<\/span><span class=\"jl_fot_share_i jl_share_l_bg jls_tooltip\"><i class=\"jli-share\"><\/i><span class=\"jls_tooltip_w jls_tooltip-top\"><span class=\"jls_tooltiptext\"><span class=\"jls_tooltip_in\">                <span class=\"jl_sli_in\">\r\n                    <span class=\"jl_sli_fb jl_shli\"><a class=\"jl_sshl\" href=\"http:\/\/www.facebook.com\/sharer.php?u=https%3A%2F%2Fwww.droptheinfo.com%2Fes%2Flos-mercados-globales-se-disparan-tras-acuerdo-comercial-entre-ee-uu-y-japon%2F\" rel=\"nofollow\"><i class=\"jli-facebook\"><\/i><\/a><\/span>\r\n                    <span class=\"jl_sli_tw jl_shli\"><a class=\"jl_sshl\" href=\"https:\/\/twitter.com\/intent\/tweet?text=Los%20mercados%20globales%20se%20disparan%20tras%20acuerdo%20comercial%20entre%20EE.%20UU.%20y%20Jap%C3%B3n&amp;url=https%3A%2F%2Fwww.droptheinfo.com%2Fes%2Flos-mercados-globales-se-disparan-tras-acuerdo-comercial-entre-ee-uu-y-japon%2F\" rel=\"nofollow\"><i class=\"jli-x\"><\/i><\/a><\/span>\r\n                    <span class=\"jl_sli_pi jl_shli\"><a class=\"jl_sshl\" href=\"http:\/\/pinterest.com\/pin\/create\/bookmarklet\/?url=https%3A%2F%2Fwww.droptheinfo.com%2Fes%2Flos-mercados-globales-se-disparan-tras-acuerdo-comercial-entre-ee-uu-y-japon%2F>&amp;media=https:\/\/www.droptheinfo.com\/es\/wp-content\/uploads\/2025\/07\/Los-mercados-globales-se-disparan-tras-acuerdo-comercial-entre-EE.-UU.-y-Japon.jpg\" rel=\"nofollow\"><i class=\"jli-pinterest\"><\/i><\/a><\/span>\r\n                    <span class=\"jl_sli_din jl_shli\"><a class=\"jl_sshl\" href=\"http:\/\/www.linkedin.com\/shareArticle?url=https%3A%2F%2Fwww.droptheinfo.com%2Fes%2Flos-mercados-globales-se-disparan-tras-acuerdo-comercial-entre-ee-uu-y-japon%2F\" rel=\"nofollow\"><i class=\"jli-linkedin\"><\/i><\/a><\/span>\r\n                    <span class=\"jl_sli_wapp jl_shli\"><a class=\"jl_sshl\" href=\"https:\/\/api.whatsapp.com\/send?text=https%3A%2F%2Fwww.droptheinfo.com%2Fes%2Flos-mercados-globales-se-disparan-tras-acuerdo-comercial-entre-ee-uu-y-japon%2F\" data-action=\"share\/whatsapp\/share\" rel=\"nofollow\"><i class=\"jli-whatsapp\"><\/i><\/a><\/span>                                        \r\n                <\/span>            \r\n    <\/span><\/span><\/span><\/span><\/span>                \r\n\t\t\t    <\/div>\r\n\t\t\t<\/div>\r\n\t\t<\/div>\r\n\t\t\t\t<div class=\"jl_mmlist_layout jl_lisep\">\r\n\t\t\t\t<div class=\"jl_li_in\">\r\n\t\t\t    \t\t\t        <div class=\"jl_img_holder\">\r\n\t\t\t\t        <div class=\"jl_imgw jl_radus_e\">\r\n\t\t\t\t            <div class=\"jl_imgin\">\r\n\t\t\t\t\t\t\t<img loading=\"lazy\" decoding=\"async\" width=\"200\" height=\"129\" src=\"https:\/\/www.droptheinfo.com\/es\/wp-content\/uploads\/2025\/07\/Coca-Cola-cambiara-parte-de-su-formula-en-EE.-UU.-y-desata-controversia-politica-y-economica-20x13.jpg\" class=\"attachment-bopea_small size-bopea_small jl-lazyload lazyload wp-post-image\" alt=\"\" data-src=\"https:\/\/www.droptheinfo.com\/es\/wp-content\/uploads\/2025\/07\/Coca-Cola-cambiara-parte-de-su-formula-en-EE.-UU.-y-desata-controversia-politica-y-economica-200x129.jpg\" \/>\t\t\t\t            <\/div>\t\t\t\t            \r\n\t\t\t\t            <a class=\"jl_imgl\" aria-label=\"Coca-Cola cambiar\u00e1 parte de su f\u00f3rmula en EE. UU. y desata controversia pol\u00edtica y econ\u00f3mica\" href=\"https:\/\/www.droptheinfo.com\/es\/coca-cola-cambiara-parte-de-su-formula-en-ee-uu-y-desata-controversia-politica-y-economica\/\"><\/a>\r\n\t\t\t\t        <\/div> \r\n\t\t\t        <\/div> \r\n\t\t\t                                \r\n\t\t\t    <div class=\"jl_fe_text\">    \r\n\t\t\t\t\t\t\t\t\t<h3 class=\"h3 jl_fe_title jl_txt_2row\"><a href=\"https:\/\/www.droptheinfo.com\/es\/coca-cola-cambiara-parte-de-su-formula-en-ee-uu-y-desata-controversia-politica-y-economica\/\">Coca-Cola cambiar\u00e1 parte de su f\u00f3rmula en EE. UU. y desata controversia pol\u00edtica y econ\u00f3mica<\/a><\/h3>\r\n\t\t\t        \t\t\t\t\t<span class=\"jl_post_meta\"><span class=\"post-date\">22 de julio de 2025<\/span><span class=\"jl_fot_share_i jl_share_l_bg jls_tooltip\"><i class=\"jli-share\"><\/i><span class=\"jls_tooltip_w jls_tooltip-top\"><span class=\"jls_tooltiptext\"><span class=\"jls_tooltip_in\">                <span class=\"jl_sli_in\">\r\n                    <span class=\"jl_sli_fb jl_shli\"><a class=\"jl_sshl\" href=\"http:\/\/www.facebook.com\/sharer.php?u=https%3A%2F%2Fwww.droptheinfo.com%2Fes%2Fcoca-cola-cambiara-parte-de-su-formula-en-ee-uu-y-desata-controversia-politica-y-economica%2F\" rel=\"nofollow\"><i class=\"jli-facebook\"><\/i><\/a><\/span>\r\n                    <span class=\"jl_sli_tw jl_shli\"><a class=\"jl_sshl\" href=\"https:\/\/twitter.com\/intent\/tweet?text=Coca-Cola%20cambiar%C3%A1%20parte%20de%20su%20f%C3%B3rmula%20en%20EE.%20UU.%20y%20desata%20controversia%20pol%C3%ADtica%20y%20econ%C3%B3mica&amp;url=https%3A%2F%2Fwww.droptheinfo.com%2Fes%2Fcoca-cola-cambiara-parte-de-su-formula-en-ee-uu-y-desata-controversia-politica-y-economica%2F\" rel=\"nofollow\"><i class=\"jli-x\"><\/i><\/a><\/span>\r\n                    <span class=\"jl_sli_pi jl_shli\"><a class=\"jl_sshl\" href=\"http:\/\/pinterest.com\/pin\/create\/bookmarklet\/?url=https%3A%2F%2Fwww.droptheinfo.com%2Fes%2Fcoca-cola-cambiara-parte-de-su-formula-en-ee-uu-y-desata-controversia-politica-y-economica%2F>&amp;media=https:\/\/www.droptheinfo.com\/es\/wp-content\/uploads\/2025\/07\/Coca-Cola-cambiara-parte-de-su-formula-en-EE.-UU.-y-desata-controversia-politica-y-economica.jpg\" rel=\"nofollow\"><i class=\"jli-pinterest\"><\/i><\/a><\/span>\r\n                    <span class=\"jl_sli_din jl_shli\"><a class=\"jl_sshl\" href=\"http:\/\/www.linkedin.com\/shareArticle?url=https%3A%2F%2Fwww.droptheinfo.com%2Fes%2Fcoca-cola-cambiara-parte-de-su-formula-en-ee-uu-y-desata-controversia-politica-y-economica%2F\" rel=\"nofollow\"><i class=\"jli-linkedin\"><\/i><\/a><\/span>\r\n                    <span class=\"jl_sli_wapp jl_shli\"><a class=\"jl_sshl\" href=\"https:\/\/api.whatsapp.com\/send?text=https%3A%2F%2Fwww.droptheinfo.com%2Fes%2Fcoca-cola-cambiara-parte-de-su-formula-en-ee-uu-y-desata-controversia-politica-y-economica%2F\" data-action=\"share\/whatsapp\/share\" rel=\"nofollow\"><i class=\"jli-whatsapp\"><\/i><\/a><\/span>                                        \r\n                <\/span>            \r\n    <\/span><\/span><\/span><\/span><\/span>                \r\n\t\t\t    <\/div>\r\n\t\t\t<\/div>\r\n\t\t<\/div>\r\n\t\t\t\t<div class=\"jl_mmlist_layout jl_lisep\">\r\n\t\t\t\t<div class=\"jl_li_in\">\r\n\t\t\t    \t\t\t        <div class=\"jl_img_holder\">\r\n\t\t\t\t        <div class=\"jl_imgw jl_radus_e\">\r\n\t\t\t\t            <div class=\"jl_imgin\">\r\n\t\t\t\t\t\t\t<img loading=\"lazy\" decoding=\"async\" width=\"200\" height=\"129\" src=\"https:\/\/www.droptheinfo.com\/es\/wp-content\/uploads\/2025\/07\/Estados-Unidos-abandona-nuevamente-la-UNESCO-por-sesgo-contra-Israel-y-causas-divisivas-20x13.jpg\" class=\"attachment-bopea_small size-bopea_small jl-lazyload lazyload wp-post-image\" alt=\"\" data-src=\"https:\/\/www.droptheinfo.com\/es\/wp-content\/uploads\/2025\/07\/Estados-Unidos-abandona-nuevamente-la-UNESCO-por-sesgo-contra-Israel-y-causas-divisivas-200x129.jpg\" \/>\t\t\t\t            <\/div>\t\t\t\t            \r\n\t\t\t\t            <a class=\"jl_imgl\" aria-label=\"Estados Unidos abandona nuevamente la UNESCO por \u00absesgo contra Israel\u00bb y \u00abcausas divisivas\u00bb\" href=\"https:\/\/www.droptheinfo.com\/es\/estados-unidos-abandona-nuevamente-la-unesco-por-sesgo-contra-israel-y-causas-divisivas\/\"><\/a>\r\n\t\t\t\t        <\/div> \r\n\t\t\t        <\/div> \r\n\t\t\t                                \r\n\t\t\t    <div class=\"jl_fe_text\">    \r\n\t\t\t\t\t\t\t\t\t<h3 class=\"h3 jl_fe_title jl_txt_2row\"><a href=\"https:\/\/www.droptheinfo.com\/es\/estados-unidos-abandona-nuevamente-la-unesco-por-sesgo-contra-israel-y-causas-divisivas\/\">Estados Unidos abandona nuevamente la UNESCO por \u00absesgo contra Israel\u00bb y \u00abcausas divisivas\u00bb<\/a><\/h3>\r\n\t\t\t        \t\t\t\t\t<span class=\"jl_post_meta\"><span class=\"post-date\">22 de julio de 2025<\/span><span class=\"jl_fot_share_i jl_share_l_bg jls_tooltip\"><i class=\"jli-share\"><\/i><span class=\"jls_tooltip_w jls_tooltip-top\"><span class=\"jls_tooltiptext\"><span class=\"jls_tooltip_in\">                <span class=\"jl_sli_in\">\r\n                    <span class=\"jl_sli_fb jl_shli\"><a class=\"jl_sshl\" href=\"http:\/\/www.facebook.com\/sharer.php?u=https%3A%2F%2Fwww.droptheinfo.com%2Fes%2Festados-unidos-abandona-nuevamente-la-unesco-por-sesgo-contra-israel-y-causas-divisivas%2F\" rel=\"nofollow\"><i class=\"jli-facebook\"><\/i><\/a><\/span>\r\n                    <span class=\"jl_sli_tw jl_shli\"><a class=\"jl_sshl\" href=\"https:\/\/twitter.com\/intent\/tweet?text=Estados%20Unidos%20abandona%20nuevamente%20la%20UNESCO%20por%20%C2%ABsesgo%20contra%20Israel%C2%BB%20y%20%C2%ABcausas%20divisivas%C2%BB&amp;url=https%3A%2F%2Fwww.droptheinfo.com%2Fes%2Festados-unidos-abandona-nuevamente-la-unesco-por-sesgo-contra-israel-y-causas-divisivas%2F\" rel=\"nofollow\"><i class=\"jli-x\"><\/i><\/a><\/span>\r\n                    <span class=\"jl_sli_pi jl_shli\"><a class=\"jl_sshl\" href=\"http:\/\/pinterest.com\/pin\/create\/bookmarklet\/?url=https%3A%2F%2Fwww.droptheinfo.com%2Fes%2Festados-unidos-abandona-nuevamente-la-unesco-por-sesgo-contra-israel-y-causas-divisivas%2F>&amp;media=https:\/\/www.droptheinfo.com\/es\/wp-content\/uploads\/2025\/07\/Estados-Unidos-abandona-nuevamente-la-UNESCO-por-sesgo-contra-Israel-y-causas-divisivas.jpg\" rel=\"nofollow\"><i class=\"jli-pinterest\"><\/i><\/a><\/span>\r\n                    <span class=\"jl_sli_din jl_shli\"><a class=\"jl_sshl\" href=\"http:\/\/www.linkedin.com\/shareArticle?url=https%3A%2F%2Fwww.droptheinfo.com%2Fes%2Festados-unidos-abandona-nuevamente-la-unesco-por-sesgo-contra-israel-y-causas-divisivas%2F\" rel=\"nofollow\"><i class=\"jli-linkedin\"><\/i><\/a><\/span>\r\n                    <span class=\"jl_sli_wapp jl_shli\"><a class=\"jl_sshl\" href=\"https:\/\/api.whatsapp.com\/send?text=https%3A%2F%2Fwww.droptheinfo.com%2Fes%2Festados-unidos-abandona-nuevamente-la-unesco-por-sesgo-contra-israel-y-causas-divisivas%2F\" data-action=\"share\/whatsapp\/share\" rel=\"nofollow\"><i class=\"jli-whatsapp\"><\/i><\/a><\/span>                                        \r\n                <\/span>            \r\n    <\/span><\/span><\/span><\/span><\/span>                \r\n\t\t\t    <\/div>\r\n\t\t\t<\/div>\r\n\t\t<\/div>\r\n\t\t\t\t<div class=\"jl_mmlist_layout jl_lisep\">\r\n\t\t\t\t<div class=\"jl_li_in\">\r\n\t\t\t    \t\t\t        <div class=\"jl_img_holder\">\r\n\t\t\t\t        <div class=\"jl_imgw jl_radus_e\">\r\n\t\t\t\t            <div class=\"jl_imgin\">\r\n\t\t\t\t\t\t\t<img loading=\"lazy\" decoding=\"async\" width=\"200\" height=\"129\" src=\"https:\/\/www.droptheinfo.com\/es\/wp-content\/uploads\/2025\/07\/Denuncian-condiciones-inhumanas-en-centros-de-detencion-migratoria-en-el-sur-de-Florida-20x13.jpg\" class=\"attachment-bopea_small size-bopea_small jl-lazyload lazyload wp-post-image\" alt=\"\" data-src=\"https:\/\/www.droptheinfo.com\/es\/wp-content\/uploads\/2025\/07\/Denuncian-condiciones-inhumanas-en-centros-de-detencion-migratoria-en-el-sur-de-Florida-200x129.jpg\" \/>\t\t\t\t            <\/div>\t\t\t\t            \r\n\t\t\t\t            <a class=\"jl_imgl\" aria-label=\"Denuncian condiciones \u00abinhumanas\u00bb en centros de detenci\u00f3n migratoria en el sur de Florida\" href=\"https:\/\/www.droptheinfo.com\/es\/denuncian-condiciones-inhumanas-en-centros-de-detencion-migratoria-en-el-sur-de-florida\/\"><\/a>\r\n\t\t\t\t        <\/div> \r\n\t\t\t        <\/div> \r\n\t\t\t                                \r\n\t\t\t    <div class=\"jl_fe_text\">    \r\n\t\t\t\t\t\t\t\t\t<h3 class=\"h3 jl_fe_title jl_txt_2row\"><a href=\"https:\/\/www.droptheinfo.com\/es\/denuncian-condiciones-inhumanas-en-centros-de-detencion-migratoria-en-el-sur-de-florida\/\">Denuncian condiciones \u00abinhumanas\u00bb en centros de detenci\u00f3n migratoria en el sur de Florida<\/a><\/h3>\r\n\t\t\t        \t\t\t\t\t<span class=\"jl_post_meta\"><span class=\"post-date\">22 de julio de 2025<\/span><span class=\"jl_fot_share_i jl_share_l_bg jls_tooltip\"><i class=\"jli-share\"><\/i><span class=\"jls_tooltip_w jls_tooltip-top\"><span class=\"jls_tooltiptext\"><span class=\"jls_tooltip_in\">                <span class=\"jl_sli_in\">\r\n                    <span class=\"jl_sli_fb jl_shli\"><a class=\"jl_sshl\" href=\"http:\/\/www.facebook.com\/sharer.php?u=https%3A%2F%2Fwww.droptheinfo.com%2Fes%2Fdenuncian-condiciones-inhumanas-en-centros-de-detencion-migratoria-en-el-sur-de-florida%2F\" rel=\"nofollow\"><i class=\"jli-facebook\"><\/i><\/a><\/span>\r\n                    <span class=\"jl_sli_tw jl_shli\"><a class=\"jl_sshl\" href=\"https:\/\/twitter.com\/intent\/tweet?text=Denuncian%20condiciones%20%C2%ABinhumanas%C2%BB%20en%20centros%20de%20detenci%C3%B3n%20migratoria%20en%20el%20sur%20de%20Florida&amp;url=https%3A%2F%2Fwww.droptheinfo.com%2Fes%2Fdenuncian-condiciones-inhumanas-en-centros-de-detencion-migratoria-en-el-sur-de-florida%2F\" rel=\"nofollow\"><i class=\"jli-x\"><\/i><\/a><\/span>\r\n                    <span class=\"jl_sli_pi jl_shli\"><a class=\"jl_sshl\" href=\"http:\/\/pinterest.com\/pin\/create\/bookmarklet\/?url=https%3A%2F%2Fwww.droptheinfo.com%2Fes%2Fdenuncian-condiciones-inhumanas-en-centros-de-detencion-migratoria-en-el-sur-de-florida%2F>&amp;media=https:\/\/www.droptheinfo.com\/es\/wp-content\/uploads\/2025\/07\/Denuncian-condiciones-inhumanas-en-centros-de-detencion-migratoria-en-el-sur-de-Florida.jpg\" rel=\"nofollow\"><i class=\"jli-pinterest\"><\/i><\/a><\/span>\r\n                    <span class=\"jl_sli_din jl_shli\"><a class=\"jl_sshl\" href=\"http:\/\/www.linkedin.com\/shareArticle?url=https%3A%2F%2Fwww.droptheinfo.com%2Fes%2Fdenuncian-condiciones-inhumanas-en-centros-de-detencion-migratoria-en-el-sur-de-florida%2F\" rel=\"nofollow\"><i class=\"jli-linkedin\"><\/i><\/a><\/span>\r\n                    <span class=\"jl_sli_wapp jl_shli\"><a class=\"jl_sshl\" href=\"https:\/\/api.whatsapp.com\/send?text=https%3A%2F%2Fwww.droptheinfo.com%2Fes%2Fdenuncian-condiciones-inhumanas-en-centros-de-detencion-migratoria-en-el-sur-de-florida%2F\" data-action=\"share\/whatsapp\/share\" rel=\"nofollow\"><i class=\"jli-whatsapp\"><\/i><\/a><\/span>                                        \r\n                <\/span>            \r\n    <\/span><\/span><\/span><\/span><\/span>                \r\n\t\t\t    <\/div>\r\n\t\t\t<\/div>\r\n\t\t<\/div>\r\n\t\t\t\t<div class=\"jl_mmlist_layout jl_lisep\">\r\n\t\t\t\t<div class=\"jl_li_in\">\r\n\t\t\t    \t\t\t        <div class=\"jl_img_holder\">\r\n\t\t\t\t        <div class=\"jl_imgw jl_radus_e\">\r\n\t\t\t\t            <div class=\"jl_imgin\">\r\n\t\t\t\t\t\t\t<img loading=\"lazy\" decoding=\"async\" width=\"200\" height=\"129\" src=\"https:\/\/www.droptheinfo.com\/es\/wp-content\/uploads\/2025\/07\/Ford-retira-mas-de-694.000-vehiculos-Bronco-Sport-y-Escape-por-riesgo-de-incendio-20x13.jpg\" class=\"attachment-bopea_small size-bopea_small jl-lazyload lazyload wp-post-image\" alt=\"\" data-src=\"https:\/\/www.droptheinfo.com\/es\/wp-content\/uploads\/2025\/07\/Ford-retira-mas-de-694.000-vehiculos-Bronco-Sport-y-Escape-por-riesgo-de-incendio-200x129.jpg\" \/>\t\t\t\t            <\/div>\t\t\t\t            \r\n\t\t\t\t            <a class=\"jl_imgl\" aria-label=\"Ford retira m\u00e1s de 694.000 veh\u00edculos Bronco Sport y Escape por riesgo de incendio\" href=\"https:\/\/www.droptheinfo.com\/es\/ford-retira-mas-de-694-000-vehiculos-bronco-sport-y-escape-por-riesgo-de-incendio\/\"><\/a>\r\n\t\t\t\t        <\/div> \r\n\t\t\t        <\/div> \r\n\t\t\t                                \r\n\t\t\t    <div class=\"jl_fe_text\">    \r\n\t\t\t\t\t\t\t\t\t<h3 class=\"h3 jl_fe_title jl_txt_2row\"><a href=\"https:\/\/www.droptheinfo.com\/es\/ford-retira-mas-de-694-000-vehiculos-bronco-sport-y-escape-por-riesgo-de-incendio\/\">Ford retira m\u00e1s de 694.000 veh\u00edculos Bronco Sport y Escape por riesgo de incendio<\/a><\/h3>\r\n\t\t\t        \t\t\t\t\t<span class=\"jl_post_meta\"><span class=\"post-date\">21 de julio de 2025<\/span><span class=\"jl_fot_share_i jl_share_l_bg jls_tooltip\"><i class=\"jli-share\"><\/i><span class=\"jls_tooltip_w jls_tooltip-top\"><span class=\"jls_tooltiptext\"><span class=\"jls_tooltip_in\">                <span class=\"jl_sli_in\">\r\n                    <span class=\"jl_sli_fb jl_shli\"><a class=\"jl_sshl\" href=\"http:\/\/www.facebook.com\/sharer.php?u=https%3A%2F%2Fwww.droptheinfo.com%2Fes%2Fford-retira-mas-de-694-000-vehiculos-bronco-sport-y-escape-por-riesgo-de-incendio%2F\" rel=\"nofollow\"><i class=\"jli-facebook\"><\/i><\/a><\/span>\r\n                    <span class=\"jl_sli_tw jl_shli\"><a class=\"jl_sshl\" href=\"https:\/\/twitter.com\/intent\/tweet?text=Ford%20retira%20m%C3%A1s%20de%20694.000%20veh%C3%ADculos%20Bronco%20Sport%20y%20Escape%20por%20riesgo%20de%20incendio&amp;url=https%3A%2F%2Fwww.droptheinfo.com%2Fes%2Fford-retira-mas-de-694-000-vehiculos-bronco-sport-y-escape-por-riesgo-de-incendio%2F\" rel=\"nofollow\"><i class=\"jli-x\"><\/i><\/a><\/span>\r\n                    <span class=\"jl_sli_pi jl_shli\"><a class=\"jl_sshl\" href=\"http:\/\/pinterest.com\/pin\/create\/bookmarklet\/?url=https%3A%2F%2Fwww.droptheinfo.com%2Fes%2Fford-retira-mas-de-694-000-vehiculos-bronco-sport-y-escape-por-riesgo-de-incendio%2F>&amp;media=https:\/\/www.droptheinfo.com\/es\/wp-content\/uploads\/2025\/07\/Ford-retira-mas-de-694.000-vehiculos-Bronco-Sport-y-Escape-por-riesgo-de-incendio.jpg\" rel=\"nofollow\"><i class=\"jli-pinterest\"><\/i><\/a><\/span>\r\n                    <span class=\"jl_sli_din jl_shli\"><a class=\"jl_sshl\" href=\"http:\/\/www.linkedin.com\/shareArticle?url=https%3A%2F%2Fwww.droptheinfo.com%2Fes%2Fford-retira-mas-de-694-000-vehiculos-bronco-sport-y-escape-por-riesgo-de-incendio%2F\" rel=\"nofollow\"><i class=\"jli-linkedin\"><\/i><\/a><\/span>\r\n                    <span class=\"jl_sli_wapp jl_shli\"><a class=\"jl_sshl\" href=\"https:\/\/api.whatsapp.com\/send?text=https%3A%2F%2Fwww.droptheinfo.com%2Fes%2Fford-retira-mas-de-694-000-vehiculos-bronco-sport-y-escape-por-riesgo-de-incendio%2F\" data-action=\"share\/whatsapp\/share\" rel=\"nofollow\"><i class=\"jli-whatsapp\"><\/i><\/a><\/span>                                        \r\n                <\/span>            \r\n    <\/span><\/span><\/span><\/span><\/span>                \r\n\t\t\t    <\/div>\r\n\t\t\t<\/div>\r\n\t\t<\/div>\r\n\t<\/div><\/div>\t\t\t\r\n\t\t\t\t\t<\/div>\t\r\n\t\t\t\t<\/div>\r\n\t\t\t<\/div>\r\n\t\t<\/div>\t\t\t\r\n\t\t\t<\/div>\t\t\t\t<\/div>\n\t\t\t\t<\/div>\n\t\t\t\t\t<\/div>\n\t\t\t\t<\/div>\n\t\t<div class=\"elementor-element elementor-element-5febf764 e-flex e-con-boxed e-con e-parent\" data-id=\"5febf764\" data-element_type=\"container\" data-e-type=\"container\">\n\t\t\t\t\t<div class=\"e-con-inner\">\n\t\t\t\t<div class=\"elementor-element elementor-element-e2acafa elementor-widget elementor-widget-bopea-section-title\" data-id=\"e2acafa\" data-element_type=\"widget\" data-e-type=\"widget\" data-widget_type=\"bopea-section-title.default\">\n\t\t\t\t<div class=\"elementor-widget-container\">\n\t\t\t\t\t          <div class=\"jlcus_sec_title jl_sec_style12 jl_secf_title jl_secb_menu no\">\n            <div class=\"jlcus_sect_inner\">\n                                    <h2 class=\"jl-heading-text\">\n                                                <span class=\"jl_ttw\">Economia<\/span>                                          <\/h2>\n                                                      <p class=\"jl_sct_bt\">\n                        <a href=\"https:\/\/www.droptheinfo.com\/category\/economy\/\" class=\"jlopt-text-link\">                        <span class=\"jl_bt_inner\">\n                        <span>More<\/span>\n                        <i class=\"jli-carrow\"><\/i>                        <\/span>\n                        <\/a>                  <\/p>\n                              <\/div>                    \n                      <\/div>                    \n    \t\t\t\t<\/div>\n\t\t\t\t<\/div>\n\t\t\t\t<div class=\"elementor-element elementor-element-84e8cf6 elementor-widget elementor-widget-bopea-xsmall-list\" data-id=\"84e8cf6\" data-element_type=\"widget\" data-e-type=\"widget\" data-widget_type=\"bopea-xsmall-list.default\">\n\t\t\t\t<div class=\"elementor-widget-container\">\n\t\t\t\t\t\t\t<div class=\"jl_clear_at block-section jl-main-block jl_hide_cat jl_num_top jl_hide_line jl_hide_col_line\" data-blockid=\"blockid_84e8cf6\" data-section_style=\"jl_xsli\" data-post_type=\"post\" data-post_type_tax=\"none\" data-page_max=\"17\" data-page_current=\"1\" data-categories=\"130\" data-author=\"none\" data-order=\"date_post\" data-posts_per_page=\"9\" data-offset=\"9\" data-tabs_link=\"none\" >\r\n\t\t\t\t\t\t<div class=\"jl_grid_wrap_f jl_wrap_eb jl_xsgrid jl_clear_at\">\r\n\t\t\t\t<div class=\"jl-roww jl_contain jl_fli_wrap jl-col-row\">\t\t\t\t\t\r\n\t\t\t\t\t\t\t\t<div class=\"jl_mmlist_layout jl_lisep jl_risep jl_in_num jl_numl\">\r\n\t\t\t\t<div class=\"jl_li_in jl_nun_i\">\r\n\t\t\t\t<span class=\"jl_nun_d\"><\/span>\r\n\t\t\t    \t\t\t        <div class=\"jl_img_holder\">\r\n\t\t\t\t        <div class=\"jl_imgw jl_radus_e\">\r\n\t\t\t\t            <div class=\"jl_imgin\">\r\n\t\t\t\t\t\t\t<img loading=\"lazy\" decoding=\"async\" width=\"200\" height=\"129\" src=\"https:\/\/www.droptheinfo.com\/es\/wp-content\/uploads\/2025\/07\/Trump-amenaza-con-aranceles-a-paises-alineados-con-los-BRICS-tras-criticas-en-la-cumbre-de-Rio-20x13.jpg\" class=\"attachment-bopea_small size-bopea_small jl-lazyload lazyload wp-post-image\" alt=\"\" data-src=\"https:\/\/www.droptheinfo.com\/es\/wp-content\/uploads\/2025\/07\/Trump-amenaza-con-aranceles-a-paises-alineados-con-los-BRICS-tras-criticas-en-la-cumbre-de-Rio-200x129.jpg\" \/>\t\t\t\t            <\/div>\t\t\t\t            \t\t\t\t            \r\n\t\t\t\t            <a class=\"jl_imgl\" aria-label=\"Trump amenaza con aranceles a pa\u00edses alineados con los BRICS tras cr\u00edticas en la cumbre de R\u00edo\" href=\"https:\/\/www.droptheinfo.com\/es\/trump-amenaza-con-aranceles-a-paises-alineados-con-los-brics-tras-criticas-en-la-cumbre-de-rio\/\"><\/a>\r\n\t\t\t\t        <\/div> \r\n\t\t\t        <\/div>\r\n\t\t\t                                \r\n\t\t\t    <div class=\"jl_fe_text\">    \r\n\t\t\t\t<span class=\"jl_f_cat jl_lb1\"><a class=\"jl_cat_txt jl_cat130\" href=\"https:\/\/www.droptheinfo.com\/es\/category\/economia\/\"><span>Econom\u00eda<\/span><\/a><a class=\"jl_cat_txt jl_cat64\" href=\"https:\/\/www.droptheinfo.com\/es\/category\/politica\/\"><span>Pol\u00edtica<\/span><\/a><\/span>\t\t\t\t\t\t\t\t\t\t<h2 class=\"h3 jl_fe_title jl_txt_2row\"><a href=\"https:\/\/www.droptheinfo.com\/es\/trump-amenaza-con-aranceles-a-paises-alineados-con-los-brics-tras-criticas-en-la-cumbre-de-rio\/\">Trump amenaza con aranceles a pa\u00edses alineados con los BRICS tras cr\u00edticas en la cumbre de R\u00edo<\/a><\/h2>\t\t\t\r\n\t\t\t\t\t\t\t\t        <span class=\"jl_post_meta\"><span class=\"post-date\">7 de julio de 2025<\/span><span class=\"jl_fot_share_i jl_share_l_bg jls_tooltip\"><i class=\"jli-share\"><\/i><span class=\"jls_tooltip_w jls_tooltip-top\"><span class=\"jls_tooltiptext\"><span class=\"jls_tooltip_in\">                <span class=\"jl_sli_in\">\r\n                    <span class=\"jl_sli_fb jl_shli\"><a class=\"jl_sshl\" href=\"http:\/\/www.facebook.com\/sharer.php?u=https%3A%2F%2Fwww.droptheinfo.com%2Fes%2Ftrump-amenaza-con-aranceles-a-paises-alineados-con-los-brics-tras-criticas-en-la-cumbre-de-rio%2F\" rel=\"nofollow\"><i class=\"jli-facebook\"><\/i><\/a><\/span>\r\n                    <span class=\"jl_sli_tw jl_shli\"><a class=\"jl_sshl\" href=\"https:\/\/twitter.com\/intent\/tweet?text=Trump%20amenaza%20con%20aranceles%20a%20pa%C3%ADses%20alineados%20con%20los%20BRICS%20tras%20cr%C3%ADticas%20en%20la%20cumbre%20de%20R%C3%ADo&amp;url=https%3A%2F%2Fwww.droptheinfo.com%2Fes%2Ftrump-amenaza-con-aranceles-a-paises-alineados-con-los-brics-tras-criticas-en-la-cumbre-de-rio%2F\" rel=\"nofollow\"><i class=\"jli-x\"><\/i><\/a><\/span>\r\n                    <span class=\"jl_sli_pi jl_shli\"><a class=\"jl_sshl\" href=\"http:\/\/pinterest.com\/pin\/create\/bookmarklet\/?url=https%3A%2F%2Fwww.droptheinfo.com%2Fes%2Ftrump-amenaza-con-aranceles-a-paises-alineados-con-los-brics-tras-criticas-en-la-cumbre-de-rio%2F>&amp;media=https:\/\/www.droptheinfo.com\/es\/wp-content\/uploads\/2025\/07\/Trump-amenaza-con-aranceles-a-paises-alineados-con-los-BRICS-tras-criticas-en-la-cumbre-de-Rio.jpg\" rel=\"nofollow\"><i class=\"jli-pinterest\"><\/i><\/a><\/span>\r\n                    <span class=\"jl_sli_din jl_shli\"><a class=\"jl_sshl\" href=\"http:\/\/www.linkedin.com\/shareArticle?url=https%3A%2F%2Fwww.droptheinfo.com%2Fes%2Ftrump-amenaza-con-aranceles-a-paises-alineados-con-los-brics-tras-criticas-en-la-cumbre-de-rio%2F\" rel=\"nofollow\"><i class=\"jli-linkedin\"><\/i><\/a><\/span>\r\n                    <span class=\"jl_sli_wapp jl_shli\"><a class=\"jl_sshl\" href=\"https:\/\/api.whatsapp.com\/send?text=https%3A%2F%2Fwww.droptheinfo.com%2Fes%2Ftrump-amenaza-con-aranceles-a-paises-alineados-con-los-brics-tras-criticas-en-la-cumbre-de-rio%2F\" data-action=\"share\/whatsapp\/share\" rel=\"nofollow\"><i class=\"jli-whatsapp\"><\/i><\/a><\/span>                                        \r\n                <\/span>            \r\n    <\/span><\/span><\/span><\/span><\/span>                \r\n\t\t\t    <\/div>\r\n\t\t\t\t<\/div>\r\n\t\t\t<\/div>\r\n\t\t\t\t\t\t<div class=\"jl_mmlist_layout jl_lisep jl_risep jl_in_num jl_numl\">\r\n\t\t\t\t<div class=\"jl_li_in jl_nun_i\">\r\n\t\t\t\t<span class=\"jl_nun_d\"><\/span>\r\n\t\t\t    \t\t\t        <div class=\"jl_img_holder\">\r\n\t\t\t\t        <div class=\"jl_imgw jl_radus_e\">\r\n\t\t\t\t            <div class=\"jl_imgin\">\r\n\t\t\t\t\t\t\t<img loading=\"lazy\" decoding=\"async\" width=\"200\" height=\"129\" src=\"https:\/\/www.droptheinfo.com\/es\/wp-content\/uploads\/2025\/07\/OPEP-sacude-al-mercado-al-anunciar-un-aumento-inesperado-en-su-produccion-de-petroleo-20x13.jpg\" class=\"attachment-bopea_small size-bopea_small jl-lazyload lazyload wp-post-image\" alt=\"\" data-src=\"https:\/\/www.droptheinfo.com\/es\/wp-content\/uploads\/2025\/07\/OPEP-sacude-al-mercado-al-anunciar-un-aumento-inesperado-en-su-produccion-de-petroleo-200x129.jpg\" \/>\t\t\t\t            <\/div>\t\t\t\t            \t\t\t\t            \r\n\t\t\t\t            <a class=\"jl_imgl\" aria-label=\"OPEP+ sacude al mercado al anunciar un aumento inesperado en su producci\u00f3n de petr\u00f3leo\" href=\"https:\/\/www.droptheinfo.com\/es\/opep-sacude-al-mercado-al-anunciar-un-aumento-inesperado-en-su-produccion-de-petroleo\/\"><\/a>\r\n\t\t\t\t        <\/div> \r\n\t\t\t        <\/div>\r\n\t\t\t                                \r\n\t\t\t    <div class=\"jl_fe_text\">    \r\n\t\t\t\t<span class=\"jl_f_cat jl_lb1\"><a class=\"jl_cat_txt jl_cat130\" href=\"https:\/\/www.droptheinfo.com\/es\/category\/economia\/\"><span>Econom\u00eda<\/span><\/a><\/span>\t\t\t\t\t\t\t\t\t\t<h2 class=\"h3 jl_fe_title jl_txt_2row\"><a href=\"https:\/\/www.droptheinfo.com\/es\/opep-sacude-al-mercado-al-anunciar-un-aumento-inesperado-en-su-produccion-de-petroleo\/\">OPEP+ sacude al mercado al anunciar un aumento inesperado en su producci\u00f3n de petr\u00f3leo<\/a><\/h2>\t\t\t\r\n\t\t\t\t\t\t\t\t        <span class=\"jl_post_meta\"><span class=\"post-date\">5 de julio de 2025<\/span><span class=\"jl_fot_share_i jl_share_l_bg jls_tooltip\"><i class=\"jli-share\"><\/i><span class=\"jls_tooltip_w jls_tooltip-top\"><span class=\"jls_tooltiptext\"><span class=\"jls_tooltip_in\">                <span class=\"jl_sli_in\">\r\n                    <span class=\"jl_sli_fb jl_shli\"><a class=\"jl_sshl\" href=\"http:\/\/www.facebook.com\/sharer.php?u=https%3A%2F%2Fwww.droptheinfo.com%2Fes%2Fopep-sacude-al-mercado-al-anunciar-un-aumento-inesperado-en-su-produccion-de-petroleo%2F\" rel=\"nofollow\"><i class=\"jli-facebook\"><\/i><\/a><\/span>\r\n                    <span class=\"jl_sli_tw jl_shli\"><a class=\"jl_sshl\" href=\"https:\/\/twitter.com\/intent\/tweet?text=OPEP%2B%20sacude%20al%20mercado%20al%20anunciar%20un%20aumento%20inesperado%20en%20su%20producci%C3%B3n%20de%20petr%C3%B3leo&amp;url=https%3A%2F%2Fwww.droptheinfo.com%2Fes%2Fopep-sacude-al-mercado-al-anunciar-un-aumento-inesperado-en-su-produccion-de-petroleo%2F\" rel=\"nofollow\"><i class=\"jli-x\"><\/i><\/a><\/span>\r\n                    <span class=\"jl_sli_pi jl_shli\"><a class=\"jl_sshl\" href=\"http:\/\/pinterest.com\/pin\/create\/bookmarklet\/?url=https%3A%2F%2Fwww.droptheinfo.com%2Fes%2Fopep-sacude-al-mercado-al-anunciar-un-aumento-inesperado-en-su-produccion-de-petroleo%2F>&amp;media=https:\/\/www.droptheinfo.com\/es\/wp-content\/uploads\/2025\/07\/OPEP-sacude-al-mercado-al-anunciar-un-aumento-inesperado-en-su-produccion-de-petroleo.jpg\" rel=\"nofollow\"><i class=\"jli-pinterest\"><\/i><\/a><\/span>\r\n                    <span class=\"jl_sli_din jl_shli\"><a class=\"jl_sshl\" href=\"http:\/\/www.linkedin.com\/shareArticle?url=https%3A%2F%2Fwww.droptheinfo.com%2Fes%2Fopep-sacude-al-mercado-al-anunciar-un-aumento-inesperado-en-su-produccion-de-petroleo%2F\" rel=\"nofollow\"><i class=\"jli-linkedin\"><\/i><\/a><\/span>\r\n                    <span class=\"jl_sli_wapp jl_shli\"><a class=\"jl_sshl\" href=\"https:\/\/api.whatsapp.com\/send?text=https%3A%2F%2Fwww.droptheinfo.com%2Fes%2Fopep-sacude-al-mercado-al-anunciar-un-aumento-inesperado-en-su-produccion-de-petroleo%2F\" data-action=\"share\/whatsapp\/share\" rel=\"nofollow\"><i class=\"jli-whatsapp\"><\/i><\/a><\/span>                                        \r\n                <\/span>            \r\n    <\/span><\/span><\/span><\/span><\/span>                \r\n\t\t\t    <\/div>\r\n\t\t\t\t<\/div>\r\n\t\t\t<\/div>\r\n\t\t\t\t\t\t<div class=\"jl_mmlist_layout jl_lisep jl_risep jl_in_num jl_numl\">\r\n\t\t\t\t<div class=\"jl_li_in jl_nun_i\">\r\n\t\t\t\t<span class=\"jl_nun_d\"><\/span>\r\n\t\t\t    \t\t\t        <div class=\"jl_img_holder\">\r\n\t\t\t\t        <div class=\"jl_imgw jl_radus_e\">\r\n\t\t\t\t            <div class=\"jl_imgin\">\r\n\t\t\t\t\t\t\t<img loading=\"lazy\" decoding=\"async\" width=\"200\" height=\"129\" src=\"https:\/\/www.droptheinfo.com\/es\/wp-content\/uploads\/2025\/07\/UEFA-impone-fuertes-sanciones-a-Chelsea-y-Barcelona-por-incumplimientos-financieros-20x13.jpg\" class=\"attachment-bopea_small size-bopea_small jl-lazyload lazyload wp-post-image\" alt=\"\" data-src=\"https:\/\/www.droptheinfo.com\/es\/wp-content\/uploads\/2025\/07\/UEFA-impone-fuertes-sanciones-a-Chelsea-y-Barcelona-por-incumplimientos-financieros-200x129.jpg\" \/>\t\t\t\t            <\/div>\t\t\t\t            \t\t\t\t            \r\n\t\t\t\t            <a class=\"jl_imgl\" aria-label=\"UEFA impone fuertes sanciones a Chelsea y Barcelona por incumplimientos financieros\" href=\"https:\/\/www.droptheinfo.com\/es\/uefa-impone-fuertes-sanciones-a-chelsea-y-barcelona-por-incumplimientos-financieros\/\"><\/a>\r\n\t\t\t\t        <\/div> \r\n\t\t\t        <\/div>\r\n\t\t\t                                \r\n\t\t\t    <div class=\"jl_fe_text\">    \r\n\t\t\t\t<span class=\"jl_f_cat jl_lb1\"><a class=\"jl_cat_txt jl_cat1607\" href=\"https:\/\/www.droptheinfo.com\/es\/category\/deportes\/\"><span>Deportes<\/span><\/a><a class=\"jl_cat_txt jl_cat130\" href=\"https:\/\/www.droptheinfo.com\/es\/category\/economia\/\"><span>Econom\u00eda<\/span><\/a><\/span>\t\t\t\t\t\t\t\t\t\t<h2 class=\"h3 jl_fe_title jl_txt_2row\"><a href=\"https:\/\/www.droptheinfo.com\/es\/uefa-impone-fuertes-sanciones-a-chelsea-y-barcelona-por-incumplimientos-financieros\/\">UEFA impone fuertes sanciones a Chelsea y Barcelona por incumplimientos financieros<\/a><\/h2>\t\t\t\r\n\t\t\t\t\t\t\t\t        <span class=\"jl_post_meta\"><span class=\"post-date\">4 de julio de 2025<\/span><span class=\"jl_fot_share_i jl_share_l_bg jls_tooltip\"><i class=\"jli-share\"><\/i><span class=\"jls_tooltip_w jls_tooltip-top\"><span class=\"jls_tooltiptext\"><span class=\"jls_tooltip_in\">                <span class=\"jl_sli_in\">\r\n                    <span class=\"jl_sli_fb jl_shli\"><a class=\"jl_sshl\" href=\"http:\/\/www.facebook.com\/sharer.php?u=https%3A%2F%2Fwww.droptheinfo.com%2Fes%2Fuefa-impone-fuertes-sanciones-a-chelsea-y-barcelona-por-incumplimientos-financieros%2F\" rel=\"nofollow\"><i class=\"jli-facebook\"><\/i><\/a><\/span>\r\n                    <span class=\"jl_sli_tw jl_shli\"><a class=\"jl_sshl\" href=\"https:\/\/twitter.com\/intent\/tweet?text=UEFA%20impone%20fuertes%20sanciones%20a%20Chelsea%20y%20Barcelona%20por%20incumplimientos%20financieros&amp;url=https%3A%2F%2Fwww.droptheinfo.com%2Fes%2Fuefa-impone-fuertes-sanciones-a-chelsea-y-barcelona-por-incumplimientos-financieros%2F\" rel=\"nofollow\"><i class=\"jli-x\"><\/i><\/a><\/span>\r\n                    <span class=\"jl_sli_pi jl_shli\"><a class=\"jl_sshl\" href=\"http:\/\/pinterest.com\/pin\/create\/bookmarklet\/?url=https%3A%2F%2Fwww.droptheinfo.com%2Fes%2Fuefa-impone-fuertes-sanciones-a-chelsea-y-barcelona-por-incumplimientos-financieros%2F>&amp;media=https:\/\/www.droptheinfo.com\/es\/wp-content\/uploads\/2025\/07\/UEFA-impone-fuertes-sanciones-a-Chelsea-y-Barcelona-por-incumplimientos-financieros.jpg\" rel=\"nofollow\"><i class=\"jli-pinterest\"><\/i><\/a><\/span>\r\n                    <span class=\"jl_sli_din jl_shli\"><a class=\"jl_sshl\" href=\"http:\/\/www.linkedin.com\/shareArticle?url=https%3A%2F%2Fwww.droptheinfo.com%2Fes%2Fuefa-impone-fuertes-sanciones-a-chelsea-y-barcelona-por-incumplimientos-financieros%2F\" rel=\"nofollow\"><i class=\"jli-linkedin\"><\/i><\/a><\/span>\r\n                    <span class=\"jl_sli_wapp jl_shli\"><a class=\"jl_sshl\" href=\"https:\/\/api.whatsapp.com\/send?text=https%3A%2F%2Fwww.droptheinfo.com%2Fes%2Fuefa-impone-fuertes-sanciones-a-chelsea-y-barcelona-por-incumplimientos-financieros%2F\" data-action=\"share\/whatsapp\/share\" rel=\"nofollow\"><i class=\"jli-whatsapp\"><\/i><\/a><\/span>                                        \r\n                <\/span>            \r\n    <\/span><\/span><\/span><\/span><\/span>                \r\n\t\t\t    <\/div>\r\n\t\t\t\t<\/div>\r\n\t\t\t<\/div>\r\n\t\t\t\t\t\t<div class=\"jl_mmlist_layout jl_lisep jl_risep jl_in_num jl_numl\">\r\n\t\t\t\t<div class=\"jl_li_in jl_nun_i\">\r\n\t\t\t\t<span class=\"jl_nun_d\"><\/span>\r\n\t\t\t    \t\t\t        <div class=\"jl_img_holder\">\r\n\t\t\t\t        <div class=\"jl_imgw jl_radus_e\">\r\n\t\t\t\t            <div class=\"jl_imgin\">\r\n\t\t\t\t\t\t\t<img loading=\"lazy\" decoding=\"async\" width=\"200\" height=\"129\" src=\"https:\/\/www.droptheinfo.com\/es\/wp-content\/uploads\/2025\/07\/Polonia-refuerza-su-defensa-cerro-acuerdo-con-Hyundai-Rotem-por-nuevo-lote-de-tanques-K2-20x13.jpg\" class=\"attachment-bopea_small size-bopea_small jl-lazyload lazyload wp-post-image\" alt=\"\" data-src=\"https:\/\/www.droptheinfo.com\/es\/wp-content\/uploads\/2025\/07\/Polonia-refuerza-su-defensa-cerro-acuerdo-con-Hyundai-Rotem-por-nuevo-lote-de-tanques-K2-200x129.jpg\" \/>\t\t\t\t            <\/div>\t\t\t\t            \t\t\t\t            \r\n\t\t\t\t            <a class=\"jl_imgl\" aria-label=\"Polonia refuerza su defensa: cerr\u00f3 acuerdo con Hyundai Rotem por nuevo lote de tanques K2\" href=\"https:\/\/www.droptheinfo.com\/es\/polonia-refuerza-su-defensa-cerro-acuerdo-con-hyundai-rotem-por-nuevo-lote-de-tanques-k2\/\"><\/a>\r\n\t\t\t\t        <\/div> \r\n\t\t\t        <\/div>\r\n\t\t\t                                \r\n\t\t\t    <div class=\"jl_fe_text\">    \r\n\t\t\t\t<span class=\"jl_f_cat jl_lb1\"><a class=\"jl_cat_txt jl_cat130\" href=\"https:\/\/www.droptheinfo.com\/es\/category\/economia\/\"><span>Econom\u00eda<\/span><\/a><a class=\"jl_cat_txt jl_cat64\" href=\"https:\/\/www.droptheinfo.com\/es\/category\/politica\/\"><span>Pol\u00edtica<\/span><\/a><\/span>\t\t\t\t\t\t\t\t\t\t<h2 class=\"h3 jl_fe_title jl_txt_2row\"><a href=\"https:\/\/www.droptheinfo.com\/es\/polonia-refuerza-su-defensa-cerro-acuerdo-con-hyundai-rotem-por-nuevo-lote-de-tanques-k2\/\">Polonia refuerza su defensa: cerr\u00f3 acuerdo con Hyundai Rotem por nuevo lote de tanques K2<\/a><\/h2>\t\t\t\r\n\t\t\t\t\t\t\t\t        <span class=\"jl_post_meta\"><span class=\"post-date\">2 de julio de 2025<\/span><span class=\"jl_fot_share_i jl_share_l_bg jls_tooltip\"><i class=\"jli-share\"><\/i><span class=\"jls_tooltip_w jls_tooltip-top\"><span class=\"jls_tooltiptext\"><span class=\"jls_tooltip_in\">                <span class=\"jl_sli_in\">\r\n                    <span class=\"jl_sli_fb jl_shli\"><a class=\"jl_sshl\" href=\"http:\/\/www.facebook.com\/sharer.php?u=https%3A%2F%2Fwww.droptheinfo.com%2Fes%2Fpolonia-refuerza-su-defensa-cerro-acuerdo-con-hyundai-rotem-por-nuevo-lote-de-tanques-k2%2F\" rel=\"nofollow\"><i class=\"jli-facebook\"><\/i><\/a><\/span>\r\n                    <span class=\"jl_sli_tw jl_shli\"><a class=\"jl_sshl\" href=\"https:\/\/twitter.com\/intent\/tweet?text=Polonia%20refuerza%20su%20defensa%3A%20cerr%C3%B3%20acuerdo%20con%20Hyundai%20Rotem%20por%20nuevo%20lote%20de%20tanques%20K2&amp;url=https%3A%2F%2Fwww.droptheinfo.com%2Fes%2Fpolonia-refuerza-su-defensa-cerro-acuerdo-con-hyundai-rotem-por-nuevo-lote-de-tanques-k2%2F\" rel=\"nofollow\"><i class=\"jli-x\"><\/i><\/a><\/span>\r\n                    <span class=\"jl_sli_pi jl_shli\"><a class=\"jl_sshl\" href=\"http:\/\/pinterest.com\/pin\/create\/bookmarklet\/?url=https%3A%2F%2Fwww.droptheinfo.com%2Fes%2Fpolonia-refuerza-su-defensa-cerro-acuerdo-con-hyundai-rotem-por-nuevo-lote-de-tanques-k2%2F>&amp;media=https:\/\/www.droptheinfo.com\/es\/wp-content\/uploads\/2025\/07\/Polonia-refuerza-su-defensa-cerro-acuerdo-con-Hyundai-Rotem-por-nuevo-lote-de-tanques-K2.jpg\" rel=\"nofollow\"><i class=\"jli-pinterest\"><\/i><\/a><\/span>\r\n                    <span class=\"jl_sli_din jl_shli\"><a class=\"jl_sshl\" href=\"http:\/\/www.linkedin.com\/shareArticle?url=https%3A%2F%2Fwww.droptheinfo.com%2Fes%2Fpolonia-refuerza-su-defensa-cerro-acuerdo-con-hyundai-rotem-por-nuevo-lote-de-tanques-k2%2F\" rel=\"nofollow\"><i class=\"jli-linkedin\"><\/i><\/a><\/span>\r\n                    <span class=\"jl_sli_wapp jl_shli\"><a class=\"jl_sshl\" href=\"https:\/\/api.whatsapp.com\/send?text=https%3A%2F%2Fwww.droptheinfo.com%2Fes%2Fpolonia-refuerza-su-defensa-cerro-acuerdo-con-hyundai-rotem-por-nuevo-lote-de-tanques-k2%2F\" data-action=\"share\/whatsapp\/share\" rel=\"nofollow\"><i class=\"jli-whatsapp\"><\/i><\/a><\/span>                                        \r\n                <\/span>            \r\n    <\/span><\/span><\/span><\/span><\/span>                \r\n\t\t\t    <\/div>\r\n\t\t\t\t<\/div>\r\n\t\t\t<\/div>\r\n\t\t\t\t\t\t<div class=\"jl_mmlist_layout jl_lisep jl_risep jl_in_num jl_numl\">\r\n\t\t\t\t<div class=\"jl_li_in jl_nun_i\">\r\n\t\t\t\t<span class=\"jl_nun_d\"><\/span>\r\n\t\t\t    \t\t\t        <div class=\"jl_img_holder\">\r\n\t\t\t\t        <div class=\"jl_imgw jl_radus_e\">\r\n\t\t\t\t            <div class=\"jl_imgin\">\r\n\t\t\t\t\t\t\t<img loading=\"lazy\" decoding=\"async\" width=\"200\" height=\"129\" src=\"https:\/\/www.droptheinfo.com\/es\/wp-content\/uploads\/2025\/07\/Amazon-advierte-que-la-IA-reducira-su-fuerza-laboral-en-los-proximos-anos-20x13.jpg\" class=\"attachment-bopea_small size-bopea_small jl-lazyload lazyload wp-post-image\" alt=\"\" data-src=\"https:\/\/www.droptheinfo.com\/es\/wp-content\/uploads\/2025\/07\/Amazon-advierte-que-la-IA-reducira-su-fuerza-laboral-en-los-proximos-anos-200x129.jpg\" \/>\t\t\t\t            <\/div>\t\t\t\t            \t\t\t\t            \r\n\t\t\t\t            <a class=\"jl_imgl\" aria-label=\"Amazon advierte que la IA reducir\u00e1 su fuerza laboral en los pr\u00f3ximos a\u00f1os\" href=\"https:\/\/www.droptheinfo.com\/es\/amazon-advierte-que-la-ia-reducira-su-fuerza-laboral-en-los-proximos-anos\/\"><\/a>\r\n\t\t\t\t        <\/div> \r\n\t\t\t        <\/div>\r\n\t\t\t                                \r\n\t\t\t    <div class=\"jl_fe_text\">    \r\n\t\t\t\t<span class=\"jl_f_cat jl_lb1\"><a class=\"jl_cat_txt jl_cat130\" href=\"https:\/\/www.droptheinfo.com\/es\/category\/economia\/\"><span>Econom\u00eda<\/span><\/a><a class=\"jl_cat_txt jl_cat374\" href=\"https:\/\/www.droptheinfo.com\/es\/category\/inteligencia-artificial\/\"><span>Inteligencia Artificial<\/span><\/a><a class=\"jl_cat_txt jl_cat57\" href=\"https:\/\/www.droptheinfo.com\/es\/category\/tecnologia\/\"><span>Tecnolog\u00eda<\/span><\/a><\/span>\t\t\t\t\t\t\t\t\t\t<h2 class=\"h3 jl_fe_title jl_txt_2row\"><a href=\"https:\/\/www.droptheinfo.com\/es\/amazon-advierte-que-la-ia-reducira-su-fuerza-laboral-en-los-proximos-anos\/\">Amazon advierte que la IA reducir\u00e1 su fuerza laboral en los pr\u00f3ximos a\u00f1os<\/a><\/h2>\t\t\t\r\n\t\t\t\t\t\t\t\t        <span class=\"jl_post_meta\"><span class=\"post-date\">2 de julio de 2025<\/span><span class=\"jl_fot_share_i jl_share_l_bg jls_tooltip\"><i class=\"jli-share\"><\/i><span class=\"jls_tooltip_w jls_tooltip-top\"><span class=\"jls_tooltiptext\"><span class=\"jls_tooltip_in\">                <span class=\"jl_sli_in\">\r\n                    <span class=\"jl_sli_fb jl_shli\"><a class=\"jl_sshl\" href=\"http:\/\/www.facebook.com\/sharer.php?u=https%3A%2F%2Fwww.droptheinfo.com%2Fes%2Famazon-advierte-que-la-ia-reducira-su-fuerza-laboral-en-los-proximos-anos%2F\" rel=\"nofollow\"><i class=\"jli-facebook\"><\/i><\/a><\/span>\r\n                    <span class=\"jl_sli_tw jl_shli\"><a class=\"jl_sshl\" href=\"https:\/\/twitter.com\/intent\/tweet?text=Amazon%20advierte%20que%20la%20IA%20reducir%C3%A1%20su%20fuerza%20laboral%20en%20los%20pr%C3%B3ximos%20a%C3%B1os&amp;url=https%3A%2F%2Fwww.droptheinfo.com%2Fes%2Famazon-advierte-que-la-ia-reducira-su-fuerza-laboral-en-los-proximos-anos%2F\" rel=\"nofollow\"><i class=\"jli-x\"><\/i><\/a><\/span>\r\n                    <span class=\"jl_sli_pi jl_shli\"><a class=\"jl_sshl\" href=\"http:\/\/pinterest.com\/pin\/create\/bookmarklet\/?url=https%3A%2F%2Fwww.droptheinfo.com%2Fes%2Famazon-advierte-que-la-ia-reducira-su-fuerza-laboral-en-los-proximos-anos%2F>&amp;media=https:\/\/www.droptheinfo.com\/es\/wp-content\/uploads\/2025\/07\/Amazon-advierte-que-la-IA-reducira-su-fuerza-laboral-en-los-proximos-anos.jpg\" rel=\"nofollow\"><i class=\"jli-pinterest\"><\/i><\/a><\/span>\r\n                    <span class=\"jl_sli_din jl_shli\"><a class=\"jl_sshl\" href=\"http:\/\/www.linkedin.com\/shareArticle?url=https%3A%2F%2Fwww.droptheinfo.com%2Fes%2Famazon-advierte-que-la-ia-reducira-su-fuerza-laboral-en-los-proximos-anos%2F\" rel=\"nofollow\"><i class=\"jli-linkedin\"><\/i><\/a><\/span>\r\n                    <span class=\"jl_sli_wapp jl_shli\"><a class=\"jl_sshl\" href=\"https:\/\/api.whatsapp.com\/send?text=https%3A%2F%2Fwww.droptheinfo.com%2Fes%2Famazon-advierte-que-la-ia-reducira-su-fuerza-laboral-en-los-proximos-anos%2F\" data-action=\"share\/whatsapp\/share\" rel=\"nofollow\"><i class=\"jli-whatsapp\"><\/i><\/a><\/span>                                        \r\n                <\/span>            \r\n    <\/span><\/span><\/span><\/span><\/span>                \r\n\t\t\t    <\/div>\r\n\t\t\t\t<\/div>\r\n\t\t\t<\/div>\r\n\t\t\t\t\t\t<div class=\"jl_mmlist_layout jl_lisep jl_risep jl_in_num jl_numl\">\r\n\t\t\t\t<div class=\"jl_li_in jl_nun_i\">\r\n\t\t\t\t<span class=\"jl_nun_d\"><\/span>\r\n\t\t\t    \t\t\t        <div class=\"jl_img_holder\">\r\n\t\t\t\t        <div class=\"jl_imgw jl_radus_e\">\r\n\t\t\t\t            <div class=\"jl_imgin\">\r\n\t\t\t\t\t\t\t<img loading=\"lazy\" decoding=\"async\" width=\"200\" height=\"129\" src=\"https:\/\/www.droptheinfo.com\/es\/wp-content\/uploads\/2025\/07\/Marco-Rubio-celebra-el-cierre-de-USAID-mientras-expertos-advierten-sobre-millones-de-muertes-evitables-20x13.jpg\" class=\"attachment-bopea_small size-bopea_small jl-lazyload lazyload wp-post-image\" alt=\"\" data-src=\"https:\/\/www.droptheinfo.com\/es\/wp-content\/uploads\/2025\/07\/Marco-Rubio-celebra-el-cierre-de-USAID-mientras-expertos-advierten-sobre-millones-de-muertes-evitables-200x129.jpg\" \/>\t\t\t\t            <\/div>\t\t\t\t            \t\t\t\t            \r\n\t\t\t\t            <a class=\"jl_imgl\" aria-label=\"Marco Rubio celebra el cierre de USAID, mientras expertos advierten sobre millones de muertes evitables\" href=\"https:\/\/www.droptheinfo.com\/es\/marco-rubio-celebra-el-cierre-de-usaid-mientras-expertos-advierten-sobre-millones-de-muertes-evitables\/\"><\/a>\r\n\t\t\t\t        <\/div> \r\n\t\t\t        <\/div>\r\n\t\t\t                                \r\n\t\t\t    <div class=\"jl_fe_text\">    \r\n\t\t\t\t<span class=\"jl_f_cat jl_lb1\"><a class=\"jl_cat_txt jl_cat130\" href=\"https:\/\/www.droptheinfo.com\/es\/category\/economia\/\"><span>Econom\u00eda<\/span><\/a><a class=\"jl_cat_txt jl_cat64\" href=\"https:\/\/www.droptheinfo.com\/es\/category\/politica\/\"><span>Pol\u00edtica<\/span><\/a><\/span>\t\t\t\t\t\t\t\t\t\t<h2 class=\"h3 jl_fe_title jl_txt_2row\"><a href=\"https:\/\/www.droptheinfo.com\/es\/marco-rubio-celebra-el-cierre-de-usaid-mientras-expertos-advierten-sobre-millones-de-muertes-evitables\/\">Marco Rubio celebra el cierre de USAID, mientras expertos advierten sobre millones de muertes evitables<\/a><\/h2>\t\t\t\r\n\t\t\t\t\t\t\t\t        <span class=\"jl_post_meta\"><span class=\"post-date\">1 de julio de 2025<\/span><span class=\"jl_fot_share_i jl_share_l_bg jls_tooltip\"><i class=\"jli-share\"><\/i><span class=\"jls_tooltip_w jls_tooltip-top\"><span class=\"jls_tooltiptext\"><span class=\"jls_tooltip_in\">                <span class=\"jl_sli_in\">\r\n                    <span class=\"jl_sli_fb jl_shli\"><a class=\"jl_sshl\" href=\"http:\/\/www.facebook.com\/sharer.php?u=https%3A%2F%2Fwww.droptheinfo.com%2Fes%2Fmarco-rubio-celebra-el-cierre-de-usaid-mientras-expertos-advierten-sobre-millones-de-muertes-evitables%2F\" rel=\"nofollow\"><i class=\"jli-facebook\"><\/i><\/a><\/span>\r\n                    <span class=\"jl_sli_tw jl_shli\"><a class=\"jl_sshl\" href=\"https:\/\/twitter.com\/intent\/tweet?text=Marco%20Rubio%20celebra%20el%20cierre%20de%20USAID%2C%20mientras%20expertos%20advierten%20sobre%20millones%20de%20muertes%20evitables&amp;url=https%3A%2F%2Fwww.droptheinfo.com%2Fes%2Fmarco-rubio-celebra-el-cierre-de-usaid-mientras-expertos-advierten-sobre-millones-de-muertes-evitables%2F\" rel=\"nofollow\"><i class=\"jli-x\"><\/i><\/a><\/span>\r\n                    <span class=\"jl_sli_pi jl_shli\"><a class=\"jl_sshl\" href=\"http:\/\/pinterest.com\/pin\/create\/bookmarklet\/?url=https%3A%2F%2Fwww.droptheinfo.com%2Fes%2Fmarco-rubio-celebra-el-cierre-de-usaid-mientras-expertos-advierten-sobre-millones-de-muertes-evitables%2F>&amp;media=https:\/\/www.droptheinfo.com\/es\/wp-content\/uploads\/2025\/07\/Marco-Rubio-celebra-el-cierre-de-USAID-mientras-expertos-advierten-sobre-millones-de-muertes-evitables.jpg\" rel=\"nofollow\"><i class=\"jli-pinterest\"><\/i><\/a><\/span>\r\n                    <span class=\"jl_sli_din jl_shli\"><a class=\"jl_sshl\" href=\"http:\/\/www.linkedin.com\/shareArticle?url=https%3A%2F%2Fwww.droptheinfo.com%2Fes%2Fmarco-rubio-celebra-el-cierre-de-usaid-mientras-expertos-advierten-sobre-millones-de-muertes-evitables%2F\" rel=\"nofollow\"><i class=\"jli-linkedin\"><\/i><\/a><\/span>\r\n                    <span class=\"jl_sli_wapp jl_shli\"><a class=\"jl_sshl\" href=\"https:\/\/api.whatsapp.com\/send?text=https%3A%2F%2Fwww.droptheinfo.com%2Fes%2Fmarco-rubio-celebra-el-cierre-de-usaid-mientras-expertos-advierten-sobre-millones-de-muertes-evitables%2F\" data-action=\"share\/whatsapp\/share\" rel=\"nofollow\"><i class=\"jli-whatsapp\"><\/i><\/a><\/span>                                        \r\n                <\/span>            \r\n    <\/span><\/span><\/span><\/span><\/span>                \r\n\t\t\t    <\/div>\r\n\t\t\t\t<\/div>\r\n\t\t\t<\/div>\r\n\t\t\t\t\t\t<div class=\"jl_mmlist_layout jl_lisep jl_risep jl_in_num jl_numl\">\r\n\t\t\t\t<div class=\"jl_li_in jl_nun_i\">\r\n\t\t\t\t<span class=\"jl_nun_d\"><\/span>\r\n\t\t\t    \t\t\t        <div class=\"jl_img_holder\">\r\n\t\t\t\t        <div class=\"jl_imgw jl_radus_e\">\r\n\t\t\t\t            <div class=\"jl_imgin\">\r\n\t\t\t\t\t\t\t<img loading=\"lazy\" decoding=\"async\" width=\"200\" height=\"129\" src=\"https:\/\/www.droptheinfo.com\/es\/wp-content\/uploads\/2025\/07\/Trump-arremete-contra-Elon-Musk-y-amenaza-con-cortar-subsidios-acciones-de-Tesla-se-desploman-20x13.jpg\" class=\"attachment-bopea_small size-bopea_small jl-lazyload lazyload wp-post-image\" alt=\"\" data-src=\"https:\/\/www.droptheinfo.com\/es\/wp-content\/uploads\/2025\/07\/Trump-arremete-contra-Elon-Musk-y-amenaza-con-cortar-subsidios-acciones-de-Tesla-se-desploman-200x129.jpg\" \/>\t\t\t\t            <\/div>\t\t\t\t            \t\t\t\t            \r\n\t\t\t\t            <a class=\"jl_imgl\" aria-label=\"Trump arremete contra Elon Musk y amenaza con cortar subsidios: acciones de Tesla se desploman\" href=\"https:\/\/www.droptheinfo.com\/es\/trump-arremete-contra-elon-musk-y-amenaza-con-cortar-subsidios-acciones-de-tesla-se-desploman\/\"><\/a>\r\n\t\t\t\t        <\/div> \r\n\t\t\t        <\/div>\r\n\t\t\t                                \r\n\t\t\t    <div class=\"jl_fe_text\">    \r\n\t\t\t\t<span class=\"jl_f_cat jl_lb1\"><a class=\"jl_cat_txt jl_cat130\" href=\"https:\/\/www.droptheinfo.com\/es\/category\/economia\/\"><span>Econom\u00eda<\/span><\/a><a class=\"jl_cat_txt jl_cat64\" href=\"https:\/\/www.droptheinfo.com\/es\/category\/politica\/\"><span>Pol\u00edtica<\/span><\/a><\/span>\t\t\t\t\t\t\t\t\t\t<h2 class=\"h3 jl_fe_title jl_txt_2row\"><a href=\"https:\/\/www.droptheinfo.com\/es\/trump-arremete-contra-elon-musk-y-amenaza-con-cortar-subsidios-acciones-de-tesla-se-desploman\/\">Trump arremete contra Elon Musk y amenaza con cortar subsidios: acciones de Tesla se desploman<\/a><\/h2>\t\t\t\r\n\t\t\t\t\t\t\t\t        <span class=\"jl_post_meta\"><span class=\"post-date\">1 de julio de 2025<\/span><span class=\"jl_fot_share_i jl_share_l_bg jls_tooltip\"><i class=\"jli-share\"><\/i><span class=\"jls_tooltip_w jls_tooltip-top\"><span class=\"jls_tooltiptext\"><span class=\"jls_tooltip_in\">                <span class=\"jl_sli_in\">\r\n                    <span class=\"jl_sli_fb jl_shli\"><a class=\"jl_sshl\" href=\"http:\/\/www.facebook.com\/sharer.php?u=https%3A%2F%2Fwww.droptheinfo.com%2Fes%2Ftrump-arremete-contra-elon-musk-y-amenaza-con-cortar-subsidios-acciones-de-tesla-se-desploman%2F\" rel=\"nofollow\"><i class=\"jli-facebook\"><\/i><\/a><\/span>\r\n                    <span class=\"jl_sli_tw jl_shli\"><a class=\"jl_sshl\" href=\"https:\/\/twitter.com\/intent\/tweet?text=Trump%20arremete%20contra%20Elon%20Musk%20y%20amenaza%20con%20cortar%20subsidios%3A%20acciones%20de%20Tesla%20se%20desploman&amp;url=https%3A%2F%2Fwww.droptheinfo.com%2Fes%2Ftrump-arremete-contra-elon-musk-y-amenaza-con-cortar-subsidios-acciones-de-tesla-se-desploman%2F\" rel=\"nofollow\"><i class=\"jli-x\"><\/i><\/a><\/span>\r\n                    <span class=\"jl_sli_pi jl_shli\"><a class=\"jl_sshl\" href=\"http:\/\/pinterest.com\/pin\/create\/bookmarklet\/?url=https%3A%2F%2Fwww.droptheinfo.com%2Fes%2Ftrump-arremete-contra-elon-musk-y-amenaza-con-cortar-subsidios-acciones-de-tesla-se-desploman%2F>&amp;media=https:\/\/www.droptheinfo.com\/es\/wp-content\/uploads\/2025\/07\/Trump-arremete-contra-Elon-Musk-y-amenaza-con-cortar-subsidios-acciones-de-Tesla-se-desploman.jpg\" rel=\"nofollow\"><i class=\"jli-pinterest\"><\/i><\/a><\/span>\r\n                    <span class=\"jl_sli_din jl_shli\"><a class=\"jl_sshl\" href=\"http:\/\/www.linkedin.com\/shareArticle?url=https%3A%2F%2Fwww.droptheinfo.com%2Fes%2Ftrump-arremete-contra-elon-musk-y-amenaza-con-cortar-subsidios-acciones-de-tesla-se-desploman%2F\" rel=\"nofollow\"><i class=\"jli-linkedin\"><\/i><\/a><\/span>\r\n                    <span class=\"jl_sli_wapp jl_shli\"><a class=\"jl_sshl\" href=\"https:\/\/api.whatsapp.com\/send?text=https%3A%2F%2Fwww.droptheinfo.com%2Fes%2Ftrump-arremete-contra-elon-musk-y-amenaza-con-cortar-subsidios-acciones-de-tesla-se-desploman%2F\" data-action=\"share\/whatsapp\/share\" rel=\"nofollow\"><i class=\"jli-whatsapp\"><\/i><\/a><\/span>                                        \r\n                <\/span>            \r\n    <\/span><\/span><\/span><\/span><\/span>                \r\n\t\t\t    <\/div>\r\n\t\t\t\t<\/div>\r\n\t\t\t<\/div>\r\n\t\t\t\t\t\t<div class=\"jl_mmlist_layout jl_lisep jl_risep jl_in_num jl_numl\">\r\n\t\t\t\t<div class=\"jl_li_in jl_nun_i\">\r\n\t\t\t\t<span class=\"jl_nun_d\"><\/span>\r\n\t\t\t    \t\t\t        <div class=\"jl_img_holder\">\r\n\t\t\t\t        <div class=\"jl_imgw jl_radus_e\">\r\n\t\t\t\t            <div class=\"jl_imgin\">\r\n\t\t\t\t\t\t\t<img loading=\"lazy\" decoding=\"async\" width=\"200\" height=\"129\" src=\"https:\/\/www.droptheinfo.com\/es\/wp-content\/uploads\/2025\/06\/La-manufactura-china-sigue-en-retroceso-por-tercer-mes-consecutivo-y-evidencia-debilidad-estructural-20x13.jpg\" class=\"attachment-bopea_small size-bopea_small jl-lazyload lazyload wp-post-image\" alt=\"\" data-src=\"https:\/\/www.droptheinfo.com\/es\/wp-content\/uploads\/2025\/06\/La-manufactura-china-sigue-en-retroceso-por-tercer-mes-consecutivo-y-evidencia-debilidad-estructural-200x129.jpg\" \/>\t\t\t\t            <\/div>\t\t\t\t            \t\t\t\t            \r\n\t\t\t\t            <a class=\"jl_imgl\" aria-label=\"La manufactura china sigue en retroceso por tercer mes consecutivo y evidencia debilidad estructural\" href=\"https:\/\/www.droptheinfo.com\/es\/la-manufactura-china-sigue-en-retroceso-por-tercer-mes-consecutivo-y-evidencia-debilidad-estructural\/\"><\/a>\r\n\t\t\t\t        <\/div> \r\n\t\t\t        <\/div>\r\n\t\t\t                                \r\n\t\t\t    <div class=\"jl_fe_text\">    \r\n\t\t\t\t<span class=\"jl_f_cat jl_lb1\"><a class=\"jl_cat_txt jl_cat130\" href=\"https:\/\/www.droptheinfo.com\/es\/category\/economia\/\"><span>Econom\u00eda<\/span><\/a><a class=\"jl_cat_txt jl_cat64\" href=\"https:\/\/www.droptheinfo.com\/es\/category\/politica\/\"><span>Pol\u00edtica<\/span><\/a><\/span>\t\t\t\t\t\t\t\t\t\t<h2 class=\"h3 jl_fe_title jl_txt_2row\"><a href=\"https:\/\/www.droptheinfo.com\/es\/la-manufactura-china-sigue-en-retroceso-por-tercer-mes-consecutivo-y-evidencia-debilidad-estructural\/\">La manufactura china sigue en retroceso por tercer mes consecutivo y evidencia debilidad estructural<\/a><\/h2>\t\t\t\r\n\t\t\t\t\t\t\t\t        <span class=\"jl_post_meta\"><span class=\"post-date\">30 de junio de 2025<\/span><span class=\"jl_fot_share_i jl_share_l_bg jls_tooltip\"><i class=\"jli-share\"><\/i><span class=\"jls_tooltip_w jls_tooltip-top\"><span class=\"jls_tooltiptext\"><span class=\"jls_tooltip_in\">                <span class=\"jl_sli_in\">\r\n                    <span class=\"jl_sli_fb jl_shli\"><a class=\"jl_sshl\" href=\"http:\/\/www.facebook.com\/sharer.php?u=https%3A%2F%2Fwww.droptheinfo.com%2Fes%2Fla-manufactura-china-sigue-en-retroceso-por-tercer-mes-consecutivo-y-evidencia-debilidad-estructural%2F\" rel=\"nofollow\"><i class=\"jli-facebook\"><\/i><\/a><\/span>\r\n                    <span class=\"jl_sli_tw jl_shli\"><a class=\"jl_sshl\" href=\"https:\/\/twitter.com\/intent\/tweet?text=La%20manufactura%20china%20sigue%20en%20retroceso%20por%20tercer%20mes%20consecutivo%20y%20evidencia%20debilidad%20estructural&amp;url=https%3A%2F%2Fwww.droptheinfo.com%2Fes%2Fla-manufactura-china-sigue-en-retroceso-por-tercer-mes-consecutivo-y-evidencia-debilidad-estructural%2F\" rel=\"nofollow\"><i class=\"jli-x\"><\/i><\/a><\/span>\r\n                    <span class=\"jl_sli_pi jl_shli\"><a class=\"jl_sshl\" href=\"http:\/\/pinterest.com\/pin\/create\/bookmarklet\/?url=https%3A%2F%2Fwww.droptheinfo.com%2Fes%2Fla-manufactura-china-sigue-en-retroceso-por-tercer-mes-consecutivo-y-evidencia-debilidad-estructural%2F>&amp;media=https:\/\/www.droptheinfo.com\/es\/wp-content\/uploads\/2025\/06\/La-manufactura-china-sigue-en-retroceso-por-tercer-mes-consecutivo-y-evidencia-debilidad-estructural.jpg\" rel=\"nofollow\"><i class=\"jli-pinterest\"><\/i><\/a><\/span>\r\n                    <span class=\"jl_sli_din jl_shli\"><a class=\"jl_sshl\" href=\"http:\/\/www.linkedin.com\/shareArticle?url=https%3A%2F%2Fwww.droptheinfo.com%2Fes%2Fla-manufactura-china-sigue-en-retroceso-por-tercer-mes-consecutivo-y-evidencia-debilidad-estructural%2F\" rel=\"nofollow\"><i class=\"jli-linkedin\"><\/i><\/a><\/span>\r\n                    <span class=\"jl_sli_wapp jl_shli\"><a class=\"jl_sshl\" href=\"https:\/\/api.whatsapp.com\/send?text=https%3A%2F%2Fwww.droptheinfo.com%2Fes%2Fla-manufactura-china-sigue-en-retroceso-por-tercer-mes-consecutivo-y-evidencia-debilidad-estructural%2F\" data-action=\"share\/whatsapp\/share\" rel=\"nofollow\"><i class=\"jli-whatsapp\"><\/i><\/a><\/span>                                        \r\n                <\/span>            \r\n    <\/span><\/span><\/span><\/span><\/span>                \r\n\t\t\t    <\/div>\r\n\t\t\t\t<\/div>\r\n\t\t\t<\/div>\r\n\t\t\t\t\t\t<div class=\"jl_mmlist_layout jl_lisep jl_risep jl_in_num jl_numl\">\r\n\t\t\t\t<div class=\"jl_li_in jl_nun_i\">\r\n\t\t\t\t<span class=\"jl_nun_d\"><\/span>\r\n\t\t\t    \t\t\t        <div class=\"jl_img_holder\">\r\n\t\t\t\t        <div class=\"jl_imgw jl_radus_e\">\r\n\t\t\t\t            <div class=\"jl_imgin\">\r\n\t\t\t\t\t\t\t<img loading=\"lazy\" decoding=\"async\" width=\"200\" height=\"129\" src=\"https:\/\/www.droptheinfo.com\/es\/wp-content\/uploads\/2025\/06\/Putin-admite-elevado-gasto-militar-y-abre-la-puerta-a-una-posible-reduccion-20x13.jpg\" class=\"attachment-bopea_small size-bopea_small jl-lazyload lazyload wp-post-image\" alt=\"\" data-src=\"https:\/\/www.droptheinfo.com\/es\/wp-content\/uploads\/2025\/06\/Putin-admite-elevado-gasto-militar-y-abre-la-puerta-a-una-posible-reduccion-200x129.jpg\" \/>\t\t\t\t            <\/div>\t\t\t\t            \t\t\t\t            \r\n\t\t\t\t            <a class=\"jl_imgl\" aria-label=\"Putin admite elevado gasto militar y abre la puerta a una posible reducci\u00f3n\" href=\"https:\/\/www.droptheinfo.com\/es\/putin-admite-elevado-gasto-militar-y-abre-la-puerta-a-una-posible-reduccion\/\"><\/a>\r\n\t\t\t\t        <\/div> \r\n\t\t\t        <\/div>\r\n\t\t\t                                \r\n\t\t\t    <div class=\"jl_fe_text\">    \r\n\t\t\t\t<span class=\"jl_f_cat jl_lb1\"><a class=\"jl_cat_txt jl_cat130\" href=\"https:\/\/www.droptheinfo.com\/es\/category\/economia\/\"><span>Econom\u00eda<\/span><\/a><a class=\"jl_cat_txt jl_cat64\" href=\"https:\/\/www.droptheinfo.com\/es\/category\/politica\/\"><span>Pol\u00edtica<\/span><\/a><\/span>\t\t\t\t\t\t\t\t\t\t<h2 class=\"h3 jl_fe_title jl_txt_2row\"><a href=\"https:\/\/www.droptheinfo.com\/es\/putin-admite-elevado-gasto-militar-y-abre-la-puerta-a-una-posible-reduccion\/\">Putin admite elevado gasto militar y abre la puerta a una posible reducci\u00f3n<\/a><\/h2>\t\t\t\r\n\t\t\t\t\t\t\t\t        <span class=\"jl_post_meta\"><span class=\"post-date\">27 de junio de 2025<\/span><span class=\"jl_fot_share_i jl_share_l_bg jls_tooltip\"><i class=\"jli-share\"><\/i><span class=\"jls_tooltip_w jls_tooltip-top\"><span class=\"jls_tooltiptext\"><span class=\"jls_tooltip_in\">                <span class=\"jl_sli_in\">\r\n                    <span class=\"jl_sli_fb jl_shli\"><a class=\"jl_sshl\" href=\"http:\/\/www.facebook.com\/sharer.php?u=https%3A%2F%2Fwww.droptheinfo.com%2Fes%2Fputin-admite-elevado-gasto-militar-y-abre-la-puerta-a-una-posible-reduccion%2F\" rel=\"nofollow\"><i class=\"jli-facebook\"><\/i><\/a><\/span>\r\n                    <span class=\"jl_sli_tw jl_shli\"><a class=\"jl_sshl\" href=\"https:\/\/twitter.com\/intent\/tweet?text=Putin%20admite%20elevado%20gasto%20militar%20y%20abre%20la%20puerta%20a%20una%20posible%20reducci%C3%B3n&amp;url=https%3A%2F%2Fwww.droptheinfo.com%2Fes%2Fputin-admite-elevado-gasto-militar-y-abre-la-puerta-a-una-posible-reduccion%2F\" rel=\"nofollow\"><i class=\"jli-x\"><\/i><\/a><\/span>\r\n                    <span class=\"jl_sli_pi jl_shli\"><a class=\"jl_sshl\" href=\"http:\/\/pinterest.com\/pin\/create\/bookmarklet\/?url=https%3A%2F%2Fwww.droptheinfo.com%2Fes%2Fputin-admite-elevado-gasto-militar-y-abre-la-puerta-a-una-posible-reduccion%2F>&amp;media=https:\/\/www.droptheinfo.com\/es\/wp-content\/uploads\/2025\/06\/Putin-admite-elevado-gasto-militar-y-abre-la-puerta-a-una-posible-reduccion.jpg\" rel=\"nofollow\"><i class=\"jli-pinterest\"><\/i><\/a><\/span>\r\n                    <span class=\"jl_sli_din jl_shli\"><a class=\"jl_sshl\" href=\"http:\/\/www.linkedin.com\/shareArticle?url=https%3A%2F%2Fwww.droptheinfo.com%2Fes%2Fputin-admite-elevado-gasto-militar-y-abre-la-puerta-a-una-posible-reduccion%2F\" rel=\"nofollow\"><i class=\"jli-linkedin\"><\/i><\/a><\/span>\r\n                    <span class=\"jl_sli_wapp jl_shli\"><a class=\"jl_sshl\" href=\"https:\/\/api.whatsapp.com\/send?text=https%3A%2F%2Fwww.droptheinfo.com%2Fes%2Fputin-admite-elevado-gasto-militar-y-abre-la-puerta-a-una-posible-reduccion%2F\" data-action=\"share\/whatsapp\/share\" rel=\"nofollow\"><i class=\"jli-whatsapp\"><\/i><\/a><\/span>                                        \r\n                <\/span>            \r\n    <\/span><\/span><\/span><\/span><\/span>                \r\n\t\t\t    <\/div>\r\n\t\t\t\t<\/div>\r\n\t\t\t<\/div>\r\n\t\t\t\t\t\t\t<\/div>\t\t\t\t\r\n\t\t\t\t\t        <div class=\"jl_el_nav_w jl_nxpre\">\r\n           <div class=\"pagination-wrap pagination-nextprev clearfix\">\r\n               <a href=\"#\" class=\"jl-foot-nav jl-block-link jl-prev-nav jl_disable\" aria-label=\"prev\" data-type=\"prev\"><i class=\"jli-left-chevron\"><\/i><\/a>\r\n               <a href=\"#\" class=\"jl-foot-nav jl-block-link jl-next-nav\" aria-label=\"next\" data-type=\"next\"><i class=\"jli-right-chevron\"><\/i><\/a>\r\n           <\/div>\r\n        <\/div>\r\n    \t\t\t\t\t\r\n\t\t\t<\/div>\t\t\r\n\t\t<\/div>\t\t\t\t<\/div>\n\t\t\t\t<\/div>\n\t\t\t\t<div class=\"elementor-element elementor-element-415509e elementor-widget elementor-widget-bopea-section-title\" data-id=\"415509e\" data-element_type=\"widget\" data-e-type=\"widget\" data-widget_type=\"bopea-section-title.default\">\n\t\t\t\t<div class=\"elementor-widget-container\">\n\t\t\t\t\t          <div class=\"jlcus_sec_title jl_sec_style12 jl_secf_title jl_secb_menu no\">\n            <div class=\"jlcus_sect_inner\">\n                                    <h2 class=\"jl-heading-text\">\n                                                <span class=\"jl_ttw\">Airlines<\/span>                                          <\/h2>\n                                                      <p class=\"jl_sct_bt\">\n                        <a href=\"https:\/\/www.droptheinfo.com\/category\/airlines\/\" class=\"jlopt-text-link\">                        <span class=\"jl_bt_inner\">\n                        <span>More<\/span>\n                        <i class=\"jli-carrow\"><\/i>                        <\/span>\n                        <\/a>                  <\/p>\n                              <\/div>                    \n                      <\/div>                    \n    \t\t\t\t<\/div>\n\t\t\t\t<\/div>\n\t\t\t\t<div class=\"elementor-element elementor-element-65ac2f4 elementor-widget elementor-widget-bopea-feature-layout13\" data-id=\"65ac2f4\" data-element_type=\"widget\" data-e-type=\"widget\" data-widget_type=\"bopea-feature-layout13.default\">\n\t\t\t\t<div class=\"elementor-widget-container\">\n\t\t\t\t\t\t\t<div id=\"blockid_65ac2f4\" class=\"block-section jl-main-block jl_hide_cat jl_hide_author jl_hide_col_line\" >\r\n\t\t\t\t<div class=\"jl_mb_wrap_f jl_clear_at\">\r\n\t\t\t<div class=\"jl-roww jl_contain jl-col-row\">\r\n\t\t\t\t<div class=\"jl_fr13_wrap\">\r\n\t\t\t\t\t<div class=\"jl_fr13_inner\">\r\n\t\t\t\t\t\t\t\t<div class=\"jl_p_fr13 jl_m_fr13 \">\r\n\t\t\t<div class=\"jl_m_fr13_inner jl_frsha\">\r\n\t\t\t    \t\t\t        <div class=\"jl_imgw jl_radus_e\">\r\n\t\t\t            <div class=\"jl_imgin\">\r\n\t\t\t                \t<img loading=\"lazy\" decoding=\"async\" width=\"1100\" height=\"712\" src=\"https:\/\/www.droptheinfo.com\/es\/wp-content\/uploads\/2025\/07\/Tragedia-aerea-en-Rusia-48-muertos-tras-estrellarse-avion-en-region-remota-del-Lejano-Oriente-20x13.jpg\" class=\"attachment-bopea_medium size-bopea_medium jl-lazyload lazyload wp-post-image\" alt=\"\" data-src=\"https:\/\/www.droptheinfo.com\/es\/wp-content\/uploads\/2025\/07\/Tragedia-aerea-en-Rusia-48-muertos-tras-estrellarse-avion-en-region-remota-del-Lejano-Oriente-1100x712.jpg\" \/>\t\t\t            <\/div>\r\n\t\t\t            \t\t\t            \t\t\t            <a class=\"jl_imgl\" aria-label=\"Tragedia a\u00e9rea en Rusia: 48 muertos tras estrellarse avi\u00f3n en regi\u00f3n remota del Lejano Oriente\" href=\"https:\/\/www.droptheinfo.com\/es\/tragedia-aerea-en-rusia-48-muertos-tras-estrellarse-avion-en-region-remota-del-lejano-oriente\/\"><\/a>\r\n\t\t\t\t\t\t\t\t\t        <\/div> \r\n\t\t\t                                \r\n\t\t\t    <div class=\"jl_fe_text\">    \r\n\t\t\t        <span class=\"jl_f_cat jl_lb1\"><a class=\"jl_cat_txt jl_cat270\" href=\"https:\/\/www.droptheinfo.com\/es\/category\/accidente\/\"><span>Accidente<\/span><\/a><a class=\"jl_cat_txt jl_cat453\" href=\"https:\/\/www.droptheinfo.com\/es\/category\/aerolineas\/\"><span>Aerol\u00edneas<\/span><\/a><\/span>\t\t\t        \t\t\t\t\t<h2 class=\"h2 jl_fe_title jl_txt_2row\"><a href=\"https:\/\/www.droptheinfo.com\/es\/tragedia-aerea-en-rusia-48-muertos-tras-estrellarse-avion-en-region-remota-del-lejano-oriente\/\">Tragedia a\u00e9rea en Rusia: 48 muertos tras estrellarse avi\u00f3n en regi\u00f3n remota del Lejano Oriente<\/a><\/h2>\r\n\t\t\t\t\t\t\t\t\t\t<p class=\"jl_fe_des\">Cuarenta y ocho personas murieron tras el accidente de un avi\u00f3n en una zona remota del Lejano Oriente ruso, seg\u00fan confirm\u00f3 este jueves el gobernador de la regi\u00f3n de Amur,... <\/p>\r\n\t\t\t        <span class=\"jl_post_meta\"><span class=\"jl_author_img_w\"><span class=\"jl_aimg_in\"><img decoding=\"async\" src=\"https:\/\/www.droptheinfo.com\/es\/wp-content\/uploads\/2025\/01\/jhon-soto-musicmundialcom-150x150.jpg\" width=\"50\" height=\"50\" srcset=\"https:\/\/www.droptheinfo.com\/es\/wp-content\/uploads\/2025\/01\/jhon-soto-musicmundialcom-150x150.jpg 2x\" alt=\"Jhon Soto\" class=\"avatar avatar-50 wp-user-avatar wp-user-avatar-50 alignnone photo lazyload\" \/><\/span><a href=\"https:\/\/www.droptheinfo.com\/es\/author\/jhon-soto\/\" title=\"Entradas de Jhon Soto\" rel=\"author\">Jhon Soto<\/a><\/span><span class=\"post-date\">24 de julio de 2025<\/span><span class=\"jl_fot_share_i jl_share_l_bg jls_tooltip\"><i class=\"jli-share\"><\/i><span class=\"jls_tooltip_w jls_tooltip-top\"><span class=\"jls_tooltiptext\"><span class=\"jls_tooltip_in\">                <span class=\"jl_sli_in\">\r\n                    <span class=\"jl_sli_fb jl_shli\"><a class=\"jl_sshl\" href=\"http:\/\/www.facebook.com\/sharer.php?u=https%3A%2F%2Fwww.droptheinfo.com%2Fes%2Ftragedia-aerea-en-rusia-48-muertos-tras-estrellarse-avion-en-region-remota-del-lejano-oriente%2F\" rel=\"nofollow\"><i class=\"jli-facebook\"><\/i><\/a><\/span>\r\n                    <span class=\"jl_sli_tw jl_shli\"><a class=\"jl_sshl\" href=\"https:\/\/twitter.com\/intent\/tweet?text=Tragedia%20a%C3%A9rea%20en%20Rusia%3A%2048%20muertos%20tras%20estrellarse%20avi%C3%B3n%20en%20regi%C3%B3n%20remota%20del%20Lejano%20Oriente&amp;url=https%3A%2F%2Fwww.droptheinfo.com%2Fes%2Ftragedia-aerea-en-rusia-48-muertos-tras-estrellarse-avion-en-region-remota-del-lejano-oriente%2F\" rel=\"nofollow\"><i class=\"jli-x\"><\/i><\/a><\/span>\r\n                    <span class=\"jl_sli_pi jl_shli\"><a class=\"jl_sshl\" href=\"http:\/\/pinterest.com\/pin\/create\/bookmarklet\/?url=https%3A%2F%2Fwww.droptheinfo.com%2Fes%2Ftragedia-aerea-en-rusia-48-muertos-tras-estrellarse-avion-en-region-remota-del-lejano-oriente%2F>&amp;media=https:\/\/www.droptheinfo.com\/es\/wp-content\/uploads\/2025\/07\/Tragedia-aerea-en-Rusia-48-muertos-tras-estrellarse-avion-en-region-remota-del-Lejano-Oriente.jpg\" rel=\"nofollow\"><i class=\"jli-pinterest\"><\/i><\/a><\/span>\r\n                    <span class=\"jl_sli_din jl_shli\"><a class=\"jl_sshl\" href=\"http:\/\/www.linkedin.com\/shareArticle?url=https%3A%2F%2Fwww.droptheinfo.com%2Fes%2Ftragedia-aerea-en-rusia-48-muertos-tras-estrellarse-avion-en-region-remota-del-lejano-oriente%2F\" rel=\"nofollow\"><i class=\"jli-linkedin\"><\/i><\/a><\/span>\r\n                    <span class=\"jl_sli_wapp jl_shli\"><a class=\"jl_sshl\" href=\"https:\/\/api.whatsapp.com\/send?text=https%3A%2F%2Fwww.droptheinfo.com%2Fes%2Ftragedia-aerea-en-rusia-48-muertos-tras-estrellarse-avion-en-region-remota-del-lejano-oriente%2F\" data-action=\"share\/whatsapp\/share\" rel=\"nofollow\"><i class=\"jli-whatsapp\"><\/i><\/a><\/span>                                        \r\n                <\/span>            \r\n    <\/span><\/span><\/span><\/span><\/span>                \r\n\t\t\t    <\/div>\r\n\t\t\t<\/div>\r\n\t\t<\/div>\r\n\t\t\t<div class=\"jl_p_fr13 jl_cgrid_layout \">\r\n\t\t\t<div class=\"jl_p_fr13_inner jl_frsha jl_sm_mt\">\r\n\t\t\t    \t\t\t        <div class=\"jl_imgw jl_radus_e\">\r\n\t\t\t            <div class=\"jl_imgin\">\r\n\t\t\t                \t<img loading=\"lazy\" decoding=\"async\" width=\"680\" height=\"440\" src=\"https:\/\/www.droptheinfo.com\/es\/wp-content\/uploads\/2025\/07\/Tragedia-aerea-en-Daca-al-menos-19-muertos-tras-la-caida-de-un-avion-militar-sobre-una-escuela-20x13.jpg\" class=\"attachment-bopea_layouts size-bopea_layouts jl-lazyload lazyload wp-post-image\" alt=\"\" data-src=\"https:\/\/www.droptheinfo.com\/es\/wp-content\/uploads\/2025\/07\/Tragedia-aerea-en-Daca-al-menos-19-muertos-tras-la-caida-de-un-avion-militar-sobre-una-escuela-680x440.jpg\" \/>\t\t\t            <\/div>\r\n\t\t\t            \t\t\t            \t\t\t            <a class=\"jl_imgl\" aria-label=\"Tragedia a\u00e9rea en Daca: al menos 19 muertos tras la ca\u00edda de un avi\u00f3n militar sobre una escuela\" href=\"https:\/\/www.droptheinfo.com\/es\/tragedia-aerea-en-daca-al-menos-19-muertos-tras-la-caida-de-un-avion-militar-sobre-una-escuela\/\"><\/a>\r\n\t\t\t\t\t\t\t\t\t        <\/div> \r\n\t\t\t                                \r\n\t\t\t    <div class=\"jl_fe_text\">    \r\n\t\t\t        <span class=\"jl_f_cat jl_lb1\"><a class=\"jl_cat_txt jl_cat270\" href=\"https:\/\/www.droptheinfo.com\/es\/category\/accidente\/\"><span>Accidente<\/span><\/a><a class=\"jl_cat_txt jl_cat453\" href=\"https:\/\/www.droptheinfo.com\/es\/category\/aerolineas\/\"><span>Aerol\u00edneas<\/span><\/a><\/span>\t\t\t        \t\t\t\t\t<h3 class=\"h3 jl_fe_title jl_txt_2row\"><a href=\"https:\/\/www.droptheinfo.com\/es\/tragedia-aerea-en-daca-al-menos-19-muertos-tras-la-caida-de-un-avion-militar-sobre-una-escuela\/\">Tragedia a\u00e9rea en Daca: al menos 19 muertos tras la ca\u00edda de un avi\u00f3n militar sobre una escuela<\/a><\/h3>\r\n\t\t\t\t\t\t\t\t\t\t<span class=\"jl_post_meta\"><span class=\"jl_author_img_w\"><span class=\"jl_aimg_in\"><img decoding=\"async\" src=\"https:\/\/www.droptheinfo.com\/es\/wp-content\/uploads\/2025\/01\/jhon-soto-musicmundialcom-150x150.jpg\" width=\"50\" height=\"50\" srcset=\"https:\/\/www.droptheinfo.com\/es\/wp-content\/uploads\/2025\/01\/jhon-soto-musicmundialcom-150x150.jpg 2x\" alt=\"Jhon Soto\" class=\"avatar avatar-50 wp-user-avatar wp-user-avatar-50 alignnone photo lazyload\" \/><\/span><a href=\"https:\/\/www.droptheinfo.com\/es\/author\/jhon-soto\/\" title=\"Entradas de Jhon Soto\" rel=\"author\">Jhon Soto<\/a><\/span><span class=\"post-date\">21 de julio de 2025<\/span><span class=\"jl_fot_share_i jl_share_l_bg jls_tooltip\"><i class=\"jli-share\"><\/i><span class=\"jls_tooltip_w jls_tooltip-top\"><span class=\"jls_tooltiptext\"><span class=\"jls_tooltip_in\">                <span class=\"jl_sli_in\">\r\n                    <span class=\"jl_sli_fb jl_shli\"><a class=\"jl_sshl\" href=\"http:\/\/www.facebook.com\/sharer.php?u=https%3A%2F%2Fwww.droptheinfo.com%2Fes%2Ftragedia-aerea-en-daca-al-menos-19-muertos-tras-la-caida-de-un-avion-militar-sobre-una-escuela%2F\" rel=\"nofollow\"><i class=\"jli-facebook\"><\/i><\/a><\/span>\r\n                    <span class=\"jl_sli_tw jl_shli\"><a class=\"jl_sshl\" href=\"https:\/\/twitter.com\/intent\/tweet?text=Tragedia%20a%C3%A9rea%20en%20Daca%3A%20al%20menos%2019%20muertos%20tras%20la%20ca%C3%ADda%20de%20un%20avi%C3%B3n%20militar%20sobre%20una%20escuela&amp;url=https%3A%2F%2Fwww.droptheinfo.com%2Fes%2Ftragedia-aerea-en-daca-al-menos-19-muertos-tras-la-caida-de-un-avion-militar-sobre-una-escuela%2F\" rel=\"nofollow\"><i class=\"jli-x\"><\/i><\/a><\/span>\r\n                    <span class=\"jl_sli_pi jl_shli\"><a class=\"jl_sshl\" href=\"http:\/\/pinterest.com\/pin\/create\/bookmarklet\/?url=https%3A%2F%2Fwww.droptheinfo.com%2Fes%2Ftragedia-aerea-en-daca-al-menos-19-muertos-tras-la-caida-de-un-avion-militar-sobre-una-escuela%2F>&amp;media=https:\/\/www.droptheinfo.com\/es\/wp-content\/uploads\/2025\/07\/Tragedia-aerea-en-Daca-al-menos-19-muertos-tras-la-caida-de-un-avion-militar-sobre-una-escuela.jpg\" rel=\"nofollow\"><i class=\"jli-pinterest\"><\/i><\/a><\/span>\r\n                    <span class=\"jl_sli_din jl_shli\"><a class=\"jl_sshl\" href=\"http:\/\/www.linkedin.com\/shareArticle?url=https%3A%2F%2Fwww.droptheinfo.com%2Fes%2Ftragedia-aerea-en-daca-al-menos-19-muertos-tras-la-caida-de-un-avion-militar-sobre-una-escuela%2F\" rel=\"nofollow\"><i class=\"jli-linkedin\"><\/i><\/a><\/span>\r\n                    <span class=\"jl_sli_wapp jl_shli\"><a class=\"jl_sshl\" href=\"https:\/\/api.whatsapp.com\/send?text=https%3A%2F%2Fwww.droptheinfo.com%2Fes%2Ftragedia-aerea-en-daca-al-menos-19-muertos-tras-la-caida-de-un-avion-militar-sobre-una-escuela%2F\" data-action=\"share\/whatsapp\/share\" rel=\"nofollow\"><i class=\"jli-whatsapp\"><\/i><\/a><\/span>                                        \r\n                <\/span>            \r\n    <\/span><\/span><\/span><\/span><\/span>                \r\n\t\t\t    <\/div>\r\n\t\t    <\/div>\r\n\t\t<\/div>\r\n\t\t\t<div class=\"jl_p_fr13 jl_cgrid_layout \">\r\n\t\t\t<div class=\"jl_p_fr13_inner jl_frsha jl_sm_mt\">\r\n\t\t\t    \t\t\t        <div class=\"jl_imgw jl_radus_e\">\r\n\t\t\t            <div class=\"jl_imgin\">\r\n\t\t\t                \t<img loading=\"lazy\" decoding=\"async\" width=\"680\" height=\"440\" src=\"https:\/\/www.droptheinfo.com\/es\/wp-content\/uploads\/2025\/07\/Alarma-en-el-aire-Vuelo-de-Delta-regresa-de-emergencia-a-LAX-por-falla-en-motor-20x13.jpg\" class=\"attachment-bopea_layouts size-bopea_layouts jl-lazyload lazyload wp-post-image\" alt=\"\" data-src=\"https:\/\/www.droptheinfo.com\/es\/wp-content\/uploads\/2025\/07\/Alarma-en-el-aire-Vuelo-de-Delta-regresa-de-emergencia-a-LAX-por-falla-en-motor-680x440.jpg\" \/>\t\t\t            <\/div>\r\n\t\t\t            \t\t\t            \t\t\t            <a class=\"jl_imgl\" aria-label=\"Alarma en el aire: Vuelo de Delta regresa de emergencia a LAX por falla en motor\" href=\"https:\/\/www.droptheinfo.com\/es\/alarma-en-el-aire-vuelo-de-delta-regresa-de-emergencia-a-lax-por-falla-en-motor\/\"><\/a>\r\n\t\t\t\t\t\t\t\t\t        <\/div> \r\n\t\t\t                                \r\n\t\t\t    <div class=\"jl_fe_text\">    \r\n\t\t\t        <span class=\"jl_f_cat jl_lb1\"><a class=\"jl_cat_txt jl_cat270\" href=\"https:\/\/www.droptheinfo.com\/es\/category\/accidente\/\"><span>Accidente<\/span><\/a><a class=\"jl_cat_txt jl_cat453\" href=\"https:\/\/www.droptheinfo.com\/es\/category\/aerolineas\/\"><span>Aerol\u00edneas<\/span><\/a><\/span>\t\t\t        \t\t\t\t\t<h3 class=\"h3 jl_fe_title jl_txt_2row\"><a href=\"https:\/\/www.droptheinfo.com\/es\/alarma-en-el-aire-vuelo-de-delta-regresa-de-emergencia-a-lax-por-falla-en-motor\/\">Alarma en el aire: Vuelo de Delta regresa de emergencia a LAX por falla en motor<\/a><\/h3>\r\n\t\t\t\t\t\t\t\t\t\t<span class=\"jl_post_meta\"><span class=\"jl_author_img_w\"><span class=\"jl_aimg_in\"><img decoding=\"async\" src=\"https:\/\/www.droptheinfo.com\/es\/wp-content\/uploads\/2025\/01\/jhon-soto-musicmundialcom-150x150.jpg\" width=\"50\" height=\"50\" srcset=\"https:\/\/www.droptheinfo.com\/es\/wp-content\/uploads\/2025\/01\/jhon-soto-musicmundialcom-150x150.jpg 2x\" alt=\"Jhon Soto\" class=\"avatar avatar-50 wp-user-avatar wp-user-avatar-50 alignnone photo lazyload\" \/><\/span><a href=\"https:\/\/www.droptheinfo.com\/es\/author\/jhon-soto\/\" title=\"Entradas de Jhon Soto\" rel=\"author\">Jhon Soto<\/a><\/span><span class=\"post-date\">21 de julio de 2025<\/span><span class=\"jl_fot_share_i jl_share_l_bg jls_tooltip\"><i class=\"jli-share\"><\/i><span class=\"jls_tooltip_w jls_tooltip-top\"><span class=\"jls_tooltiptext\"><span class=\"jls_tooltip_in\">                <span class=\"jl_sli_in\">\r\n                    <span class=\"jl_sli_fb jl_shli\"><a class=\"jl_sshl\" href=\"http:\/\/www.facebook.com\/sharer.php?u=https%3A%2F%2Fwww.droptheinfo.com%2Fes%2Falarma-en-el-aire-vuelo-de-delta-regresa-de-emergencia-a-lax-por-falla-en-motor%2F\" rel=\"nofollow\"><i class=\"jli-facebook\"><\/i><\/a><\/span>\r\n                    <span class=\"jl_sli_tw jl_shli\"><a class=\"jl_sshl\" href=\"https:\/\/twitter.com\/intent\/tweet?text=Alarma%20en%20el%20aire%3A%20Vuelo%20de%20Delta%20regresa%20de%20emergencia%20a%20LAX%20por%20falla%20en%20motor&amp;url=https%3A%2F%2Fwww.droptheinfo.com%2Fes%2Falarma-en-el-aire-vuelo-de-delta-regresa-de-emergencia-a-lax-por-falla-en-motor%2F\" rel=\"nofollow\"><i class=\"jli-x\"><\/i><\/a><\/span>\r\n                    <span class=\"jl_sli_pi jl_shli\"><a class=\"jl_sshl\" href=\"http:\/\/pinterest.com\/pin\/create\/bookmarklet\/?url=https%3A%2F%2Fwww.droptheinfo.com%2Fes%2Falarma-en-el-aire-vuelo-de-delta-regresa-de-emergencia-a-lax-por-falla-en-motor%2F>&amp;media=https:\/\/www.droptheinfo.com\/es\/wp-content\/uploads\/2025\/07\/Alarma-en-el-aire-Vuelo-de-Delta-regresa-de-emergencia-a-LAX-por-falla-en-motor.jpg\" rel=\"nofollow\"><i class=\"jli-pinterest\"><\/i><\/a><\/span>\r\n                    <span class=\"jl_sli_din jl_shli\"><a class=\"jl_sshl\" href=\"http:\/\/www.linkedin.com\/shareArticle?url=https%3A%2F%2Fwww.droptheinfo.com%2Fes%2Falarma-en-el-aire-vuelo-de-delta-regresa-de-emergencia-a-lax-por-falla-en-motor%2F\" rel=\"nofollow\"><i class=\"jli-linkedin\"><\/i><\/a><\/span>\r\n                    <span class=\"jl_sli_wapp jl_shli\"><a class=\"jl_sshl\" href=\"https:\/\/api.whatsapp.com\/send?text=https%3A%2F%2Fwww.droptheinfo.com%2Fes%2Falarma-en-el-aire-vuelo-de-delta-regresa-de-emergencia-a-lax-por-falla-en-motor%2F\" data-action=\"share\/whatsapp\/share\" rel=\"nofollow\"><i class=\"jli-whatsapp\"><\/i><\/a><\/span>                                        \r\n                <\/span>            \r\n    <\/span><\/span><\/span><\/span><\/span>                \r\n\t\t\t    <\/div>\r\n\t\t    <\/div>\r\n\t\t<\/div>\r\n\t<div class=\"jl_fli_con jl_p_frli13\"><div class=\"jl_fli_wrap\">\t\t\t<div class=\"jl_mmlist_layout jl_lisep\">\r\n\t\t\t\t<div class=\"jl_li_in\">\r\n\t\t\t    \t\t\t        <div class=\"jl_img_holder\">\r\n\t\t\t\t        <div class=\"jl_imgw jl_radus_e\">\r\n\t\t\t\t            <div class=\"jl_imgin\">\r\n\t\t\t\t\t\t\t<img loading=\"lazy\" decoding=\"async\" width=\"200\" height=\"129\" src=\"https:\/\/www.droptheinfo.com\/es\/wp-content\/uploads\/2025\/07\/Reino-Unido-levanta-veto-a-aerolineas-paquistanies-tras-mejoras-en-seguridad-aerea-20x13.jpg\" class=\"attachment-bopea_small size-bopea_small jl-lazyload lazyload wp-post-image\" alt=\"\" data-src=\"https:\/\/www.droptheinfo.com\/es\/wp-content\/uploads\/2025\/07\/Reino-Unido-levanta-veto-a-aerolineas-paquistanies-tras-mejoras-en-seguridad-aerea-200x129.jpg\" \/>\t\t\t\t            <\/div>\t\t\t\t            \r\n\t\t\t\t            <a class=\"jl_imgl\" aria-label=\"Reino Unido levanta veto a aerol\u00edneas paquistan\u00edes tras mejoras en seguridad a\u00e9rea\" href=\"https:\/\/www.droptheinfo.com\/es\/reino-unido-levanta-veto-a-aerolineas-paquistanies-tras-mejoras-en-seguridad-aerea\/\"><\/a>\r\n\t\t\t\t        <\/div> \r\n\t\t\t        <\/div> \r\n\t\t\t                                \r\n\t\t\t    <div class=\"jl_fe_text\">    \r\n\t\t\t\t\t\t\t\t\t\t<h3 class=\"h3 jl_fe_title jl_txt_2row\"><a href=\"https:\/\/www.droptheinfo.com\/es\/reino-unido-levanta-veto-a-aerolineas-paquistanies-tras-mejoras-en-seguridad-aerea\/\">Reino Unido levanta veto a aerol\u00edneas paquistan\u00edes tras mejoras en seguridad a\u00e9rea<\/a><\/h3>\r\n\t\t\t        \t\t\t\t\t<span class=\"jl_post_meta\"><span class=\"post-date\">16 de julio de 2025<\/span><span class=\"jl_fot_share_i jl_share_l_bg jls_tooltip\"><i class=\"jli-share\"><\/i><span class=\"jls_tooltip_w jls_tooltip-top\"><span class=\"jls_tooltiptext\"><span class=\"jls_tooltip_in\">                <span class=\"jl_sli_in\">\r\n                    <span class=\"jl_sli_fb jl_shli\"><a class=\"jl_sshl\" href=\"http:\/\/www.facebook.com\/sharer.php?u=https%3A%2F%2Fwww.droptheinfo.com%2Fes%2Freino-unido-levanta-veto-a-aerolineas-paquistanies-tras-mejoras-en-seguridad-aerea%2F\" rel=\"nofollow\"><i class=\"jli-facebook\"><\/i><\/a><\/span>\r\n                    <span class=\"jl_sli_tw jl_shli\"><a class=\"jl_sshl\" href=\"https:\/\/twitter.com\/intent\/tweet?text=Reino%20Unido%20levanta%20veto%20a%20aerol%C3%ADneas%20paquistan%C3%ADes%20tras%20mejoras%20en%20seguridad%20a%C3%A9rea&amp;url=https%3A%2F%2Fwww.droptheinfo.com%2Fes%2Freino-unido-levanta-veto-a-aerolineas-paquistanies-tras-mejoras-en-seguridad-aerea%2F\" rel=\"nofollow\"><i class=\"jli-x\"><\/i><\/a><\/span>\r\n                    <span class=\"jl_sli_pi jl_shli\"><a class=\"jl_sshl\" href=\"http:\/\/pinterest.com\/pin\/create\/bookmarklet\/?url=https%3A%2F%2Fwww.droptheinfo.com%2Fes%2Freino-unido-levanta-veto-a-aerolineas-paquistanies-tras-mejoras-en-seguridad-aerea%2F>&amp;media=https:\/\/www.droptheinfo.com\/es\/wp-content\/uploads\/2025\/07\/Reino-Unido-levanta-veto-a-aerolineas-paquistanies-tras-mejoras-en-seguridad-aerea.jpg\" rel=\"nofollow\"><i class=\"jli-pinterest\"><\/i><\/a><\/span>\r\n                    <span class=\"jl_sli_din jl_shli\"><a class=\"jl_sshl\" href=\"http:\/\/www.linkedin.com\/shareArticle?url=https%3A%2F%2Fwww.droptheinfo.com%2Fes%2Freino-unido-levanta-veto-a-aerolineas-paquistanies-tras-mejoras-en-seguridad-aerea%2F\" rel=\"nofollow\"><i class=\"jli-linkedin\"><\/i><\/a><\/span>\r\n                    <span class=\"jl_sli_wapp jl_shli\"><a class=\"jl_sshl\" href=\"https:\/\/api.whatsapp.com\/send?text=https%3A%2F%2Fwww.droptheinfo.com%2Fes%2Freino-unido-levanta-veto-a-aerolineas-paquistanies-tras-mejoras-en-seguridad-aerea%2F\" data-action=\"share\/whatsapp\/share\" rel=\"nofollow\"><i class=\"jli-whatsapp\"><\/i><\/a><\/span>                                        \r\n                <\/span>            \r\n    <\/span><\/span><\/span><\/span><\/span>                \r\n\t\t\t    <\/div>\r\n\t\t\t<\/div>\r\n\t\t<\/div>\r\n\t\t\t\t<div class=\"jl_mmlist_layout jl_lisep\">\r\n\t\t\t\t<div class=\"jl_li_in\">\r\n\t\t\t    \t\t\t        <div class=\"jl_img_holder\">\r\n\t\t\t\t        <div class=\"jl_imgw jl_radus_e\">\r\n\t\t\t\t            <div class=\"jl_imgin\">\r\n\t\t\t\t\t\t\t<img loading=\"lazy\" decoding=\"async\" width=\"200\" height=\"129\" src=\"https:\/\/www.droptheinfo.com\/es\/wp-content\/uploads\/2025\/07\/India-ordena-revisar-interruptores-de-combustible-en-aviones-Boeing-tras-accidente-mortal-20x13.jpg\" class=\"attachment-bopea_small size-bopea_small jl-lazyload lazyload wp-post-image\" alt=\"\" data-src=\"https:\/\/www.droptheinfo.com\/es\/wp-content\/uploads\/2025\/07\/India-ordena-revisar-interruptores-de-combustible-en-aviones-Boeing-tras-accidente-mortal-200x129.jpg\" \/>\t\t\t\t            <\/div>\t\t\t\t            \r\n\t\t\t\t            <a class=\"jl_imgl\" aria-label=\"India ordena revisar interruptores de combustible en aviones Boeing tras accidente mortal\" href=\"https:\/\/www.droptheinfo.com\/es\/india-ordena-revisar-interruptores-de-combustible-en-aviones-boeing-tras-accidente-mortal\/\"><\/a>\r\n\t\t\t\t        <\/div> \r\n\t\t\t        <\/div> \r\n\t\t\t                                \r\n\t\t\t    <div class=\"jl_fe_text\">    \r\n\t\t\t\t\t\t\t\t\t\t<h3 class=\"h3 jl_fe_title jl_txt_2row\"><a href=\"https:\/\/www.droptheinfo.com\/es\/india-ordena-revisar-interruptores-de-combustible-en-aviones-boeing-tras-accidente-mortal\/\">India ordena revisar interruptores de combustible en aviones Boeing tras accidente mortal<\/a><\/h3>\r\n\t\t\t        \t\t\t\t\t<span class=\"jl_post_meta\"><span class=\"post-date\">15 de julio de 2025<\/span><span class=\"jl_fot_share_i jl_share_l_bg jls_tooltip\"><i class=\"jli-share\"><\/i><span class=\"jls_tooltip_w jls_tooltip-top\"><span class=\"jls_tooltiptext\"><span class=\"jls_tooltip_in\">                <span class=\"jl_sli_in\">\r\n                    <span class=\"jl_sli_fb jl_shli\"><a class=\"jl_sshl\" href=\"http:\/\/www.facebook.com\/sharer.php?u=https%3A%2F%2Fwww.droptheinfo.com%2Fes%2Findia-ordena-revisar-interruptores-de-combustible-en-aviones-boeing-tras-accidente-mortal%2F\" rel=\"nofollow\"><i class=\"jli-facebook\"><\/i><\/a><\/span>\r\n                    <span class=\"jl_sli_tw jl_shli\"><a class=\"jl_sshl\" href=\"https:\/\/twitter.com\/intent\/tweet?text=India%20ordena%20revisar%20interruptores%20de%20combustible%20en%20aviones%20Boeing%20tras%20accidente%20mortal&amp;url=https%3A%2F%2Fwww.droptheinfo.com%2Fes%2Findia-ordena-revisar-interruptores-de-combustible-en-aviones-boeing-tras-accidente-mortal%2F\" rel=\"nofollow\"><i class=\"jli-x\"><\/i><\/a><\/span>\r\n                    <span class=\"jl_sli_pi jl_shli\"><a class=\"jl_sshl\" href=\"http:\/\/pinterest.com\/pin\/create\/bookmarklet\/?url=https%3A%2F%2Fwww.droptheinfo.com%2Fes%2Findia-ordena-revisar-interruptores-de-combustible-en-aviones-boeing-tras-accidente-mortal%2F>&amp;media=https:\/\/www.droptheinfo.com\/es\/wp-content\/uploads\/2025\/07\/India-ordena-revisar-interruptores-de-combustible-en-aviones-Boeing-tras-accidente-mortal.jpg\" rel=\"nofollow\"><i class=\"jli-pinterest\"><\/i><\/a><\/span>\r\n                    <span class=\"jl_sli_din jl_shli\"><a class=\"jl_sshl\" href=\"http:\/\/www.linkedin.com\/shareArticle?url=https%3A%2F%2Fwww.droptheinfo.com%2Fes%2Findia-ordena-revisar-interruptores-de-combustible-en-aviones-boeing-tras-accidente-mortal%2F\" rel=\"nofollow\"><i class=\"jli-linkedin\"><\/i><\/a><\/span>\r\n                    <span class=\"jl_sli_wapp jl_shli\"><a class=\"jl_sshl\" href=\"https:\/\/api.whatsapp.com\/send?text=https%3A%2F%2Fwww.droptheinfo.com%2Fes%2Findia-ordena-revisar-interruptores-de-combustible-en-aviones-boeing-tras-accidente-mortal%2F\" data-action=\"share\/whatsapp\/share\" rel=\"nofollow\"><i class=\"jli-whatsapp\"><\/i><\/a><\/span>                                        \r\n                <\/span>            \r\n    <\/span><\/span><\/span><\/span><\/span>                \r\n\t\t\t    <\/div>\r\n\t\t\t<\/div>\r\n\t\t<\/div>\r\n\t\t\t\t<div class=\"jl_mmlist_layout jl_lisep\">\r\n\t\t\t\t<div class=\"jl_li_in\">\r\n\t\t\t    \t\t\t        <div class=\"jl_img_holder\">\r\n\t\t\t\t        <div class=\"jl_imgw jl_radus_e\">\r\n\t\t\t\t            <div class=\"jl_imgin\">\r\n\t\t\t\t\t\t\t<img loading=\"lazy\" decoding=\"async\" width=\"200\" height=\"129\" src=\"https:\/\/www.droptheinfo.com\/es\/wp-content\/uploads\/2025\/07\/Error-humano-posible-causa-del-tragico-accidente-del-vuelo-de-Air-India-en-Ahmedabad-20x13.jpg\" class=\"attachment-bopea_small size-bopea_small jl-lazyload lazyload wp-post-image\" alt=\"\" data-src=\"https:\/\/www.droptheinfo.com\/es\/wp-content\/uploads\/2025\/07\/Error-humano-posible-causa-del-tragico-accidente-del-vuelo-de-Air-India-en-Ahmedabad-200x129.jpg\" \/>\t\t\t\t            <\/div>\t\t\t\t            \r\n\t\t\t\t            <a class=\"jl_imgl\" aria-label=\"Error humano, posible causa del tr\u00e1gico accidente del vuelo de Air India en Ahmedabad\" href=\"https:\/\/www.droptheinfo.com\/es\/error-humano-posible-causa-del-tragico-accidente-del-vuelo-de-air-india-en-ahmedabad\/\"><\/a>\r\n\t\t\t\t        <\/div> \r\n\t\t\t        <\/div> \r\n\t\t\t                                \r\n\t\t\t    <div class=\"jl_fe_text\">    \r\n\t\t\t\t\t\t\t\t\t\t<h3 class=\"h3 jl_fe_title jl_txt_2row\"><a href=\"https:\/\/www.droptheinfo.com\/es\/error-humano-posible-causa-del-tragico-accidente-del-vuelo-de-air-india-en-ahmedabad\/\">Error humano, posible causa del tr\u00e1gico accidente del vuelo de Air India en Ahmedabad<\/a><\/h3>\r\n\t\t\t        \t\t\t\t\t<span class=\"jl_post_meta\"><span class=\"post-date\">11 de julio de 2025<\/span><span class=\"jl_fot_share_i jl_share_l_bg jls_tooltip\"><i class=\"jli-share\"><\/i><span class=\"jls_tooltip_w jls_tooltip-top\"><span class=\"jls_tooltiptext\"><span class=\"jls_tooltip_in\">                <span class=\"jl_sli_in\">\r\n                    <span class=\"jl_sli_fb jl_shli\"><a class=\"jl_sshl\" href=\"http:\/\/www.facebook.com\/sharer.php?u=https%3A%2F%2Fwww.droptheinfo.com%2Fes%2Ferror-humano-posible-causa-del-tragico-accidente-del-vuelo-de-air-india-en-ahmedabad%2F\" rel=\"nofollow\"><i class=\"jli-facebook\"><\/i><\/a><\/span>\r\n                    <span class=\"jl_sli_tw jl_shli\"><a class=\"jl_sshl\" href=\"https:\/\/twitter.com\/intent\/tweet?text=Error%20humano%2C%20posible%20causa%20del%20tr%C3%A1gico%20accidente%20del%20vuelo%20de%20Air%20India%20en%20Ahmedabad&amp;url=https%3A%2F%2Fwww.droptheinfo.com%2Fes%2Ferror-humano-posible-causa-del-tragico-accidente-del-vuelo-de-air-india-en-ahmedabad%2F\" rel=\"nofollow\"><i class=\"jli-x\"><\/i><\/a><\/span>\r\n                    <span class=\"jl_sli_pi jl_shli\"><a class=\"jl_sshl\" href=\"http:\/\/pinterest.com\/pin\/create\/bookmarklet\/?url=https%3A%2F%2Fwww.droptheinfo.com%2Fes%2Ferror-humano-posible-causa-del-tragico-accidente-del-vuelo-de-air-india-en-ahmedabad%2F>&amp;media=https:\/\/www.droptheinfo.com\/es\/wp-content\/uploads\/2025\/07\/Error-humano-posible-causa-del-tragico-accidente-del-vuelo-de-Air-India-en-Ahmedabad.jpg\" rel=\"nofollow\"><i class=\"jli-pinterest\"><\/i><\/a><\/span>\r\n                    <span class=\"jl_sli_din jl_shli\"><a class=\"jl_sshl\" href=\"http:\/\/www.linkedin.com\/shareArticle?url=https%3A%2F%2Fwww.droptheinfo.com%2Fes%2Ferror-humano-posible-causa-del-tragico-accidente-del-vuelo-de-air-india-en-ahmedabad%2F\" rel=\"nofollow\"><i class=\"jli-linkedin\"><\/i><\/a><\/span>\r\n                    <span class=\"jl_sli_wapp jl_shli\"><a class=\"jl_sshl\" href=\"https:\/\/api.whatsapp.com\/send?text=https%3A%2F%2Fwww.droptheinfo.com%2Fes%2Ferror-humano-posible-causa-del-tragico-accidente-del-vuelo-de-air-india-en-ahmedabad%2F\" data-action=\"share\/whatsapp\/share\" rel=\"nofollow\"><i class=\"jli-whatsapp\"><\/i><\/a><\/span>                                        \r\n                <\/span>            \r\n    <\/span><\/span><\/span><\/span><\/span>                \r\n\t\t\t    <\/div>\r\n\t\t\t<\/div>\r\n\t\t<\/div>\r\n\t\t\t\t<div class=\"jl_mmlist_layout jl_lisep\">\r\n\t\t\t\t<div class=\"jl_li_in\">\r\n\t\t\t    \t\t\t        <div class=\"jl_img_holder\">\r\n\t\t\t\t        <div class=\"jl_imgw jl_radus_e\">\r\n\t\t\t\t            <div class=\"jl_imgin\">\r\n\t\t\t\t\t\t\t<img loading=\"lazy\" decoding=\"async\" width=\"200\" height=\"129\" src=\"https:\/\/www.droptheinfo.com\/es\/wp-content\/uploads\/2025\/07\/Tragedia-en-el-aeropuerto-de-Bergamo-un-hombre-murio-tras-ser-absorbido-por-el-motor-de-un-avion-20x13.jpg\" class=\"attachment-bopea_small size-bopea_small jl-lazyload lazyload wp-post-image\" alt=\"\" data-src=\"https:\/\/www.droptheinfo.com\/es\/wp-content\/uploads\/2025\/07\/Tragedia-en-el-aeropuerto-de-Bergamo-un-hombre-murio-tras-ser-absorbido-por-el-motor-de-un-avion-200x129.jpg\" \/>\t\t\t\t            <\/div>\t\t\t\t            \r\n\t\t\t\t            <a class=\"jl_imgl\" aria-label=\"Tragedia en el aeropuerto de B\u00e9rgamo: un hombre muri\u00f3 tras ser absorbido por el motor de un avi\u00f3n\" href=\"https:\/\/www.droptheinfo.com\/es\/tragedia-en-el-aeropuerto-de-bergamo-un-hombre-murio-tras-ser-absorbido-por-el-motor-de-un-avion\/\"><\/a>\r\n\t\t\t\t        <\/div> \r\n\t\t\t        <\/div> \r\n\t\t\t                                \r\n\t\t\t    <div class=\"jl_fe_text\">    \r\n\t\t\t\t\t\t\t\t\t\t<h3 class=\"h3 jl_fe_title jl_txt_2row\"><a href=\"https:\/\/www.droptheinfo.com\/es\/tragedia-en-el-aeropuerto-de-bergamo-un-hombre-murio-tras-ser-absorbido-por-el-motor-de-un-avion\/\">Tragedia en el aeropuerto de B\u00e9rgamo: un hombre muri\u00f3 tras ser absorbido por el motor de un avi\u00f3n<\/a><\/h3>\r\n\t\t\t        \t\t\t\t\t<span class=\"jl_post_meta\"><span class=\"post-date\">8 de julio de 2025<\/span><span class=\"jl_fot_share_i jl_share_l_bg jls_tooltip\"><i class=\"jli-share\"><\/i><span class=\"jls_tooltip_w jls_tooltip-top\"><span class=\"jls_tooltiptext\"><span class=\"jls_tooltip_in\">                <span class=\"jl_sli_in\">\r\n                    <span class=\"jl_sli_fb jl_shli\"><a class=\"jl_sshl\" href=\"http:\/\/www.facebook.com\/sharer.php?u=https%3A%2F%2Fwww.droptheinfo.com%2Fes%2Ftragedia-en-el-aeropuerto-de-bergamo-un-hombre-murio-tras-ser-absorbido-por-el-motor-de-un-avion%2F\" rel=\"nofollow\"><i class=\"jli-facebook\"><\/i><\/a><\/span>\r\n                    <span class=\"jl_sli_tw jl_shli\"><a class=\"jl_sshl\" href=\"https:\/\/twitter.com\/intent\/tweet?text=Tragedia%20en%20el%20aeropuerto%20de%20B%C3%A9rgamo%3A%20un%20hombre%20muri%C3%B3%20tras%20ser%20absorbido%20por%20el%20motor%20de%20un%20avi%C3%B3n&amp;url=https%3A%2F%2Fwww.droptheinfo.com%2Fes%2Ftragedia-en-el-aeropuerto-de-bergamo-un-hombre-murio-tras-ser-absorbido-por-el-motor-de-un-avion%2F\" rel=\"nofollow\"><i class=\"jli-x\"><\/i><\/a><\/span>\r\n                    <span class=\"jl_sli_pi jl_shli\"><a class=\"jl_sshl\" href=\"http:\/\/pinterest.com\/pin\/create\/bookmarklet\/?url=https%3A%2F%2Fwww.droptheinfo.com%2Fes%2Ftragedia-en-el-aeropuerto-de-bergamo-un-hombre-murio-tras-ser-absorbido-por-el-motor-de-un-avion%2F>&amp;media=https:\/\/www.droptheinfo.com\/es\/wp-content\/uploads\/2025\/07\/Tragedia-en-el-aeropuerto-de-Bergamo-un-hombre-murio-tras-ser-absorbido-por-el-motor-de-un-avion.jpg\" rel=\"nofollow\"><i class=\"jli-pinterest\"><\/i><\/a><\/span>\r\n                    <span class=\"jl_sli_din jl_shli\"><a class=\"jl_sshl\" href=\"http:\/\/www.linkedin.com\/shareArticle?url=https%3A%2F%2Fwww.droptheinfo.com%2Fes%2Ftragedia-en-el-aeropuerto-de-bergamo-un-hombre-murio-tras-ser-absorbido-por-el-motor-de-un-avion%2F\" rel=\"nofollow\"><i class=\"jli-linkedin\"><\/i><\/a><\/span>\r\n                    <span class=\"jl_sli_wapp jl_shli\"><a class=\"jl_sshl\" href=\"https:\/\/api.whatsapp.com\/send?text=https%3A%2F%2Fwww.droptheinfo.com%2Fes%2Ftragedia-en-el-aeropuerto-de-bergamo-un-hombre-murio-tras-ser-absorbido-por-el-motor-de-un-avion%2F\" data-action=\"share\/whatsapp\/share\" rel=\"nofollow\"><i class=\"jli-whatsapp\"><\/i><\/a><\/span>                                        \r\n                <\/span>            \r\n    <\/span><\/span><\/span><\/span><\/span>                \r\n\t\t\t    <\/div>\r\n\t\t\t<\/div>\r\n\t\t<\/div>\r\n\t\t\t\t<div class=\"jl_mmlist_layout jl_lisep\">\r\n\t\t\t\t<div class=\"jl_li_in\">\r\n\t\t\t    \t\t\t        <div class=\"jl_img_holder\">\r\n\t\t\t\t        <div class=\"jl_imgw jl_radus_e\">\r\n\t\t\t\t            <div class=\"jl_imgin\">\r\n\t\t\t\t\t\t\t<img loading=\"lazy\" decoding=\"async\" width=\"200\" height=\"129\" src=\"https:\/\/www.droptheinfo.com\/es\/wp-content\/uploads\/2025\/07\/Alerta-por-incendio-en-un-avion-de-Ryanair-en-Palma-deja-18-heridos-leves-20x13.jpg\" class=\"attachment-bopea_small size-bopea_small jl-lazyload lazyload wp-post-image\" alt=\"\" data-src=\"https:\/\/www.droptheinfo.com\/es\/wp-content\/uploads\/2025\/07\/Alerta-por-incendio-en-un-avion-de-Ryanair-en-Palma-deja-18-heridos-leves-200x129.jpg\" \/>\t\t\t\t            <\/div>\t\t\t\t            \r\n\t\t\t\t            <a class=\"jl_imgl\" aria-label=\"Alerta por incendio en un avi\u00f3n de Ryanair en Palma deja 18 heridos leves\" href=\"https:\/\/www.droptheinfo.com\/es\/alerta-por-incendio-en-un-avion-de-ryanair-en-palma-deja-18-heridos-leves\/\"><\/a>\r\n\t\t\t\t        <\/div> \r\n\t\t\t        <\/div> \r\n\t\t\t                                \r\n\t\t\t    <div class=\"jl_fe_text\">    \r\n\t\t\t\t\t\t\t\t\t\t<h3 class=\"h3 jl_fe_title jl_txt_2row\"><a href=\"https:\/\/www.droptheinfo.com\/es\/alerta-por-incendio-en-un-avion-de-ryanair-en-palma-deja-18-heridos-leves\/\">Alerta por incendio en un avi\u00f3n de Ryanair en Palma deja 18 heridos leves<\/a><\/h3>\r\n\t\t\t        \t\t\t\t\t<span class=\"jl_post_meta\"><span class=\"post-date\">5 de julio de 2025<\/span><span class=\"jl_fot_share_i jl_share_l_bg jls_tooltip\"><i class=\"jli-share\"><\/i><span class=\"jls_tooltip_w jls_tooltip-top\"><span class=\"jls_tooltiptext\"><span class=\"jls_tooltip_in\">                <span class=\"jl_sli_in\">\r\n                    <span class=\"jl_sli_fb jl_shli\"><a class=\"jl_sshl\" href=\"http:\/\/www.facebook.com\/sharer.php?u=https%3A%2F%2Fwww.droptheinfo.com%2Fes%2Falerta-por-incendio-en-un-avion-de-ryanair-en-palma-deja-18-heridos-leves%2F\" rel=\"nofollow\"><i class=\"jli-facebook\"><\/i><\/a><\/span>\r\n                    <span class=\"jl_sli_tw jl_shli\"><a class=\"jl_sshl\" href=\"https:\/\/twitter.com\/intent\/tweet?text=Alerta%20por%20incendio%20en%20un%20avi%C3%B3n%20de%20Ryanair%20en%20Palma%20deja%2018%20heridos%20leves&amp;url=https%3A%2F%2Fwww.droptheinfo.com%2Fes%2Falerta-por-incendio-en-un-avion-de-ryanair-en-palma-deja-18-heridos-leves%2F\" rel=\"nofollow\"><i class=\"jli-x\"><\/i><\/a><\/span>\r\n                    <span class=\"jl_sli_pi jl_shli\"><a class=\"jl_sshl\" href=\"http:\/\/pinterest.com\/pin\/create\/bookmarklet\/?url=https%3A%2F%2Fwww.droptheinfo.com%2Fes%2Falerta-por-incendio-en-un-avion-de-ryanair-en-palma-deja-18-heridos-leves%2F>&amp;media=https:\/\/www.droptheinfo.com\/es\/wp-content\/uploads\/2025\/07\/Alerta-por-incendio-en-un-avion-de-Ryanair-en-Palma-deja-18-heridos-leves.jpg\" rel=\"nofollow\"><i class=\"jli-pinterest\"><\/i><\/a><\/span>\r\n                    <span class=\"jl_sli_din jl_shli\"><a class=\"jl_sshl\" href=\"http:\/\/www.linkedin.com\/shareArticle?url=https%3A%2F%2Fwww.droptheinfo.com%2Fes%2Falerta-por-incendio-en-un-avion-de-ryanair-en-palma-deja-18-heridos-leves%2F\" rel=\"nofollow\"><i class=\"jli-linkedin\"><\/i><\/a><\/span>\r\n                    <span class=\"jl_sli_wapp jl_shli\"><a class=\"jl_sshl\" href=\"https:\/\/api.whatsapp.com\/send?text=https%3A%2F%2Fwww.droptheinfo.com%2Fes%2Falerta-por-incendio-en-un-avion-de-ryanair-en-palma-deja-18-heridos-leves%2F\" data-action=\"share\/whatsapp\/share\" rel=\"nofollow\"><i class=\"jli-whatsapp\"><\/i><\/a><\/span>                                        \r\n                <\/span>            \r\n    <\/span><\/span><\/span><\/span><\/span>                \r\n\t\t\t    <\/div>\r\n\t\t\t<\/div>\r\n\t\t<\/div>\r\n\t\t\t\t<div class=\"jl_mmlist_layout jl_lisep\">\r\n\t\t\t\t<div class=\"jl_li_in\">\r\n\t\t\t    \t\t\t        <div class=\"jl_img_holder\">\r\n\t\t\t\t        <div class=\"jl_imgw jl_radus_e\">\r\n\t\t\t\t            <div class=\"jl_imgin\">\r\n\t\t\t\t\t\t\t<img loading=\"lazy\" decoding=\"async\" width=\"200\" height=\"129\" src=\"https:\/\/www.droptheinfo.com\/es\/wp-content\/uploads\/2025\/07\/Caos-aereo-en-Francia-huelga-de-controladores-paraliza-vuelos-en-plena-temporada-de-verano-20x13.jpg\" class=\"attachment-bopea_small size-bopea_small jl-lazyload lazyload wp-post-image\" alt=\"\" data-src=\"https:\/\/www.droptheinfo.com\/es\/wp-content\/uploads\/2025\/07\/Caos-aereo-en-Francia-huelga-de-controladores-paraliza-vuelos-en-plena-temporada-de-verano-200x129.jpg\" \/>\t\t\t\t            <\/div>\t\t\t\t            \r\n\t\t\t\t            <a class=\"jl_imgl\" aria-label=\"Caos a\u00e9reo en Francia: huelga de controladores paraliza vuelos en plena temporada de verano\" href=\"https:\/\/www.droptheinfo.com\/es\/caos-aereo-en-francia-huelga-de-controladores-paraliza-vuelos-en-plena-temporada-de-verano\/\"><\/a>\r\n\t\t\t\t        <\/div> \r\n\t\t\t        <\/div> \r\n\t\t\t                                \r\n\t\t\t    <div class=\"jl_fe_text\">    \r\n\t\t\t\t\t\t\t\t\t\t<h3 class=\"h3 jl_fe_title jl_txt_2row\"><a href=\"https:\/\/www.droptheinfo.com\/es\/caos-aereo-en-francia-huelga-de-controladores-paraliza-vuelos-en-plena-temporada-de-verano\/\">Caos a\u00e9reo en Francia: huelga de controladores paraliza vuelos en plena temporada de verano<\/a><\/h3>\r\n\t\t\t        \t\t\t\t\t<span class=\"jl_post_meta\"><span class=\"post-date\">4 de julio de 2025<\/span><span class=\"jl_fot_share_i jl_share_l_bg jls_tooltip\"><i class=\"jli-share\"><\/i><span class=\"jls_tooltip_w jls_tooltip-top\"><span class=\"jls_tooltiptext\"><span class=\"jls_tooltip_in\">                <span class=\"jl_sli_in\">\r\n                    <span class=\"jl_sli_fb jl_shli\"><a class=\"jl_sshl\" href=\"http:\/\/www.facebook.com\/sharer.php?u=https%3A%2F%2Fwww.droptheinfo.com%2Fes%2Fcaos-aereo-en-francia-huelga-de-controladores-paraliza-vuelos-en-plena-temporada-de-verano%2F\" rel=\"nofollow\"><i class=\"jli-facebook\"><\/i><\/a><\/span>\r\n                    <span class=\"jl_sli_tw jl_shli\"><a class=\"jl_sshl\" href=\"https:\/\/twitter.com\/intent\/tweet?text=Caos%20a%C3%A9reo%20en%20Francia%3A%20huelga%20de%20controladores%20paraliza%20vuelos%20en%20plena%20temporada%20de%20verano&amp;url=https%3A%2F%2Fwww.droptheinfo.com%2Fes%2Fcaos-aereo-en-francia-huelga-de-controladores-paraliza-vuelos-en-plena-temporada-de-verano%2F\" rel=\"nofollow\"><i class=\"jli-x\"><\/i><\/a><\/span>\r\n                    <span class=\"jl_sli_pi jl_shli\"><a class=\"jl_sshl\" href=\"http:\/\/pinterest.com\/pin\/create\/bookmarklet\/?url=https%3A%2F%2Fwww.droptheinfo.com%2Fes%2Fcaos-aereo-en-francia-huelga-de-controladores-paraliza-vuelos-en-plena-temporada-de-verano%2F>&amp;media=https:\/\/www.droptheinfo.com\/es\/wp-content\/uploads\/2025\/07\/Caos-aereo-en-Francia-huelga-de-controladores-paraliza-vuelos-en-plena-temporada-de-verano.jpg\" rel=\"nofollow\"><i class=\"jli-pinterest\"><\/i><\/a><\/span>\r\n                    <span class=\"jl_sli_din jl_shli\"><a class=\"jl_sshl\" href=\"http:\/\/www.linkedin.com\/shareArticle?url=https%3A%2F%2Fwww.droptheinfo.com%2Fes%2Fcaos-aereo-en-francia-huelga-de-controladores-paraliza-vuelos-en-plena-temporada-de-verano%2F\" rel=\"nofollow\"><i class=\"jli-linkedin\"><\/i><\/a><\/span>\r\n                    <span class=\"jl_sli_wapp jl_shli\"><a class=\"jl_sshl\" href=\"https:\/\/api.whatsapp.com\/send?text=https%3A%2F%2Fwww.droptheinfo.com%2Fes%2Fcaos-aereo-en-francia-huelga-de-controladores-paraliza-vuelos-en-plena-temporada-de-verano%2F\" data-action=\"share\/whatsapp\/share\" rel=\"nofollow\"><i class=\"jli-whatsapp\"><\/i><\/a><\/span>                                        \r\n                <\/span>            \r\n    <\/span><\/span><\/span><\/span><\/span>                \r\n\t\t\t    <\/div>\r\n\t\t\t<\/div>\r\n\t\t<\/div>\r\n\t<\/div><\/div>\t\t\t\r\n\t\t\t\t\t<\/div>\t\r\n\t\t\t\t<\/div>\r\n\t\t\t<\/div>\r\n\t\t<\/div>\t\t\t\r\n\t\t\t<\/div>\t\t\t\t<\/div>\n\t\t\t\t<\/div>\n\t\t\t\t\t<\/div>\n\t\t\t\t<\/div>\n\t\t<div class=\"elementor-element elementor-element-28b19cff e-flex e-con-boxed e-con e-parent\" data-id=\"28b19cff\" data-element_type=\"container\" data-e-type=\"container\">\n\t\t\t\t\t<div class=\"e-con-inner\">\n\t\t\t\t<div class=\"elementor-element elementor-element-52a5e301 elementor-hidden-desktop elementor-hidden-tablet elementor-hidden-mobile elementor-widget elementor-widget-bopea-section-ads-img\" data-id=\"52a5e301\" data-element_type=\"widget\" data-e-type=\"widget\" data-widget_type=\"bopea-section-ads-img.default\">\n\t\t\t\t<div class=\"elementor-widget-container\">\n\t\t\t\t\t                        <div class=\"jl_ads_img_w\">\n                                                    <span class=\"jl_ads_title\">-Sponsored-<\/span>\n                                                    <div class=\"jl_ads_inner\">\n                            <a class=\"ads_url\" href=\"https:\/\/www.tuetly.com\/\" target=\"_blank\" rel=\"noopener\"><img loading=\"lazy\" decoding=\"async\" class=\"jl_ads_img lazyload\" src=\"data:image\/gif;base64,R0lGODlhAQABAAAAACH5BAEKAAEALAAAAAABAAEAAAICTAEAOw==\" data-src=\"https:\/\/www.droptheinfo.com\/es\/wp-content\/uploads\/2024\/12\/promocion-tuetly.png\" width=\"1584\" height=\"396\" alt=\"ads image\"\/><\/a>                            <\/div>\n                        <\/div>\n        \t\t\t\t<\/div>\n\t\t\t\t<\/div>\n\t\t\t\t\t<\/div>\n\t\t\t\t<\/div>\n\t\t<div class=\"elementor-element elementor-element-652ca25e e-flex e-con-boxed e-con e-parent\" data-id=\"652ca25e\" data-element_type=\"container\" data-e-type=\"container\">\n\t\t\t\t\t<div class=\"e-con-inner\">\n\t\t<div class=\"elementor-element elementor-element-72b770b3 e-con-full e-flex e-con e-child\" data-id=\"72b770b3\" data-element_type=\"container\" data-e-type=\"container\">\n\t\t\t\t<div class=\"elementor-element elementor-element-607fc57f elementor-widget elementor-widget-bopea-section-title\" data-id=\"607fc57f\" data-element_type=\"widget\" data-e-type=\"widget\" data-widget_type=\"bopea-section-title.default\">\n\t\t\t\t<div class=\"elementor-widget-container\">\n\t\t\t\t\t          <div class=\"jlcus_sec_title jl_sec_style12 jl_secf_title jl_secb_menu no\">\n            <div class=\"jlcus_sect_inner\">\n                                    <h2 class=\"jl-heading-text\">\n                                                <span class=\"jl_ttw\">VIRAL<\/span>                                          <\/h2>\n                                                      <p class=\"jl_sct_bt\">\n                        <a href=\"#\" class=\"jlopt-text-link\">                        <span class=\"jl_bt_inner\">\n                        <span>Ver m\u00e1s<\/span>\n                        <i class=\"jli-carrow\"><\/i>                        <\/span>\n                        <\/a>                  <\/p>\n                              <\/div>                    \n                      <\/div>                    \n    \t\t\t\t<\/div>\n\t\t\t\t<\/div>\n\t\t\t\t<div class=\"elementor-element elementor-element-233deb33 elementor-widget elementor-widget-bopea-grid-post\" data-id=\"233deb33\" data-element_type=\"widget\" data-e-type=\"widget\" data-widget_type=\"bopea-grid-post.default\">\n\t\t\t\t<div class=\"elementor-widget-container\">\n\t\t\t\t\t\t\t<div class=\"jl_clear_at block-section jl-main-block jl_hide_cat jl_hide_author jl_hide_desc jl_hide_line jl_hide_col_line jl_en_fr jl_frg\" data-blockid=\"blockid_233deb33\" data-section_style=\"jl_mgrid\" data-post_type=\"post\" data-post_type_tax=\"none\" data-page_max=\"253\" data-page_current=\"1\" data-categories=\"43\" data-author=\"none\" data-order=\"date_post\" data-posts_per_page=\"6\" data-offset=\"22\" data-tabs_link=\"none\" >\t\t\r\n\t\t\t\t\t<div class=\"jl_grid_wrap_f jl_wrap_eb jl_clear_at\">\r\n\t\t\t<div class=\"jl-roww jl_contain jl_cgrid_wrap jl-col-row\">\r\n\t\t\t\t\t\t\t<div class=\"jl_cgrid_layout jl_frsha jl_in_num jl_numl\">\r\n\t\t\t    \t\t\t        <div class=\"jl_img_holder\">\r\n\t\t\t        <div class=\"jl_imgw jl_radus_e\">\r\n\t\t\t            <div class=\"jl_imgin\">\r\n\t\t\t\t\t\t\t\t<img loading=\"lazy\" decoding=\"async\" width=\"680\" height=\"440\" src=\"https:\/\/www.droptheinfo.com\/es\/wp-content\/uploads\/2025\/07\/Qantas-sufre-ciberataque-que-expone-datos-de-seis-millones-de-pasajeros-20x13.jpg\" class=\"attachment-bopea_layouts size-bopea_layouts jl-lazyload lazyload wp-post-image\" alt=\"\" data-src=\"https:\/\/www.droptheinfo.com\/es\/wp-content\/uploads\/2025\/07\/Qantas-sufre-ciberataque-que-expone-datos-de-seis-millones-de-pasajeros-680x440.jpg\" \/>\t\t\t            <\/div>\r\n\t\t\t            \t\t\t            \t\t\t            <a class=\"jl_imgl\" aria-label=\"Qantas sufre ciberataque que expone datos de seis millones de pasajeros\" href=\"https:\/\/www.droptheinfo.com\/es\/qantas-sufre-ciberataque-que-expone-datos-de-seis-millones-de-pasajeros\/\"><\/a>\r\n\t\t\t\t\t\t\t\t\t        <\/div>\r\n\t\t\t        <\/div>\r\n\t\t\t    \t\t\t    <div class=\"jl_fe_text jl_nun_i\">\r\n\t\t\t\t\t<span class=\"jl_nun_d\"><\/span>\r\n\t\t\t        <span class=\"jl_f_cat jl_lb1\"><a class=\"jl_cat_txt jl_cat453\" href=\"https:\/\/www.droptheinfo.com\/es\/category\/aerolineas\/\"><span>Aerol\u00edneas<\/span><\/a><a class=\"jl_cat_txt jl_cat43\" href=\"https:\/\/www.droptheinfo.com\/es\/category\/viral\/\"><span>Viral<\/span><\/a><\/span>\t\t\t\t\t\t\t\t        <h3 class=\"h2 jl_fe_title jl_txt_2row\"><a href=\"https:\/\/www.droptheinfo.com\/es\/qantas-sufre-ciberataque-que-expone-datos-de-seis-millones-de-pasajeros\/\">Qantas sufre ciberataque que expone datos de seis millones de pasajeros<\/a><\/h3>\r\n\t\t\t\t\t\t\t\t        <p class=\"jl_fe_des\">La aerol\u00ednea australiana Qantas confirm\u00f3 este mi\u00e9rcoles que un ciberataque comprometi\u00f3 informaci\u00f3n personal de millones de sus clientes. Entre los datos afectados se... <\/p>\r\n\t\t\t        <span class=\"jl_post_meta\"><span class=\"jl_author_img_w\"><span class=\"jl_aimg_in\"><img decoding=\"async\" src=\"https:\/\/www.droptheinfo.com\/es\/wp-content\/uploads\/2025\/01\/jhon-soto-musicmundialcom-150x150.jpg\" width=\"50\" height=\"50\" srcset=\"https:\/\/www.droptheinfo.com\/es\/wp-content\/uploads\/2025\/01\/jhon-soto-musicmundialcom-150x150.jpg 2x\" alt=\"Jhon Soto\" class=\"avatar avatar-50 wp-user-avatar wp-user-avatar-50 alignnone photo lazyload\" \/><\/span><a href=\"https:\/\/www.droptheinfo.com\/es\/author\/jhon-soto\/\" title=\"Entradas de Jhon Soto\" rel=\"author\">Jhon Soto<\/a><\/span><span class=\"post-date\">2 de julio de 2025<\/span><span class=\"jl_fot_share_i jl_share_l_bg jls_tooltip\"><i class=\"jli-share\"><\/i><span class=\"jls_tooltip_w jls_tooltip-top\"><span class=\"jls_tooltiptext\"><span class=\"jls_tooltip_in\">                <span class=\"jl_sli_in\">\r\n                    <span class=\"jl_sli_fb jl_shli\"><a class=\"jl_sshl\" href=\"http:\/\/www.facebook.com\/sharer.php?u=https%3A%2F%2Fwww.droptheinfo.com%2Fes%2Fqantas-sufre-ciberataque-que-expone-datos-de-seis-millones-de-pasajeros%2F\" rel=\"nofollow\"><i class=\"jli-facebook\"><\/i><\/a><\/span>\r\n                    <span class=\"jl_sli_tw jl_shli\"><a class=\"jl_sshl\" href=\"https:\/\/twitter.com\/intent\/tweet?text=Qantas%20sufre%20ciberataque%20que%20expone%20datos%20de%20seis%20millones%20de%20pasajeros&amp;url=https%3A%2F%2Fwww.droptheinfo.com%2Fes%2Fqantas-sufre-ciberataque-que-expone-datos-de-seis-millones-de-pasajeros%2F\" rel=\"nofollow\"><i class=\"jli-x\"><\/i><\/a><\/span>\r\n                    <span class=\"jl_sli_pi jl_shli\"><a class=\"jl_sshl\" href=\"http:\/\/pinterest.com\/pin\/create\/bookmarklet\/?url=https%3A%2F%2Fwww.droptheinfo.com%2Fes%2Fqantas-sufre-ciberataque-que-expone-datos-de-seis-millones-de-pasajeros%2F>&amp;media=https:\/\/www.droptheinfo.com\/es\/wp-content\/uploads\/2025\/07\/Qantas-sufre-ciberataque-que-expone-datos-de-seis-millones-de-pasajeros.jpg\" rel=\"nofollow\"><i class=\"jli-pinterest\"><\/i><\/a><\/span>\r\n                    <span class=\"jl_sli_din jl_shli\"><a class=\"jl_sshl\" href=\"http:\/\/www.linkedin.com\/shareArticle?url=https%3A%2F%2Fwww.droptheinfo.com%2Fes%2Fqantas-sufre-ciberataque-que-expone-datos-de-seis-millones-de-pasajeros%2F\" rel=\"nofollow\"><i class=\"jli-linkedin\"><\/i><\/a><\/span>\r\n                    <span class=\"jl_sli_wapp jl_shli\"><a class=\"jl_sshl\" href=\"https:\/\/api.whatsapp.com\/send?text=https%3A%2F%2Fwww.droptheinfo.com%2Fes%2Fqantas-sufre-ciberataque-que-expone-datos-de-seis-millones-de-pasajeros%2F\" data-action=\"share\/whatsapp\/share\" rel=\"nofollow\"><i class=\"jli-whatsapp\"><\/i><\/a><\/span>                                        \r\n                <\/span>            \r\n    <\/span><\/span><\/span><\/span><\/span>\t\t\t    <\/div>\r\n\t\t\t<\/div>\r\n\t\t\t\t\t\t\t<div class=\"jl_cgrid_layout jl_frsha jl_in_num jl_numl\">\r\n\t\t\t    \t\t\t        <div class=\"jl_img_holder\">\r\n\t\t\t        <div class=\"jl_imgw jl_radus_e\">\r\n\t\t\t            <div class=\"jl_imgin\">\r\n\t\t\t\t\t\t\t\t<img loading=\"lazy\" decoding=\"async\" width=\"680\" height=\"440\" src=\"https:\/\/www.droptheinfo.com\/es\/wp-content\/uploads\/2025\/07\/Francia-Espana-y-otros-paises-del-sur-de-Europa-en-alerta-por-ola-de-calor-sin-precedentes-20x13.jpg\" class=\"attachment-bopea_layouts size-bopea_layouts jl-lazyload lazyload wp-post-image\" alt=\"\" data-src=\"https:\/\/www.droptheinfo.com\/es\/wp-content\/uploads\/2025\/07\/Francia-Espana-y-otros-paises-del-sur-de-Europa-en-alerta-por-ola-de-calor-sin-precedentes-680x440.jpg\" \/>\t\t\t            <\/div>\r\n\t\t\t            \t\t\t            \t\t\t            <a class=\"jl_imgl\" aria-label=\"Francia, Espa\u00f1a y otros pa\u00edses del sur de Europa en alerta por ola de calor sin precedentes\" href=\"https:\/\/www.droptheinfo.com\/es\/francia-espana-y-otros-paises-del-sur-de-europa-en-alerta-por-ola-de-calor-sin-precedentes\/\"><\/a>\r\n\t\t\t\t\t\t\t\t\t        <\/div>\r\n\t\t\t        <\/div>\r\n\t\t\t    \t\t\t    <div class=\"jl_fe_text jl_nun_i\">\r\n\t\t\t\t\t<span class=\"jl_nun_d\"><\/span>\r\n\t\t\t        <span class=\"jl_f_cat jl_lb1\"><a class=\"jl_cat_txt jl_cat867\" href=\"https:\/\/www.droptheinfo.com\/es\/category\/cambios-climaticos\/\"><span>Cambios clim\u00e1ticos<\/span><\/a><a class=\"jl_cat_txt jl_cat43\" href=\"https:\/\/www.droptheinfo.com\/es\/category\/viral\/\"><span>Viral<\/span><\/a><\/span>\t\t\t\t\t\t\t\t        <h3 class=\"h2 jl_fe_title jl_txt_2row\"><a href=\"https:\/\/www.droptheinfo.com\/es\/francia-espana-y-otros-paises-del-sur-de-europa-en-alerta-por-ola-de-calor-sin-precedentes\/\">Francia, Espa\u00f1a y otros pa\u00edses del sur de Europa en alerta por ola de calor sin precedentes<\/a><\/h3>\r\n\t\t\t\t\t\t\t\t        <p class=\"jl_fe_des\">Par\u00eds y otras quince regiones de Francia amanecieron este martes bajo alerta roja debido a una intensa ola de calor que golpea con... <\/p>\r\n\t\t\t        <span class=\"jl_post_meta\"><span class=\"jl_author_img_w\"><span class=\"jl_aimg_in\"><img decoding=\"async\" src=\"https:\/\/www.droptheinfo.com\/es\/wp-content\/uploads\/2025\/01\/jhon-soto-musicmundialcom-150x150.jpg\" width=\"50\" height=\"50\" srcset=\"https:\/\/www.droptheinfo.com\/es\/wp-content\/uploads\/2025\/01\/jhon-soto-musicmundialcom-150x150.jpg 2x\" alt=\"Jhon Soto\" class=\"avatar avatar-50 wp-user-avatar wp-user-avatar-50 alignnone photo lazyload\" \/><\/span><a href=\"https:\/\/www.droptheinfo.com\/es\/author\/jhon-soto\/\" title=\"Entradas de Jhon Soto\" rel=\"author\">Jhon Soto<\/a><\/span><span class=\"post-date\">1 de julio de 2025<\/span><span class=\"jl_fot_share_i jl_share_l_bg jls_tooltip\"><i class=\"jli-share\"><\/i><span class=\"jls_tooltip_w jls_tooltip-top\"><span class=\"jls_tooltiptext\"><span class=\"jls_tooltip_in\">                <span class=\"jl_sli_in\">\r\n                    <span class=\"jl_sli_fb jl_shli\"><a class=\"jl_sshl\" href=\"http:\/\/www.facebook.com\/sharer.php?u=https%3A%2F%2Fwww.droptheinfo.com%2Fes%2Ffrancia-espana-y-otros-paises-del-sur-de-europa-en-alerta-por-ola-de-calor-sin-precedentes%2F\" rel=\"nofollow\"><i class=\"jli-facebook\"><\/i><\/a><\/span>\r\n                    <span class=\"jl_sli_tw jl_shli\"><a class=\"jl_sshl\" href=\"https:\/\/twitter.com\/intent\/tweet?text=Francia%2C%20Espa%C3%B1a%20y%20otros%20pa%C3%ADses%20del%20sur%20de%20Europa%20en%20alerta%20por%20ola%20de%20calor%20sin%20precedentes&amp;url=https%3A%2F%2Fwww.droptheinfo.com%2Fes%2Ffrancia-espana-y-otros-paises-del-sur-de-europa-en-alerta-por-ola-de-calor-sin-precedentes%2F\" rel=\"nofollow\"><i class=\"jli-x\"><\/i><\/a><\/span>\r\n                    <span class=\"jl_sli_pi jl_shli\"><a class=\"jl_sshl\" href=\"http:\/\/pinterest.com\/pin\/create\/bookmarklet\/?url=https%3A%2F%2Fwww.droptheinfo.com%2Fes%2Ffrancia-espana-y-otros-paises-del-sur-de-europa-en-alerta-por-ola-de-calor-sin-precedentes%2F>&amp;media=https:\/\/www.droptheinfo.com\/es\/wp-content\/uploads\/2025\/07\/Francia-Espana-y-otros-paises-del-sur-de-Europa-en-alerta-por-ola-de-calor-sin-precedentes.jpg\" rel=\"nofollow\"><i class=\"jli-pinterest\"><\/i><\/a><\/span>\r\n                    <span class=\"jl_sli_din jl_shli\"><a class=\"jl_sshl\" href=\"http:\/\/www.linkedin.com\/shareArticle?url=https%3A%2F%2Fwww.droptheinfo.com%2Fes%2Ffrancia-espana-y-otros-paises-del-sur-de-europa-en-alerta-por-ola-de-calor-sin-precedentes%2F\" rel=\"nofollow\"><i class=\"jli-linkedin\"><\/i><\/a><\/span>\r\n                    <span class=\"jl_sli_wapp jl_shli\"><a class=\"jl_sshl\" href=\"https:\/\/api.whatsapp.com\/send?text=https%3A%2F%2Fwww.droptheinfo.com%2Fes%2Ffrancia-espana-y-otros-paises-del-sur-de-europa-en-alerta-por-ola-de-calor-sin-precedentes%2F\" data-action=\"share\/whatsapp\/share\" rel=\"nofollow\"><i class=\"jli-whatsapp\"><\/i><\/a><\/span>                                        \r\n                <\/span>            \r\n    <\/span><\/span><\/span><\/span><\/span>\t\t\t    <\/div>\r\n\t\t\t<\/div>\r\n\t\t\t\t\t\t\t<div class=\"jl_cgrid_layout jl_frsha jl_in_num jl_numl\">\r\n\t\t\t    \t\t\t        <div class=\"jl_img_holder\">\r\n\t\t\t        <div class=\"jl_imgw jl_radus_e\">\r\n\t\t\t            <div class=\"jl_imgin\">\r\n\t\t\t\t\t\t\t\t<img loading=\"lazy\" decoding=\"async\" width=\"680\" height=\"440\" src=\"https:\/\/www.droptheinfo.com\/es\/wp-content\/uploads\/2025\/07\/Nuevas-imagenes-satelitales-revelan-trabajos-de-evaluacion-en-la-planta-nuclear-irani-de-Fordow-tras-ataque-estadounidense-20x13.jpg\" class=\"attachment-bopea_layouts size-bopea_layouts jl-lazyload lazyload wp-post-image\" alt=\"\" data-src=\"https:\/\/www.droptheinfo.com\/es\/wp-content\/uploads\/2025\/07\/Nuevas-imagenes-satelitales-revelan-trabajos-de-evaluacion-en-la-planta-nuclear-irani-de-Fordow-tras-ataque-estadounidense-680x440.jpg\" \/>\t\t\t            <\/div>\r\n\t\t\t            \t\t\t            \t\t\t            <a class=\"jl_imgl\" aria-label=\"Nuevas im\u00e1genes satelitales revelan trabajos de evaluaci\u00f3n en la planta nuclear iran\u00ed de Fordow tras ataque estadounidense\" href=\"https:\/\/www.droptheinfo.com\/es\/nuevas-imagenes-satelitales-revelan-trabajos-de-evaluacion-en-la-planta-nuclear-irani-de-fordow-tras-ataque-estadounidense\/\"><\/a>\r\n\t\t\t\t\t\t\t\t\t        <\/div>\r\n\t\t\t        <\/div>\r\n\t\t\t    \t\t\t    <div class=\"jl_fe_text jl_nun_i\">\r\n\t\t\t\t\t<span class=\"jl_nun_d\"><\/span>\r\n\t\t\t        <span class=\"jl_f_cat jl_lb1\"><a class=\"jl_cat_txt jl_cat1544\" href=\"https:\/\/www.droptheinfo.com\/es\/category\/guerras\/\"><span>guerras<\/span><\/a><a class=\"jl_cat_txt jl_cat43\" href=\"https:\/\/www.droptheinfo.com\/es\/category\/viral\/\"><span>Viral<\/span><\/a><\/span>\t\t\t\t\t\t\t\t        <h3 class=\"h2 jl_fe_title jl_txt_2row\"><a href=\"https:\/\/www.droptheinfo.com\/es\/nuevas-imagenes-satelitales-revelan-trabajos-de-evaluacion-en-la-planta-nuclear-irani-de-fordow-tras-ataque-estadounidense\/\">Nuevas im\u00e1genes satelitales revelan trabajos de evaluaci\u00f3n en la planta nuclear iran\u00ed de Fordow tras ataque estadounidense<\/a><\/h3>\r\n\t\t\t\t\t\t\t\t        <p class=\"jl_fe_des\">Nuevas im\u00e1genes satelitales difundidas esta semana muestran que Ir\u00e1n ha comenzado labores de evaluaci\u00f3n en la planta nuclear subterr\u00e1nea de Fordow, seriamente da\u00f1ada... <\/p>\r\n\t\t\t        <span class=\"jl_post_meta\"><span class=\"jl_author_img_w\"><span class=\"jl_aimg_in\"><img decoding=\"async\" src=\"https:\/\/www.droptheinfo.com\/es\/wp-content\/uploads\/2025\/01\/jhon-soto-musicmundialcom-150x150.jpg\" width=\"50\" height=\"50\" srcset=\"https:\/\/www.droptheinfo.com\/es\/wp-content\/uploads\/2025\/01\/jhon-soto-musicmundialcom-150x150.jpg 2x\" alt=\"Jhon Soto\" class=\"avatar avatar-50 wp-user-avatar wp-user-avatar-50 alignnone photo lazyload\" \/><\/span><a href=\"https:\/\/www.droptheinfo.com\/es\/author\/jhon-soto\/\" title=\"Entradas de Jhon Soto\" rel=\"author\">Jhon Soto<\/a><\/span><span class=\"post-date\">1 de julio de 2025<\/span><span class=\"jl_fot_share_i jl_share_l_bg jls_tooltip\"><i class=\"jli-share\"><\/i><span class=\"jls_tooltip_w jls_tooltip-top\"><span class=\"jls_tooltiptext\"><span class=\"jls_tooltip_in\">                <span class=\"jl_sli_in\">\r\n                    <span class=\"jl_sli_fb jl_shli\"><a class=\"jl_sshl\" href=\"http:\/\/www.facebook.com\/sharer.php?u=https%3A%2F%2Fwww.droptheinfo.com%2Fes%2Fnuevas-imagenes-satelitales-revelan-trabajos-de-evaluacion-en-la-planta-nuclear-irani-de-fordow-tras-ataque-estadounidense%2F\" rel=\"nofollow\"><i class=\"jli-facebook\"><\/i><\/a><\/span>\r\n                    <span class=\"jl_sli_tw jl_shli\"><a class=\"jl_sshl\" href=\"https:\/\/twitter.com\/intent\/tweet?text=Nuevas%20im%C3%A1genes%20satelitales%20revelan%20trabajos%20de%20evaluaci%C3%B3n%20en%20la%20planta%20nuclear%20iran%C3%AD%20de%20Fordow%20tras%20ataque%20estadounidense&amp;url=https%3A%2F%2Fwww.droptheinfo.com%2Fes%2Fnuevas-imagenes-satelitales-revelan-trabajos-de-evaluacion-en-la-planta-nuclear-irani-de-fordow-tras-ataque-estadounidense%2F\" rel=\"nofollow\"><i class=\"jli-x\"><\/i><\/a><\/span>\r\n                    <span class=\"jl_sli_pi jl_shli\"><a class=\"jl_sshl\" href=\"http:\/\/pinterest.com\/pin\/create\/bookmarklet\/?url=https%3A%2F%2Fwww.droptheinfo.com%2Fes%2Fnuevas-imagenes-satelitales-revelan-trabajos-de-evaluacion-en-la-planta-nuclear-irani-de-fordow-tras-ataque-estadounidense%2F>&amp;media=https:\/\/www.droptheinfo.com\/es\/wp-content\/uploads\/2025\/07\/Nuevas-imagenes-satelitales-revelan-trabajos-de-evaluacion-en-la-planta-nuclear-irani-de-Fordow-tras-ataque-estadounidense.jpg\" rel=\"nofollow\"><i class=\"jli-pinterest\"><\/i><\/a><\/span>\r\n                    <span class=\"jl_sli_din jl_shli\"><a class=\"jl_sshl\" href=\"http:\/\/www.linkedin.com\/shareArticle?url=https%3A%2F%2Fwww.droptheinfo.com%2Fes%2Fnuevas-imagenes-satelitales-revelan-trabajos-de-evaluacion-en-la-planta-nuclear-irani-de-fordow-tras-ataque-estadounidense%2F\" rel=\"nofollow\"><i class=\"jli-linkedin\"><\/i><\/a><\/span>\r\n                    <span class=\"jl_sli_wapp jl_shli\"><a class=\"jl_sshl\" href=\"https:\/\/api.whatsapp.com\/send?text=https%3A%2F%2Fwww.droptheinfo.com%2Fes%2Fnuevas-imagenes-satelitales-revelan-trabajos-de-evaluacion-en-la-planta-nuclear-irani-de-fordow-tras-ataque-estadounidense%2F\" data-action=\"share\/whatsapp\/share\" rel=\"nofollow\"><i class=\"jli-whatsapp\"><\/i><\/a><\/span>                                        \r\n                <\/span>            \r\n    <\/span><\/span><\/span><\/span><\/span>\t\t\t    <\/div>\r\n\t\t\t<\/div>\r\n\t\t\t\t\t\t\t<div class=\"jl_cgrid_layout jl_frsha jl_in_num jl_numl\">\r\n\t\t\t    \t\t\t        <div class=\"jl_img_holder\">\r\n\t\t\t        <div class=\"jl_imgw jl_radus_e\">\r\n\t\t\t            <div class=\"jl_imgin\">\r\n\t\t\t\t\t\t\t\t<img loading=\"lazy\" decoding=\"async\" width=\"680\" height=\"440\" src=\"https:\/\/www.droptheinfo.com\/es\/wp-content\/uploads\/2025\/06\/Trump-visitara-polemico-centro-de-detencion-de-inmigrantes-en-los-Everglades-20x13.jpg\" class=\"attachment-bopea_layouts size-bopea_layouts jl-lazyload lazyload wp-post-image\" alt=\"\" data-src=\"https:\/\/www.droptheinfo.com\/es\/wp-content\/uploads\/2025\/06\/Trump-visitara-polemico-centro-de-detencion-de-inmigrantes-en-los-Everglades-680x440.jpg\" \/>\t\t\t            <\/div>\r\n\t\t\t            \t\t\t            \t\t\t            <a class=\"jl_imgl\" aria-label=\"Trump visitar\u00e1 pol\u00e9mico centro de detenci\u00f3n de inmigrantes en los Everglades\" href=\"https:\/\/www.droptheinfo.com\/es\/trump-visitara-polemico-centro-de-detencion-de-inmigrantes-en-los-everglades\/\"><\/a>\r\n\t\t\t\t\t\t\t\t\t        <\/div>\r\n\t\t\t        <\/div>\r\n\t\t\t    \t\t\t    <div class=\"jl_fe_text jl_nun_i\">\r\n\t\t\t\t\t<span class=\"jl_nun_d\"><\/span>\r\n\t\t\t        <span class=\"jl_f_cat jl_lb1\"><a class=\"jl_cat_txt jl_cat64\" href=\"https:\/\/www.droptheinfo.com\/es\/category\/politica\/\"><span>Pol\u00edtica<\/span><\/a><a class=\"jl_cat_txt jl_cat43\" href=\"https:\/\/www.droptheinfo.com\/es\/category\/viral\/\"><span>Viral<\/span><\/a><\/span>\t\t\t\t\t\t\t\t        <h3 class=\"h2 jl_fe_title jl_txt_2row\"><a href=\"https:\/\/www.droptheinfo.com\/es\/trump-visitara-polemico-centro-de-detencion-de-inmigrantes-en-los-everglades\/\">Trump visitar\u00e1 pol\u00e9mico centro de detenci\u00f3n de inmigrantes en los Everglades<\/a><\/h3>\r\n\t\t\t\t\t\t\t\t        <p class=\"jl_fe_des\">El presidente Donald Trump tiene previsto visitar este martes un nuevo centro de detenci\u00f3n de inmigrantes ubicado en una remota zona de los... <\/p>\r\n\t\t\t        <span class=\"jl_post_meta\"><span class=\"jl_author_img_w\"><span class=\"jl_aimg_in\"><img decoding=\"async\" src=\"https:\/\/www.droptheinfo.com\/es\/wp-content\/uploads\/2025\/01\/jhon-soto-musicmundialcom-150x150.jpg\" width=\"50\" height=\"50\" srcset=\"https:\/\/www.droptheinfo.com\/es\/wp-content\/uploads\/2025\/01\/jhon-soto-musicmundialcom-150x150.jpg 2x\" alt=\"Jhon Soto\" class=\"avatar avatar-50 wp-user-avatar wp-user-avatar-50 alignnone photo lazyload\" \/><\/span><a href=\"https:\/\/www.droptheinfo.com\/es\/author\/jhon-soto\/\" title=\"Entradas de Jhon Soto\" rel=\"author\">Jhon Soto<\/a><\/span><span class=\"post-date\">30 de junio de 2025<\/span><span class=\"jl_fot_share_i jl_share_l_bg jls_tooltip\"><i class=\"jli-share\"><\/i><span class=\"jls_tooltip_w jls_tooltip-top\"><span class=\"jls_tooltiptext\"><span class=\"jls_tooltip_in\">                <span class=\"jl_sli_in\">\r\n                    <span class=\"jl_sli_fb jl_shli\"><a class=\"jl_sshl\" href=\"http:\/\/www.facebook.com\/sharer.php?u=https%3A%2F%2Fwww.droptheinfo.com%2Fes%2Ftrump-visitara-polemico-centro-de-detencion-de-inmigrantes-en-los-everglades%2F\" rel=\"nofollow\"><i class=\"jli-facebook\"><\/i><\/a><\/span>\r\n                    <span class=\"jl_sli_tw jl_shli\"><a class=\"jl_sshl\" href=\"https:\/\/twitter.com\/intent\/tweet?text=Trump%20visitar%C3%A1%20pol%C3%A9mico%20centro%20de%20detenci%C3%B3n%20de%20inmigrantes%20en%20los%20Everglades&amp;url=https%3A%2F%2Fwww.droptheinfo.com%2Fes%2Ftrump-visitara-polemico-centro-de-detencion-de-inmigrantes-en-los-everglades%2F\" rel=\"nofollow\"><i class=\"jli-x\"><\/i><\/a><\/span>\r\n                    <span class=\"jl_sli_pi jl_shli\"><a class=\"jl_sshl\" href=\"http:\/\/pinterest.com\/pin\/create\/bookmarklet\/?url=https%3A%2F%2Fwww.droptheinfo.com%2Fes%2Ftrump-visitara-polemico-centro-de-detencion-de-inmigrantes-en-los-everglades%2F>&amp;media=https:\/\/www.droptheinfo.com\/es\/wp-content\/uploads\/2025\/06\/Trump-visitara-polemico-centro-de-detencion-de-inmigrantes-en-los-Everglades.jpg\" rel=\"nofollow\"><i class=\"jli-pinterest\"><\/i><\/a><\/span>\r\n                    <span class=\"jl_sli_din jl_shli\"><a class=\"jl_sshl\" href=\"http:\/\/www.linkedin.com\/shareArticle?url=https%3A%2F%2Fwww.droptheinfo.com%2Fes%2Ftrump-visitara-polemico-centro-de-detencion-de-inmigrantes-en-los-everglades%2F\" rel=\"nofollow\"><i class=\"jli-linkedin\"><\/i><\/a><\/span>\r\n                    <span class=\"jl_sli_wapp jl_shli\"><a class=\"jl_sshl\" href=\"https:\/\/api.whatsapp.com\/send?text=https%3A%2F%2Fwww.droptheinfo.com%2Fes%2Ftrump-visitara-polemico-centro-de-detencion-de-inmigrantes-en-los-everglades%2F\" data-action=\"share\/whatsapp\/share\" rel=\"nofollow\"><i class=\"jli-whatsapp\"><\/i><\/a><\/span>                                        \r\n                <\/span>            \r\n    <\/span><\/span><\/span><\/span><\/span>\t\t\t    <\/div>\r\n\t\t\t<\/div>\r\n\t\t\t\t\t\t\t<div class=\"jl_cgrid_layout jl_frsha jl_in_num jl_numl\">\r\n\t\t\t    \t\t\t        <div class=\"jl_img_holder\">\r\n\t\t\t        <div class=\"jl_imgw jl_radus_e\">\r\n\t\t\t            <div class=\"jl_imgin\">\r\n\t\t\t\t\t\t\t\t<img loading=\"lazy\" decoding=\"async\" width=\"680\" height=\"440\" src=\"https:\/\/www.droptheinfo.com\/es\/wp-content\/uploads\/2025\/06\/Trump-ordena-cortar-fondos-a-ONG-vinculadas-con-disturbios-y-celebra-fallo-de-la-Corte-Suprema-20x13.jpg\" class=\"attachment-bopea_layouts size-bopea_layouts jl-lazyload lazyload wp-post-image\" alt=\"\" data-src=\"https:\/\/www.droptheinfo.com\/es\/wp-content\/uploads\/2025\/06\/Trump-ordena-cortar-fondos-a-ONG-vinculadas-con-disturbios-y-celebra-fallo-de-la-Corte-Suprema-680x440.jpg\" \/>\t\t\t            <\/div>\r\n\t\t\t            \t\t\t            \t\t\t            <a class=\"jl_imgl\" aria-label=\"Trump ordena cortar fondos a ONG vinculadas con disturbios y celebra fallo de la Corte Suprema\" href=\"https:\/\/www.droptheinfo.com\/es\/trump-ordena-cortar-fondos-a-ong-vinculadas-con-disturbios-y-celebra-fallo-de-la-corte-suprema\/\"><\/a>\r\n\t\t\t\t\t\t\t\t\t        <\/div>\r\n\t\t\t        <\/div>\r\n\t\t\t    \t\t\t    <div class=\"jl_fe_text jl_nun_i\">\r\n\t\t\t\t\t<span class=\"jl_nun_d\"><\/span>\r\n\t\t\t        <span class=\"jl_f_cat jl_lb1\"><a class=\"jl_cat_txt jl_cat64\" href=\"https:\/\/www.droptheinfo.com\/es\/category\/politica\/\"><span>Pol\u00edtica<\/span><\/a><a class=\"jl_cat_txt jl_cat43\" href=\"https:\/\/www.droptheinfo.com\/es\/category\/viral\/\"><span>Viral<\/span><\/a><\/span>\t\t\t\t\t\t\t\t        <h3 class=\"h2 jl_fe_title jl_txt_2row\"><a href=\"https:\/\/www.droptheinfo.com\/es\/trump-ordena-cortar-fondos-a-ong-vinculadas-con-disturbios-y-celebra-fallo-de-la-corte-suprema\/\">Trump ordena cortar fondos a ONG vinculadas con disturbios y celebra fallo de la Corte Suprema<\/a><\/h3>\r\n\t\t\t\t\t\t\t\t        <p class=\"jl_fe_des\">El presidente de Estados Unidos, Donald Trump, anunci\u00f3 que su administraci\u00f3n no destinar\u00e1 fondos federales a organizaciones no gubernamentales que, seg\u00fan \u00e9l, est\u00e1n... <\/p>\r\n\t\t\t        <span class=\"jl_post_meta\"><span class=\"jl_author_img_w\"><span class=\"jl_aimg_in\"><img decoding=\"async\" src=\"https:\/\/www.droptheinfo.com\/es\/wp-content\/uploads\/2025\/01\/jhon-soto-musicmundialcom-150x150.jpg\" width=\"50\" height=\"50\" srcset=\"https:\/\/www.droptheinfo.com\/es\/wp-content\/uploads\/2025\/01\/jhon-soto-musicmundialcom-150x150.jpg 2x\" alt=\"Jhon Soto\" class=\"avatar avatar-50 wp-user-avatar wp-user-avatar-50 alignnone photo lazyload\" \/><\/span><a href=\"https:\/\/www.droptheinfo.com\/es\/author\/jhon-soto\/\" title=\"Entradas de Jhon Soto\" rel=\"author\">Jhon Soto<\/a><\/span><span class=\"post-date\">28 de junio de 2025<\/span><span class=\"jl_fot_share_i jl_share_l_bg jls_tooltip\"><i class=\"jli-share\"><\/i><span class=\"jls_tooltip_w jls_tooltip-top\"><span class=\"jls_tooltiptext\"><span class=\"jls_tooltip_in\">                <span class=\"jl_sli_in\">\r\n                    <span class=\"jl_sli_fb jl_shli\"><a class=\"jl_sshl\" href=\"http:\/\/www.facebook.com\/sharer.php?u=https%3A%2F%2Fwww.droptheinfo.com%2Fes%2Ftrump-ordena-cortar-fondos-a-ong-vinculadas-con-disturbios-y-celebra-fallo-de-la-corte-suprema%2F\" rel=\"nofollow\"><i class=\"jli-facebook\"><\/i><\/a><\/span>\r\n                    <span class=\"jl_sli_tw jl_shli\"><a class=\"jl_sshl\" href=\"https:\/\/twitter.com\/intent\/tweet?text=Trump%20ordena%20cortar%20fondos%20a%20ONG%20vinculadas%20con%20disturbios%20y%20celebra%20fallo%20de%20la%20Corte%20Suprema&amp;url=https%3A%2F%2Fwww.droptheinfo.com%2Fes%2Ftrump-ordena-cortar-fondos-a-ong-vinculadas-con-disturbios-y-celebra-fallo-de-la-corte-suprema%2F\" rel=\"nofollow\"><i class=\"jli-x\"><\/i><\/a><\/span>\r\n                    <span class=\"jl_sli_pi jl_shli\"><a class=\"jl_sshl\" href=\"http:\/\/pinterest.com\/pin\/create\/bookmarklet\/?url=https%3A%2F%2Fwww.droptheinfo.com%2Fes%2Ftrump-ordena-cortar-fondos-a-ong-vinculadas-con-disturbios-y-celebra-fallo-de-la-corte-suprema%2F>&amp;media=https:\/\/www.droptheinfo.com\/es\/wp-content\/uploads\/2025\/06\/Trump-ordena-cortar-fondos-a-ONG-vinculadas-con-disturbios-y-celebra-fallo-de-la-Corte-Suprema.jpg\" rel=\"nofollow\"><i class=\"jli-pinterest\"><\/i><\/a><\/span>\r\n                    <span class=\"jl_sli_din jl_shli\"><a class=\"jl_sshl\" href=\"http:\/\/www.linkedin.com\/shareArticle?url=https%3A%2F%2Fwww.droptheinfo.com%2Fes%2Ftrump-ordena-cortar-fondos-a-ong-vinculadas-con-disturbios-y-celebra-fallo-de-la-corte-suprema%2F\" rel=\"nofollow\"><i class=\"jli-linkedin\"><\/i><\/a><\/span>\r\n                    <span class=\"jl_sli_wapp jl_shli\"><a class=\"jl_sshl\" href=\"https:\/\/api.whatsapp.com\/send?text=https%3A%2F%2Fwww.droptheinfo.com%2Fes%2Ftrump-ordena-cortar-fondos-a-ong-vinculadas-con-disturbios-y-celebra-fallo-de-la-corte-suprema%2F\" data-action=\"share\/whatsapp\/share\" rel=\"nofollow\"><i class=\"jli-whatsapp\"><\/i><\/a><\/span>                                        \r\n                <\/span>            \r\n    <\/span><\/span><\/span><\/span><\/span>\t\t\t    <\/div>\r\n\t\t\t<\/div>\r\n\t\t\t\t\t\t\t<div class=\"jl_cgrid_layout jl_frsha jl_in_num jl_numl\">\r\n\t\t\t    \t\t\t        <div class=\"jl_img_holder\">\r\n\t\t\t        <div class=\"jl_imgw jl_radus_e\">\r\n\t\t\t            <div class=\"jl_imgin\">\r\n\t\t\t\t\t\t\t\t<img loading=\"lazy\" decoding=\"async\" width=\"680\" height=\"440\" src=\"https:\/\/www.droptheinfo.com\/es\/wp-content\/uploads\/2025\/06\/Detienen-en-Corea-del-Sur-a-seis-estadounidenses-que-intentaban-enviar-arroz-biblias-y-dolares-a-Corea-del-Norte-en-botellas-de-plastico-20x13.jpg\" class=\"attachment-bopea_layouts size-bopea_layouts jl-lazyload lazyload wp-post-image\" alt=\"\" data-src=\"https:\/\/www.droptheinfo.com\/es\/wp-content\/uploads\/2025\/06\/Detienen-en-Corea-del-Sur-a-seis-estadounidenses-que-intentaban-enviar-arroz-biblias-y-dolares-a-Corea-del-Norte-en-botellas-de-plastico-680x440.jpg\" \/>\t\t\t            <\/div>\r\n\t\t\t            \t\t\t            \t\t\t            <a class=\"jl_imgl\" aria-label=\"Detienen en Corea del Sur a seis estadounidenses que intentaban enviar arroz, biblias y d\u00f3lares a Corea del Norte en botellas de pl\u00e1stico\" href=\"https:\/\/www.droptheinfo.com\/es\/detienen-en-corea-del-sur-a-seis-estadounidenses-que-intentaban-enviar-arroz-biblias-y-dolares-a-corea-del-norte-en-botellas-de-plastico\/\"><\/a>\r\n\t\t\t\t\t\t\t\t\t        <\/div>\r\n\t\t\t        <\/div>\r\n\t\t\t    \t\t\t    <div class=\"jl_fe_text jl_nun_i\">\r\n\t\t\t\t\t<span class=\"jl_nun_d\"><\/span>\r\n\t\t\t        <span class=\"jl_f_cat jl_lb1\"><a class=\"jl_cat_txt jl_cat64\" href=\"https:\/\/www.droptheinfo.com\/es\/category\/politica\/\"><span>Pol\u00edtica<\/span><\/a><a class=\"jl_cat_txt jl_cat43\" href=\"https:\/\/www.droptheinfo.com\/es\/category\/viral\/\"><span>Viral<\/span><\/a><\/span>\t\t\t\t\t\t\t\t        <h3 class=\"h2 jl_fe_title jl_txt_2row\"><a href=\"https:\/\/www.droptheinfo.com\/es\/detienen-en-corea-del-sur-a-seis-estadounidenses-que-intentaban-enviar-arroz-biblias-y-dolares-a-corea-del-norte-en-botellas-de-plastico\/\">Detienen en Corea del Sur a seis estadounidenses que intentaban enviar arroz, biblias y d\u00f3lares a Corea del Norte en botellas de pl\u00e1stico<\/a><\/h3>\r\n\t\t\t\t\t\t\t\t        <p class=\"jl_fe_des\">Seis ciudadanos estadounidenses fueron detenidos este viernes en la isla surcoreana de Gwanghwa por intentar lanzar al mar 1.600 botellas de pl\u00e1stico con... <\/p>\r\n\t\t\t        <span class=\"jl_post_meta\"><span class=\"jl_author_img_w\"><span class=\"jl_aimg_in\"><img decoding=\"async\" src=\"https:\/\/www.droptheinfo.com\/es\/wp-content\/uploads\/2025\/01\/jhon-soto-musicmundialcom-150x150.jpg\" width=\"50\" height=\"50\" srcset=\"https:\/\/www.droptheinfo.com\/es\/wp-content\/uploads\/2025\/01\/jhon-soto-musicmundialcom-150x150.jpg 2x\" alt=\"Jhon Soto\" class=\"avatar avatar-50 wp-user-avatar wp-user-avatar-50 alignnone photo lazyload\" \/><\/span><a href=\"https:\/\/www.droptheinfo.com\/es\/author\/jhon-soto\/\" title=\"Entradas de Jhon Soto\" rel=\"author\">Jhon Soto<\/a><\/span><span class=\"post-date\">27 de junio de 2025<\/span><span class=\"jl_fot_share_i jl_share_l_bg jls_tooltip\"><i class=\"jli-share\"><\/i><span class=\"jls_tooltip_w jls_tooltip-top\"><span class=\"jls_tooltiptext\"><span class=\"jls_tooltip_in\">                <span class=\"jl_sli_in\">\r\n                    <span class=\"jl_sli_fb jl_shli\"><a class=\"jl_sshl\" href=\"http:\/\/www.facebook.com\/sharer.php?u=https%3A%2F%2Fwww.droptheinfo.com%2Fes%2Fdetienen-en-corea-del-sur-a-seis-estadounidenses-que-intentaban-enviar-arroz-biblias-y-dolares-a-corea-del-norte-en-botellas-de-plastico%2F\" rel=\"nofollow\"><i class=\"jli-facebook\"><\/i><\/a><\/span>\r\n                    <span class=\"jl_sli_tw jl_shli\"><a class=\"jl_sshl\" href=\"https:\/\/twitter.com\/intent\/tweet?text=Detienen%20en%20Corea%20del%20Sur%20a%20seis%20estadounidenses%20que%20intentaban%20enviar%20arroz%2C%20biblias%20y%20d%C3%B3lares%20a%20Corea%20del%20Norte%20en%20botellas%20de%20pl%C3%A1stico&amp;url=https%3A%2F%2Fwww.droptheinfo.com%2Fes%2Fdetienen-en-corea-del-sur-a-seis-estadounidenses-que-intentaban-enviar-arroz-biblias-y-dolares-a-corea-del-norte-en-botellas-de-plastico%2F\" rel=\"nofollow\"><i class=\"jli-x\"><\/i><\/a><\/span>\r\n                    <span class=\"jl_sli_pi jl_shli\"><a class=\"jl_sshl\" href=\"http:\/\/pinterest.com\/pin\/create\/bookmarklet\/?url=https%3A%2F%2Fwww.droptheinfo.com%2Fes%2Fdetienen-en-corea-del-sur-a-seis-estadounidenses-que-intentaban-enviar-arroz-biblias-y-dolares-a-corea-del-norte-en-botellas-de-plastico%2F>&amp;media=https:\/\/www.droptheinfo.com\/es\/wp-content\/uploads\/2025\/06\/Detienen-en-Corea-del-Sur-a-seis-estadounidenses-que-intentaban-enviar-arroz-biblias-y-dolares-a-Corea-del-Norte-en-botellas-de-plastico.jpg\" rel=\"nofollow\"><i class=\"jli-pinterest\"><\/i><\/a><\/span>\r\n                    <span class=\"jl_sli_din jl_shli\"><a class=\"jl_sshl\" href=\"http:\/\/www.linkedin.com\/shareArticle?url=https%3A%2F%2Fwww.droptheinfo.com%2Fes%2Fdetienen-en-corea-del-sur-a-seis-estadounidenses-que-intentaban-enviar-arroz-biblias-y-dolares-a-corea-del-norte-en-botellas-de-plastico%2F\" rel=\"nofollow\"><i class=\"jli-linkedin\"><\/i><\/a><\/span>\r\n                    <span class=\"jl_sli_wapp jl_shli\"><a class=\"jl_sshl\" href=\"https:\/\/api.whatsapp.com\/send?text=https%3A%2F%2Fwww.droptheinfo.com%2Fes%2Fdetienen-en-corea-del-sur-a-seis-estadounidenses-que-intentaban-enviar-arroz-biblias-y-dolares-a-corea-del-norte-en-botellas-de-plastico%2F\" data-action=\"share\/whatsapp\/share\" rel=\"nofollow\"><i class=\"jli-whatsapp\"><\/i><\/a><\/span>                                        \r\n                <\/span>            \r\n    <\/span><\/span><\/span><\/span><\/span>\t\t\t    <\/div>\r\n\t\t\t<\/div>\r\n\t\t\t<\/div>        <div class=\"jl_el_nav_w jl_nxpre\">\r\n           <div class=\"pagination-wrap pagination-nextprev clearfix\">\r\n               <a href=\"#\" class=\"jl-foot-nav jl-block-link jl-prev-nav jl_disable\" aria-label=\"prev\" data-type=\"prev\"><i class=\"jli-left-chevron\"><\/i><\/a>\r\n               <a href=\"#\" class=\"jl-foot-nav jl-block-link jl-next-nav\" aria-label=\"next\" data-type=\"next\"><i class=\"jli-right-chevron\"><\/i><\/a>\r\n           <\/div>\r\n        <\/div>\r\n    <\/div><\/div>\t\t\t\t<\/div>\n\t\t\t\t<\/div>\n\t\t\t\t<\/div>\n\t\t<div class=\"elementor-element elementor-element-382151e3 e-con-full e-flex e-con e-child\" data-id=\"382151e3\" data-element_type=\"container\" data-e-type=\"container\">\n\t\t\t\t<div class=\"elementor-element elementor-element-4a014fe1 elementor-hidden-desktop elementor-hidden-tablet elementor-hidden-mobile elementor-widget elementor-widget-bopea-social-list\" data-id=\"4a014fe1\" data-element_type=\"widget\" data-e-type=\"widget\" data-widget_type=\"bopea-social-list.default\">\n\t\t\t\t<div class=\"elementor-widget-container\">\n\t\t\t\t\t        \n        <ul class=\"jl_wr_soci jl_sh_cter jl_sh1\">\n                        <li class=\"jl_facebook_url\" style=\"--jl-social-color:#4080FF;\">\n                <a aria-label=\"facebook\" href=\"https:\/\/www.facebook.com\/droptheinfo\/\" target=\"_blank\" rel=\"nofollow noopener\">\n                    <span class=\"jl_sh_i\"><i class=\"jli-facebook\"><\/i><\/span>\n                    <span class=\"jl_sh_t\">Facebook<\/span>\n                    <span class=\"jl_sh_w\">\n                    <span class=\"jl_sh_c\">1.2m<\/span>\n                    <span class=\"jl_sh_l\">Likes<\/span>\n                    <\/span>\n                <\/a>\n            <\/li>\n                                    <li class=\"jl_twitter_url jl_dk_sc\" style=\"--jl-social-color:var(--jl-social-skin, #000);\">\n                <a aria-label=\"X\" href=\"https:\/\/twitter.com\/musicmundial\" target=\"_blank\" rel=\"nofollow noopener\">\n                    <span class=\"jl_sh_i\"><i class=\"jli-x\"><\/i><\/span>\n                    <span class=\"jl_sh_t\"><\/span>\n                    <span class=\"jl_sh_w\">\n                    <span class=\"jl_sh_c\">40.3k<\/span>\n                    <span class=\"jl_sh_l\">Follows<\/span>\n                    <\/span>\n                <\/a>\n            <\/li>\n                                                                                                                                                                                                                                                                        \n                                                                        \n            \n            \n            \n            \n            \n            \n            \n            \n            \n            \n            \n            \n                        \n        <\/ul>\n        \t\t\t\t<\/div>\n\t\t\t\t<\/div>\n\t\t\t\t<div class=\"elementor-element elementor-element-7bf3045d elementor-widget elementor-widget-bopea-section-title\" data-id=\"7bf3045d\" data-element_type=\"widget\" data-e-type=\"widget\" data-widget_type=\"bopea-section-title.default\">\n\t\t\t\t<div class=\"elementor-widget-container\">\n\t\t\t\t\t          <div class=\"jlcus_sec_title jl_sec_style12 jl_secf_title  \">\n            <div class=\"jlcus_sect_inner\">\n                                    <h2 class=\"jl-heading-text\">\n                                                <span class=\"jl_ttw\">POPULAR ESTA SEMANA<\/span>                                          <\/h2>\n                                                <\/div>                    \n                      <\/div>                    \n    \t\t\t\t<\/div>\n\t\t\t\t<\/div>\n\t\t\t\t<div class=\"elementor-element elementor-element-7fb9d33d elementor-widget elementor-widget-bopea-main-ov-sm-li\" data-id=\"7fb9d33d\" data-element_type=\"widget\" data-e-type=\"widget\" data-widget_type=\"bopea-main-ov-sm-li.default\">\n\t\t\t\t<div class=\"elementor-widget-container\">\n\t\t\t\t\t\t\t<div id=\"blockid_7fb9d33d\" class=\"block-section jl-main-block jl_hide_cat jl_hide_author jl_hide_line\" data-blockid=\"blockid_7fb9d33d\" data-section_style=\"jl_main_ov_sm_li\" data-post_type=\"post\" data-post_type_tax=\"none\" data-page_current=\"1\" data-author=\"none\" data-order=\"popular_by_week\" data-posts_per_page=\"6\" data-tabs_link=\"none\" >\r\n\t\t\t\t<\/div>\t\t\t\t<\/div>\n\t\t\t\t<\/div>\n\t\t\t\t<\/div>\n\t\t\t\t\t<\/div>\n\t\t\t\t<\/div>\n\t\t<div class=\"elementor-element elementor-element-7f9d5164 e-flex e-con-boxed e-con e-parent\" data-id=\"7f9d5164\" data-element_type=\"container\" data-e-type=\"container\">\n\t\t\t\t\t<div class=\"e-con-inner\">\n\t\t<div class=\"elementor-element elementor-element-20c720ab e-con-full e-flex e-con e-child\" data-id=\"20c720ab\" data-element_type=\"container\" data-e-type=\"container\">\n\t\t\t\t<div class=\"elementor-element elementor-element-6fb561b8 elementor-widget elementor-widget-bopea-section-title\" data-id=\"6fb561b8\" data-element_type=\"widget\" data-e-type=\"widget\" data-widget_type=\"bopea-section-title.default\">\n\t\t\t\t<div class=\"elementor-widget-container\">\n\t\t\t\t\t          <div class=\"jlcus_sec_title jl_sec_style12 jl_secf_title jl_secb_menu no\">\n            <div class=\"jlcus_sect_inner\">\n                                    <h2 class=\"jl-heading-text\">\n                                                <span class=\"jl_ttw\">REDES SOCIALES<\/span>                                          <\/h2>\n                                                      <p class=\"jl_sct_bt\">\n                        <a href=\"https:\/\/www.musicmundial.com\/category\/listado\/\" class=\"jlopt-text-link\" target=\"_blank\" rel=\"noopener\">                        <span class=\"jl_bt_inner\">\n                        <span>VER M\u00c1S<\/span>\n                        <i class=\"jli-carrow\"><\/i>                        <\/span>\n                        <\/a>                  <\/p>\n                              <\/div>                    \n                      <\/div>                    \n    \t\t\t\t<\/div>\n\t\t\t\t<\/div>\n\t\t\t\t<div class=\"elementor-element elementor-element-15df64dd elementor-widget elementor-widget-bopea-feature-layout16\" data-id=\"15df64dd\" data-element_type=\"widget\" data-e-type=\"widget\" data-widget_type=\"bopea-feature-layout16.default\">\n\t\t\t\t<div class=\"elementor-widget-container\">\n\t\t\t\t\t\t\t<div id=\"blockid_15df64dd\" class=\"block-section jl-main-block jl_hide_cat jl_hide_author jl_hide_desc jl_hide_line jl_en_frl\" data-blockid=\"blockid_15df64dd\" data-section_style=\"jl_feature_16\" data-post_type=\"post\" data-post_type_tax=\"none\" data-page_max=\"46\" data-page_current=\"1\" data-categories=\"42\" data-author=\"none\" data-order=\"date_post\" data-posts_per_page=\"4\" data-tabs_link=\"none\" >\t\t\r\n\t\t\t\t<div class=\"jl_mb_wrap_f jl_wrap_eb jl_clear_at\">\r\n\t\t\t<div class=\"jl-roww jl_contain jl_contain_mix jl-col-row\">\t\t\t\t\r\n\t\t\t\t<div class=\"jl_fr16_wrap\"> <div class=\"jl_fr16_inner\">\t\t<div class=\"jl_en_lfr\">\r\n\t\t\t<div class=\"jl_cgrid_layout jl_frsha jl_lisep\">\r\n\t\t\t\t\t\t\t\t\t\t\t<div class=\"jl_imgw jl_radus_e\">\r\n\t\t\t\t\t\t\t<div class=\"jl_imgin\">\r\n\t\t\t\t\t\t\t\t\t\t<img loading=\"lazy\" decoding=\"async\" width=\"680\" height=\"448\" src=\"https:\/\/www.droptheinfo.com\/es\/wp-content\/uploads\/2025\/06\/Que-es-Tuetly-que-opciones-ofrece-y-como-te-puedes-registrar-a-esta-alternativa-a-Twitter-y-Bluesky-20x13.jpg\" class=\"attachment-bopea_layouts size-bopea_layouts jl-lazyload lazyload wp-post-image\" alt=\"\" data-src=\"https:\/\/www.droptheinfo.com\/es\/wp-content\/uploads\/2025\/06\/Que-es-Tuetly-que-opciones-ofrece-y-como-te-puedes-registrar-a-esta-alternativa-a-Twitter-y-Bluesky-680x448.jpg\" \/>\t\t\t                \r\n\t\t\t\t\t\t\t<\/div>\r\n\t\t\t\t\t\t\t\t\t\t\t\t\t\t\t\t\t\t\t\t\t<a class=\"jl_imgl\" aria-label=\"Qu\u00e9 es Tuetly, qu\u00e9 opciones ofrece y c\u00f3mo te puedes registrar a esta alternativa a Twitter\" href=\"https:\/\/www.droptheinfo.com\/es\/que-es-tuetly-que-opciones-ofrece-y-como-te-puedes-registrar-a-esta-alternativa-a-twitter\/\"><\/a>\r\n\t\t\t\t\t\t\t\t\t\t\t\t\t<\/div> \r\n\t\t\t\t\t                            \r\n\t\t\t\t\t<div class=\"jl_fe_text\">\r\n\t\t\t\t\t\t<span class=\"jl_f_cat jl_lb1\"><a class=\"jl_cat_txt jl_cat39\" href=\"https:\/\/www.droptheinfo.com\/es\/category\/entretenimiento\/\"><span>Entretenimiento<\/span><\/a><a class=\"jl_cat_txt jl_cat42\" href=\"https:\/\/www.droptheinfo.com\/es\/category\/redes-sociales\/\"><span>Redes Sociales<\/span><\/a><a class=\"jl_cat_txt jl_cat57\" href=\"https:\/\/www.droptheinfo.com\/es\/category\/tecnologia\/\"><span>Tecnolog\u00eda<\/span><\/a><\/span>\t\t\t\t\t\t\t\t\t\t\t\t<h2 class=\"h3 jl_fe_title jl_txt_2row\"><a href=\"https:\/\/www.droptheinfo.com\/es\/que-es-tuetly-que-opciones-ofrece-y-como-te-puedes-registrar-a-esta-alternativa-a-twitter\/\">Qu\u00e9 es Tuetly, qu\u00e9 opciones ofrece y c\u00f3mo te puedes registrar a esta alternativa a Twitter<\/a><\/h2>\r\n\t\t\t\t\t\t\t\t\t\t\t\t<p class=\"jl_fe_des\">Vamos a explicarte qu\u00e9 es la nueva red social Tuetly, que llega en un mundo dominado por las grandes plataformas, con una visi\u00f3n... <\/p>\r\n\t\t\t\t\t\t<span class=\"jl_post_meta\"><span class=\"jl_author_img_w\"><span class=\"jl_aimg_in\"><img loading=\"lazy\" decoding=\"async\" src=\"https:\/\/www.droptheinfo.com\/es\/wp-content\/uploads\/2025\/06\/logo-drop-the-info-150x150.png\" width=\"50\" height=\"50\" srcset=\"https:\/\/www.droptheinfo.com\/es\/wp-content\/uploads\/2025\/06\/logo-drop-the-info-150x150.png 2x\" alt=\"Drop The Info\" class=\"avatar avatar-50 wp-user-avatar wp-user-avatar-50 alignnone photo lazyload\" \/><\/span><a href=\"https:\/\/www.droptheinfo.com\/es\/author\/jordan\/\" title=\"Entradas de Drop The Info\" rel=\"author\">Drop The Info<\/a><\/span><span class=\"post-date\">21 de junio de 2025<\/span><span class=\"jl_fot_share_i jl_share_l_bg jls_tooltip\"><i class=\"jli-share\"><\/i><span class=\"jls_tooltip_w jls_tooltip-top\"><span class=\"jls_tooltiptext\"><span class=\"jls_tooltip_in\">                <span class=\"jl_sli_in\">\r\n                    <span class=\"jl_sli_fb jl_shli\"><a class=\"jl_sshl\" href=\"http:\/\/www.facebook.com\/sharer.php?u=https%3A%2F%2Fwww.droptheinfo.com%2Fes%2Fque-es-tuetly-que-opciones-ofrece-y-como-te-puedes-registrar-a-esta-alternativa-a-twitter%2F\" rel=\"nofollow\"><i class=\"jli-facebook\"><\/i><\/a><\/span>\r\n                    <span class=\"jl_sli_tw jl_shli\"><a class=\"jl_sshl\" href=\"https:\/\/twitter.com\/intent\/tweet?text=Qu%C3%A9%20es%20Tuetly%2C%20qu%C3%A9%20opciones%20ofrece%20y%20c%C3%B3mo%20te%20puedes%20registrar%20a%20esta%20alternativa%20a%20Twitter&amp;url=https%3A%2F%2Fwww.droptheinfo.com%2Fes%2Fque-es-tuetly-que-opciones-ofrece-y-como-te-puedes-registrar-a-esta-alternativa-a-twitter%2F\" rel=\"nofollow\"><i class=\"jli-x\"><\/i><\/a><\/span>\r\n                    <span class=\"jl_sli_pi jl_shli\"><a class=\"jl_sshl\" href=\"http:\/\/pinterest.com\/pin\/create\/bookmarklet\/?url=https%3A%2F%2Fwww.droptheinfo.com%2Fes%2Fque-es-tuetly-que-opciones-ofrece-y-como-te-puedes-registrar-a-esta-alternativa-a-twitter%2F>&amp;media=https:\/\/www.droptheinfo.com\/es\/wp-content\/uploads\/2025\/06\/Que-es-Tuetly-que-opciones-ofrece-y-como-te-puedes-registrar-a-esta-alternativa-a-Twitter-y-Bluesky.jpg\" rel=\"nofollow\"><i class=\"jli-pinterest\"><\/i><\/a><\/span>\r\n                    <span class=\"jl_sli_din jl_shli\"><a class=\"jl_sshl\" href=\"http:\/\/www.linkedin.com\/shareArticle?url=https%3A%2F%2Fwww.droptheinfo.com%2Fes%2Fque-es-tuetly-que-opciones-ofrece-y-como-te-puedes-registrar-a-esta-alternativa-a-twitter%2F\" rel=\"nofollow\"><i class=\"jli-linkedin\"><\/i><\/a><\/span>\r\n                    <span class=\"jl_sli_wapp jl_shli\"><a class=\"jl_sshl\" href=\"https:\/\/api.whatsapp.com\/send?text=https%3A%2F%2Fwww.droptheinfo.com%2Fes%2Fque-es-tuetly-que-opciones-ofrece-y-como-te-puedes-registrar-a-esta-alternativa-a-twitter%2F\" data-action=\"share\/whatsapp\/share\" rel=\"nofollow\"><i class=\"jli-whatsapp\"><\/i><\/a><\/span>                                        \r\n                <\/span>            \r\n    <\/span><\/span><\/span><\/span><\/span>                \r\n\t\t\t\t\t<\/div>\r\n\t\t\t<\/div>\r\n\t\t<\/div>\r\n\t\t\t\t<div class=\"jl_mmlistw jl_lisep\">\r\n\t\t\t\t<div class=\"jl_mmlistc\">\r\n\t\t\t\t\t<div class=\"jl_mmlist_layout\">\r\n\t\t\t\t\t\t<div class=\"jl_li_in\">\r\n\t\t\t\t\t    \t\t\t\t\t        <div class=\"jl_img_holder\">\r\n\t\t\t\t\t\t        <div class=\"jl_imgw jl_radus_e\">\r\n\t\t\t\t\t\t            <div class=\"jl_imgin\">\r\n\t\t\t\t\t\t\t\t\t<img loading=\"lazy\" decoding=\"async\" width=\"200\" height=\"133\" src=\"https:\/\/www.droptheinfo.com\/es\/wp-content\/uploads\/2025\/06\/WhatsApp-incorpora-la-llegada-de-anuncios-tras-anos-de-resistencia-lo-que-muchos-temian-ya-es-una-realidad-20x13.jpg\" class=\"attachment-bopea_small size-bopea_small jl-lazyload lazyload wp-post-image\" alt=\"WhatsApp incorpora la llegada de anuncios tras a\u00f1os de resistencia lo que muchos tem\u00edan, ya es una realidad\" data-src=\"https:\/\/www.droptheinfo.com\/es\/wp-content\/uploads\/2025\/06\/WhatsApp-incorpora-la-llegada-de-anuncios-tras-anos-de-resistencia-lo-que-muchos-temian-ya-es-una-realidad-200x133.jpg\" \/>\t\t\t\t\t\t            <\/div>\t\t\t\t            \r\n\t\t\t\t\t\t            <a class=\"jl_imgl\" aria-label=\"WhatsApp incorpora la llegada de anuncios tras a\u00f1os de resistencia: lo que muchos tem\u00edan, ya es una realidad\" href=\"https:\/\/www.droptheinfo.com\/es\/whatsapp-incorpora-la-llegada-de-anuncios-tras-anos-de-resistencia-lo-que-muchos-temian-ya-es-una-realidad\/\"><\/a>\r\n\t\t\t\t\t\t        <\/div> \r\n\t\t\t\t\t        <\/div> \r\n\t\t\t\t\t    \t\t\t\t\t    <div class=\"jl_fe_text\">   \r\n\t\t\t\t\t\t\t<span class=\"jl_f_cat jl_lb1\"><a class=\"jl_cat_txt jl_cat42\" href=\"https:\/\/www.droptheinfo.com\/es\/category\/redes-sociales\/\"><span>Redes Sociales<\/span><\/a><a class=\"jl_cat_txt jl_cat57\" href=\"https:\/\/www.droptheinfo.com\/es\/category\/tecnologia\/\"><span>Tecnolog\u00eda<\/span><\/a><\/span> \r\n\t\t\t\t\t        \t\t\t\t\t\t\t<h3 class=\"h3 jl_fe_title jl_txt_2row\"><a href=\"https:\/\/www.droptheinfo.com\/es\/whatsapp-incorpora-la-llegada-de-anuncios-tras-anos-de-resistencia-lo-que-muchos-temian-ya-es-una-realidad\/\">WhatsApp incorpora la llegada de anuncios tras a\u00f1os de resistencia: lo que muchos tem\u00edan, ya es una realidad<\/a><\/h3>\r\n\t\t\t\t\t\t\t\t\t\t\t\t        <span class=\"jl_post_meta\"><span class=\"post-date\">16 de junio de 2025<\/span><span class=\"jl_fot_share_i jl_share_l_bg jls_tooltip\"><i class=\"jli-share\"><\/i><span class=\"jls_tooltip_w jls_tooltip-top\"><span class=\"jls_tooltiptext\"><span class=\"jls_tooltip_in\">                <span class=\"jl_sli_in\">\r\n                    <span class=\"jl_sli_fb jl_shli\"><a class=\"jl_sshl\" href=\"http:\/\/www.facebook.com\/sharer.php?u=https%3A%2F%2Fwww.droptheinfo.com%2Fes%2Fwhatsapp-incorpora-la-llegada-de-anuncios-tras-anos-de-resistencia-lo-que-muchos-temian-ya-es-una-realidad%2F\" rel=\"nofollow\"><i class=\"jli-facebook\"><\/i><\/a><\/span>\r\n                    <span class=\"jl_sli_tw jl_shli\"><a class=\"jl_sshl\" href=\"https:\/\/twitter.com\/intent\/tweet?text=WhatsApp%20incorpora%20la%20llegada%20de%20anuncios%20tras%20a%C3%B1os%20de%20resistencia%3A%20lo%20que%20muchos%20tem%C3%ADan%2C%20ya%20es%20una%20realidad&amp;url=https%3A%2F%2Fwww.droptheinfo.com%2Fes%2Fwhatsapp-incorpora-la-llegada-de-anuncios-tras-anos-de-resistencia-lo-que-muchos-temian-ya-es-una-realidad%2F\" rel=\"nofollow\"><i class=\"jli-x\"><\/i><\/a><\/span>\r\n                    <span class=\"jl_sli_pi jl_shli\"><a class=\"jl_sshl\" href=\"http:\/\/pinterest.com\/pin\/create\/bookmarklet\/?url=https%3A%2F%2Fwww.droptheinfo.com%2Fes%2Fwhatsapp-incorpora-la-llegada-de-anuncios-tras-anos-de-resistencia-lo-que-muchos-temian-ya-es-una-realidad%2F>&amp;media=https:\/\/www.droptheinfo.com\/es\/wp-content\/uploads\/2025\/06\/WhatsApp-incorpora-la-llegada-de-anuncios-tras-anos-de-resistencia-lo-que-muchos-temian-ya-es-una-realidad.jpg\" rel=\"nofollow\"><i class=\"jli-pinterest\"><\/i><\/a><\/span>\r\n                    <span class=\"jl_sli_din jl_shli\"><a class=\"jl_sshl\" href=\"http:\/\/www.linkedin.com\/shareArticle?url=https%3A%2F%2Fwww.droptheinfo.com%2Fes%2Fwhatsapp-incorpora-la-llegada-de-anuncios-tras-anos-de-resistencia-lo-que-muchos-temian-ya-es-una-realidad%2F\" rel=\"nofollow\"><i class=\"jli-linkedin\"><\/i><\/a><\/span>\r\n                    <span class=\"jl_sli_wapp jl_shli\"><a class=\"jl_sshl\" href=\"https:\/\/api.whatsapp.com\/send?text=https%3A%2F%2Fwww.droptheinfo.com%2Fes%2Fwhatsapp-incorpora-la-llegada-de-anuncios-tras-anos-de-resistencia-lo-que-muchos-temian-ya-es-una-realidad%2F\" data-action=\"share\/whatsapp\/share\" rel=\"nofollow\"><i class=\"jli-whatsapp\"><\/i><\/a><\/span>                                        \r\n                <\/span>            \r\n    <\/span><\/span><\/span><\/span><\/span>                \r\n\t\t\t\t\t    <\/div>\r\n\t\t\t\t\t<\/div>\r\n\t\t\t\t<\/div>\r\n\t\t\t\t<\/div>\r\n\t\t\t<\/div>\r\n\t\t\t\t<div class=\"jl_mmlistw jl_lisep\">\r\n\t\t\t\t<div class=\"jl_mmlistc\">\r\n\t\t\t\t\t<div class=\"jl_mmlist_layout\">\r\n\t\t\t\t\t\t<div class=\"jl_li_in\">\r\n\t\t\t\t\t    \t\t\t\t\t        <div class=\"jl_img_holder\">\r\n\t\t\t\t\t\t        <div class=\"jl_imgw jl_radus_e\">\r\n\t\t\t\t\t\t            <div class=\"jl_imgin\">\r\n\t\t\t\t\t\t\t\t\t<img loading=\"lazy\" decoding=\"async\" width=\"200\" height=\"133\" src=\"https:\/\/www.droptheinfo.com\/es\/wp-content\/uploads\/2024\/04\/Una-madre-encontro-una-mandibula-en-la-coleccion-de-piedras-de-su-hijo-3.jpg\" class=\"attachment-bopea_small size-bopea_small jl-lazyload lazyload wp-post-image\" alt=\"\" data-src=\"https:\/\/www.droptheinfo.com\/es\/wp-content\/uploads\/2024\/04\/Una-madre-encontro-una-mandibula-en-la-coleccion-de-piedras-de-su-hijo-3.jpg\" \/>\t\t\t\t\t\t            <\/div>\t\t\t\t            \r\n\t\t\t\t\t\t            <a class=\"jl_imgl\" aria-label=\"Una madre encontr\u00f3 una mand\u00edbula en la colecci\u00f3n de piedras de su hijo\" href=\"https:\/\/www.droptheinfo.com\/es\/una-madre-encontro-una-mandibula-en-la-coleccion-de-piedras-de-su-hijo\/\"><\/a>\r\n\t\t\t\t\t\t        <\/div> \r\n\t\t\t\t\t        <\/div> \r\n\t\t\t\t\t    \t\t\t\t\t    <div class=\"jl_fe_text\">   \r\n\t\t\t\t\t\t\t<span class=\"jl_f_cat jl_lb1\"><a class=\"jl_cat_txt jl_cat45\" href=\"https:\/\/www.droptheinfo.com\/es\/category\/mundo\/\"><span>Mundo<\/span><\/a><a class=\"jl_cat_txt jl_cat42\" href=\"https:\/\/www.droptheinfo.com\/es\/category\/redes-sociales\/\"><span>Redes Sociales<\/span><\/a><a class=\"jl_cat_txt jl_cat43\" href=\"https:\/\/www.droptheinfo.com\/es\/category\/viral\/\"><span>Viral<\/span><\/a><\/span> \r\n\t\t\t\t\t        \t\t\t\t\t\t\t<h3 class=\"h3 jl_fe_title jl_txt_2row\"><a href=\"https:\/\/www.droptheinfo.com\/es\/una-madre-encontro-una-mandibula-en-la-coleccion-de-piedras-de-su-hijo\/\">Una madre encontr\u00f3 una mand\u00edbula en la colecci\u00f3n de piedras de su hijo<\/a><\/h3>\r\n\t\t\t\t\t\t\t\t\t\t\t\t        <span class=\"jl_post_meta\"><span class=\"post-date\">20 de abril de 2024<\/span><span class=\"jl_fot_share_i jl_share_l_bg jls_tooltip\"><i class=\"jli-share\"><\/i><span class=\"jls_tooltip_w jls_tooltip-top\"><span class=\"jls_tooltiptext\"><span class=\"jls_tooltip_in\">                <span class=\"jl_sli_in\">\r\n                    <span class=\"jl_sli_fb jl_shli\"><a class=\"jl_sshl\" href=\"http:\/\/www.facebook.com\/sharer.php?u=https%3A%2F%2Fwww.droptheinfo.com%2Fes%2Funa-madre-encontro-una-mandibula-en-la-coleccion-de-piedras-de-su-hijo%2F\" rel=\"nofollow\"><i class=\"jli-facebook\"><\/i><\/a><\/span>\r\n                    <span class=\"jl_sli_tw jl_shli\"><a class=\"jl_sshl\" href=\"https:\/\/twitter.com\/intent\/tweet?text=Una%20madre%20encontr%C3%B3%20una%20mand%C3%ADbula%20en%20la%20colecci%C3%B3n%20de%20piedras%20de%20su%20hijo&amp;url=https%3A%2F%2Fwww.droptheinfo.com%2Fes%2Funa-madre-encontro-una-mandibula-en-la-coleccion-de-piedras-de-su-hijo%2F\" rel=\"nofollow\"><i class=\"jli-x\"><\/i><\/a><\/span>\r\n                    <span class=\"jl_sli_pi jl_shli\"><a class=\"jl_sshl\" href=\"http:\/\/pinterest.com\/pin\/create\/bookmarklet\/?url=https%3A%2F%2Fwww.droptheinfo.com%2Fes%2Funa-madre-encontro-una-mandibula-en-la-coleccion-de-piedras-de-su-hijo%2F>&amp;media=https:\/\/www.droptheinfo.com\/es\/wp-content\/uploads\/2024\/04\/Una-madre-encontro-una-mandibula-en-la-coleccion-de-piedras-de-su-hijo-3.jpg\" rel=\"nofollow\"><i class=\"jli-pinterest\"><\/i><\/a><\/span>\r\n                    <span class=\"jl_sli_din jl_shli\"><a class=\"jl_sshl\" href=\"http:\/\/www.linkedin.com\/shareArticle?url=https%3A%2F%2Fwww.droptheinfo.com%2Fes%2Funa-madre-encontro-una-mandibula-en-la-coleccion-de-piedras-de-su-hijo%2F\" rel=\"nofollow\"><i class=\"jli-linkedin\"><\/i><\/a><\/span>\r\n                    <span class=\"jl_sli_wapp jl_shli\"><a class=\"jl_sshl\" href=\"https:\/\/api.whatsapp.com\/send?text=https%3A%2F%2Fwww.droptheinfo.com%2Fes%2Funa-madre-encontro-una-mandibula-en-la-coleccion-de-piedras-de-su-hijo%2F\" data-action=\"share\/whatsapp\/share\" rel=\"nofollow\"><i class=\"jli-whatsapp\"><\/i><\/a><\/span>                                        \r\n                <\/span>            \r\n    <\/span><\/span><\/span><\/span><\/span>                \r\n\t\t\t\t\t    <\/div>\r\n\t\t\t\t\t<\/div>\r\n\t\t\t\t<\/div>\r\n\t\t\t\t<\/div>\r\n\t\t\t<\/div>\r\n\t\t\t\t<div class=\"jl_mmlistw jl_lisep\">\r\n\t\t\t\t<div class=\"jl_mmlistc\">\r\n\t\t\t\t\t<div class=\"jl_mmlist_layout\">\r\n\t\t\t\t\t\t<div class=\"jl_li_in\">\r\n\t\t\t\t\t    \t\t\t\t\t        <div class=\"jl_img_holder\">\r\n\t\t\t\t\t\t        <div class=\"jl_imgw jl_radus_e\">\r\n\t\t\t\t\t\t            <div class=\"jl_imgin\">\r\n\t\t\t\t\t\t\t\t\t<img loading=\"lazy\" decoding=\"async\" width=\"200\" height=\"133\" src=\"https:\/\/www.droptheinfo.com\/es\/wp-content\/uploads\/2024\/04\/TikTok-vuelve-al-banquillo-en-Washington.jpg\" class=\"attachment-bopea_small size-bopea_small jl-lazyload lazyload wp-post-image\" alt=\"TikTok vuelve al banquillo en Washington\" data-src=\"https:\/\/www.droptheinfo.com\/es\/wp-content\/uploads\/2024\/04\/TikTok-vuelve-al-banquillo-en-Washington.jpg\" \/>\t\t\t\t\t\t            <\/div>\t\t\t\t            \r\n\t\t\t\t\t\t            <a class=\"jl_imgl\" aria-label=\"TikTok vuelve al banquillo en Washington\" href=\"https:\/\/www.droptheinfo.com\/es\/tiktok-vuelve-al-banquillo-en-washington\/\"><\/a>\r\n\t\t\t\t\t\t        <\/div> \r\n\t\t\t\t\t        <\/div> \r\n\t\t\t\t\t    \t\t\t\t\t    <div class=\"jl_fe_text\">   \r\n\t\t\t\t\t\t\t<span class=\"jl_f_cat jl_lb1\"><a class=\"jl_cat_txt jl_cat42\" href=\"https:\/\/www.droptheinfo.com\/es\/category\/redes-sociales\/\"><span>Redes Sociales<\/span><\/a><a class=\"jl_cat_txt jl_cat57\" href=\"https:\/\/www.droptheinfo.com\/es\/category\/tecnologia\/\"><span>Tecnolog\u00eda<\/span><\/a><a class=\"jl_cat_txt jl_cat43\" href=\"https:\/\/www.droptheinfo.com\/es\/category\/viral\/\"><span>Viral<\/span><\/a><\/span> \r\n\t\t\t\t\t        \t\t\t\t\t\t\t<h3 class=\"h3 jl_fe_title jl_txt_2row\"><a href=\"https:\/\/www.droptheinfo.com\/es\/tiktok-vuelve-al-banquillo-en-washington\/\">TikTok vuelve al banquillo en Washington<\/a><\/h3>\r\n\t\t\t\t\t\t\t\t\t\t\t\t        <span class=\"jl_post_meta\"><span class=\"post-date\">20 de abril de 2024<\/span><span class=\"jl_fot_share_i jl_share_l_bg jls_tooltip\"><i class=\"jli-share\"><\/i><span class=\"jls_tooltip_w jls_tooltip-top\"><span class=\"jls_tooltiptext\"><span class=\"jls_tooltip_in\">                <span class=\"jl_sli_in\">\r\n                    <span class=\"jl_sli_fb jl_shli\"><a class=\"jl_sshl\" href=\"http:\/\/www.facebook.com\/sharer.php?u=https%3A%2F%2Fwww.droptheinfo.com%2Fes%2Ftiktok-vuelve-al-banquillo-en-washington%2F\" rel=\"nofollow\"><i class=\"jli-facebook\"><\/i><\/a><\/span>\r\n                    <span class=\"jl_sli_tw jl_shli\"><a class=\"jl_sshl\" href=\"https:\/\/twitter.com\/intent\/tweet?text=TikTok%20vuelve%20al%20banquillo%20en%20Washington&amp;url=https%3A%2F%2Fwww.droptheinfo.com%2Fes%2Ftiktok-vuelve-al-banquillo-en-washington%2F\" rel=\"nofollow\"><i class=\"jli-x\"><\/i><\/a><\/span>\r\n                    <span class=\"jl_sli_pi jl_shli\"><a class=\"jl_sshl\" href=\"http:\/\/pinterest.com\/pin\/create\/bookmarklet\/?url=https%3A%2F%2Fwww.droptheinfo.com%2Fes%2Ftiktok-vuelve-al-banquillo-en-washington%2F>&amp;media=https:\/\/www.droptheinfo.com\/es\/wp-content\/uploads\/2024\/04\/TikTok-vuelve-al-banquillo-en-Washington.jpg\" rel=\"nofollow\"><i class=\"jli-pinterest\"><\/i><\/a><\/span>\r\n                    <span class=\"jl_sli_din jl_shli\"><a class=\"jl_sshl\" href=\"http:\/\/www.linkedin.com\/shareArticle?url=https%3A%2F%2Fwww.droptheinfo.com%2Fes%2Ftiktok-vuelve-al-banquillo-en-washington%2F\" rel=\"nofollow\"><i class=\"jli-linkedin\"><\/i><\/a><\/span>\r\n                    <span class=\"jl_sli_wapp jl_shli\"><a class=\"jl_sshl\" href=\"https:\/\/api.whatsapp.com\/send?text=https%3A%2F%2Fwww.droptheinfo.com%2Fes%2Ftiktok-vuelve-al-banquillo-en-washington%2F\" data-action=\"share\/whatsapp\/share\" rel=\"nofollow\"><i class=\"jli-whatsapp\"><\/i><\/a><\/span>                                        \r\n                <\/span>            \r\n    <\/span><\/span><\/span><\/span><\/span>                \r\n\t\t\t\t\t    <\/div>\r\n\t\t\t\t\t<\/div>\r\n\t\t\t\t<\/div>\r\n\t\t\t\t<\/div>\r\n\t\t\t<\/div>\r\n\t<\/div><\/div>\t\t\t\t\t\t\t\t\r\n\t\t\t<\/div>\r\n\t\t\t\t\t<\/div>\t\t\t\r\n\t\t\t<\/div>\t\t\t\t<\/div>\n\t\t\t\t<\/div>\n\t\t\t\t<\/div>\n\t\t<div class=\"elementor-element elementor-element-106646e e-con-full e-flex e-con e-child\" data-id=\"106646e\" data-element_type=\"container\" data-e-type=\"container\">\n\t\t\t\t<div class=\"elementor-element elementor-element-c778d24 elementor-widget elementor-widget-bopea-section-title\" data-id=\"c778d24\" data-element_type=\"widget\" data-e-type=\"widget\" data-widget_type=\"bopea-section-title.default\">\n\t\t\t\t<div class=\"elementor-widget-container\">\n\t\t\t\t\t          <div class=\"jlcus_sec_title jl_sec_style12 jl_secf_title  \">\n            <div class=\"jlcus_sect_inner\">\n                                    <h2 class=\"jl-heading-text\">\n                                                <span class=\"jl_ttw\">Peliculas<\/span>                                          <\/h2>\n                                                <\/div>                    \n                      <\/div>                    \n    \t\t\t\t<\/div>\n\t\t\t\t<\/div>\n\t\t\t\t<div class=\"elementor-element elementor-element-6c162235 elementor-widget elementor-widget-bopea-feature-layout16\" data-id=\"6c162235\" data-element_type=\"widget\" data-e-type=\"widget\" data-widget_type=\"bopea-feature-layout16.default\">\n\t\t\t\t<div class=\"elementor-widget-container\">\n\t\t\t\t\t\t\t<div id=\"blockid_6c162235\" class=\"block-section jl-main-block jl_hide_cat jl_hide_author jl_hide_desc jl_hide_line jl_en_frl\" data-blockid=\"blockid_6c162235\" data-section_style=\"jl_feature_16\" data-post_type=\"post\" data-post_type_tax=\"none\" data-page_max=\"7\" data-page_current=\"1\" data-categories=\"41\" data-author=\"none\" data-order=\"date_post\" data-posts_per_page=\"4\" data-tabs_link=\"none\" >\t\t\r\n\t\t\t\t<div class=\"jl_mb_wrap_f jl_wrap_eb jl_clear_at\">\r\n\t\t\t<div class=\"jl-roww jl_contain jl_contain_mix jl-col-row\">\t\t\t\t\r\n\t\t\t\t<div class=\"jl_fr16_wrap\"> <div class=\"jl_fr16_inner\">\t\t<div class=\"jl_en_lfr\">\r\n\t\t\t<div class=\"jl_cgrid_layout jl_frsha jl_lisep\">\r\n\t\t\t\t\t\t\t\t\t\t\t<div class=\"jl_imgw jl_radus_e\">\r\n\t\t\t\t\t\t\t<div class=\"jl_imgin\">\r\n\t\t\t\t\t\t\t\t\t\t<img loading=\"lazy\" decoding=\"async\" width=\"680\" height=\"440\" src=\"https:\/\/www.droptheinfo.com\/es\/wp-content\/uploads\/2025\/07\/Spider-Man-Brand-New-Day-promete-renovar-la-saga-con-Tom-Holland-al-frente-20x13.jpg\" class=\"attachment-bopea_layouts size-bopea_layouts jl-lazyload lazyload wp-post-image\" alt=\"Tom Holland con su traje de Spider-Man mirando de espalda hacia la camara\" data-src=\"https:\/\/www.droptheinfo.com\/es\/wp-content\/uploads\/2025\/07\/Spider-Man-Brand-New-Day-promete-renovar-la-saga-con-Tom-Holland-al-frente-680x440.jpg\" \/>\t\t\t                \r\n\t\t\t\t\t\t\t<\/div>\r\n\t\t\t\t\t\t\t\t\t\t\t\t\t\t\t\t\t\t\t\t\t<a class=\"jl_imgl\" aria-label=\"\u00abSpider-Man: Brand New Day\u00bb promete renovar la saga con Tom Holland al frente\" href=\"https:\/\/www.droptheinfo.com\/es\/spider-man-brand-new-day-promete-renovar-la-saga-con-tom-holland-al-frente\/\"><\/a>\r\n\t\t\t\t\t\t\t\t\t\t\t\t\t<\/div> \r\n\t\t\t\t\t                            \r\n\t\t\t\t\t<div class=\"jl_fe_text\">\r\n\t\t\t\t\t\t<span class=\"jl_f_cat jl_lb1\"><a class=\"jl_cat_txt jl_cat39\" href=\"https:\/\/www.droptheinfo.com\/es\/category\/entretenimiento\/\"><span>Entretenimiento<\/span><\/a><a class=\"jl_cat_txt jl_cat41\" href=\"https:\/\/www.droptheinfo.com\/es\/category\/peliculas\/\"><span>Pel\u00edculas<\/span><\/a><\/span>\t\t\t\t\t\t\t\t\t\t\t\t<h2 class=\"h3 jl_fe_title jl_txt_2row\"><a href=\"https:\/\/www.droptheinfo.com\/es\/spider-man-brand-new-day-promete-renovar-la-saga-con-tom-holland-al-frente\/\">\u00abSpider-Man: Brand New Day\u00bb promete renovar la saga con Tom Holland al frente<\/a><\/h2>\r\n\t\t\t\t\t\t\t\t\t\t\t\t<p class=\"jl_fe_des\">Marvel Studios est\u00e1 listo para darle un nuevo giro a la historia del trepamuros con \u00abSpider-Man: Brand New Day\u00ab, una pel\u00edcula que, seg\u00fan... <\/p>\r\n\t\t\t\t\t\t<span class=\"jl_post_meta\"><span class=\"jl_author_img_w\"><span class=\"jl_aimg_in\"><img loading=\"lazy\" decoding=\"async\" src=\"https:\/\/www.droptheinfo.com\/es\/wp-content\/uploads\/2025\/06\/carlos-gaviria-drop-the-info-150x150.jpg\" width=\"50\" height=\"50\" srcset=\"https:\/\/www.droptheinfo.com\/es\/wp-content\/uploads\/2025\/06\/carlos-gaviria-drop-the-info-150x150.jpg 2x\" alt=\"Carlos Gaviria\" class=\"avatar avatar-50 wp-user-avatar wp-user-avatar-50 alignnone photo lazyload\" \/><\/span><a href=\"https:\/\/www.droptheinfo.com\/es\/author\/carlosgaviria\/\" title=\"Entradas de Carlos Gaviria\" rel=\"author\">Carlos Gaviria<\/a><\/span><span class=\"post-date\">15 de julio de 2025<\/span><span class=\"jl_fot_share_i jl_share_l_bg jls_tooltip\"><i class=\"jli-share\"><\/i><span class=\"jls_tooltip_w jls_tooltip-top\"><span class=\"jls_tooltiptext\"><span class=\"jls_tooltip_in\">                <span class=\"jl_sli_in\">\r\n                    <span class=\"jl_sli_fb jl_shli\"><a class=\"jl_sshl\" href=\"http:\/\/www.facebook.com\/sharer.php?u=https%3A%2F%2Fwww.droptheinfo.com%2Fes%2Fspider-man-brand-new-day-promete-renovar-la-saga-con-tom-holland-al-frente%2F\" rel=\"nofollow\"><i class=\"jli-facebook\"><\/i><\/a><\/span>\r\n                    <span class=\"jl_sli_tw jl_shli\"><a class=\"jl_sshl\" href=\"https:\/\/twitter.com\/intent\/tweet?text=%C2%ABSpider-Man%3A%20Brand%20New%20Day%C2%BB%20promete%20renovar%20la%20saga%20con%20Tom%20Holland%20al%20frente&amp;url=https%3A%2F%2Fwww.droptheinfo.com%2Fes%2Fspider-man-brand-new-day-promete-renovar-la-saga-con-tom-holland-al-frente%2F\" rel=\"nofollow\"><i class=\"jli-x\"><\/i><\/a><\/span>\r\n                    <span class=\"jl_sli_pi jl_shli\"><a class=\"jl_sshl\" href=\"http:\/\/pinterest.com\/pin\/create\/bookmarklet\/?url=https%3A%2F%2Fwww.droptheinfo.com%2Fes%2Fspider-man-brand-new-day-promete-renovar-la-saga-con-tom-holland-al-frente%2F>&amp;media=https:\/\/www.droptheinfo.com\/es\/wp-content\/uploads\/2025\/07\/Spider-Man-Brand-New-Day-promete-renovar-la-saga-con-Tom-Holland-al-frente.jpg\" rel=\"nofollow\"><i class=\"jli-pinterest\"><\/i><\/a><\/span>\r\n                    <span class=\"jl_sli_din jl_shli\"><a class=\"jl_sshl\" href=\"http:\/\/www.linkedin.com\/shareArticle?url=https%3A%2F%2Fwww.droptheinfo.com%2Fes%2Fspider-man-brand-new-day-promete-renovar-la-saga-con-tom-holland-al-frente%2F\" rel=\"nofollow\"><i class=\"jli-linkedin\"><\/i><\/a><\/span>\r\n                    <span class=\"jl_sli_wapp jl_shli\"><a class=\"jl_sshl\" href=\"https:\/\/api.whatsapp.com\/send?text=https%3A%2F%2Fwww.droptheinfo.com%2Fes%2Fspider-man-brand-new-day-promete-renovar-la-saga-con-tom-holland-al-frente%2F\" data-action=\"share\/whatsapp\/share\" rel=\"nofollow\"><i class=\"jli-whatsapp\"><\/i><\/a><\/span>                                        \r\n                <\/span>            \r\n    <\/span><\/span><\/span><\/span><\/span>                \r\n\t\t\t\t\t<\/div>\r\n\t\t\t<\/div>\r\n\t\t<\/div>\r\n\t\t\t\t<div class=\"jl_mmlistw jl_lisep\">\r\n\t\t\t\t<div class=\"jl_mmlistc\">\r\n\t\t\t\t\t<div class=\"jl_mmlist_layout\">\r\n\t\t\t\t\t\t<div class=\"jl_li_in\">\r\n\t\t\t\t\t    \t\t\t\t\t        <div class=\"jl_img_holder\">\r\n\t\t\t\t\t\t        <div class=\"jl_imgw jl_radus_e\">\r\n\t\t\t\t\t\t            <div class=\"jl_imgin\">\r\n\t\t\t\t\t\t\t\t\t<img loading=\"lazy\" decoding=\"async\" width=\"200\" height=\"129\" src=\"https:\/\/www.droptheinfo.com\/es\/wp-content\/uploads\/2025\/07\/Superman-arrasa-con-217-millones-de-dolares-en-su-estreno-mientras-Lilo-Stitch-se-acerca-a-un-record-historico-20x13.jpg\" class=\"attachment-bopea_small size-bopea_small jl-lazyload lazyload wp-post-image\" alt=\"De un lado est\u00e1 Superman con su incre\u00edble traje azul, y del otro Lilo cargando a Stitch muy feliz\" data-src=\"https:\/\/www.droptheinfo.com\/es\/wp-content\/uploads\/2025\/07\/Superman-arrasa-con-217-millones-de-dolares-en-su-estreno-mientras-Lilo-Stitch-se-acerca-a-un-record-historico-200x129.jpg\" \/>\t\t\t\t\t\t            <\/div>\t\t\t\t            \r\n\t\t\t\t\t\t            <a class=\"jl_imgl\" aria-label=\"\u201cSuperman\u201d arrasa con 217 millones de d\u00f3lares en su estreno mientras \u201cLilo &#038; Stitch\u201d se acerca a un r\u00e9cord hist\u00f3rico\" href=\"https:\/\/www.droptheinfo.com\/es\/superman-arrasa-con-217-millones-de-dolares-en-su-estreno-mientras-lilo-stitch-se-acerca-a-un-record-historico\/\"><\/a>\r\n\t\t\t\t\t\t        <\/div> \r\n\t\t\t\t\t        <\/div> \r\n\t\t\t\t\t    \t\t\t\t\t    <div class=\"jl_fe_text\">   \r\n\t\t\t\t\t\t\t<span class=\"jl_f_cat jl_lb1\"><a class=\"jl_cat_txt jl_cat39\" href=\"https:\/\/www.droptheinfo.com\/es\/category\/entretenimiento\/\"><span>Entretenimiento<\/span><\/a><a class=\"jl_cat_txt jl_cat41\" href=\"https:\/\/www.droptheinfo.com\/es\/category\/peliculas\/\"><span>Pel\u00edculas<\/span><\/a><\/span> \r\n\t\t\t\t\t        \t\t\t\t\t\t\t<h3 class=\"h3 jl_fe_title jl_txt_2row\"><a href=\"https:\/\/www.droptheinfo.com\/es\/superman-arrasa-con-217-millones-de-dolares-en-su-estreno-mientras-lilo-stitch-se-acerca-a-un-record-historico\/\">\u201cSuperman\u201d arrasa con 217 millones de d\u00f3lares en su estreno mientras \u201cLilo &#038; Stitch\u201d se acerca a un r\u00e9cord hist\u00f3rico<\/a><\/h3>\r\n\t\t\t\t\t\t\t\t\t\t\t\t        <span class=\"jl_post_meta\"><span class=\"post-date\">14 de julio de 2025<\/span><span class=\"jl_fot_share_i jl_share_l_bg jls_tooltip\"><i class=\"jli-share\"><\/i><span class=\"jls_tooltip_w jls_tooltip-top\"><span class=\"jls_tooltiptext\"><span class=\"jls_tooltip_in\">                <span class=\"jl_sli_in\">\r\n                    <span class=\"jl_sli_fb jl_shli\"><a class=\"jl_sshl\" href=\"http:\/\/www.facebook.com\/sharer.php?u=https%3A%2F%2Fwww.droptheinfo.com%2Fes%2Fsuperman-arrasa-con-217-millones-de-dolares-en-su-estreno-mientras-lilo-stitch-se-acerca-a-un-record-historico%2F\" rel=\"nofollow\"><i class=\"jli-facebook\"><\/i><\/a><\/span>\r\n                    <span class=\"jl_sli_tw jl_shli\"><a class=\"jl_sshl\" href=\"https:\/\/twitter.com\/intent\/tweet?text=%E2%80%9CSuperman%E2%80%9D%20arrasa%20con%20217%20millones%20de%20d%C3%B3lares%20en%20su%20estreno%20mientras%20%E2%80%9CLilo%20%26%20Stitch%E2%80%9D%20se%20acerca%20a%20un%20r%C3%A9cord%20hist%C3%B3rico&amp;url=https%3A%2F%2Fwww.droptheinfo.com%2Fes%2Fsuperman-arrasa-con-217-millones-de-dolares-en-su-estreno-mientras-lilo-stitch-se-acerca-a-un-record-historico%2F\" rel=\"nofollow\"><i class=\"jli-x\"><\/i><\/a><\/span>\r\n                    <span class=\"jl_sli_pi jl_shli\"><a class=\"jl_sshl\" href=\"http:\/\/pinterest.com\/pin\/create\/bookmarklet\/?url=https%3A%2F%2Fwww.droptheinfo.com%2Fes%2Fsuperman-arrasa-con-217-millones-de-dolares-en-su-estreno-mientras-lilo-stitch-se-acerca-a-un-record-historico%2F>&amp;media=https:\/\/www.droptheinfo.com\/es\/wp-content\/uploads\/2025\/07\/Superman-arrasa-con-217-millones-de-dolares-en-su-estreno-mientras-Lilo-Stitch-se-acerca-a-un-record-historico.jpg\" rel=\"nofollow\"><i class=\"jli-pinterest\"><\/i><\/a><\/span>\r\n                    <span class=\"jl_sli_din jl_shli\"><a class=\"jl_sshl\" href=\"http:\/\/www.linkedin.com\/shareArticle?url=https%3A%2F%2Fwww.droptheinfo.com%2Fes%2Fsuperman-arrasa-con-217-millones-de-dolares-en-su-estreno-mientras-lilo-stitch-se-acerca-a-un-record-historico%2F\" rel=\"nofollow\"><i class=\"jli-linkedin\"><\/i><\/a><\/span>\r\n                    <span class=\"jl_sli_wapp jl_shli\"><a class=\"jl_sshl\" href=\"https:\/\/api.whatsapp.com\/send?text=https%3A%2F%2Fwww.droptheinfo.com%2Fes%2Fsuperman-arrasa-con-217-millones-de-dolares-en-su-estreno-mientras-lilo-stitch-se-acerca-a-un-record-historico%2F\" data-action=\"share\/whatsapp\/share\" rel=\"nofollow\"><i class=\"jli-whatsapp\"><\/i><\/a><\/span>                                        \r\n                <\/span>            \r\n    <\/span><\/span><\/span><\/span><\/span>                \r\n\t\t\t\t\t    <\/div>\r\n\t\t\t\t\t<\/div>\r\n\t\t\t\t<\/div>\r\n\t\t\t\t<\/div>\r\n\t\t\t<\/div>\r\n\t\t\t\t<div class=\"jl_mmlistw jl_lisep\">\r\n\t\t\t\t<div class=\"jl_mmlistc\">\r\n\t\t\t\t\t<div class=\"jl_mmlist_layout\">\r\n\t\t\t\t\t\t<div class=\"jl_li_in\">\r\n\t\t\t\t\t    \t\t\t\t\t        <div class=\"jl_img_holder\">\r\n\t\t\t\t\t\t        <div class=\"jl_imgw jl_radus_e\">\r\n\t\t\t\t\t\t            <div class=\"jl_imgin\">\r\n\t\t\t\t\t\t\t\t\t<img loading=\"lazy\" decoding=\"async\" width=\"200\" height=\"129\" src=\"https:\/\/www.droptheinfo.com\/es\/wp-content\/uploads\/2025\/07\/Jurassic-World-Rebirth-ruge-fuerte-y-se-impone-en-la-taquilla-del-4-de-julio-20x13.jpg\" class=\"attachment-bopea_small size-bopea_small jl-lazyload lazyload wp-post-image\" alt=\"Un tiranosauriorex rugiendo con la boca abierta en medio de la selva\" data-src=\"https:\/\/www.droptheinfo.com\/es\/wp-content\/uploads\/2025\/07\/Jurassic-World-Rebirth-ruge-fuerte-y-se-impone-en-la-taquilla-del-4-de-julio-200x129.jpg\" \/>\t\t\t\t\t\t            <\/div>\t\t\t\t            \r\n\t\t\t\t\t\t            <a class=\"jl_imgl\" aria-label=\"Jurassic World: Rebirth ruge fuerte y se impone en la taquilla del 4 de julio\" href=\"https:\/\/www.droptheinfo.com\/es\/jurassic-world-rebirth-ruge-fuerte-y-se-impone-en-la-taquilla-del-4-de-julio\/\"><\/a>\r\n\t\t\t\t\t\t        <\/div> \r\n\t\t\t\t\t        <\/div> \r\n\t\t\t\t\t    \t\t\t\t\t    <div class=\"jl_fe_text\">   \r\n\t\t\t\t\t\t\t<span class=\"jl_f_cat jl_lb1\"><a class=\"jl_cat_txt jl_cat39\" href=\"https:\/\/www.droptheinfo.com\/es\/category\/entretenimiento\/\"><span>Entretenimiento<\/span><\/a><a class=\"jl_cat_txt jl_cat41\" href=\"https:\/\/www.droptheinfo.com\/es\/category\/peliculas\/\"><span>Pel\u00edculas<\/span><\/a><\/span> \r\n\t\t\t\t\t        \t\t\t\t\t\t\t<h3 class=\"h3 jl_fe_title jl_txt_2row\"><a href=\"https:\/\/www.droptheinfo.com\/es\/jurassic-world-rebirth-ruge-fuerte-y-se-impone-en-la-taquilla-del-4-de-julio\/\">Jurassic World: Rebirth ruge fuerte y se impone en la taquilla del 4 de julio<\/a><\/h3>\r\n\t\t\t\t\t\t\t\t\t\t\t\t        <span class=\"jl_post_meta\"><span class=\"post-date\">6 de julio de 2025<\/span><span class=\"jl_fot_share_i jl_share_l_bg jls_tooltip\"><i class=\"jli-share\"><\/i><span class=\"jls_tooltip_w jls_tooltip-top\"><span class=\"jls_tooltiptext\"><span class=\"jls_tooltip_in\">                <span class=\"jl_sli_in\">\r\n                    <span class=\"jl_sli_fb jl_shli\"><a class=\"jl_sshl\" href=\"http:\/\/www.facebook.com\/sharer.php?u=https%3A%2F%2Fwww.droptheinfo.com%2Fes%2Fjurassic-world-rebirth-ruge-fuerte-y-se-impone-en-la-taquilla-del-4-de-julio%2F\" rel=\"nofollow\"><i class=\"jli-facebook\"><\/i><\/a><\/span>\r\n                    <span class=\"jl_sli_tw jl_shli\"><a class=\"jl_sshl\" href=\"https:\/\/twitter.com\/intent\/tweet?text=Jurassic%20World%3A%20Rebirth%20ruge%20fuerte%20y%20se%20impone%20en%20la%20taquilla%20del%204%20de%20julio&amp;url=https%3A%2F%2Fwww.droptheinfo.com%2Fes%2Fjurassic-world-rebirth-ruge-fuerte-y-se-impone-en-la-taquilla-del-4-de-julio%2F\" rel=\"nofollow\"><i class=\"jli-x\"><\/i><\/a><\/span>\r\n                    <span class=\"jl_sli_pi jl_shli\"><a class=\"jl_sshl\" href=\"http:\/\/pinterest.com\/pin\/create\/bookmarklet\/?url=https%3A%2F%2Fwww.droptheinfo.com%2Fes%2Fjurassic-world-rebirth-ruge-fuerte-y-se-impone-en-la-taquilla-del-4-de-julio%2F>&amp;media=https:\/\/www.droptheinfo.com\/es\/wp-content\/uploads\/2025\/07\/Jurassic-World-Rebirth-ruge-fuerte-y-se-impone-en-la-taquilla-del-4-de-julio.jpg\" rel=\"nofollow\"><i class=\"jli-pinterest\"><\/i><\/a><\/span>\r\n                    <span class=\"jl_sli_din jl_shli\"><a class=\"jl_sshl\" href=\"http:\/\/www.linkedin.com\/shareArticle?url=https%3A%2F%2Fwww.droptheinfo.com%2Fes%2Fjurassic-world-rebirth-ruge-fuerte-y-se-impone-en-la-taquilla-del-4-de-julio%2F\" rel=\"nofollow\"><i class=\"jli-linkedin\"><\/i><\/a><\/span>\r\n                    <span class=\"jl_sli_wapp jl_shli\"><a class=\"jl_sshl\" href=\"https:\/\/api.whatsapp.com\/send?text=https%3A%2F%2Fwww.droptheinfo.com%2Fes%2Fjurassic-world-rebirth-ruge-fuerte-y-se-impone-en-la-taquilla-del-4-de-julio%2F\" data-action=\"share\/whatsapp\/share\" rel=\"nofollow\"><i class=\"jli-whatsapp\"><\/i><\/a><\/span>                                        \r\n                <\/span>            \r\n    <\/span><\/span><\/span><\/span><\/span>                \r\n\t\t\t\t\t    <\/div>\r\n\t\t\t\t\t<\/div>\r\n\t\t\t\t<\/div>\r\n\t\t\t\t<\/div>\r\n\t\t\t<\/div>\r\n\t\t\t\t<div class=\"jl_mmlistw jl_lisep\">\r\n\t\t\t\t<div class=\"jl_mmlistc\">\r\n\t\t\t\t\t<div class=\"jl_mmlist_layout\">\r\n\t\t\t\t\t\t<div class=\"jl_li_in\">\r\n\t\t\t\t\t    \t\t\t\t\t        <div class=\"jl_img_holder\">\r\n\t\t\t\t\t\t        <div class=\"jl_imgw jl_radus_e\">\r\n\t\t\t\t\t\t            <div class=\"jl_imgin\">\r\n\t\t\t\t\t\t\t\t\t<img loading=\"lazy\" decoding=\"async\" width=\"200\" height=\"129\" src=\"https:\/\/www.droptheinfo.com\/es\/wp-content\/uploads\/2025\/07\/Fallece-Julian-McMahon-iconico-Dr.-Doom-de-Fantastic-Four-a-los-56-anos-20x13.jpg\" class=\"attachment-bopea_small size-bopea_small jl-lazyload lazyload wp-post-image\" alt=\"El actor australiano, Julian, posando para las c\u00e1maras con un traje negro en la red carpet de los CRITIC CHOICE AWARDS\" data-src=\"https:\/\/www.droptheinfo.com\/es\/wp-content\/uploads\/2025\/07\/Fallece-Julian-McMahon-iconico-Dr.-Doom-de-Fantastic-Four-a-los-56-anos-200x129.jpg\" \/>\t\t\t\t\t\t            <\/div>\t\t\t\t            \r\n\t\t\t\t\t\t            <a class=\"jl_imgl\" aria-label=\"Fallece Julian McMahon, ic\u00f3nico Dr. Doom de Fantastic Four, a los 56 a\u00f1os\" href=\"https:\/\/www.droptheinfo.com\/es\/fallece-julian-mcmahon-iconico-dr-doom-de-fantastic-four-a-los-56-anos\/\"><\/a>\r\n\t\t\t\t\t\t        <\/div> \r\n\t\t\t\t\t        <\/div> \r\n\t\t\t\t\t    \t\t\t\t\t    <div class=\"jl_fe_text\">   \r\n\t\t\t\t\t\t\t<span class=\"jl_f_cat jl_lb1\"><a class=\"jl_cat_txt jl_cat41\" href=\"https:\/\/www.droptheinfo.com\/es\/category\/peliculas\/\"><span>Pel\u00edculas<\/span><\/a><a class=\"jl_cat_txt jl_cat43\" href=\"https:\/\/www.droptheinfo.com\/es\/category\/viral\/\"><span>Viral<\/span><\/a><\/span> \r\n\t\t\t\t\t        \t\t\t\t\t\t\t<h3 class=\"h3 jl_fe_title jl_txt_2row\"><a href=\"https:\/\/www.droptheinfo.com\/es\/fallece-julian-mcmahon-iconico-dr-doom-de-fantastic-four-a-los-56-anos\/\">Fallece Julian McMahon, ic\u00f3nico Dr. Doom de Fantastic Four, a los 56 a\u00f1os<\/a><\/h3>\r\n\t\t\t\t\t\t\t\t\t\t\t\t        <span class=\"jl_post_meta\"><span class=\"post-date\">5 de julio de 2025<\/span><span class=\"jl_fot_share_i jl_share_l_bg jls_tooltip\"><i class=\"jli-share\"><\/i><span class=\"jls_tooltip_w jls_tooltip-top\"><span class=\"jls_tooltiptext\"><span class=\"jls_tooltip_in\">                <span class=\"jl_sli_in\">\r\n                    <span class=\"jl_sli_fb jl_shli\"><a class=\"jl_sshl\" href=\"http:\/\/www.facebook.com\/sharer.php?u=https%3A%2F%2Fwww.droptheinfo.com%2Fes%2Ffallece-julian-mcmahon-iconico-dr-doom-de-fantastic-four-a-los-56-anos%2F\" rel=\"nofollow\"><i class=\"jli-facebook\"><\/i><\/a><\/span>\r\n                    <span class=\"jl_sli_tw jl_shli\"><a class=\"jl_sshl\" href=\"https:\/\/twitter.com\/intent\/tweet?text=Fallece%20Julian%20McMahon%2C%20ic%C3%B3nico%20Dr.%20Doom%20de%20Fantastic%20Four%2C%20a%20los%2056%20a%C3%B1os&amp;url=https%3A%2F%2Fwww.droptheinfo.com%2Fes%2Ffallece-julian-mcmahon-iconico-dr-doom-de-fantastic-four-a-los-56-anos%2F\" rel=\"nofollow\"><i class=\"jli-x\"><\/i><\/a><\/span>\r\n                    <span class=\"jl_sli_pi jl_shli\"><a class=\"jl_sshl\" href=\"http:\/\/pinterest.com\/pin\/create\/bookmarklet\/?url=https%3A%2F%2Fwww.droptheinfo.com%2Fes%2Ffallece-julian-mcmahon-iconico-dr-doom-de-fantastic-four-a-los-56-anos%2F>&amp;media=https:\/\/www.droptheinfo.com\/es\/wp-content\/uploads\/2025\/07\/Fallece-Julian-McMahon-iconico-Dr.-Doom-de-Fantastic-Four-a-los-56-anos.jpg\" rel=\"nofollow\"><i class=\"jli-pinterest\"><\/i><\/a><\/span>\r\n                    <span class=\"jl_sli_din jl_shli\"><a class=\"jl_sshl\" href=\"http:\/\/www.linkedin.com\/shareArticle?url=https%3A%2F%2Fwww.droptheinfo.com%2Fes%2Ffallece-julian-mcmahon-iconico-dr-doom-de-fantastic-four-a-los-56-anos%2F\" rel=\"nofollow\"><i class=\"jli-linkedin\"><\/i><\/a><\/span>\r\n                    <span class=\"jl_sli_wapp jl_shli\"><a class=\"jl_sshl\" href=\"https:\/\/api.whatsapp.com\/send?text=https%3A%2F%2Fwww.droptheinfo.com%2Fes%2Ffallece-julian-mcmahon-iconico-dr-doom-de-fantastic-four-a-los-56-anos%2F\" data-action=\"share\/whatsapp\/share\" rel=\"nofollow\"><i class=\"jli-whatsapp\"><\/i><\/a><\/span>                                        \r\n                <\/span>            \r\n    <\/span><\/span><\/span><\/span><\/span>                \r\n\t\t\t\t\t    <\/div>\r\n\t\t\t\t\t<\/div>\r\n\t\t\t\t<\/div>\r\n\t\t\t\t<\/div>\r\n\t\t\t<\/div>\r\n\t<\/div><\/div>\t\t\t\t\t\t\t\t\r\n\t\t\t<\/div>\r\n\t\t\t\t\t<\/div>\t\t\t\r\n\t\t\t<\/div>\t\t\t\t<\/div>\n\t\t\t\t<\/div>\n\t\t\t\t<\/div>\n\t\t<div class=\"elementor-element elementor-element-41426205 e-con-full e-flex e-con e-child\" data-id=\"41426205\" data-element_type=\"container\" data-e-type=\"container\">\n\t\t\t\t<div class=\"elementor-element elementor-element-10862814 elementor-widget elementor-widget-bopea-section-title\" data-id=\"10862814\" data-element_type=\"widget\" data-e-type=\"widget\" data-widget_type=\"bopea-section-title.default\">\n\t\t\t\t<div class=\"elementor-widget-container\">\n\t\t\t\t\t          <div class=\"jlcus_sec_title jl_sec_style12 jl_secf_title  \">\n            <div class=\"jlcus_sect_inner\">\n                                    <h2 class=\"jl-heading-text\">\n                                                <span class=\"jl_ttw\">Familia Real<\/span>                                          <\/h2>\n                                                <\/div>                    \n                      <\/div>                    \n    \t\t\t\t<\/div>\n\t\t\t\t<\/div>\n\t\t\t\t<div class=\"elementor-element elementor-element-7add5552 elementor-widget elementor-widget-bopea-feature-layout16\" data-id=\"7add5552\" data-element_type=\"widget\" data-e-type=\"widget\" data-widget_type=\"bopea-feature-layout16.default\">\n\t\t\t\t<div class=\"elementor-widget-container\">\n\t\t\t\t\t\t\t<div id=\"blockid_7add5552\" class=\"block-section jl-main-block jl_hide_cat jl_hide_author jl_hide_desc jl_hide_line jl_en_frl\" data-blockid=\"blockid_7add5552\" data-section_style=\"jl_feature_16\" data-post_type=\"post\" data-post_type_tax=\"none\" data-page_max=\"3\" data-page_current=\"1\" data-categories=\"46\" data-author=\"none\" data-order=\"date_post\" data-posts_per_page=\"4\" data-tabs_link=\"none\" >\t\t\r\n\t\t\t\t<div class=\"jl_mb_wrap_f jl_wrap_eb jl_clear_at\">\r\n\t\t\t<div class=\"jl-roww jl_contain jl_contain_mix jl-col-row\">\t\t\t\t\r\n\t\t\t\t<div class=\"jl_fr16_wrap\"> <div class=\"jl_fr16_inner\">\t\t<div class=\"jl_en_lfr\">\r\n\t\t\t<div class=\"jl_cgrid_layout jl_frsha jl_lisep\">\r\n\t\t\t\t\t\t\t\t\t\t\t<div class=\"jl_imgw jl_radus_e\">\r\n\t\t\t\t\t\t\t<div class=\"jl_imgin\">\r\n\t\t\t\t\t\t\t\t\t\t<img loading=\"lazy\" decoding=\"async\" width=\"680\" height=\"453\" src=\"https:\/\/www.droptheinfo.com\/es\/wp-content\/uploads\/2024\/01\/Maria-de-Dinamarca-se-convertira-en-la-primera-reina-nacida-en-Australia-2.jpg\" class=\"attachment-bopea_layouts size-bopea_layouts jl-lazyload lazyload wp-post-image\" alt=\"Mar\u00eda de Dinamarca se convertir\u00e1 en la primera reina nacida en Australia\" data-src=\"https:\/\/www.droptheinfo.com\/es\/wp-content\/uploads\/2024\/01\/Maria-de-Dinamarca-se-convertira-en-la-primera-reina-nacida-en-Australia-2.jpg\" \/>\t\t\t                \r\n\t\t\t\t\t\t\t<\/div>\r\n\t\t\t\t\t\t\t\t\t\t\t\t\t\t\t\t\t\t\t\t\t<a class=\"jl_imgl\" aria-label=\"Mar\u00eda de Dinamarca se convertir\u00e1 en la primera reina nacida en Australia\" href=\"https:\/\/www.droptheinfo.com\/es\/maria-de-dinamarca-se-convertira-en-la-primera-reina-nacida-en-australia\/\"><\/a>\r\n\t\t\t\t\t\t\t\t\t\t\t\t\t<\/div> \r\n\t\t\t\t\t                            \r\n\t\t\t\t\t<div class=\"jl_fe_text\">\r\n\t\t\t\t\t\t<span class=\"jl_f_cat jl_lb1\"><a class=\"jl_cat_txt jl_cat39\" href=\"https:\/\/www.droptheinfo.com\/es\/category\/entretenimiento\/\"><span>Entretenimiento<\/span><\/a><a class=\"jl_cat_txt jl_cat46\" href=\"https:\/\/www.droptheinfo.com\/es\/category\/familia-real\/\"><span>Familia Real<\/span><\/a><a class=\"jl_cat_txt jl_cat43\" href=\"https:\/\/www.droptheinfo.com\/es\/category\/viral\/\"><span>Viral<\/span><\/a><\/span>\t\t\t\t\t\t\t\t\t\t\t\t<h2 class=\"h3 jl_fe_title jl_txt_2row\"><a href=\"https:\/\/www.droptheinfo.com\/es\/maria-de-dinamarca-se-convertira-en-la-primera-reina-nacida-en-australia\/\">Mar\u00eda de Dinamarca se convertir\u00e1 en la primera reina nacida en Australia<\/a><\/h2>\r\n\t\t\t\t\t\t\t\t\t\t\t\t<p class=\"jl_fe_des\">El ascenso de una ejecutiva de ventas proveniente de Australia a los rangos superiores de la realeza europea se lograr\u00e1n completar para este... <\/p>\r\n\t\t\t\t\t\t<span class=\"jl_post_meta\"><span class=\"jl_author_img_w\"><span class=\"jl_aimg_in\"><img alt='' src=\"data:image\/gif;base64,R0lGODlhAQABAAAAACH5BAEKAAEALAAAAAABAAEAAAICTAEAOw==\" data-src='https:\/\/secure.gravatar.com\/avatar\/30b20dffd4f3205e5b8ba2366cad292d98d4c78eb5cadd52ae08733e49d1e1b7?s=50&#038;d=mm&#038;r=g' data-sizes=\"auto\" class=\"lazyload\" data-srcset='https:\/\/secure.gravatar.com\/avatar\/30b20dffd4f3205e5b8ba2366cad292d98d4c78eb5cadd52ae08733e49d1e1b7?s=100&#038;d=mm&#038;r=g 2x' class='avatar avatar-50 photo lazyload' height='50' width='50' \/><\/span><a href=\"https:\/\/www.droptheinfo.com\/es\/author\/romer-toro\/\" title=\"Entradas de Romer Toro\" rel=\"author\">Romer Toro<\/a><\/span><span class=\"post-date\">7 de enero de 2024<\/span><span class=\"jl_fot_share_i jl_share_l_bg jls_tooltip\"><i class=\"jli-share\"><\/i><span class=\"jls_tooltip_w jls_tooltip-top\"><span class=\"jls_tooltiptext\"><span class=\"jls_tooltip_in\">                <span class=\"jl_sli_in\">\r\n                    <span class=\"jl_sli_fb jl_shli\"><a class=\"jl_sshl\" href=\"http:\/\/www.facebook.com\/sharer.php?u=https%3A%2F%2Fwww.droptheinfo.com%2Fes%2Fmaria-de-dinamarca-se-convertira-en-la-primera-reina-nacida-en-australia%2F\" rel=\"nofollow\"><i class=\"jli-facebook\"><\/i><\/a><\/span>\r\n                    <span class=\"jl_sli_tw jl_shli\"><a class=\"jl_sshl\" href=\"https:\/\/twitter.com\/intent\/tweet?text=Mar%C3%ADa%20de%20Dinamarca%20se%20convertir%C3%A1%20en%20la%20primera%20reina%20nacida%20en%20Australia&amp;url=https%3A%2F%2Fwww.droptheinfo.com%2Fes%2Fmaria-de-dinamarca-se-convertira-en-la-primera-reina-nacida-en-australia%2F\" rel=\"nofollow\"><i class=\"jli-x\"><\/i><\/a><\/span>\r\n                    <span class=\"jl_sli_pi jl_shli\"><a class=\"jl_sshl\" href=\"http:\/\/pinterest.com\/pin\/create\/bookmarklet\/?url=https%3A%2F%2Fwww.droptheinfo.com%2Fes%2Fmaria-de-dinamarca-se-convertira-en-la-primera-reina-nacida-en-australia%2F>&amp;media=https:\/\/www.droptheinfo.com\/es\/wp-content\/uploads\/2024\/01\/Maria-de-Dinamarca-se-convertira-en-la-primera-reina-nacida-en-Australia-2.jpg\" rel=\"nofollow\"><i class=\"jli-pinterest\"><\/i><\/a><\/span>\r\n                    <span class=\"jl_sli_din jl_shli\"><a class=\"jl_sshl\" href=\"http:\/\/www.linkedin.com\/shareArticle?url=https%3A%2F%2Fwww.droptheinfo.com%2Fes%2Fmaria-de-dinamarca-se-convertira-en-la-primera-reina-nacida-en-australia%2F\" rel=\"nofollow\"><i class=\"jli-linkedin\"><\/i><\/a><\/span>\r\n                    <span class=\"jl_sli_wapp jl_shli\"><a class=\"jl_sshl\" href=\"https:\/\/api.whatsapp.com\/send?text=https%3A%2F%2Fwww.droptheinfo.com%2Fes%2Fmaria-de-dinamarca-se-convertira-en-la-primera-reina-nacida-en-australia%2F\" data-action=\"share\/whatsapp\/share\" rel=\"nofollow\"><i class=\"jli-whatsapp\"><\/i><\/a><\/span>                                        \r\n                <\/span>            \r\n    <\/span><\/span><\/span><\/span><\/span>                \r\n\t\t\t\t\t<\/div>\r\n\t\t\t<\/div>\r\n\t\t<\/div>\r\n\t\t\t\t<div class=\"jl_mmlistw jl_lisep\">\r\n\t\t\t\t<div class=\"jl_mmlistc\">\r\n\t\t\t\t\t<div class=\"jl_mmlist_layout\">\r\n\t\t\t\t\t\t<div class=\"jl_li_in\">\r\n\t\t\t\t\t    \t\t\t\t\t        <div class=\"jl_img_holder\">\r\n\t\t\t\t\t\t        <div class=\"jl_imgw jl_radus_e\">\r\n\t\t\t\t\t\t            <div class=\"jl_imgin\">\r\n\t\t\t\t\t\t\t\t\t<img loading=\"lazy\" decoding=\"async\" width=\"200\" height=\"133\" src=\"https:\/\/www.droptheinfo.com\/es\/wp-content\/uploads\/2023\/07\/Presidente-de-los-Estados-Unidos-Joe-Biden-se-reunio-con-el-rey-Carlos-III-en-el-Castillo-de-Windsor.jpg\" class=\"attachment-bopea_small size-bopea_small jl-lazyload lazyload wp-post-image\" alt=\"\" data-src=\"https:\/\/www.droptheinfo.com\/es\/wp-content\/uploads\/2023\/07\/Presidente-de-los-Estados-Unidos-Joe-Biden-se-reunio-con-el-rey-Carlos-III-en-el-Castillo-de-Windsor.jpg\" \/>\t\t\t\t\t\t            <\/div>\t\t\t\t            \r\n\t\t\t\t\t\t            <a class=\"jl_imgl\" aria-label=\"Presidente de los Estados Unidos, Joe Biden, se reuni\u00f3 con el rey Carlos III en el Castillo de Windsor\" href=\"https:\/\/www.droptheinfo.com\/es\/presidente-de-los-estados-unidos-joe-biden-se-reunio-con-el-rey-carlos-iii-en-el-castillo-de-windsor\/\"><\/a>\r\n\t\t\t\t\t\t        <\/div> \r\n\t\t\t\t\t        <\/div> \r\n\t\t\t\t\t    \t\t\t\t\t    <div class=\"jl_fe_text\">   \r\n\t\t\t\t\t\t\t<span class=\"jl_f_cat jl_lb1\"><a class=\"jl_cat_txt jl_cat46\" href=\"https:\/\/www.droptheinfo.com\/es\/category\/familia-real\/\"><span>Familia Real<\/span><\/a><a class=\"jl_cat_txt jl_cat45\" href=\"https:\/\/www.droptheinfo.com\/es\/category\/mundo\/\"><span>Mundo<\/span><\/a><\/span> \r\n\t\t\t\t\t        \t\t\t\t\t\t\t<h3 class=\"h3 jl_fe_title jl_txt_2row\"><a href=\"https:\/\/www.droptheinfo.com\/es\/presidente-de-los-estados-unidos-joe-biden-se-reunio-con-el-rey-carlos-iii-en-el-castillo-de-windsor\/\">Presidente de los Estados Unidos, Joe Biden, se reuni\u00f3 con el rey Carlos III en el Castillo de Windsor<\/a><\/h3>\r\n\t\t\t\t\t\t\t\t\t\t\t\t        <span class=\"jl_post_meta\"><span class=\"post-date\">10 de julio de 2023<\/span><span class=\"jl_fot_share_i jl_share_l_bg jls_tooltip\"><i class=\"jli-share\"><\/i><span class=\"jls_tooltip_w jls_tooltip-top\"><span class=\"jls_tooltiptext\"><span class=\"jls_tooltip_in\">                <span class=\"jl_sli_in\">\r\n                    <span class=\"jl_sli_fb jl_shli\"><a class=\"jl_sshl\" href=\"http:\/\/www.facebook.com\/sharer.php?u=https%3A%2F%2Fwww.droptheinfo.com%2Fes%2Fpresidente-de-los-estados-unidos-joe-biden-se-reunio-con-el-rey-carlos-iii-en-el-castillo-de-windsor%2F\" rel=\"nofollow\"><i class=\"jli-facebook\"><\/i><\/a><\/span>\r\n                    <span class=\"jl_sli_tw jl_shli\"><a class=\"jl_sshl\" href=\"https:\/\/twitter.com\/intent\/tweet?text=Presidente%20de%20los%20Estados%20Unidos%2C%20Joe%20Biden%2C%20se%20reuni%C3%B3%20con%20el%20rey%20Carlos%20III%20en%20el%20Castillo%20de%20Windsor&amp;url=https%3A%2F%2Fwww.droptheinfo.com%2Fes%2Fpresidente-de-los-estados-unidos-joe-biden-se-reunio-con-el-rey-carlos-iii-en-el-castillo-de-windsor%2F\" rel=\"nofollow\"><i class=\"jli-x\"><\/i><\/a><\/span>\r\n                    <span class=\"jl_sli_pi jl_shli\"><a class=\"jl_sshl\" href=\"http:\/\/pinterest.com\/pin\/create\/bookmarklet\/?url=https%3A%2F%2Fwww.droptheinfo.com%2Fes%2Fpresidente-de-los-estados-unidos-joe-biden-se-reunio-con-el-rey-carlos-iii-en-el-castillo-de-windsor%2F>&amp;media=https:\/\/www.droptheinfo.com\/es\/wp-content\/uploads\/2023\/07\/Presidente-de-los-Estados-Unidos-Joe-Biden-se-reunio-con-el-rey-Carlos-III-en-el-Castillo-de-Windsor.jpg\" rel=\"nofollow\"><i class=\"jli-pinterest\"><\/i><\/a><\/span>\r\n                    <span class=\"jl_sli_din jl_shli\"><a class=\"jl_sshl\" href=\"http:\/\/www.linkedin.com\/shareArticle?url=https%3A%2F%2Fwww.droptheinfo.com%2Fes%2Fpresidente-de-los-estados-unidos-joe-biden-se-reunio-con-el-rey-carlos-iii-en-el-castillo-de-windsor%2F\" rel=\"nofollow\"><i class=\"jli-linkedin\"><\/i><\/a><\/span>\r\n                    <span class=\"jl_sli_wapp jl_shli\"><a class=\"jl_sshl\" href=\"https:\/\/api.whatsapp.com\/send?text=https%3A%2F%2Fwww.droptheinfo.com%2Fes%2Fpresidente-de-los-estados-unidos-joe-biden-se-reunio-con-el-rey-carlos-iii-en-el-castillo-de-windsor%2F\" data-action=\"share\/whatsapp\/share\" rel=\"nofollow\"><i class=\"jli-whatsapp\"><\/i><\/a><\/span>                                        \r\n                <\/span>            \r\n    <\/span><\/span><\/span><\/span><\/span>                \r\n\t\t\t\t\t    <\/div>\r\n\t\t\t\t\t<\/div>\r\n\t\t\t\t<\/div>\r\n\t\t\t\t<\/div>\r\n\t\t\t<\/div>\r\n\t\t\t\t<div class=\"jl_mmlistw jl_lisep\">\r\n\t\t\t\t<div class=\"jl_mmlistc\">\r\n\t\t\t\t\t<div class=\"jl_mmlist_layout\">\r\n\t\t\t\t\t\t<div class=\"jl_li_in\">\r\n\t\t\t\t\t    \t\t\t\t\t        <div class=\"jl_img_holder\">\r\n\t\t\t\t\t\t        <div class=\"jl_imgw jl_radus_e\">\r\n\t\t\t\t\t\t            <div class=\"jl_imgin\">\r\n\t\t\t\t\t\t\t\t\t<img loading=\"lazy\" decoding=\"async\" width=\"200\" height=\"133\" src=\"https:\/\/www.droptheinfo.com\/es\/wp-content\/uploads\/2023\/06\/Guardias-de-la-realeza-Britanica-se-desmayan-durante-ensayo-de-celebracion-del-cumpleanos-del-Rey-Carlos-III-1.jpg\" class=\"attachment-bopea_small size-bopea_small jl-lazyload lazyload wp-post-image\" alt=\"\" data-src=\"https:\/\/www.droptheinfo.com\/es\/wp-content\/uploads\/2023\/06\/Guardias-de-la-realeza-Britanica-se-desmayan-durante-ensayo-de-celebracion-del-cumpleanos-del-Rey-Carlos-III-1.jpg\" \/>\t\t\t\t\t\t            <\/div>\t\t\t\t            \r\n\t\t\t\t\t\t            <a class=\"jl_imgl\" aria-label=\"Guardias de la realeza Brit\u00e1nica se desmayan durante ensayo de celebraci\u00f3n del cumplea\u00f1os del Rey Carlos III\" href=\"https:\/\/www.droptheinfo.com\/es\/guardias-de-la-realeza-britanica-se-desmayan-durante-ensayo-de-celebracion-del-cumpleanos-del-rey-carlos-iii\/\"><\/a>\r\n\t\t\t\t\t\t        <\/div> \r\n\t\t\t\t\t        <\/div> \r\n\t\t\t\t\t    \t\t\t\t\t    <div class=\"jl_fe_text\">   \r\n\t\t\t\t\t\t\t<span class=\"jl_f_cat jl_lb1\"><a class=\"jl_cat_txt jl_cat46\" href=\"https:\/\/www.droptheinfo.com\/es\/category\/familia-real\/\"><span>Familia Real<\/span><\/a><a class=\"jl_cat_txt jl_cat43\" href=\"https:\/\/www.droptheinfo.com\/es\/category\/viral\/\"><span>Viral<\/span><\/a><\/span> \r\n\t\t\t\t\t        \t\t\t\t\t\t\t<h3 class=\"h3 jl_fe_title jl_txt_2row\"><a href=\"https:\/\/www.droptheinfo.com\/es\/guardias-de-la-realeza-britanica-se-desmayan-durante-ensayo-de-celebracion-del-cumpleanos-del-rey-carlos-iii\/\">Guardias de la realeza Brit\u00e1nica se desmayan durante ensayo de celebraci\u00f3n del cumplea\u00f1os del Rey Carlos III<\/a><\/h3>\r\n\t\t\t\t\t\t\t\t\t\t\t\t        <span class=\"jl_post_meta\"><span class=\"post-date\">12 de junio de 2023<\/span><span class=\"jl_fot_share_i jl_share_l_bg jls_tooltip\"><i class=\"jli-share\"><\/i><span class=\"jls_tooltip_w jls_tooltip-top\"><span class=\"jls_tooltiptext\"><span class=\"jls_tooltip_in\">                <span class=\"jl_sli_in\">\r\n                    <span class=\"jl_sli_fb jl_shli\"><a class=\"jl_sshl\" href=\"http:\/\/www.facebook.com\/sharer.php?u=https%3A%2F%2Fwww.droptheinfo.com%2Fes%2Fguardias-de-la-realeza-britanica-se-desmayan-durante-ensayo-de-celebracion-del-cumpleanos-del-rey-carlos-iii%2F\" rel=\"nofollow\"><i class=\"jli-facebook\"><\/i><\/a><\/span>\r\n                    <span class=\"jl_sli_tw jl_shli\"><a class=\"jl_sshl\" href=\"https:\/\/twitter.com\/intent\/tweet?text=Guardias%20de%20la%20realeza%20Brit%C3%A1nica%20se%20desmayan%20durante%20ensayo%20de%20celebraci%C3%B3n%20del%20cumplea%C3%B1os%20del%20Rey%20Carlos%20III&amp;url=https%3A%2F%2Fwww.droptheinfo.com%2Fes%2Fguardias-de-la-realeza-britanica-se-desmayan-durante-ensayo-de-celebracion-del-cumpleanos-del-rey-carlos-iii%2F\" rel=\"nofollow\"><i class=\"jli-x\"><\/i><\/a><\/span>\r\n                    <span class=\"jl_sli_pi jl_shli\"><a class=\"jl_sshl\" href=\"http:\/\/pinterest.com\/pin\/create\/bookmarklet\/?url=https%3A%2F%2Fwww.droptheinfo.com%2Fes%2Fguardias-de-la-realeza-britanica-se-desmayan-durante-ensayo-de-celebracion-del-cumpleanos-del-rey-carlos-iii%2F>&amp;media=https:\/\/www.droptheinfo.com\/es\/wp-content\/uploads\/2023\/06\/Guardias-de-la-realeza-Britanica-se-desmayan-durante-ensayo-de-celebracion-del-cumpleanos-del-Rey-Carlos-III-1.jpg\" rel=\"nofollow\"><i class=\"jli-pinterest\"><\/i><\/a><\/span>\r\n                    <span class=\"jl_sli_din jl_shli\"><a class=\"jl_sshl\" href=\"http:\/\/www.linkedin.com\/shareArticle?url=https%3A%2F%2Fwww.droptheinfo.com%2Fes%2Fguardias-de-la-realeza-britanica-se-desmayan-durante-ensayo-de-celebracion-del-cumpleanos-del-rey-carlos-iii%2F\" rel=\"nofollow\"><i class=\"jli-linkedin\"><\/i><\/a><\/span>\r\n                    <span class=\"jl_sli_wapp jl_shli\"><a class=\"jl_sshl\" href=\"https:\/\/api.whatsapp.com\/send?text=https%3A%2F%2Fwww.droptheinfo.com%2Fes%2Fguardias-de-la-realeza-britanica-se-desmayan-durante-ensayo-de-celebracion-del-cumpleanos-del-rey-carlos-iii%2F\" data-action=\"share\/whatsapp\/share\" rel=\"nofollow\"><i class=\"jli-whatsapp\"><\/i><\/a><\/span>                                        \r\n                <\/span>            \r\n    <\/span><\/span><\/span><\/span><\/span>                \r\n\t\t\t\t\t    <\/div>\r\n\t\t\t\t\t<\/div>\r\n\t\t\t\t<\/div>\r\n\t\t\t\t<\/div>\r\n\t\t\t<\/div>\r\n\t\t\t\t<div class=\"jl_mmlistw jl_lisep\">\r\n\t\t\t\t<div class=\"jl_mmlistc\">\r\n\t\t\t\t\t<div class=\"jl_mmlist_layout\">\r\n\t\t\t\t\t\t<div class=\"jl_li_in\">\r\n\t\t\t\t\t    \t\t\t\t\t        <div class=\"jl_img_holder\">\r\n\t\t\t\t\t\t        <div class=\"jl_imgw jl_radus_e\">\r\n\t\t\t\t\t\t            <div class=\"jl_imgin\">\r\n\t\t\t\t\t\t\t\t\t<img loading=\"lazy\" decoding=\"async\" width=\"200\" height=\"133\" src=\"https:\/\/www.droptheinfo.com\/es\/wp-content\/uploads\/2023\/05\/El-gobierno-de-los-Estados-Unidos-responderia-grave-demanda-por-haber-otorgado-visa-al-principe-Harry-.jpg\" class=\"attachment-bopea_small size-bopea_small jl-lazyload lazyload wp-post-image\" alt=\"\" data-src=\"https:\/\/www.droptheinfo.com\/es\/wp-content\/uploads\/2023\/05\/El-gobierno-de-los-Estados-Unidos-responderia-grave-demanda-por-haber-otorgado-visa-al-principe-Harry-.jpg\" \/>\t\t\t\t\t\t            <\/div>\t\t\t\t            \r\n\t\t\t\t\t\t            <a class=\"jl_imgl\" aria-label=\"El gobierno de los Estados Unidos responder\u00e1 ante la grave demanda que le fue impuesta por culpa del pr\u00edncipe Harry\" href=\"https:\/\/www.droptheinfo.com\/es\/el-gobierno-de-los-estados-unidos-respondera-a-la-grave-demanda-que-le-fue-impuesta-por-culpa-del-principe-harry\/\"><\/a>\r\n\t\t\t\t\t\t        <\/div> \r\n\t\t\t\t\t        <\/div> \r\n\t\t\t\t\t    \t\t\t\t\t    <div class=\"jl_fe_text\">   \r\n\t\t\t\t\t\t\t<span class=\"jl_f_cat jl_lb1\"><a class=\"jl_cat_txt jl_cat46\" href=\"https:\/\/www.droptheinfo.com\/es\/category\/familia-real\/\"><span>Familia Real<\/span><\/a><a class=\"jl_cat_txt jl_cat64\" href=\"https:\/\/www.droptheinfo.com\/es\/category\/politica\/\"><span>Pol\u00edtica<\/span><\/a><a class=\"jl_cat_txt jl_cat43\" href=\"https:\/\/www.droptheinfo.com\/es\/category\/viral\/\"><span>Viral<\/span><\/a><\/span> \r\n\t\t\t\t\t        \t\t\t\t\t\t\t<h3 class=\"h3 jl_fe_title jl_txt_2row\"><a href=\"https:\/\/www.droptheinfo.com\/es\/el-gobierno-de-los-estados-unidos-respondera-a-la-grave-demanda-que-le-fue-impuesta-por-culpa-del-principe-harry\/\">El gobierno de los Estados Unidos responder\u00e1 ante la grave demanda que le fue impuesta por culpa del pr\u00edncipe Harry<\/a><\/h3>\r\n\t\t\t\t\t\t\t\t\t\t\t\t        <span class=\"jl_post_meta\"><span class=\"post-date\">2 de junio de 2023<\/span><span class=\"jl_fot_share_i jl_share_l_bg jls_tooltip\"><i class=\"jli-share\"><\/i><span class=\"jls_tooltip_w jls_tooltip-top\"><span class=\"jls_tooltiptext\"><span class=\"jls_tooltip_in\">                <span class=\"jl_sli_in\">\r\n                    <span class=\"jl_sli_fb jl_shli\"><a class=\"jl_sshl\" href=\"http:\/\/www.facebook.com\/sharer.php?u=https%3A%2F%2Fwww.droptheinfo.com%2Fes%2Fel-gobierno-de-los-estados-unidos-respondera-a-la-grave-demanda-que-le-fue-impuesta-por-culpa-del-principe-harry%2F\" rel=\"nofollow\"><i class=\"jli-facebook\"><\/i><\/a><\/span>\r\n                    <span class=\"jl_sli_tw jl_shli\"><a class=\"jl_sshl\" href=\"https:\/\/twitter.com\/intent\/tweet?text=El%20gobierno%20de%20los%20Estados%20Unidos%20responder%C3%A1%20ante%20la%20grave%20demanda%20que%20le%20fue%20impuesta%20por%20culpa%20del%20pr%C3%ADncipe%20Harry&amp;url=https%3A%2F%2Fwww.droptheinfo.com%2Fes%2Fel-gobierno-de-los-estados-unidos-respondera-a-la-grave-demanda-que-le-fue-impuesta-por-culpa-del-principe-harry%2F\" rel=\"nofollow\"><i class=\"jli-x\"><\/i><\/a><\/span>\r\n                    <span class=\"jl_sli_pi jl_shli\"><a class=\"jl_sshl\" href=\"http:\/\/pinterest.com\/pin\/create\/bookmarklet\/?url=https%3A%2F%2Fwww.droptheinfo.com%2Fes%2Fel-gobierno-de-los-estados-unidos-respondera-a-la-grave-demanda-que-le-fue-impuesta-por-culpa-del-principe-harry%2F>&amp;media=https:\/\/www.droptheinfo.com\/es\/wp-content\/uploads\/2023\/05\/El-gobierno-de-los-Estados-Unidos-responderia-grave-demanda-por-haber-otorgado-visa-al-principe-Harry-.jpg\" rel=\"nofollow\"><i class=\"jli-pinterest\"><\/i><\/a><\/span>\r\n                    <span class=\"jl_sli_din jl_shli\"><a class=\"jl_sshl\" href=\"http:\/\/www.linkedin.com\/shareArticle?url=https%3A%2F%2Fwww.droptheinfo.com%2Fes%2Fel-gobierno-de-los-estados-unidos-respondera-a-la-grave-demanda-que-le-fue-impuesta-por-culpa-del-principe-harry%2F\" rel=\"nofollow\"><i class=\"jli-linkedin\"><\/i><\/a><\/span>\r\n                    <span class=\"jl_sli_wapp jl_shli\"><a class=\"jl_sshl\" href=\"https:\/\/api.whatsapp.com\/send?text=https%3A%2F%2Fwww.droptheinfo.com%2Fes%2Fel-gobierno-de-los-estados-unidos-respondera-a-la-grave-demanda-que-le-fue-impuesta-por-culpa-del-principe-harry%2F\" data-action=\"share\/whatsapp\/share\" rel=\"nofollow\"><i class=\"jli-whatsapp\"><\/i><\/a><\/span>                                        \r\n                <\/span>            \r\n    <\/span><\/span><\/span><\/span><\/span>                \r\n\t\t\t\t\t    <\/div>\r\n\t\t\t\t\t<\/div>\r\n\t\t\t\t<\/div>\r\n\t\t\t\t<\/div>\r\n\t\t\t<\/div>\r\n\t<\/div><\/div>\t\t\t\t\t\t\t\t\r\n\t\t\t<\/div>\r\n\t\t\t\t\t<\/div>\t\t\t\r\n\t\t\t<\/div>\t\t\t\t<\/div>\n\t\t\t\t<\/div>\n\t\t\t\t<\/div>\n\t\t\t\t\t<\/div>\n\t\t\t\t<\/div>\n\t\t\t\t<\/div>\n\t\t","protected":false},"excerpt":{"rendered":"<p>\u00daltimas noticias No, el nuevo virus chino no ser\u00e1 una pandemia: La influenza sigue siendo la principal preocupaci\u00f3n en China Un Tesla Cybertruck explot\u00f3 en Estados Unidos frente al Trump International Hotel de Las Vegas Tragedia en Corea del Sur: Accidente de Jeju Air deja 179 muertos Fuertes protestas propalestinas se han venido presentando en [&hellip;]<\/p>\n","protected":false},"author":1,"featured_media":0,"parent":0,"menu_order":0,"comment_status":"closed","ping_status":"closed","template":"home-page-builder.php","meta":{"footnotes":""},"class_list":["post-70","page","type-page","status-publish","hentry"],"_links":{"self":[{"href":"https:\/\/www.droptheinfo.com\/es\/wp-json\/wp\/v2\/pages\/70","targetHints":{"allow":["GET"]}}],"collection":[{"href":"https:\/\/www.droptheinfo.com\/es\/wp-json\/wp\/v2\/pages"}],"about":[{"href":"https:\/\/www.droptheinfo.com\/es\/wp-json\/wp\/v2\/types\/page"}],"author":[{"embeddable":true,"href":"https:\/\/www.droptheinfo.com\/es\/wp-json\/wp\/v2\/users\/1"}],"replies":[{"embeddable":true,"href":"https:\/\/www.droptheinfo.com\/es\/wp-json\/wp\/v2\/comments?post=70"}],"version-history":[{"count":36,"href":"https:\/\/www.droptheinfo.com\/es\/wp-json\/wp\/v2\/pages\/70\/revisions"}],"predecessor-version":[{"id":18299,"href":"https:\/\/www.droptheinfo.com\/es\/wp-json\/wp\/v2\/pages\/70\/revisions\/18299"}],"wp:attachment":[{"href":"https:\/\/www.droptheinfo.com\/es\/wp-json\/wp\/v2\/media?parent=70"}],"curies":[{"name":"wp","href":"https:\/\/api.w.org\/{rel}","templated":true}]}}